{"id":203,"date":"2015-07-21T21:33:14","date_gmt":"2015-07-21T19:33:14","guid":{"rendered":"http:\/\/bruno-ferignac-photographe.fr\/accueil\/?page_id=203"},"modified":"2017-09-26T08:29:49","modified_gmt":"2017-09-26T06:29:49","slug":"communication","status":"publish","type":"page","link":"http:\/\/bruno-ferignac-photographe.fr\/accueil\/portfolio\/communication\/","title":{"rendered":"Communication"},"content":{"rendered":"<div id=\"pl-203\"  class=\"panel-layout\" ><div id=\"pg-203-0\"  class=\"panel-grid panel-no-style\" ><div id=\"pgc-203-0-0\"  class=\"panel-grid-cell\" ><div id=\"panel-203-0-0-0\" class=\"so-panel widget widget_black-studio-tinymce widget_black_studio_tinymce panel-first-child panel-last-child\" data-index=\"0\" ><div class=\"textwidget\"><\/p>\n<p style=\"text-align: left; padding-left: 80px;\"><span class=\"accueil-titre\">Pour mettre en lumi\u00e8re<\/span><\/p>\n<p style=\"text-align: center;\"><span class=\"entete\">vos produits, vos activit\u00e9s, votre savoir faire, <\/span><\/p>\n<p style=\"text-align: right; padding-right: 180px;\"><span class=\"entete\"> vos locaux et votre \u00e9quipe. <\/span><\/p>\n<p style=\"text-align: right; padding-right: 180px;\"><span class=\"corps\"> >><a href=\"http:\/\/bruno-ferignac-photographe.fr\/accueil\/prestations\/entreprise\/\">plus d'informations sur mes prestations pour les professionnels.<\/a><< <\/span><\/p>\n<\/div><\/div><\/div><\/div><div id=\"pg-203-1\"  class=\"panel-grid panel-no-style\" ><div id=\"pgc-203-1-0\"  class=\"panel-grid-cell\" ><div id=\"panel-203-1-0-0\" class=\"so-panel widget widget_black-studio-tinymce widget_black_studio_tinymce panel-first-child\" data-index=\"1\" ><div class=\"textwidget\"><p><!-- Final Tiles Grid Gallery for WordPress v3.3.0 --><style>#ftg-3737 .tile .icon { color:#ffffff; }#ftg-3737 .ftg-items .loading-bar i { background:#ffffff; }#ftg-3737 .ftg-items .loading-bar { background:#ffffff; }#ftg-3737 .tile .icon { font-size:12px; }#ftg-3737 .tile .icon { margin: -6px 0 0 -6px; }#ftg-3737 .tile .caption-block .text-wrapper span.text { font-size:12px; }#ftg-3737 .tile .caption-block .text-wrapper span.title { font-size:14px; }#ftg-3737 .tile { background-color: transparent; }#ftg-3737 .tile .caption-block .text-wrapper span.text { color: #ffffff; }#ftg-3737 .tile .caption-block .text-wrapper span.title { color: #ffffff; }#ftg-3737 .tile .ftg-social a { color: #ffffff; }#ftg-3737 .tile .caption-block { transition-timing-function:linear; }#ftg-3737 .tile .caption-block { transition-duration:0.25s; }#ftg-3737 .tile .tile-inner:before { background-color: #ffffff; }#ftg-3737 .tile .tile-inner:before { background-color: rgba(255, 255, 255, 0.5); }#ftg-3737 .tile.ftg-preload { transform: scaleY(1) scaleX(1) translate(0px,0px) rotateX(0deg) rotateY(0deg); }#ftg-3737 .tile.ftg-preload { transition: all ease-out 0.5s, opacity linear 0.5s; }#ftg-3737 .tile img.item { transition-duration: 0.25s; }<\/style><a name='37'><\/a><div class='final-tiles-gallery   caption-none caption-top caption-center' id='ftg-3737' style='width:100%'><div class='ftg-items'><div class='loading-bar'><i><\/i><\/div><div  class='tile ftg-preload  '><a data-title=\"\"  rel='Communication'  class='tile-inner  ftg-lightbox' href='http:\/\/bruno-ferignac-photographe.fr\/accueil\/wp-content\/uploads\/2015\/07\/DSC3104-Modifier-683x1024.jpg' ><img alt='' class='item' data-class='item' data-ftg-src='http:\/\/bruno-ferignac-photographe.fr\/accueil\/wp-content\/uploads\/2015\/07\/DSC3104-Modifier-200x300.jpg' src='http:\/\/bruno-ferignac-photographe.fr\/accueil\/wp-content\/uploads\/2015\/07\/DSC3104-Modifier-200x300.jpg' width='200' height='300' \/><\/a><div class='ftg-social'><\/div><\/div><div  class='tile ftg-preload  '><a data-title=\"\"  rel='Communication'  class='tile-inner  ftg-lightbox' href='http:\/\/bruno-ferignac-photographe.fr\/accueil\/wp-content\/uploads\/2017\/01\/Jeune-bovin-Saveur-proven\u00e7ale-684x1024.jpg' ><img alt='' class='item' data-class='item' data-ftg-src='http:\/\/bruno-ferignac-photographe.fr\/accueil\/wp-content\/uploads\/2017\/01\/Jeune-bovin-Saveur-proven\u00e7ale-401x600.jpg' src='http:\/\/bruno-ferignac-photographe.fr\/accueil\/wp-content\/uploads\/2017\/01\/Jeune-bovin-Saveur-proven\u00e7ale-401x600.jpg' width='401' height='600' \/><\/a><div class='ftg-social'><\/div><\/div><div  class='tile ftg-preload  '><a data-title=\"\"  rel='Communication'  class='tile-inner  ftg-lightbox' href='http:\/\/bruno-ferignac-photographe.fr\/accueil\/wp-content\/uploads\/2016\/10\/DSC9585-Modifier-683x1024.jpg' ><img alt='' class='item' data-class='item' data-ftg-src='http:\/\/bruno-ferignac-photographe.fr\/accueil\/wp-content\/uploads\/2016\/10\/DSC9585-Modifier-400x600.jpg' src='http:\/\/bruno-ferignac-photographe.fr\/accueil\/wp-content\/uploads\/2016\/10\/DSC9585-Modifier-400x600.jpg' width='400' height='600' \/><\/a><div class='ftg-social'><\/div><\/div><div  class='tile ftg-preload  '><a data-title=\"\"  rel='Communication'  class='tile-inner  ftg-lightbox' href='http:\/\/bruno-ferignac-photographe.fr\/accueil\/wp-content\/uploads\/2015\/08\/DSC2310-Modifier-684x1024.jpg' ><img alt='' class='item' data-class='item' data-ftg-src='http:\/\/bruno-ferignac-photographe.fr\/accueil\/wp-content\/uploads\/2015\/08\/DSC2310-Modifier-401x600.jpg' src='http:\/\/bruno-ferignac-photographe.fr\/accueil\/wp-content\/uploads\/2015\/08\/DSC2310-Modifier-401x600.jpg' width='401' height='600' \/><\/a><div class='ftg-social'><\/div><\/div><div  class='tile ftg-preload  '><a data-title=\"\"  rel='Communication'  class='tile-inner  ftg-lightbox' href='http:\/\/bruno-ferignac-photographe.fr\/accueil\/wp-content\/uploads\/2017\/03\/blanc-1200-683x1024.jpg' ><img alt='vin blanc' class='item' data-class='item' data-ftg-src='http:\/\/bruno-ferignac-photographe.fr\/accueil\/wp-content\/uploads\/2017\/03\/blanc-1200-400x600.jpg' src='http:\/\/bruno-ferignac-photographe.fr\/accueil\/wp-content\/uploads\/2017\/03\/blanc-1200-400x600.jpg' width='400' height='600' \/><\/a><div class='ftg-social'><\/div><\/div><div  class='tile ftg-preload  '><a data-title=\"\"  rel='Communication'  class='tile-inner  ftg-lightbox' href='http:\/\/bruno-ferignac-photographe.fr\/accueil\/wp-content\/uploads\/2017\/09\/vin-ros\u00e9-683x1024.jpg' ><img alt='' class='item' data-class='item' data-ftg-src='http:\/\/bruno-ferignac-photographe.fr\/accueil\/wp-content\/uploads\/2017\/09\/vin-ros\u00e9-400x600.jpg' src='http:\/\/bruno-ferignac-photographe.fr\/accueil\/wp-content\/uploads\/2017\/09\/vin-ros\u00e9-400x600.jpg' width='400' height='600' \/><\/a><div class='ftg-social'><\/div><\/div><div  class='tile ftg-preload  '><a data-title=\"\"  rel='Communication'  class='tile-inner  ftg-lightbox' href='http:\/\/bruno-ferignac-photographe.fr\/accueil\/wp-content\/uploads\/2017\/03\/ros\u00e9-1200-683x1024.jpg' ><img alt='ros\u00e9' class='item' data-class='item' data-ftg-src='http:\/\/bruno-ferignac-photographe.fr\/accueil\/wp-content\/uploads\/2017\/03\/ros\u00e9-1200-400x600.jpg' src='http:\/\/bruno-ferignac-photographe.fr\/accueil\/wp-content\/uploads\/2017\/03\/ros\u00e9-1200-400x600.jpg' width='400' height='600' \/><\/a><div class='ftg-social'><\/div><\/div><div  class='tile ftg-preload  '><a data-title=\"\"  rel='Communication'  class='tile-inner  ftg-lightbox' href='http:\/\/bruno-ferignac-photographe.fr\/accueil\/wp-content\/uploads\/2015\/07\/DSC_4557-684x1024.jpg' ><img alt='' class='item' data-class='item' data-ftg-src='http:\/\/bruno-ferignac-photographe.fr\/accueil\/wp-content\/uploads\/2015\/07\/DSC_4557-200x300.jpg' src='http:\/\/bruno-ferignac-photographe.fr\/accueil\/wp-content\/uploads\/2015\/07\/DSC_4557-200x300.jpg' width='1024' height='684' \/><\/a><div class='ftg-social'><\/div><\/div><div  class='tile ftg-preload  '><a data-title=\"huile olive\"  rel='Communication'  class='tile-inner  ftg-lightbox' href='http:\/\/bruno-ferignac-photographe.fr\/accueil\/wp-content\/uploads\/2016\/04\/olive-683x1024.jpg' ><img alt='' class='item' data-class='item' data-ftg-src='http:\/\/bruno-ferignac-photographe.fr\/accueil\/wp-content\/uploads\/2016\/04\/olive-400x600.jpg' src='http:\/\/bruno-ferignac-photographe.fr\/accueil\/wp-content\/uploads\/2016\/04\/olive-400x600.jpg' width='400' height='600' \/><\/a><div class='ftg-social'><\/div><\/div><div  class='tile ftg-preload  '><a data-title=\"\"  rel='Communication'  class='tile-inner  ftg-lightbox' href='http:\/\/bruno-ferignac-photographe.fr\/accueil\/wp-content\/uploads\/2015\/08\/DSC2163-Modifier-1024x684.jpg' ><img alt='' class='item' data-class='item' data-ftg-src='http:\/\/bruno-ferignac-photographe.fr\/accueil\/wp-content\/uploads\/2015\/08\/DSC2163-Modifier-600x401.jpg' src='http:\/\/bruno-ferignac-photographe.fr\/accueil\/wp-content\/uploads\/2015\/08\/DSC2163-Modifier-600x401.jpg' width='600' height='401' \/><\/a><div class='ftg-social'><\/div><\/div><div  class='tile ftg-preload  '><a data-title=\"\"  rel='Communication'  class='tile-inner  ftg-lightbox' href='http:\/\/bruno-ferignac-photographe.fr\/accueil\/wp-content\/uploads\/2015\/08\/DSC1889-1024x684.jpg' ><img alt='' class='item' data-class='item' data-ftg-src='http:\/\/bruno-ferignac-photographe.fr\/accueil\/wp-content\/uploads\/2015\/08\/DSC1889-600x401.jpg' src='http:\/\/bruno-ferignac-photographe.fr\/accueil\/wp-content\/uploads\/2015\/08\/DSC1889-600x401.jpg' width='600' height='401' \/><\/a><div class='ftg-social'><\/div><\/div><div  class='tile ftg-preload  '><a data-title=\"\"  rel='Communication'  class='tile-inner  ftg-lightbox' href='http:\/\/bruno-ferignac-photographe.fr\/accueil\/wp-content\/uploads\/2015\/12\/Agrume-6.jpg' ><img alt='' class='item' data-class='item' data-ftg-src='http:\/\/bruno-ferignac-photographe.fr\/accueil\/wp-content\/uploads\/2015\/12\/Agrume-6.jpg' src='http:\/\/bruno-ferignac-photographe.fr\/accueil\/wp-content\/uploads\/2015\/12\/Agrume-6.jpg' width='1024' height='1024' \/><\/a><div class='ftg-social'><\/div><\/div><div  class='tile ftg-preload  '><a data-title=\"\"  rel='Communication'  class='tile-inner  ftg-lightbox' href='http:\/\/bruno-ferignac-photographe.fr\/accueil\/wp-content\/uploads\/2015\/12\/pomme.jpg' ><img alt='' class='item' data-class='item' data-ftg-src='http:\/\/bruno-ferignac-photographe.fr\/accueil\/wp-content\/uploads\/2015\/12\/pomme.jpg' src='http:\/\/bruno-ferignac-photographe.fr\/accueil\/wp-content\/uploads\/2015\/12\/pomme.jpg' width='1024' height='1024' \/><\/a><div class='ftg-social'><\/div><\/div><div  class='tile ftg-preload  '><a data-title=\"\"  rel='Communication'  class='tile-inner  ftg-lightbox' href='http:\/\/bruno-ferignac-photographe.fr\/accueil\/wp-content\/uploads\/2016\/10\/DSC9879-1024x684.jpg' ><img alt='' class='item' data-class='item' data-ftg-src='http:\/\/bruno-ferignac-photographe.fr\/accueil\/wp-content\/uploads\/2016\/10\/DSC9879-600x401.jpg' src='http:\/\/bruno-ferignac-photographe.fr\/accueil\/wp-content\/uploads\/2016\/10\/DSC9879-600x401.jpg' width='600' height='401' \/><\/a><div class='ftg-social'><\/div><\/div><div  class='tile ftg-preload  '><a data-title=\"\"  rel='Communication'  class='tile-inner  ftg-lightbox' href='http:\/\/bruno-ferignac-photographe.fr\/accueil\/wp-content\/uploads\/2016\/10\/DSC9957-1024x684.jpg' ><img alt='massage duo' class='item' data-class='item' data-ftg-src='http:\/\/bruno-ferignac-photographe.fr\/accueil\/wp-content\/uploads\/2016\/10\/DSC9957-600x401.jpg' src='http:\/\/bruno-ferignac-photographe.fr\/accueil\/wp-content\/uploads\/2016\/10\/DSC9957-600x401.jpg' width='600' height='401' \/><\/a><div class='ftg-social'><\/div><\/div><div  class='tile ftg-preload  '><a data-title=\"\"  rel='Communication'  class='tile-inner  ftg-lightbox' href='http:\/\/bruno-ferignac-photographe.fr\/accueil\/wp-content\/uploads\/2017\/07\/DSC6645-684x1024.jpg' ><img alt='' class='item' data-class='item' data-ftg-src='http:\/\/bruno-ferignac-photographe.fr\/accueil\/wp-content\/uploads\/2017\/07\/DSC6645-401x600.jpg' src='http:\/\/bruno-ferignac-photographe.fr\/accueil\/wp-content\/uploads\/2017\/07\/DSC6645-401x600.jpg' width='401' height='600' \/><\/a><div class='ftg-social'><\/div><\/div><div  class='tile ftg-preload  '><a data-title=\"\"  rel='Communication'  class='tile-inner  ftg-lightbox' href='http:\/\/bruno-ferignac-photographe.fr\/accueil\/wp-content\/uploads\/2016\/10\/DSC6408-1024x684.jpg' ><img alt='swing golf' class='item' data-class='item' data-ftg-src='http:\/\/bruno-ferignac-photographe.fr\/accueil\/wp-content\/uploads\/2016\/10\/DSC6408-600x401.jpg' src='http:\/\/bruno-ferignac-photographe.fr\/accueil\/wp-content\/uploads\/2016\/10\/DSC6408-600x401.jpg' width='600' height='401' \/><\/a><div class='ftg-social'><\/div><\/div><div  class='tile ftg-preload  '><a data-title=\"\"  rel='Communication'  class='tile-inner  ftg-lightbox' href='http:\/\/bruno-ferignac-photographe.fr\/accueil\/wp-content\/uploads\/2016\/10\/DSC5026-Modifier-1024x576.jpg' ><img alt='VTT dans les mon\u00e9di\u00e8res' class='item' data-class='item' data-ftg-src='http:\/\/bruno-ferignac-photographe.fr\/accueil\/wp-content\/uploads\/2016\/10\/DSC5026-Modifier-600x338.jpg' src='http:\/\/bruno-ferignac-photographe.fr\/accueil\/wp-content\/uploads\/2016\/10\/DSC5026-Modifier-600x338.jpg' width='600' height='338' \/><\/a><div class='ftg-social'><\/div><\/div><div  class='tile ftg-preload  '><a data-title=\"Raft et kayak  \u00e0 Treignac\"  rel='Communication'  class='tile-inner  ftg-lightbox' href='http:\/\/bruno-ferignac-photographe.fr\/accueil\/wp-content\/uploads\/2017\/06\/DSC5058-684x1024.jpg' ><img alt='' class='item' data-class='item' data-ftg-src='http:\/\/bruno-ferignac-photographe.fr\/accueil\/wp-content\/uploads\/2017\/06\/DSC5058-401x600.jpg' src='http:\/\/bruno-ferignac-photographe.fr\/accueil\/wp-content\/uploads\/2017\/06\/DSC5058-401x600.jpg' width='401' height='600' \/><\/a><div class='ftg-social'><\/div><\/div><div  class='tile ftg-preload  '><a data-title=\"\"  rel='Communication'  class='tile-inner  ftg-lightbox' href='http:\/\/bruno-ferignac-photographe.fr\/accueil\/wp-content\/uploads\/2017\/07\/DSC_8012-1024x683.jpg' ><img alt='' class='item' data-class='item' data-ftg-src='http:\/\/bruno-ferignac-photographe.fr\/accueil\/wp-content\/uploads\/2017\/07\/DSC_8012-600x400.jpg' src='http:\/\/bruno-ferignac-photographe.fr\/accueil\/wp-content\/uploads\/2017\/07\/DSC_8012-600x400.jpg' width='600' height='400' \/><\/a><div class='ftg-social'><\/div><\/div><div  class='tile ftg-preload  '><a data-title=\"\"  rel='Communication'  class='tile-inner  ftg-lightbox' href='http:\/\/bruno-ferignac-photographe.fr\/accueil\/wp-content\/uploads\/2016\/10\/DSC8520-1024x683.jpg' ><img alt='' class='item' data-class='item' data-ftg-src='http:\/\/bruno-ferignac-photographe.fr\/accueil\/wp-content\/uploads\/2016\/10\/DSC8520-600x400.jpg' src='http:\/\/bruno-ferignac-photographe.fr\/accueil\/wp-content\/uploads\/2016\/10\/DSC8520-600x400.jpg' width='600' height='400' \/><\/a><div class='ftg-social'><\/div><\/div><div  class='tile ftg-preload  '><a data-title=\"\"  rel='Communication'  class='tile-inner  ftg-lightbox' href='http:\/\/bruno-ferignac-photographe.fr\/accueil\/wp-content\/uploads\/2017\/01\/l\u00e9gume-1-1024x684.jpg' ><img alt='' class='item' data-class='item' data-ftg-src='http:\/\/bruno-ferignac-photographe.fr\/accueil\/wp-content\/uploads\/2017\/01\/l\u00e9gume-1-600x401.jpg' src='http:\/\/bruno-ferignac-photographe.fr\/accueil\/wp-content\/uploads\/2017\/01\/l\u00e9gume-1-600x401.jpg' width='600' height='401' \/><\/a><div class='ftg-social'><\/div><\/div><div  class='tile ftg-preload  '><a data-title=\"\"  rel='Communication'  class='tile-inner  ftg-lightbox' href='http:\/\/bruno-ferignac-photographe.fr\/accueil\/wp-content\/uploads\/2017\/01\/Fruit3-1024x684.jpg' ><img alt='' class='item' data-class='item' data-ftg-src='http:\/\/bruno-ferignac-photographe.fr\/accueil\/wp-content\/uploads\/2017\/01\/Fruit3-600x401.jpg' src='http:\/\/bruno-ferignac-photographe.fr\/accueil\/wp-content\/uploads\/2017\/01\/Fruit3-600x401.jpg' width='600' height='401' \/><\/a><div class='ftg-social'><\/div><\/div><div  class='tile ftg-preload  '><a data-title=\"\"  rel='Communication'  class='tile-inner  ftg-lightbox' href='http:\/\/bruno-ferignac-photographe.fr\/accueil\/wp-content\/uploads\/2017\/01\/Condiment-2-1024x684.jpg' ><img alt='' class='item' data-class='item' data-ftg-src='http:\/\/bruno-ferignac-photographe.fr\/accueil\/wp-content\/uploads\/2017\/01\/Condiment-2-600x401.jpg' src='http:\/\/bruno-ferignac-photographe.fr\/accueil\/wp-content\/uploads\/2017\/01\/Condiment-2-600x401.jpg' width='600' height='401' \/><\/a><div class='ftg-social'><\/div><\/div><div  class='tile ftg-preload  '><a data-title=\"\"  rel='Communication'  class='tile-inner  ftg-lightbox' href='http:\/\/bruno-ferignac-photographe.fr\/accueil\/wp-content\/uploads\/2017\/01\/l\u00e9gume-7-1024x684.jpg' ><img alt='' class='item' data-class='item' data-ftg-src='http:\/\/bruno-ferignac-photographe.fr\/accueil\/wp-content\/uploads\/2017\/01\/l\u00e9gume-7-600x401.jpg' src='http:\/\/bruno-ferignac-photographe.fr\/accueil\/wp-content\/uploads\/2017\/01\/l\u00e9gume-7-600x401.jpg' width='600' height='401' \/><\/a><div class='ftg-social'><\/div><\/div><div  class='tile ftg-preload  '><a data-title=\"\"  rel='Communication'  class='tile-inner  ftg-lightbox' href='http:\/\/bruno-ferignac-photographe.fr\/accueil\/wp-content\/uploads\/2016\/10\/engrenage-2-684x1024.jpg' ><img alt='' class='item' data-class='item' data-ftg-src='http:\/\/bruno-ferignac-photographe.fr\/accueil\/wp-content\/uploads\/2016\/10\/engrenage-2-401x600.jpg' src='http:\/\/bruno-ferignac-photographe.fr\/accueil\/wp-content\/uploads\/2016\/10\/engrenage-2-401x600.jpg' width='401' height='600' \/><\/a><div class='ftg-social'><\/div><\/div><div  class='tile ftg-preload  '><a data-title=\"\"  rel='Communication'  class='tile-inner  ftg-lightbox' href='http:\/\/bruno-ferignac-photographe.fr\/accueil\/wp-content\/uploads\/2015\/12\/DSC8318-2-684x1024.jpg' ><img alt='' class='item' data-class='item' data-ftg-src='http:\/\/bruno-ferignac-photographe.fr\/accueil\/wp-content\/uploads\/2015\/12\/DSC8318-2-300x200.jpg' src='http:\/\/bruno-ferignac-photographe.fr\/accueil\/wp-content\/uploads\/2015\/12\/DSC8318-2-300x200.jpg' width='250' height='167' \/><\/a><div class='ftg-social'><\/div><\/div><div  class='tile ftg-preload  '><a data-title=\"\"  rel='Communication'  class='tile-inner  ftg-lightbox' href='http:\/\/bruno-ferignac-photographe.fr\/accueil\/wp-content\/uploads\/2017\/07\/DSC6206-1024x684.jpg' ><img alt='' class='item' data-class='item' data-ftg-src='http:\/\/bruno-ferignac-photographe.fr\/accueil\/wp-content\/uploads\/2017\/07\/DSC6206-600x401.jpg' src='http:\/\/bruno-ferignac-photographe.fr\/accueil\/wp-content\/uploads\/2017\/07\/DSC6206-600x401.jpg' width='600' height='401' \/><\/a><div class='ftg-social'><\/div><\/div><div  class='tile ftg-preload  '><a data-title=\"\"  rel='Communication'  class='tile-inner  ftg-lightbox' href='http:\/\/bruno-ferignac-photographe.fr\/accueil\/wp-content\/uploads\/2017\/09\/huitre-1024x576.jpg' ><img alt='' class='item' data-class='item' data-ftg-src='http:\/\/bruno-ferignac-photographe.fr\/accueil\/wp-content\/uploads\/2017\/09\/huitre-600x338.jpg' src='http:\/\/bruno-ferignac-photographe.fr\/accueil\/wp-content\/uploads\/2017\/09\/huitre-600x338.jpg' width='600' height='338' \/><\/a><div class='ftg-social'><\/div><\/div><div  class='tile ftg-preload  '><a data-title=\"\"  rel='Communication'  class='tile-inner  ftg-lightbox' href='http:\/\/bruno-ferignac-photographe.fr\/accueil\/wp-content\/uploads\/2017\/09\/ros\u00e9-3-1024x683.jpg' ><img alt='' class='item' data-class='item' data-ftg-src='http:\/\/bruno-ferignac-photographe.fr\/accueil\/wp-content\/uploads\/2017\/09\/ros\u00e9-3-600x400.jpg' src='http:\/\/bruno-ferignac-photographe.fr\/accueil\/wp-content\/uploads\/2017\/09\/ros\u00e9-3-600x400.jpg' width='600' height='400' \/><\/a><div class='ftg-social'><\/div><\/div><div  class='tile ftg-preload  '><a data-title=\"\"  rel='Communication'  class='tile-inner  ftg-lightbox' href='http:\/\/bruno-ferignac-photographe.fr\/accueil\/wp-content\/uploads\/2017\/09\/mojito-684x1024.jpg' ><img alt='' class='item' data-class='item' data-ftg-src='http:\/\/bruno-ferignac-photographe.fr\/accueil\/wp-content\/uploads\/2017\/09\/mojito-401x600.jpg' src='http:\/\/bruno-ferignac-photographe.fr\/accueil\/wp-content\/uploads\/2017\/09\/mojito-401x600.jpg' width='401' height='600' \/><\/a><div class='ftg-social'><\/div><\/div><div  class='tile ftg-preload  '><a data-title=\"\"  rel='Communication'  class='tile-inner  ftg-lightbox' href='http:\/\/bruno-ferignac-photographe.fr\/accueil\/wp-content\/uploads\/2017\/09\/huitre2-683x1024.jpg' ><img alt='' class='item' data-class='item' data-ftg-src='http:\/\/bruno-ferignac-photographe.fr\/accueil\/wp-content\/uploads\/2017\/09\/huitre2-400x600.jpg' src='http:\/\/bruno-ferignac-photographe.fr\/accueil\/wp-content\/uploads\/2017\/09\/huitre2-400x600.jpg' width='400' height='600' \/><\/a><div class='ftg-social'><\/div><\/div><div  class='tile ftg-preload  '><a data-title=\"\"  rel='Communication'  class='tile-inner  ftg-lightbox' href='http:\/\/bruno-ferignac-photographe.fr\/accueil\/wp-content\/uploads\/2017\/09\/huitre-1-1024x684.jpg' ><img alt='' class='item' data-class='item' data-ftg-src='http:\/\/bruno-ferignac-photographe.fr\/accueil\/wp-content\/uploads\/2017\/09\/huitre-1-600x401.jpg' src='http:\/\/bruno-ferignac-photographe.fr\/accueil\/wp-content\/uploads\/2017\/09\/huitre-1-600x401.jpg' width='600' height='401' \/><\/a><div class='ftg-social'><\/div><\/div><\/div><\/div><script type='text\/javascript'>jQuery('#ftg-3737 img.item').removeAttr('src');jQuery(document).ready(function () {setTimeout(function () {jQuery('#ftg-3737').finalTilesGallery({minTileWidth: 100,margin: 10,loadMethod: 'sequential',nonce: '5fbdf09122',galleryId: '37',layout: 'columns',debug: false,gridSize: 0,disableGridSizeBelow: 800,allowEnlargement: true,columns: [[4000, 3],[1024, 3],[800, 2],[480, 2],[320, 1]],scrollEffect: '',selectedFilter: 'n-a'});jQuery(function () {(function () {var rel = '';jQuery('#ftg-3737 .ftg-lightbox').click(function (e) {rel = jQuery(this).attr('rel');jQuery('#ftg-3737 .ftg-current').removeClass('ftg-current');jQuery('#ftg-3737 [rel=\"'+rel+'\"]').addClass('ftg-current');});})();jQuery('#ftg-3737').magnificPopup({type:'image', zoom: {enabled: true, duration: 300, easing: 'ease-in-out' },image: { titleSrc: 'data-title' }, gallery: { enabled: true }, delegate: '.tile:not(.ftg-hidden) .ftg-lightbox.ftg-current'});jQuery('#ftg-3737 .ftg-lightbox-iframe').magnificPopup({type:'iframe' });});}, 0);});<\/script><\/p>\n<\/div><\/div><div id=\"panel-203-1-0-1\" class=\"so-panel widget widget_black-studio-tinymce widget_black_studio_tinymce panel-last-child\" data-index=\"2\" ><div class=\"textwidget\"><p style=\"text-align: center;\"><span class=\"bas-de-page\">Mes autres galeries: <a href=\"http:\/\/bruno-ferignac-photographe.fr\/accueil\/portfolio\/portrait\/\">-Portrait- <\/a><a href=\"http:\/\/bruno-ferignac-photographe.fr\/accueil\/portfolio\/communication\/\">-Communication- <\/a><a href=\"http:\/\/bruno-ferignac-photographe.fr\/accueil\/portfolio\/paysage\/\">-Paysage- <\/a><a href=\"http:\/\/bruno-ferignac-photographe.fr\/accueil\/portfolio\/animalier\/\">-Animalier- <\/a><a href=\"http:\/\/bruno-ferignac-photographe.fr\/accueil\/portfolio\/spectacle\/\">-Spectacle- <\/a><a href=\"http:\/\/bruno-ferignac-photographe.fr\/accueil\/portfolio\/architectures\/\">-Architecture-<\/a><\/span><\/p>\n<\/div><\/div><\/div><\/div><div id=\"pg-203-2\"  class=\"panel-grid panel-no-style\" ><div id=\"pgc-203-2-0\"  class=\"panel-grid-cell\" ><div id=\"panel-203-2-0-0\" class=\"so-panel widget widget_black-studio-tinymce widget_black_studio_tinymce panel-first-child panel-last-child\" data-index=\"3\" ><div class=\"textwidget\"><p style=\"text-align: center;\"><span class=\"bas-de-page\">D\u00e9couvrez <a href=\"http:\/\/bruno-ferignac-photographe.fr\/accueil\/#portfolio\">mon portfolio<\/a> et <a href=\"http:\/\/bruno-ferignac-photographe.fr\/accueil\/#contact\">contactez moi<\/a><\/span><\/p>\n<\/div><\/div><\/div><\/div><\/div>","protected":false},"excerpt":{"rendered":"<p>Pour mettre en lumi\u00e8re vos produits, vos activit\u00e9s, votre savoir faire, vos locaux et votre \u00e9quipe.&hellip;<\/p>\n","protected":false},"author":1,"featured_media":0,"parent":2861,"menu_order":0,"comment_status":"closed","ping_status":"closed","template":"","meta":{"footnotes":""},"class_list":["post-203","page","type-page","status-publish","hentry"],"yoast_head":"<!-- This site is optimized with the Yoast SEO plugin v27.2 - https:\/\/yoast.com\/product\/yoast-seo-wordpress\/ -->\n<title>Communication - L&#039; atelier pho&#039;thau<\/title>\n<meta name=\"description\" content=\"Des photos de communications pour mettre en lumi\u00e8re vos produits, vos activit\u00e9s, votre savoir-faire, vos locaux et vos \u00e9quipes.\" \/>\n<meta name=\"robots\" content=\"index, follow, max-snippet:-1, max-image-preview:large, max-video-preview:-1\" \/>\n<link rel=\"canonical\" href=\"http:\/\/bruno-ferignac-photographe.fr\/accueil\/portfolio\/communication\/\" \/>\n<meta name=\"twitter:card\" content=\"summary_large_image\" \/>\n<meta name=\"twitter:title\" content=\"Communication - L&#039; atelier pho&#039;thau\" \/>\n<meta name=\"twitter:description\" content=\"Des photos de communications pour mettre en lumi\u00e8re vos produits, vos activit\u00e9s, votre savoir-faire, vos locaux et vos \u00e9quipes.\" \/>\n<meta name=\"twitter:image\" content=\"http:\/\/bruno-ferignac-photographe.fr\/accueil\/wp-content\/uploads\/2015\/07\/DSC3104-Modifier.jpg\" \/>\n<script type=\"application\/ld+json\" class=\"yoast-schema-graph\">{\"@context\":\"https:\/\/schema.org\",\"@graph\":[{\"@type\":\"WebPage\",\"@id\":\"http:\/\/bruno-ferignac-photographe.fr\/accueil\/portfolio\/communication\/\",\"url\":\"http:\/\/bruno-ferignac-photographe.fr\/accueil\/portfolio\/communication\/\",\"name\":\"Communication - L&#039; atelier pho&#039;thau\",\"isPartOf\":{\"@id\":\"http:\/\/bruno-ferignac-photographe.fr\/accueil\/#website\"},\"primaryImageOfPage\":{\"@id\":\"http:\/\/bruno-ferignac-photographe.fr\/accueil\/portfolio\/communication\/#primaryimage\"},\"image\":{\"@id\":\"http:\/\/bruno-ferignac-photographe.fr\/accueil\/portfolio\/communication\/#primaryimage\"},\"thumbnailUrl\":\"http:\/\/bruno-ferignac-photographe.fr\/accueil\/wp-content\/uploads\/2015\/07\/DSC3104-Modifier-200x300.jpg\",\"datePublished\":\"2015-07-21T19:33:14+00:00\",\"dateModified\":\"2017-09-26T06:29:49+00:00\",\"description\":\"Des photos de communications pour mettre en lumi\u00e8re vos produits, vos activit\u00e9s, votre savoir-faire, vos locaux et vos \u00e9quipes.\",\"breadcrumb\":{\"@id\":\"http:\/\/bruno-ferignac-photographe.fr\/accueil\/portfolio\/communication\/#breadcrumb\"},\"inLanguage\":\"fr-FR\",\"potentialAction\":[{\"@type\":\"ReadAction\",\"target\":[\"http:\/\/bruno-ferignac-photographe.fr\/accueil\/portfolio\/communication\/\"]}]},{\"@type\":\"ImageObject\",\"inLanguage\":\"fr-FR\",\"@id\":\"http:\/\/bruno-ferignac-photographe.fr\/accueil\/portfolio\/communication\/#primaryimage\",\"url\":\"http:\/\/bruno-ferignac-photographe.fr\/accueil\/wp-content\/uploads\/2015\/07\/DSC3104-Modifier.jpg\",\"contentUrl\":\"http:\/\/bruno-ferignac-photographe.fr\/accueil\/wp-content\/uploads\/2015\/07\/DSC3104-Modifier.jpg\",\"width\":683,\"height\":1024},{\"@type\":\"BreadcrumbList\",\"@id\":\"http:\/\/bruno-ferignac-photographe.fr\/accueil\/portfolio\/communication\/#breadcrumb\",\"itemListElement\":[{\"@type\":\"ListItem\",\"position\":1,\"name\":\"Accueil\",\"item\":\"http:\/\/bruno-ferignac-photographe.fr\/accueil\/\"},{\"@type\":\"ListItem\",\"position\":2,\"name\":\"Portfolio\",\"item\":\"http:\/\/bruno-ferignac-photographe.fr\/accueil\/portfolio\/\"},{\"@type\":\"ListItem\",\"position\":3,\"name\":\"Communication\"}]},{\"@type\":\"WebSite\",\"@id\":\"http:\/\/bruno-ferignac-photographe.fr\/accueil\/#website\",\"url\":\"http:\/\/bruno-ferignac-photographe.fr\/accueil\/\",\"name\":\"L&#039; atelier pho&#039;thau\",\"description\":\"Un photographe pour vous !\",\"potentialAction\":[{\"@type\":\"SearchAction\",\"target\":{\"@type\":\"EntryPoint\",\"urlTemplate\":\"http:\/\/bruno-ferignac-photographe.fr\/accueil\/?s={search_term_string}\"},\"query-input\":{\"@type\":\"PropertyValueSpecification\",\"valueRequired\":true,\"valueName\":\"search_term_string\"}}],\"inLanguage\":\"fr-FR\"}]}<\/script>\n<!-- \/ Yoast SEO plugin. -->","yoast_head_json":{"title":"Communication - L&#039; atelier pho&#039;thau","description":"Des photos de communications pour mettre en lumi\u00e8re vos produits, vos activit\u00e9s, votre savoir-faire, vos locaux et vos \u00e9quipes.","robots":{"index":"index","follow":"follow","max-snippet":"max-snippet:-1","max-image-preview":"max-image-preview:large","max-video-preview":"max-video-preview:-1"},"canonical":"http:\/\/bruno-ferignac-photographe.fr\/accueil\/portfolio\/communication\/","twitter_card":"summary_large_image","twitter_title":"Communication - L&#039; atelier pho&#039;thau","twitter_description":"Des photos de communications pour mettre en lumi\u00e8re vos produits, vos activit\u00e9s, votre savoir-faire, vos locaux et vos \u00e9quipes.","twitter_image":"http:\/\/bruno-ferignac-photographe.fr\/accueil\/wp-content\/uploads\/2015\/07\/DSC3104-Modifier.jpg","schema":{"@context":"https:\/\/schema.org","@graph":[{"@type":"WebPage","@id":"http:\/\/bruno-ferignac-photographe.fr\/accueil\/portfolio\/communication\/","url":"http:\/\/bruno-ferignac-photographe.fr\/accueil\/portfolio\/communication\/","name":"Communication - L&#039; atelier pho&#039;thau","isPartOf":{"@id":"http:\/\/bruno-ferignac-photographe.fr\/accueil\/#website"},"primaryImageOfPage":{"@id":"http:\/\/bruno-ferignac-photographe.fr\/accueil\/portfolio\/communication\/#primaryimage"},"image":{"@id":"http:\/\/bruno-ferignac-photographe.fr\/accueil\/portfolio\/communication\/#primaryimage"},"thumbnailUrl":"http:\/\/bruno-ferignac-photographe.fr\/accueil\/wp-content\/uploads\/2015\/07\/DSC3104-Modifier-200x300.jpg","datePublished":"2015-07-21T19:33:14+00:00","dateModified":"2017-09-26T06:29:49+00:00","description":"Des photos de communications pour mettre en lumi\u00e8re vos produits, vos activit\u00e9s, votre savoir-faire, vos locaux et vos \u00e9quipes.","breadcrumb":{"@id":"http:\/\/bruno-ferignac-photographe.fr\/accueil\/portfolio\/communication\/#breadcrumb"},"inLanguage":"fr-FR","potentialAction":[{"@type":"ReadAction","target":["http:\/\/bruno-ferignac-photographe.fr\/accueil\/portfolio\/communication\/"]}]},{"@type":"ImageObject","inLanguage":"fr-FR","@id":"http:\/\/bruno-ferignac-photographe.fr\/accueil\/portfolio\/communication\/#primaryimage","url":"http:\/\/bruno-ferignac-photographe.fr\/accueil\/wp-content\/uploads\/2015\/07\/DSC3104-Modifier.jpg","contentUrl":"http:\/\/bruno-ferignac-photographe.fr\/accueil\/wp-content\/uploads\/2015\/07\/DSC3104-Modifier.jpg","width":683,"height":1024},{"@type":"BreadcrumbList","@id":"http:\/\/bruno-ferignac-photographe.fr\/accueil\/portfolio\/communication\/#breadcrumb","itemListElement":[{"@type":"ListItem","position":1,"name":"Accueil","item":"http:\/\/bruno-ferignac-photographe.fr\/accueil\/"},{"@type":"ListItem","position":2,"name":"Portfolio","item":"http:\/\/bruno-ferignac-photographe.fr\/accueil\/portfolio\/"},{"@type":"ListItem","position":3,"name":"Communication"}]},{"@type":"WebSite","@id":"http:\/\/bruno-ferignac-photographe.fr\/accueil\/#website","url":"http:\/\/bruno-ferignac-photographe.fr\/accueil\/","name":"L&#039; atelier pho&#039;thau","description":"Un photographe pour vous !","potentialAction":[{"@type":"SearchAction","target":{"@type":"EntryPoint","urlTemplate":"http:\/\/bruno-ferignac-photographe.fr\/accueil\/?s={search_term_string}"},"query-input":{"@type":"PropertyValueSpecification","valueRequired":true,"valueName":"search_term_string"}}],"inLanguage":"fr-FR"}]}},"_links":{"self":[{"href":"http:\/\/bruno-ferignac-photographe.fr\/accueil\/wp-json\/wp\/v2\/pages\/203","targetHints":{"allow":["GET"]}}],"collection":[{"href":"http:\/\/bruno-ferignac-photographe.fr\/accueil\/wp-json\/wp\/v2\/pages"}],"about":[{"href":"http:\/\/bruno-ferignac-photographe.fr\/accueil\/wp-json\/wp\/v2\/types\/page"}],"author":[{"embeddable":true,"href":"http:\/\/bruno-ferignac-photographe.fr\/accueil\/wp-json\/wp\/v2\/users\/1"}],"replies":[{"embeddable":true,"href":"http:\/\/bruno-ferignac-photographe.fr\/accueil\/wp-json\/wp\/v2\/comments?post=203"}],"version-history":[{"count":32,"href":"http:\/\/bruno-ferignac-photographe.fr\/accueil\/wp-json\/wp\/v2\/pages\/203\/revisions"}],"predecessor-version":[{"id":3808,"href":"http:\/\/bruno-ferignac-photographe.fr\/accueil\/wp-json\/wp\/v2\/pages\/203\/revisions\/3808"}],"up":[{"embeddable":true,"href":"http:\/\/bruno-ferignac-photographe.fr\/accueil\/wp-json\/wp\/v2\/pages\/2861"}],"wp:attachment":[{"href":"http:\/\/bruno-ferignac-photographe.fr\/accueil\/wp-json\/wp\/v2\/media?parent=203"}],"curies":[{"name":"wp","href":"https:\/\/api.w.org\/{rel}","templated":true}]}}