{"id":3020,"date":"2017-07-02T14:54:22","date_gmt":"2017-07-02T12:54:22","guid":{"rendered":"http:\/\/bruno-ferignac-photographe.fr\/accueil\/?page_id=3020"},"modified":"2018-10-06T09:58:52","modified_gmt":"2018-10-06T07:58:52","slug":"studio-stage-photo","status":"publish","type":"page","link":"http:\/\/bruno-ferignac-photographe.fr\/accueil\/prestations\/stage\/studio-stage-photo\/","title":{"rendered":"Stage photo d\u00e9couverte  \u00ab\u00a0Le  Studio\u00a0\u00bb"},"content":{"rendered":"<div id=\"pl-3020\"  class=\"panel-layout\" ><div id=\"pg-3020-0\"  class=\"panel-grid panel-no-style\" ><div id=\"pgc-3020-0-0\"  class=\"panel-grid-cell\" ><div id=\"panel-3020-0-0-0\" class=\"so-panel widget widget_text panel-first-child panel-last-child\" data-index=\"0\" >\t\t\t<div class=\"textwidget\"><p class=\"marge\" style=\"text-align: center;\"><strong>&#8211; Ouvert toute l&rsquo;ann\u00e9e \u00a0&#8211; 1 \u00e0 4 personnes &#8211;<\/strong><\/p>\n<p class=\"bas-de-page\" style=\"text-align: center; padding-right: 90px;\">\n<\/div>\n\t\t<\/div><\/div><div id=\"pgc-3020-0-1\"  class=\"panel-grid-cell panel-grid-cell-mobile-last\" ><div id=\"panel-3020-0-1-0\" class=\"so-panel widget panel-first-child panel-last-child\" data-index=\"1\" ><\/div><\/div><div id=\"pgc-3020-0-2\"  class=\"panel-grid-cell panel-grid-cell-empty\" ><\/div><\/div><div id=\"pg-3020-1\"  class=\"panel-grid panel-no-style\" ><div id=\"pgc-3020-1-0\"  class=\"panel-grid-cell\" ><div id=\"panel-3020-1-0-0\" class=\"so-panel widget widget_text panel-first-child\" data-index=\"2\" >\t\t\t<div class=\"textwidget\"><h2 class=\"corps\" style=\"text-align: left;\">Pour ce stage d&rsquo;une demi journ\u00e9e (environ 3 h), je vous pr\u00e9sente le mat\u00e9riel de studio, ses sp\u00e9cificit\u00e9s et son utilisation. Nous verrons les principes de l&rsquo;\u00e9clairage et la mise en place des flashs en r\u00e9alisant des photos de produits locaux et quelques portraits.<\/h2>\n<p class=\"corps\" style=\"text-align: left; padding-left: 30px;\"><i> &#8211; Stage ouvert \u00e0 tous, que vous soyez d\u00e9butant ou plus confirm\u00e9 avec l&rsquo;envie de d\u00e9couvrir la photo de studio et am\u00e9liorer vos connaissances techniques.<br \/>\n&#8211; Mat\u00e9riel conseill\u00e9: reflex ou hybride avec objectif standard ou petit t\u00e9l\u00e9objectif.<br \/>\n&#8211; Vous d\u00e9sirez r\u00e9aliser une image en particulier, louer le studio &#8211;&gt; \u00a0<a href=\" http:\/\/bruno-ferignac-photographe.fr\/accueil\/contact\/formulaire-de-contact\/\">contactez moi<\/a><br \/>\n&#8211; Pour tous renseignements \u00a0<a href=\" http:\/\/bruno-ferignac-photographe.fr\/accueil\/contact\/formulaire-de-contact\/\">contactez moi<\/a><\/i><\/p>\n<p class=\"bas-de-page\" style=\"text-align: center; padding-right: 90px;\">&#8211; D\u00e9couvrez tous <a href=\"http:\/\/bruno-ferignac-photographe.fr\/accueil\/prestations\/stage\">mes stages &#8211;<\/a><\/p>\n<\/div>\n\t\t<\/div><div id=\"panel-3020-1-0-1\" class=\"so-panel widget widget_text\" data-index=\"3\" >\t\t\t<div class=\"textwidget\"><p><!-- Final Tiles Grid Gallery for WordPress v3.3.0 --><\/p>\n<style>#ftg-3636 .tile .icon { color:#ffffff; }#ftg-3636 .ftg-items .loading-bar i { background:#fff; }#ftg-3636 .ftg-items .loading-bar { background:#fff; }#ftg-3636 .tile .icon { font-size:12px; }#ftg-3636 .tile .icon { margin: -6px 0 0 -6px; }#ftg-3636 .tile .caption-block .text-wrapper span.text { font-size:12px; }#ftg-3636 .tile .caption-block .text-wrapper span.title { font-size:0px; }#ftg-3636 .tile { background-color: transparent; }#ftg-3636 .tile .caption-block .text-wrapper span.text { color: #ffffff; }#ftg-3636 .tile .caption-block .text-wrapper span.title { color: #ffffff; }#ftg-3636 .tile .ftg-social a { color: #ffffff; }#ftg-3636 .tile .caption-block { transition-timing-function:linear; }#ftg-3636 .tile .caption-block { transition-duration:0.25s; }#ftg-3636 .tile .tile-inner:before { background-color: #000000; }#ftg-3636 .tile .tile-inner:before { background-color: rgba(0, 0, 0, 0.8); }#ftg-3636 .tile.ftg-preload { transform: scaleY(1) scaleX(1) translate(0px,0px) rotateX(0deg) rotateY(0deg); }#ftg-3636 .tile.ftg-preload { transition: all ease-out 0.5s, opacity linear 0.5s; }#ftg-3636 .tile img.item { transition-duration: 0.25s; }<\/style>\n<p><a name='36'><\/a><\/p>\n<div class='final-tiles-gallery   caption-none caption-top caption-center' id='ftg-3636' style='width:100%'>\n<div class='ftg-items'>\n<div class='loading-bar'><i><\/i><\/div>\n<div  class='tile ftg-preload  '><a data-title=\"\"  rel='Studio'  class='tile-inner  ftg-lightbox' href='http:\/\/bruno-ferignac-photographe.fr\/accueil\/wp-content\/uploads\/2017\/06\/DSC6191-Modifier.jpg' ><img alt='' class='item' data-class='item' data-ftg-src='http:\/\/bruno-ferignac-photographe.fr\/accueil\/wp-content\/uploads\/2017\/06\/DSC6191-Modifier-400x600.jpg' src='http:\/\/bruno-ferignac-photographe.fr\/accueil\/wp-content\/uploads\/2017\/06\/DSC6191-Modifier-400x600.jpg' width='400' height='600' \/><\/a><\/p>\n<div class='ftg-social'><\/div>\n<\/div>\n<div  class='tile ftg-preload  '><a data-title=\"\"  rel='Studio'  class='tile-inner  ftg-lightbox' href='http:\/\/bruno-ferignac-photographe.fr\/accueil\/wp-content\/uploads\/2017\/09\/Ambre-2.jpg' ><img alt='' class='item' data-class='item' data-ftg-src='http:\/\/bruno-ferignac-photographe.fr\/accueil\/wp-content\/uploads\/2017\/09\/Ambre-2-401x600.jpg' src='http:\/\/bruno-ferignac-photographe.fr\/accueil\/wp-content\/uploads\/2017\/09\/Ambre-2-401x600.jpg' width='401' height='600' \/><\/a><\/p>\n<div class='ftg-social'><\/div>\n<\/div>\n<div  class='tile ftg-preload  '><a data-title=\"\"  rel='Studio'  class='tile-inner  ftg-lightbox' href='http:\/\/bruno-ferignac-photographe.fr\/accueil\/wp-content\/uploads\/2016\/10\/DSC6497-Modifier-Modifier.jpg' ><img alt='' class='item' data-class='item' data-ftg-src='http:\/\/bruno-ferignac-photographe.fr\/accueil\/wp-content\/uploads\/2016\/10\/DSC6497-Modifier-Modifier-400x600.jpg' src='http:\/\/bruno-ferignac-photographe.fr\/accueil\/wp-content\/uploads\/2016\/10\/DSC6497-Modifier-Modifier-400x600.jpg' width='400' height='600' \/><\/a><\/p>\n<div class='ftg-social'><\/div>\n<\/div>\n<div  class='tile ftg-preload  '><a data-title=\"\"  rel='Studio'  class='tile-inner  ftg-lightbox' href='http:\/\/bruno-ferignac-photographe.fr\/accueil\/wp-content\/uploads\/2016\/04\/DSC2624-Modifier-Modifier-3-Modifier.jpg' ><img alt='' class='item' data-class='item' data-ftg-src='http:\/\/bruno-ferignac-photographe.fr\/accueil\/wp-content\/uploads\/2016\/04\/DSC2624-Modifier-Modifier-3-Modifier-600x338.jpg' src='http:\/\/bruno-ferignac-photographe.fr\/accueil\/wp-content\/uploads\/2016\/04\/DSC2624-Modifier-Modifier-3-Modifier-600x338.jpg' width='600' height='338' \/><\/a><\/p>\n<div class='ftg-social'><\/div>\n<\/div>\n<div  class='tile ftg-preload  '><a data-title=\"\"  rel='Studio'  class='tile-inner  ftg-lightbox' href='http:\/\/bruno-ferignac-photographe.fr\/accueil\/wp-content\/uploads\/2017\/03\/blanc-1200.jpg' ><img alt='vin blanc' class='item' data-class='item' data-ftg-src='http:\/\/bruno-ferignac-photographe.fr\/accueil\/wp-content\/uploads\/2017\/03\/blanc-1200-400x600.jpg' src='http:\/\/bruno-ferignac-photographe.fr\/accueil\/wp-content\/uploads\/2017\/03\/blanc-1200-400x600.jpg' width='400' height='600' \/><\/a><\/p>\n<div class='ftg-social'><\/div>\n<\/div>\n<div  class='tile ftg-preload  '><a data-title=\"\"  rel='Studio'  class='tile-inner  ftg-lightbox' href='http:\/\/bruno-ferignac-photographe.fr\/accueil\/wp-content\/uploads\/2016\/10\/DSC2092.jpg' ><img alt='' class='item' data-class='item' data-ftg-src='http:\/\/bruno-ferignac-photographe.fr\/accueil\/wp-content\/uploads\/2016\/10\/DSC2092-401x600.jpg' src='http:\/\/bruno-ferignac-photographe.fr\/accueil\/wp-content\/uploads\/2016\/10\/DSC2092-401x600.jpg' width='401' height='600' \/><\/a><\/p>\n<div class='ftg-social'><\/div>\n<\/div>\n<div  class='tile ftg-preload  '><a data-title=\"\"  rel='Studio'  class='tile-inner  ftg-lightbox' href='http:\/\/bruno-ferignac-photographe.fr\/accueil\/wp-content\/uploads\/2016\/10\/DSC1850-Modifier.jpg' ><img alt='huile olive' class='item' data-class='item' data-ftg-src='http:\/\/bruno-ferignac-photographe.fr\/accueil\/wp-content\/uploads\/2016\/10\/DSC1850-Modifier-400x600.jpg' src='http:\/\/bruno-ferignac-photographe.fr\/accueil\/wp-content\/uploads\/2016\/10\/DSC1850-Modifier-400x600.jpg' width='400' height='600' \/><\/a><\/p>\n<div class='ftg-social'><\/div>\n<\/div>\n<div  class='tile ftg-preload  '><a data-title=\"\"  rel='Studio'  class='tile-inner  ftg-lightbox' href='http:\/\/bruno-ferignac-photographe.fr\/accueil\/wp-content\/uploads\/2016\/10\/DSC3683-Modifier.jpg' ><img alt='' class='item' data-class='item' data-ftg-src='http:\/\/bruno-ferignac-photographe.fr\/accueil\/wp-content\/uploads\/2016\/10\/DSC3683-Modifier-400x600.jpg' src='http:\/\/bruno-ferignac-photographe.fr\/accueil\/wp-content\/uploads\/2016\/10\/DSC3683-Modifier-400x600.jpg' width='400' height='600' \/><\/a><\/p>\n<div class='ftg-social'><\/div>\n<\/div>\n<div  class='tile ftg-preload  '><a data-title=\"\"  rel='Studio'  class='tile-inner  ftg-lightbox' href='http:\/\/bruno-ferignac-photographe.fr\/accueil\/wp-content\/uploads\/2017\/09\/mojito.jpg' ><img alt='' class='item' data-class='item' data-ftg-src='http:\/\/bruno-ferignac-photographe.fr\/accueil\/wp-content\/uploads\/2017\/09\/mojito-401x600.jpg' src='http:\/\/bruno-ferignac-photographe.fr\/accueil\/wp-content\/uploads\/2017\/09\/mojito-401x600.jpg' width='401' height='600' \/><\/a><\/p>\n<div class='ftg-social'><\/div>\n<\/div>\n<div  class='tile ftg-preload  '><a data-title=\"\"  rel='Studio'  class='tile-inner  ftg-lightbox' href='http:\/\/bruno-ferignac-photographe.fr\/accueil\/wp-content\/uploads\/2015\/12\/DSC5220-Modifier.jpg' ><img alt='' class='item' data-class='item' data-ftg-src='http:\/\/bruno-ferignac-photographe.fr\/accueil\/wp-content\/uploads\/2015\/12\/DSC5220-Modifier-401x600.jpg' src='http:\/\/bruno-ferignac-photographe.fr\/accueil\/wp-content\/uploads\/2015\/12\/DSC5220-Modifier-401x600.jpg' width='401' height='600' \/><\/a><\/p>\n<div class='ftg-social'><\/div>\n<\/div>\n<div  class='tile ftg-preload  '><a data-title=\"\"  rel='Studio'  class='tile-inner  ftg-lightbox' href='http:\/\/bruno-ferignac-photographe.fr\/accueil\/wp-content\/uploads\/2016\/10\/DSC7527-Modifier-Modifier.jpg' ><img alt='' class='item' data-class='item' data-ftg-src='http:\/\/bruno-ferignac-photographe.fr\/accueil\/wp-content\/uploads\/2016\/10\/DSC7527-Modifier-Modifier-600x600.jpg' src='http:\/\/bruno-ferignac-photographe.fr\/accueil\/wp-content\/uploads\/2016\/10\/DSC7527-Modifier-Modifier-600x600.jpg' width='600' height='600' \/><\/a><\/p>\n<div class='ftg-social'><\/div>\n<\/div>\n<div  class='tile ftg-preload  '><a data-title=\"\"  rel='Studio'  class='tile-inner  ftg-lightbox' href='http:\/\/bruno-ferignac-photographe.fr\/accueil\/wp-content\/uploads\/2017\/09\/ros\u00e9-3.jpg' ><img alt='' class='item' data-class='item' data-ftg-src='http:\/\/bruno-ferignac-photographe.fr\/accueil\/wp-content\/uploads\/2017\/09\/ros\u00e9-3-600x400.jpg' src='http:\/\/bruno-ferignac-photographe.fr\/accueil\/wp-content\/uploads\/2017\/09\/ros\u00e9-3-600x400.jpg' width='600' height='400' \/><\/a><\/p>\n<div class='ftg-social'><\/div>\n<\/div>\n<\/div>\n<\/div>\n<p><script type='text\/javascript'>jQuery('#ftg-3636 img.item').removeAttr('src');jQuery(document).ready(function () {setTimeout(function () {jQuery('#ftg-3636').finalTilesGallery({minTileWidth: 250,margin: 10,loadMethod: 'sequential',nonce: '5fbdf09122',galleryId: '36',layout: 'columns',debug: false,gridSize: 0,disableGridSizeBelow: 800,allowEnlargement: true,columns: [[4000, 2],[1024, 2],[800, 1],[480, 1],[320, 1]],scrollEffect: '',selectedFilter: 'n-a'});jQuery(function () {(function () {var rel = '';jQuery('#ftg-3636 .ftg-lightbox').click(function (e) {rel = jQuery(this).attr('rel');jQuery('#ftg-3636 .ftg-current').removeClass('ftg-current');jQuery('#ftg-3636 [rel=\"'+rel+'\"]').addClass('ftg-current');});})();jQuery('#ftg-3636').magnificPopup({type:'image', zoom: {enabled: true, duration: 300, easing: 'ease-in-out' },image: { titleSrc: 'data-title' }, gallery: { enabled: true }, delegate: '.tile:not(.ftg-hidden) .ftg-lightbox.ftg-current'});jQuery('#ftg-3636 .ftg-lightbox-iframe').magnificPopup({type:'iframe' });});}, 0);});<\/script><\/p>\n<\/div>\n\t\t<\/div><div id=\"panel-3020-1-0-2\" class=\"so-panel widget widget_text\" data-index=\"4\" >\t\t\t<div class=\"textwidget\"><p class=\"bas-de-page\" style=\"text-align: center; padding-right: 90px;\">&#8211; D\u00e9couvrez tous <a href=\"http:\/\/bruno-ferignac-photographe.fr\/accueil\/prestations\/stage\">mes stages<\/a>\u00a0 &#8211; Visitez <a href=\"http:\/\/bruno-ferignac-photographe.fr\/accueil\/#portfolio\">mon portfolio<\/a> &#8211; <a href=\"http:\/\/bruno-ferignac-photographe.fr\/accueil\/contact\/formulaire-de-contact\/\">Contactez moi<\/a> &#8211;<\/p>\n<\/div>\n\t\t<\/div><div id=\"panel-3020-1-0-3\" class=\"so-panel widget widget_black-studio-tinymce widget_black_studio_tinymce panel-last-child\" data-index=\"5\" ><div class=\"textwidget\"><p>\n<div class=\"juiz_sps_links  counters_both juiz_sps_displayed_nowhere\" data-post-id=\"3020\">\n<p class=\"screen-reader-text juiz_sps_maybe_hidden_text\">Partager la publication \"Stage photo d\u00e9couverte  \u00ab\u00a0Le  Studio\u00a0\u00bb\"<\/p>\n\n\t<ul class=\"juiz_sps_links_list juiz_sps_hide_name\" onclick=\"void(0);\"><li class=\"juiz_sps_item juiz_sps_link_facebook\"><a href=\"https:\/\/www.facebook.com\/sharer.php?u=http%3A%2F%2Fbruno-ferignac-photographe.fr%2Faccueil%2Fwp-json%2Fwp%2Fv2%2Fpages%2F3020\" rel=\"nofollow\"   title=\"Partager cet article sur Facebook\" class=\"juiz_sps_button\" data-nobs-key=\"facebook\"><span class=\"juiz_sps_icon jsps-facebook\"><\/span><span class=\"juiz_sps_network_name\">Facebook<\/span><\/a><\/li><li class=\"juiz_sps_item juiz_sps_link_twitter\"><a href=\"https:\/\/x.com\/intent\/tweet?source=webclient&#038;original_referer=http%3A%2F%2Fbruno-ferignac-photographe.fr%2Faccueil%2Fwp-json%2Fwp%2Fv2%2Fpages%2F3020&#038;text=Stage%20photo%20d%C3%A9couverte%20%20%22Le%20%20Studio%22&#038;url=http%3A%2F%2Fbruno-ferignac-photographe.fr%2Faccueil%2Fwp-json%2Fwp%2Fv2%2Fpages%2F3020\" rel=\"nofollow\"   title=\"Partager cet article sur X\" class=\"juiz_sps_button\" data-nobs-key=\"twitter\"><span class=\"juiz_sps_icon jsps-twitter\"><\/span><span class=\"juiz_sps_network_name\">X<\/span><\/a><\/li><li class=\"juiz_sps_item juiz_sps_link_pinterest\"><a href=\"https:\/\/pinterest.com\/pin\/create\/bookmarklet\/?url=http%3A%2F%2Fbruno-ferignac-photographe.fr%2Faccueil%2Fwp-json%2Fwp%2Fv2%2Fpages%2F3020&#038;media=http:\/\/bruno-ferignac-photographe.fr\/accueil\/wp-content\/uploads\/2016\/04\/DSC2624-Modifier-Modifier-3-Modifier-1-e1461617311846.jpg\" rel=\"nofollow\"   title=\"Partager une image de cette publication sur Pinterest\" class=\"juiz_sps_button\" data-nobs-key=\"pinterest\"><span class=\"juiz_sps_icon jsps-pinterest\"><\/span><span class=\"juiz_sps_network_name\">Pinterest<\/span><\/a><\/li><li class=\"juiz_sps_item juiz_sps_link_linkedin\"><a href=\"https:\/\/www.linkedin.com\/sharing\/share-offsite\/?url=http%3A%2F%2Fbruno-ferignac-photographe.fr%2Faccueil%2Fwp-json%2Fwp%2Fv2%2Fpages%2F3020\" rel=\"nofollow\"   title=\"Partager cet article sur LinkedIn\" class=\"juiz_sps_button\" data-nobs-key=\"linkedin\"><span class=\"juiz_sps_icon jsps-linkedin\"><\/span><span class=\"juiz_sps_network_name\">LinkedIn<\/span><\/a><\/li><li class=\"juiz_sps_item juiz_sps_link_mail\"><a href=\"mailto:?subject=Un%20photographe&#038;body=J&#039;ai%20trouv\u00e9%20un%20photographe.%20Je%20pense%20que%20son%20travail%20peut%20t&#039;int\u00e9resser.%20Bonne%20journ\u00e9e%20:)%20http:\/\/bruno-ferignac-photographe.fr\/accueil\/prestations\/stage\/studio-stage-photo\/\" rel=\"nofollow\"   title=\"Partager cette publication avec un ami (e-mail)\" class=\"juiz_sps_button\" data-nobs-key=\"mail\"><span class=\"juiz_sps_icon jsps-mail\"><\/span><span class=\"juiz_sps_network_name\">E-mail<\/span><\/a><\/li><\/ul>\n\t<\/div>\n\n<\/p>\n<\/div><\/div><\/div><\/div><\/div>","protected":false},"excerpt":{"rendered":"<p>&#8211; Ouvert toute l&rsquo;ann\u00e9e \u00a0&#8211; 1 \u00e0 4 personnes &#8211; Pour ce stage d&rsquo;une demi journ\u00e9e&hellip;<\/p>\n","protected":false},"author":1,"featured_media":1817,"parent":2378,"menu_order":0,"comment_status":"closed","ping_status":"closed","template":"","meta":{"footnotes":""},"class_list":["post-3020","page","type-page","status-publish","has-post-thumbnail","hentry"],"yoast_head":"<!-- This site is optimized with the Yoast SEO plugin v27.2 - https:\/\/yoast.com\/product\/yoast-seo-wordpress\/ -->\n<title>Stage photo d\u00e9couverte &quot;Le Studio&quot; - L&#039; atelier pho&#039;thau<\/title>\n<meta name=\"description\" content=\"Pour ce stage d\u00e9couverte, je vous pr\u00e9sente le mat\u00e9riel de studio, les principes de l&#039;\u00e9clairage et la mise en place des flashs en situation.\" \/>\n<meta name=\"robots\" content=\"index, follow, max-snippet:-1, max-image-preview:large, max-video-preview:-1\" \/>\n<link rel=\"canonical\" href=\"http:\/\/bruno-ferignac-photographe.fr\/accueil\/prestations\/stage\/studio-stage-photo\/\" \/>\n<meta name=\"twitter:card\" content=\"summary_large_image\" \/>\n<meta name=\"twitter:title\" content=\"Stage photo d\u00e9couverte &quot;Le Studio&quot; - L&#039; atelier pho&#039;thau\" \/>\n<meta name=\"twitter:description\" content=\"Pour ce stage d\u00e9couverte, je vous pr\u00e9sente le mat\u00e9riel de studio, les principes de l&#039;\u00e9clairage et la mise en place des flashs en situation.\" \/>\n<meta name=\"twitter:image\" content=\"http:\/\/bruno-ferignac-photographe.fr\/accueil\/wp-content\/uploads\/2016\/04\/DSC2624-Modifier-Modifier-3-Modifier-1-e1461617311846.jpg\" \/>\n<meta name=\"twitter:label1\" content=\"Dur\u00e9e de lecture estim\u00e9e\" \/>\n\t<meta name=\"twitter:data1\" content=\"1 minute\" \/>\n<script type=\"application\/ld+json\" class=\"yoast-schema-graph\">{\"@context\":\"https:\/\/schema.org\",\"@graph\":[{\"@type\":\"WebPage\",\"@id\":\"http:\/\/bruno-ferignac-photographe.fr\/accueil\/prestations\/stage\/studio-stage-photo\/\",\"url\":\"http:\/\/bruno-ferignac-photographe.fr\/accueil\/prestations\/stage\/studio-stage-photo\/\",\"name\":\"Stage photo d\u00e9couverte \\\"Le Studio\\\" - L&#039; atelier pho&#039;thau\",\"isPartOf\":{\"@id\":\"http:\/\/bruno-ferignac-photographe.fr\/accueil\/#website\"},\"primaryImageOfPage\":{\"@id\":\"http:\/\/bruno-ferignac-photographe.fr\/accueil\/prestations\/stage\/studio-stage-photo\/#primaryimage\"},\"image\":{\"@id\":\"http:\/\/bruno-ferignac-photographe.fr\/accueil\/prestations\/stage\/studio-stage-photo\/#primaryimage\"},\"thumbnailUrl\":\"http:\/\/bruno-ferignac-photographe.fr\/accueil\/wp-content\/uploads\/2016\/04\/DSC2624-Modifier-Modifier-3-Modifier-1-e1461617311846.jpg\",\"datePublished\":\"2017-07-02T12:54:22+00:00\",\"dateModified\":\"2018-10-06T07:58:52+00:00\",\"description\":\"Pour ce stage d\u00e9couverte, je vous pr\u00e9sente le mat\u00e9riel de studio, les principes de l'\u00e9clairage et la mise en place des flashs en situation.\",\"breadcrumb\":{\"@id\":\"http:\/\/bruno-ferignac-photographe.fr\/accueil\/prestations\/stage\/studio-stage-photo\/#breadcrumb\"},\"inLanguage\":\"fr-FR\",\"potentialAction\":[{\"@type\":\"ReadAction\",\"target\":[\"http:\/\/bruno-ferignac-photographe.fr\/accueil\/prestations\/stage\/studio-stage-photo\/\"]}]},{\"@type\":\"ImageObject\",\"inLanguage\":\"fr-FR\",\"@id\":\"http:\/\/bruno-ferignac-photographe.fr\/accueil\/prestations\/stage\/studio-stage-photo\/#primaryimage\",\"url\":\"http:\/\/bruno-ferignac-photographe.fr\/accueil\/wp-content\/uploads\/2016\/04\/DSC2624-Modifier-Modifier-3-Modifier-1-e1461617311846.jpg\",\"contentUrl\":\"http:\/\/bruno-ferignac-photographe.fr\/accueil\/wp-content\/uploads\/2016\/04\/DSC2624-Modifier-Modifier-3-Modifier-1-e1461617311846.jpg\",\"width\":960,\"height\":216},{\"@type\":\"BreadcrumbList\",\"@id\":\"http:\/\/bruno-ferignac-photographe.fr\/accueil\/prestations\/stage\/studio-stage-photo\/#breadcrumb\",\"itemListElement\":[{\"@type\":\"ListItem\",\"position\":1,\"name\":\"Accueil\",\"item\":\"http:\/\/bruno-ferignac-photographe.fr\/accueil\/\"},{\"@type\":\"ListItem\",\"position\":2,\"name\":\"Prestations\",\"item\":\"https:\/\/bruno-ferignac-photographe.fr\/accueil\/prestations\/\"},{\"@type\":\"ListItem\",\"position\":3,\"name\":\"Stage photo\",\"item\":\"https:\/\/bruno-ferignac-photographe.fr\/accueil\/prestations\/stage\/\"},{\"@type\":\"ListItem\",\"position\":4,\"name\":\"Stage photo d\u00e9couverte \u00ab\u00a0Le Studio\u00a0\u00bb\"}]},{\"@type\":\"WebSite\",\"@id\":\"http:\/\/bruno-ferignac-photographe.fr\/accueil\/#website\",\"url\":\"http:\/\/bruno-ferignac-photographe.fr\/accueil\/\",\"name\":\"L&#039; atelier pho&#039;thau\",\"description\":\"Un photographe pour vous !\",\"potentialAction\":[{\"@type\":\"SearchAction\",\"target\":{\"@type\":\"EntryPoint\",\"urlTemplate\":\"http:\/\/bruno-ferignac-photographe.fr\/accueil\/?s={search_term_string}\"},\"query-input\":{\"@type\":\"PropertyValueSpecification\",\"valueRequired\":true,\"valueName\":\"search_term_string\"}}],\"inLanguage\":\"fr-FR\"}]}<\/script>\n<!-- \/ Yoast SEO plugin. -->","yoast_head_json":{"title":"Stage photo d\u00e9couverte \"Le Studio\" - L&#039; atelier pho&#039;thau","description":"Pour ce stage d\u00e9couverte, je vous pr\u00e9sente le mat\u00e9riel de studio, les principes de l'\u00e9clairage et la mise en place des flashs en situation.","robots":{"index":"index","follow":"follow","max-snippet":"max-snippet:-1","max-image-preview":"max-image-preview:large","max-video-preview":"max-video-preview:-1"},"canonical":"http:\/\/bruno-ferignac-photographe.fr\/accueil\/prestations\/stage\/studio-stage-photo\/","twitter_card":"summary_large_image","twitter_title":"Stage photo d\u00e9couverte \"Le Studio\" - L&#039; atelier pho&#039;thau","twitter_description":"Pour ce stage d\u00e9couverte, je vous pr\u00e9sente le mat\u00e9riel de studio, les principes de l'\u00e9clairage et la mise en place des flashs en situation.","twitter_image":"http:\/\/bruno-ferignac-photographe.fr\/accueil\/wp-content\/uploads\/2016\/04\/DSC2624-Modifier-Modifier-3-Modifier-1-e1461617311846.jpg","twitter_misc":{"Dur\u00e9e de lecture estim\u00e9e":"1 minute"},"schema":{"@context":"https:\/\/schema.org","@graph":[{"@type":"WebPage","@id":"http:\/\/bruno-ferignac-photographe.fr\/accueil\/prestations\/stage\/studio-stage-photo\/","url":"http:\/\/bruno-ferignac-photographe.fr\/accueil\/prestations\/stage\/studio-stage-photo\/","name":"Stage photo d\u00e9couverte \"Le Studio\" - L&#039; atelier pho&#039;thau","isPartOf":{"@id":"http:\/\/bruno-ferignac-photographe.fr\/accueil\/#website"},"primaryImageOfPage":{"@id":"http:\/\/bruno-ferignac-photographe.fr\/accueil\/prestations\/stage\/studio-stage-photo\/#primaryimage"},"image":{"@id":"http:\/\/bruno-ferignac-photographe.fr\/accueil\/prestations\/stage\/studio-stage-photo\/#primaryimage"},"thumbnailUrl":"http:\/\/bruno-ferignac-photographe.fr\/accueil\/wp-content\/uploads\/2016\/04\/DSC2624-Modifier-Modifier-3-Modifier-1-e1461617311846.jpg","datePublished":"2017-07-02T12:54:22+00:00","dateModified":"2018-10-06T07:58:52+00:00","description":"Pour ce stage d\u00e9couverte, je vous pr\u00e9sente le mat\u00e9riel de studio, les principes de l'\u00e9clairage et la mise en place des flashs en situation.","breadcrumb":{"@id":"http:\/\/bruno-ferignac-photographe.fr\/accueil\/prestations\/stage\/studio-stage-photo\/#breadcrumb"},"inLanguage":"fr-FR","potentialAction":[{"@type":"ReadAction","target":["http:\/\/bruno-ferignac-photographe.fr\/accueil\/prestations\/stage\/studio-stage-photo\/"]}]},{"@type":"ImageObject","inLanguage":"fr-FR","@id":"http:\/\/bruno-ferignac-photographe.fr\/accueil\/prestations\/stage\/studio-stage-photo\/#primaryimage","url":"http:\/\/bruno-ferignac-photographe.fr\/accueil\/wp-content\/uploads\/2016\/04\/DSC2624-Modifier-Modifier-3-Modifier-1-e1461617311846.jpg","contentUrl":"http:\/\/bruno-ferignac-photographe.fr\/accueil\/wp-content\/uploads\/2016\/04\/DSC2624-Modifier-Modifier-3-Modifier-1-e1461617311846.jpg","width":960,"height":216},{"@type":"BreadcrumbList","@id":"http:\/\/bruno-ferignac-photographe.fr\/accueil\/prestations\/stage\/studio-stage-photo\/#breadcrumb","itemListElement":[{"@type":"ListItem","position":1,"name":"Accueil","item":"http:\/\/bruno-ferignac-photographe.fr\/accueil\/"},{"@type":"ListItem","position":2,"name":"Prestations","item":"https:\/\/bruno-ferignac-photographe.fr\/accueil\/prestations\/"},{"@type":"ListItem","position":3,"name":"Stage photo","item":"https:\/\/bruno-ferignac-photographe.fr\/accueil\/prestations\/stage\/"},{"@type":"ListItem","position":4,"name":"Stage photo d\u00e9couverte \u00ab\u00a0Le Studio\u00a0\u00bb"}]},{"@type":"WebSite","@id":"http:\/\/bruno-ferignac-photographe.fr\/accueil\/#website","url":"http:\/\/bruno-ferignac-photographe.fr\/accueil\/","name":"L&#039; atelier pho&#039;thau","description":"Un photographe pour vous !","potentialAction":[{"@type":"SearchAction","target":{"@type":"EntryPoint","urlTemplate":"http:\/\/bruno-ferignac-photographe.fr\/accueil\/?s={search_term_string}"},"query-input":{"@type":"PropertyValueSpecification","valueRequired":true,"valueName":"search_term_string"}}],"inLanguage":"fr-FR"}]}},"_links":{"self":[{"href":"http:\/\/bruno-ferignac-photographe.fr\/accueil\/wp-json\/wp\/v2\/pages\/3020","targetHints":{"allow":["GET"]}}],"collection":[{"href":"http:\/\/bruno-ferignac-photographe.fr\/accueil\/wp-json\/wp\/v2\/pages"}],"about":[{"href":"http:\/\/bruno-ferignac-photographe.fr\/accueil\/wp-json\/wp\/v2\/types\/page"}],"author":[{"embeddable":true,"href":"http:\/\/bruno-ferignac-photographe.fr\/accueil\/wp-json\/wp\/v2\/users\/1"}],"replies":[{"embeddable":true,"href":"http:\/\/bruno-ferignac-photographe.fr\/accueil\/wp-json\/wp\/v2\/comments?post=3020"}],"version-history":[{"count":54,"href":"http:\/\/bruno-ferignac-photographe.fr\/accueil\/wp-json\/wp\/v2\/pages\/3020\/revisions"}],"predecessor-version":[{"id":4753,"href":"http:\/\/bruno-ferignac-photographe.fr\/accueil\/wp-json\/wp\/v2\/pages\/3020\/revisions\/4753"}],"up":[{"embeddable":true,"href":"http:\/\/bruno-ferignac-photographe.fr\/accueil\/wp-json\/wp\/v2\/pages\/2378"}],"wp:featuredmedia":[{"embeddable":true,"href":"http:\/\/bruno-ferignac-photographe.fr\/accueil\/wp-json\/wp\/v2\/media\/1817"}],"wp:attachment":[{"href":"http:\/\/bruno-ferignac-photographe.fr\/accueil\/wp-json\/wp\/v2\/media?parent=3020"}],"curies":[{"name":"wp","href":"https:\/\/api.w.org\/{rel}","templated":true}]}}