{"id":575,"date":"2015-07-30T20:10:06","date_gmt":"2015-07-30T18:10:06","guid":{"rendered":"http:\/\/bruno-ferignac-photographe.fr\/accueil\/?page_id=575"},"modified":"2020-06-30T13:47:59","modified_gmt":"2020-06-30T11:47:59","slug":"atelier-phothau","status":"publish","type":"page","link":"http:\/\/bruno-ferignac-photographe.fr\/accueil\/","title":{"rendered":"Bruno F\u00e9rignac photographe \u00e0 l&rsquo;atelier pho&rsquo;thau"},"content":{"rendered":"<div id=\"pl-575\"  class=\"panel-layout\" ><div id=\"pg-575-0\"  class=\"panel-grid panel-has-style\" ><div class=\"panel-row-style panel-row-style-for-575-0\" ><div id=\"pgc-575-0-0\"  class=\"panel-grid-cell\" ><div id=\"panel-575-0-0-0\" class=\"so-panel widget widget_black-studio-tinymce widget_black_studio_tinymce panel-first-child\" data-index=\"0\" ><div class=\"textwidget\"><div id=\"accueil\">\n<p style=\"text-align: center;\"><span class=\"accueil-page\" style=\"color: #ff9900;\">Un photographe pour vous !<\/span><\/p>\n<p style=\"text-align: center;\"><span class=\"accueil-page\" style=\"color: #ff9900;\">Stage - Studio - Reportage<\/span><\/p>\n<\/div>\n<\/div><\/div><div id=\"panel-575-0-0-1\" class=\"so-panel widget widget_black-studio-tinymce widget_black_studio_tinymce panel-last-child\" data-index=\"1\" ><div class=\"textwidget\"><p>&nbsp;<\/p>\n<p style=\"text-align: center;\"><span class=\"bas-de-page\" style=\"color: #333333;\">Acc\u00e8s direct \u00e0 \u00a0<span style=\"color: #ff9900;\"><a style=\"color: #ff9900;\" href=\"https:\/\/bruno-ferignac-photographe.fr\/accueil\/prestations\/stage\/\">mes stages,<\/a> \u00a0<a style=\"color: #ff9900;\" href=\"https:\/\/bruno-ferignac-photographe.fr\/accueil\/portfolio\">mon portfolio,<\/a>\u00a0\u00a0<a style=\"color: #ff9900;\" href=\"https:\/\/bruno-ferignac-photographe.fr\/accueil\/articles\">mon blog<\/a><\/span>.\u00a0<\/span><\/p>\n<\/div><\/div><\/div><\/div><\/div><div id=\"pg-575-1\"  class=\"panel-grid panel-has-style\" ><div class=\"panel-row-style panel-row-style-for-575-1\" ><div id=\"pgc-575-1-0\"  class=\"panel-grid-cell\" ><div id=\"panel-575-1-0-0\" class=\"so-panel widget widget_black-studio-tinymce widget_black_studio_tinymce panel-first-child\" data-index=\"2\" ><div class=\"textwidget\"><div id=\"stage\">\n\n<hr style=\"width: 400px; color: #515151; background-color: white; height: 1px;\" \/>\n\n<\/div>\n<h2 style=\"text-align: center;\"><span class=\"accueil-titre\">Les Ateliers Photos<\/span><\/h2>\n<p style=\"text-align: left;\"><span class=\"corps\">Les stages sont con\u00e7us pour partager et \u00e9changer autour de la photo en profitant de ce cadre exceptionnel qu'offre l'Occitanie.<\/span><\/p>\n<p style=\"text-align: left;\"><span class=\"corps\">Pour tous, je m'adapte \u00e0 votre demande, votre niveau \u00a0et \u00e0 vos envies en vous proposant un choix d'activit\u00e9s modulables allant de la balade de d\u00e9couverte \u00e0 la longue s\u00e9ance d'aff\u00fbt.<\/span><\/p><\/div><\/div><div id=\"panel-575-1-0-1\" class=\"so-panel widget widget_black-studio-tinymce widget_black_studio_tinymce\" data-index=\"3\" ><div class=\"textwidget\"><\/div><\/div><div id=\"panel-575-1-0-2\" class=\"so-panel widget widget_sow-button\" data-index=\"4\" ><div\n\t\t\t\n\t\t\tclass=\"so-widget-sow-button so-widget-sow-button-wire-e206ef1d0b02-575\"\n\t\t\t\n\t\t><div class=\"ow-button-base ow-button-align-center\"\n>\n\t\t\t<a\n\t\t\t\t\thref=\"https:\/\/bruno-ferignac-photographe.fr\/accueil\/prestations\/stage\/\"\n\t\t\t\t\tclass=\"sowb-button ow-icon-placement-left ow-button-hover\" \t>\n\t\t<span>\n\t\t\t\n\t\t\tVoir les Ateliers\t\t<\/span>\n\t\t\t<\/a>\n\t<\/div>\n<\/div><\/div><div id=\"panel-575-1-0-3\" class=\"so-panel widget widget_sow-button\" data-index=\"5\" ><div\n\t\t\t\n\t\t\tclass=\"so-widget-sow-button so-widget-sow-button-wire-6e2812eb26ab-575\"\n\t\t\t\n\t\t><div class=\"ow-button-base ow-button-align-center\"\n>\n\t\t\t<a\n\t\t\t\t\thref=\"https:\/\/bruno-ferignac-photographe.fr\/accueil\/contact\/\"\n\t\t\t\t\tclass=\"sowb-button ow-icon-placement-left ow-button-hover\" \t>\n\t\t<span>\n\t\t\t\n\t\t\tcontactez-moi\t\t<\/span>\n\t\t\t<\/a>\n\t<\/div>\n<\/div><\/div><div id=\"panel-575-1-0-4\" class=\"so-panel widget widget_black-studio-tinymce widget_black_studio_tinymce\" data-index=\"6\" ><div class=\"textwidget\"><\/div><\/div><div id=\"panel-575-1-0-5\" class=\"so-panel widget widget_black-studio-tinymce widget_black_studio_tinymce panel-last-child\" data-index=\"7\" ><div class=\"textwidget\"><h5><\/h5>\n<h6 style=\"text-align: center;\"><strong>Acc\u00e8s direct \u00e0\u00a0\u00a0<a href=\"#accueil\">l'accueil,<\/a>\u00a0 <a href=\"https:\/\/bruno-ferignac-photographe.fr\/accueil\/portfolio\">mon portfolio,<\/a>\u00a0\u00a0<a href=\"https:\/\/bruno-ferignac-photographe.fr\/accueil\/articles\">mon blog<\/a>.<\/strong><\/h6>\n<\/div><\/div><\/div><\/div><\/div><div id=\"pg-575-2\"  class=\"panel-grid panel-no-style\" ><div id=\"pgc-575-2-0\"  class=\"panel-grid-cell\" ><div class=\"panel-cell-style panel-cell-style-for-575-2-0\" ><div id=\"panel-575-2-0-0\" class=\"so-panel widget widget_siteorigin-panels-builder panel-first-child panel-last-child\" data-index=\"8\" ><div id=\"pl-w5efb207932ea5\"  class=\"panel-layout\" ><div id=\"pg-w5efb207932ea5-0\"  class=\"panel-grid panel-no-style\" ><div id=\"pgc-w5efb207932ea5-0-0\"  class=\"panel-grid-cell\" ><div id=\"panel-w5efb207932ea5-0-0-0\" class=\"so-panel widget widget_sow-editor panel-first-child\" data-index=\"0\" ><div\n\t\t\t\n\t\t\tclass=\"so-widget-sow-editor so-widget-sow-editor-base\"\n\t\t\t\n\t\t>\n<div class=\"siteorigin-widget-tinymce textwidget\">\n\t<p style=\"text-align: center;\">\u00a0<span class=\"accueil-page\">Particulier<\/span><\/p>\n<p>\n&nbsp;<\/p>\n<p style=\"text-align: left;\"><span class=\"corps\">Je r\u00e9alise en ext\u00e9rieur, dans mon studio ou chez vous, les photos de vos \u00e9v\u00e8nements familiaux, de vos plus beaux moments ou d'un instant partag\u00e9.<\/span><\/p>\n<p>&nbsp;<\/p>\n<p>&nbsp;<\/p>\n<\/div>\n<\/div><\/div><div id=\"panel-w5efb207932ea5-0-0-1\" class=\"so-panel widget widget_sow-button\" data-index=\"1\" ><div\n\t\t\t\n\t\t\tclass=\"so-widget-sow-button so-widget-sow-button-wire-936f6897eb21\"\n\t\t\t\n\t\t><div class=\"ow-button-base ow-button-align-center\"\n>\n\t\t\t<a\n\t\t\t\t\thref=\"https:\/\/bruno-ferignac-photographe.fr\/accueil\/prestations\/tarif-particulier\/\"\n\t\t\t\t\tclass=\"sowb-button ow-icon-placement-left ow-button-hover\" \t>\n\t\t<span>\n\t\t\t\n\t\t\tEn savoir plus\t\t<\/span>\n\t\t\t<\/a>\n\t<\/div>\n<\/div><\/div><div id=\"panel-w5efb207932ea5-0-0-2\" class=\"so-panel widget widget_sow-editor panel-last-child\" data-index=\"2\" ><div\n\t\t\t\n\t\t\tclass=\"so-widget-sow-editor so-widget-sow-editor-base\"\n\t\t\t\n\t\t>\n<div class=\"siteorigin-widget-tinymce textwidget\">\n\t<p>&nbsp;<br \/>\n&nbsp;<\/p>\n<p style=\"text-align: center;\"><span class=\"bas-de-page\">Quelques exemples de prestations <a href=\"http:\/\/bruno-ferignac-photographe.fr\/accueil\/articles\/\">dans mon blog<\/a><\/span><\/p>\n<\/div>\n<\/div><\/div><\/div><\/div><\/div><\/div><\/div><\/div><div id=\"pgc-575-2-1\"  class=\"panel-grid-cell\" ><div class=\"panel-cell-style panel-cell-style-for-575-2-1\" ><div id=\"panel-575-2-1-0\" class=\"so-panel widget widget_siteorigin-panels-builder panel-first-child panel-last-child\" data-index=\"9\" ><div id=\"pl-w5efb20b7d9adf\"  class=\"panel-layout\" ><div id=\"pg-w5efb20b7d9adf-0\"  class=\"panel-grid panel-no-style\" ><div id=\"pgc-w5efb20b7d9adf-0-0\"  class=\"panel-grid-cell\" ><div id=\"panel-w5efb20b7d9adf-0-0-0\" class=\"so-panel widget widget_sow-editor panel-first-child\" data-index=\"0\" ><div\n\t\t\t\n\t\t\tclass=\"so-widget-sow-editor so-widget-sow-editor-base\"\n\t\t\t\n\t\t>\n<div class=\"siteorigin-widget-tinymce textwidget\">\n\t<p style=\"text-align: center;\">\u00a0<span class=\"accueil-page\">Professionnel<\/span><\/p>\n<p>\n&nbsp;<\/p>\n<p style=\"text-align: left;\"><span class=\"corps\">Je r\u00e9alise pour votre communication les images de vos produits, de votre activit\u00e9, de votre \u00e9quipe, de votre structure et de vos \u00e9v\u00e8nements.<\/span><\/p>\n<p>&nbsp;<\/p>\n<p>&nbsp;<\/p>\n<\/div>\n<\/div><\/div><div id=\"panel-w5efb20b7d9adf-0-0-1\" class=\"so-panel widget widget_sow-button\" data-index=\"1\" ><div\n\t\t\t\n\t\t\tclass=\"so-widget-sow-button so-widget-sow-button-wire-936f6897eb21\"\n\t\t\t\n\t\t><div class=\"ow-button-base ow-button-align-center\"\n>\n\t\t\t<a\n\t\t\t\t\thref=\"https:\/\/bruno-ferignac-photographe.fr\/accueil\/prestations\/entreprise\/\"\n\t\t\t\t\tclass=\"sowb-button ow-icon-placement-left ow-button-hover\" \t>\n\t\t<span>\n\t\t\t\n\t\t\tEn savoir plus\t\t<\/span>\n\t\t\t<\/a>\n\t<\/div>\n<\/div><\/div><div id=\"panel-w5efb20b7d9adf-0-0-2\" class=\"so-panel widget widget_sow-editor panel-last-child\" data-index=\"2\" ><div\n\t\t\t\n\t\t\tclass=\"so-widget-sow-editor so-widget-sow-editor-base\"\n\t\t\t\n\t\t>\n<div class=\"siteorigin-widget-tinymce textwidget\">\n\t<p>&nbsp;<br \/>\n&nbsp;<\/p>\n<p style=\"text-align: center;\"><span class=\"bas-de-page\">Une question --> <a href=\"http:\/\/bruno-ferignac-photographe.fr\/accueil\/contact\/\">Contactez moi.<\/a><\/span><\/p>\n<\/div>\n<\/div><\/div><\/div><\/div><\/div><\/div><\/div><\/div><\/div><div id=\"pg-575-3\"  class=\"panel-grid panel-has-style\" ><div class=\"panel-row-style panel-row-style-for-575-3\" ><div id=\"pgc-575-3-0\"  class=\"panel-grid-cell\" ><div id=\"panel-575-3-0-0\" class=\"so-panel widget widget_black-studio-tinymce widget_black_studio_tinymce panel-first-child\" data-index=\"10\" ><div class=\"textwidget\"><div id=\"portfolio\">\n<hr style=\"width: 400px; color: white; background-color: white; height: 1px;\" \/>\n<\/div>\n<h2 style=\"text-align: center;\"><span class=\"accueil-titre\">Mon portfolio !<\/span><\/h2>\n<p style=\"text-align: left;\"><span class=\"corps\">Dans ce book, vous trouverez mes r\u00e9alisations personnelles et professionnelles prisent dans le confort d'un salon, sur des falaises islandaises, sous la pluie, dans la neige, \u00a0par une nuit d'\u00e9t\u00e9 \u00e9toil\u00e9e ou un petit matin en for\u00eat,\u00a0du levant au couchant, en live lors d'un festival, pos\u00e9es en studio, instantan\u00e9es\u00a0en reportage,\u00a0ici et ailleurs chez moi ou chez eux et pourquoi pas bient\u00f4t chez vous...<\/span><\/p>\n<p style=\"text-align: left; padding-left: 60px;\"><span class=\"entete\">Bonne visite.<\/span><\/p>\n<\/div><\/div><div id=\"panel-575-3-0-1\" class=\"so-panel widget widget_sow-button\" data-index=\"11\" ><div\n\t\t\t\n\t\t\tclass=\"so-widget-sow-button so-widget-sow-button-wire-e206ef1d0b02-575\"\n\t\t\t\n\t\t><div class=\"ow-button-base ow-button-align-center\"\n>\n\t\t\t<a\n\t\t\t\t\thref=\"https:\/\/bruno-ferignac-photographe.fr\/accueil\/portfolio\/\"\n\t\t\t\t\tclass=\"sowb-button ow-icon-placement-left ow-button-hover\" \t>\n\t\t<span>\n\t\t\t\n\t\t\tVoir le portfolio\t\t<\/span>\n\t\t\t<\/a>\n\t<\/div>\n<\/div><\/div><div id=\"panel-575-3-0-2\" class=\"so-panel widget widget_text\" data-index=\"12\" >\t\t\t<div class=\"textwidget\"><p>\u00a0<\/p>\n<p>\u00a0<\/p>\n<p>\u00a0<\/p>\n<\/div>\n\t\t<\/div><div id=\"panel-575-3-0-3\" class=\"so-panel widget widget_sow-button\" data-index=\"13\" ><div\n\t\t\t\n\t\t\tclass=\"so-widget-sow-button so-widget-sow-button-wire-d866d9c60075-575\"\n\t\t\t\n\t\t><div class=\"ow-button-base ow-button-align-right\"\n>\n\t\t\t<a\n\t\t\t\t\thref=\"http:\/\/bruno-ferignac-photographe.fr\/accueil\/contact\/\"\n\t\t\t\t\tclass=\"sowb-button ow-icon-placement-left ow-button-hover\" \t>\n\t\t<span>\n\t\t\t\n\t\t\tcontactez-moi\t\t<\/span>\n\t\t\t<\/a>\n\t<\/div>\n<\/div><\/div><div id=\"panel-575-3-0-4\" class=\"so-panel widget widget_black-studio-tinymce widget_black_studio_tinymce panel-last-child\" data-index=\"14\" ><div class=\"panel-widget-style panel-widget-style-for-575-3-0-4\" ><div class=\"textwidget\"><p style=\"text-align: center;\"><span class=\"bas-de-page\">Toutes mes galeries: <a href=\"https:\/\/bruno-ferignac-photographe.fr\/accueil\/portfolio\/portrait\/\"> -Portrait- <\/a><a href=\"https:\/\/bruno-ferignac-photographe.fr\/accueil\/portfolio\/animalier\/\"> -Animalier- <\/a><a href=\"https:\/\/bruno-ferignac-photographe.fr\/accueil\/portfolio\/paysage\/\"> -Paysage- <\/a><a href=\"https:\/\/bruno-ferignac-photographe.fr\/accueil\/portfolio\/pose-longue\/\"> -Noir et blanc- <\/a><a href=\"https:\/\/bruno-ferignac-photographe.fr\/accueil\/portfolio\/communication\/\"> -Communication- <\/a><a href=\"https:\/\/bruno-ferignac-photographe.fr\/accueil\/portfolio\/spectacle\/\"> -Spectacle- <\/a><a href=\"https:\/\/bruno-ferignac-photographe.fr\/accueil\/portfolio\/architectures\/\"> -Paysage urbain-<\/a><\/span><\/p>\n<p style=\"text-align: center;\"><span class=\"bas-de-page\">Acc\u00e8s direct \u00e0\u00a0\u00a0<a href=\"#accueil\">l'accueil,<\/a><a href=\"https:\/\/bruno-ferignac-photographe.fr\/accueil\/articles\"> mon blog<\/a> et <a href=\"https:\/\/bruno-ferignac-photographe.fr\/accueil\/prestations\/stage\/ \">mes stages<\/a>\u00a0 .<\/span><\/p>\n<\/div><\/div><\/div><\/div><\/div><\/div><div id=\"pg-575-4\"  class=\"panel-grid panel-no-style\" ><div id=\"pgc-575-4-0\"  class=\"panel-grid-cell\" ><div id=\"panel-575-4-0-0\" class=\"so-panel widget widget_rev-slider-widget widget_revslider panel-first-child panel-last-child\" data-index=\"15\" ><div class=\"panel-widget-style panel-widget-style-for-575-4-0-0\" >\n\t\t\t<!-- START avis accueil REVOLUTION SLIDER 6.6.15 --><p class=\"rs-p-wp-fix\"><\/p>\n\t\t\t<rs-module-wrap id=\"rev_slider_22_1_wrapper\" data-source=\"gallery\" style=\"visibility:hidden;background:transparent;padding:0;margin:0px auto;margin-top:0;margin-bottom:0;\">\n\t\t\t\t<rs-module id=\"rev_slider_22_1\" style=\"\" data-version=\"6.6.15\">\n\t\t\t\t\t<rs-slides style=\"overflow: hidden; position: absolute;\">\n\t\t\t\t\t\t<rs-slide style=\"position: absolute;\" data-key=\"rs-200\" data-title=\"Slide\" data-duration=\"4000\" data-in=\"x:100%;\">\n\t\t\t\t\t\t\t<img decoding=\"async\" src=\"\/\/bruno-ferignac-photographe.fr\/accueil\/wp-content\/plugins\/revslider\/public\/assets\/assets\/dummy.png\" alt=\"\" title=\"Bruno F\u00e9rignac photographe \u00e0 l&rsquo;atelier pho&rsquo;thau\" class=\"rev-slidebg tp-rs-img rs-lazyload\" data-lazyload=\"\/\/bruno-ferignac-photographe.fr\/accueil\/wp-content\/uploads\/2017\/11\/DSC5026-Modifier-2.jpg\" data-bg=\"p:center top;f:contain;\" data-no-retina>\n<!--\n\t\t\t\t\t\t\t--><rs-layer\n\t\t\t\t\t\t\t\tid=\"slider-22-slide-200-layer-9\" \n\t\t\t\t\t\t\t\tdata-type=\"text\"\n\t\t\t\t\t\t\t\tdata-color=\"#ffaa00\"\n\t\t\t\t\t\t\t\tdata-rsp_ch=\"on\"\n\t\t\t\t\t\t\t\tdata-xy=\"x:381px;y:162px;\"\n\t\t\t\t\t\t\t\tdata-text=\"s:35;l:35;a:inherit;\"\n\t\t\t\t\t\t\t\tdata-frame_0=\"tp:600;\"\n\t\t\t\t\t\t\t\tdata-frame_1=\"tp:600;st:20;sp:810;sR:20;\"\n\t\t\t\t\t\t\t\tdata-frame_999=\"o:0;tp:600;st:2400;sp:1970;sR:1570;\"\n\t\t\t\t\t\t\t\tstyle=\"z-index:5;font-family:'Open Sans';\"\n\t\t\t\t\t\t\t>Ils ont aim\u00e9 !    Et  ils le disent. \ud83d\ude42 \n\t\t\t\t\t\t\t<\/rs-layer><!--\n\n\t\t\t\t\t\t\t--><rs-layer\n\t\t\t\t\t\t\t\tid=\"slider-22-slide-200-layer-2\" \n\t\t\t\t\t\t\t\tdata-type=\"text\"\n\t\t\t\t\t\t\t\tdata-color=\"#ffaa00\"\n\t\t\t\t\t\t\t\tdata-rsp_ch=\"on\"\n\t\t\t\t\t\t\t\tdata-xy=\"x:69px;y:220px;\"\n\t\t\t\t\t\t\t\tdata-text=\"s:30;l:35;fw:600;a:inherit;\"\n\t\t\t\t\t\t\t\tdata-dim=\"w:685px;h:40px;\"\n\t\t\t\t\t\t\t\tdata-frame_0=\"y:50px;tp:600;\"\n\t\t\t\t\t\t\t\tdata-frame_1=\"tp:600;st:1000;sp:3000;sR:1000;\"\n\t\t\t\t\t\t\t\tdata-frame_999=\"o:0;tp:600;st:w;sp:1410;\"\n\t\t\t\t\t\t\t\tstyle=\"z-index:6;background-color:rgba(10,10,10,0);font-family:'Open Sans';\"\n\t\t\t\t\t\t\t>\n\"  Un grand merci pour ce travail excellent !!!!!    \"\n \n\t\t\t\t\t\t\t<\/rs-layer><!--\n\n\t\t\t\t\t\t\t--><rs-layer\n\t\t\t\t\t\t\t\tid=\"slider-22-slide-200-layer-1\" \n\t\t\t\t\t\t\t\tdata-type=\"text\"\n\t\t\t\t\t\t\t\tdata-color=\"#ffaa00\"\n\t\t\t\t\t\t\t\tdata-rsp_ch=\"on\"\n\t\t\t\t\t\t\t\tdata-xy=\"x:c;xo:123px;y:280px;\"\n\t\t\t\t\t\t\t\tdata-text=\"s:30;l:35;fw:600;a:inherit;\"\n\t\t\t\t\t\t\t\tdata-dim=\"w:903px;\"\n\t\t\t\t\t\t\t\tdata-frame_0=\"y:50px;tp:600;\"\n\t\t\t\t\t\t\t\tdata-frame_1=\"tp:600;st:2710;sp:1290;sR:2710;\"\n\t\t\t\t\t\t\t\tdata-frame_999=\"o:0;tp:600;st:w;sp:1390;\"\n\t\t\t\t\t\t\t\tstyle=\"z-index:7;background-color:rgba(0,0,0,0);font-family:'Open Sans';\"\n\t\t\t\t\t\t\t>\"  Je viens de regarder les photos, c\u2019est simplement PARFAIT! \"\n \n\t\t\t\t\t\t\t<\/rs-layer><!--\n-->\t\t\t\t\t\t<\/rs-slide>\n\t\t\t\t\t\t<rs-slide style=\"position: absolute;\" data-key=\"rs-210\" data-title=\"Slide\" data-duration=\"8000\" data-in=\"x:100%;\">\n\t\t\t\t\t\t\t<img decoding=\"async\" src=\"\/\/bruno-ferignac-photographe.fr\/accueil\/wp-content\/plugins\/revslider\/public\/assets\/assets\/dummy.png\" alt=\"\" title=\"Bruno F\u00e9rignac photographe \u00e0 l&rsquo;atelier pho&rsquo;thau\" class=\"rev-slidebg tp-rs-img rs-lazyload\" data-lazyload=\"\/\/bruno-ferignac-photographe.fr\/accueil\/wp-content\/uploads\/2018\/09\/Bruno-Ferignac-mariage-1-4.jpg\" data-no-retina>\n<!--\n\t\t\t\t\t\t\t--><rs-layer\n\t\t\t\t\t\t\t\tid=\"slider-22-slide-210-layer-1\" \n\t\t\t\t\t\t\t\tdata-type=\"text\"\n\t\t\t\t\t\t\t\tdata-color=\"#ffaa00\"\n\t\t\t\t\t\t\t\tdata-rsp_ch=\"on\"\n\t\t\t\t\t\t\t\tdata-xy=\"x:c;xo:123px;y:280px;\"\n\t\t\t\t\t\t\t\tdata-text=\"s:30;l:35;fw:600;a:inherit;\"\n\t\t\t\t\t\t\t\tdata-dim=\"w:903px;\"\n\t\t\t\t\t\t\t\tdata-frame_0=\"y:50px;tp:600;\"\n\t\t\t\t\t\t\t\tdata-frame_1=\"tp:600;st:50;sp:840;sR:50;\"\n\t\t\t\t\t\t\t\tdata-frame_999=\"o:0;tp:600;st:w;sp:1390;sR:7110;\"\n\t\t\t\t\t\t\t\tstyle=\"z-index:5;background-color:rgba(0,0,0,0);font-family:'Open Sans';\"\n\t\t\t\t\t\t\t>\"  Je viens de regarder les photos, c\u2019est simplement PARFAIT! \"\n \n\t\t\t\t\t\t\t<\/rs-layer><!--\n-->\t\t\t\t\t\t<\/rs-slide>\n\t\t\t\t\t\t<rs-slide style=\"position: absolute;\" data-key=\"rs-202\" data-title=\"Slide\" data-duration=\"6020\" data-in=\"x:100%;\" data-hal=\"6\">\n\t\t\t\t\t\t\t<img decoding=\"async\" src=\"\/\/bruno-ferignac-photographe.fr\/accueil\/wp-content\/plugins\/revslider\/public\/assets\/assets\/dummy.png\" alt=\"\" title=\"Bruno F\u00e9rignac photographe \u00e0 l&rsquo;atelier pho&rsquo;thau\" class=\"rev-slidebg tp-rs-img rs-lazyload\" data-lazyload=\"\/\/bruno-ferignac-photographe.fr\/accueil\/wp-content\/uploads\/2015\/07\/banni\u00e8re-particulier.jpg\" data-bg=\"p:center top;f:contain;\" data-no-retina>\n<!--\n\t\t\t\t\t\t\t--><rs-layer\n\t\t\t\t\t\t\t\tid=\"slider-22-slide-202-layer-5\" \n\t\t\t\t\t\t\t\tdata-type=\"text\"\n\t\t\t\t\t\t\t\tdata-color=\"#ffaa00\"\n\t\t\t\t\t\t\t\tdata-rsp_ch=\"on\"\n\t\t\t\t\t\t\t\tdata-xy=\"x:r;xo:309px;y:131px;\"\n\t\t\t\t\t\t\t\tdata-text=\"s:35;l:35;a:inherit;\"\n\t\t\t\t\t\t\t\tdata-dim=\"w:794px;h:176px;\"\n\t\t\t\t\t\t\t\tdata-frame_0=\"y:50px;tp:600;\"\n\t\t\t\t\t\t\t\tdata-frame_1=\"tp:600;sp:1910;sR:10;\"\n\t\t\t\t\t\t\t\tdata-frame_999=\"o:0;tp:600;st:w;sp:1370;sR:4100;\"\n\t\t\t\t\t\t\t\tstyle=\"z-index:5;background-color:rgba(0,0,0,0.4);font-family:'Open Sans';\"\n\t\t\t\t\t\t\t>\"  Un tr\u00e8s bon contact avec les enfants, des rires,<\/br> des jeux et de magnifiques photos...<\/br>\nUn super moment en famille !<\/br><\/br>\nBravo et merci \" \n\t\t\t\t\t\t\t<\/rs-layer><!--\n-->\t\t\t\t\t\t<\/rs-slide>\n\t\t\t\t\t\t<rs-slide style=\"position: absolute;\" data-key=\"rs-201\" data-title=\"Slide\" data-duration=\"14000\" data-in=\"x:100%;\" data-hal=\"6\">\n\t\t\t\t\t\t\t<img decoding=\"async\" src=\"\/\/bruno-ferignac-photographe.fr\/accueil\/wp-content\/plugins\/revslider\/public\/assets\/assets\/dummy.png\" alt=\"\" title=\"Bruno F\u00e9rignac photographe \u00e0 l&rsquo;atelier pho&rsquo;thau\" class=\"rev-slidebg tp-rs-img rs-lazyload\" data-lazyload=\"\/\/bruno-ferignac-photographe.fr\/accueil\/wp-content\/uploads\/2015\/07\/banni\u00e8re-particulier.jpg\" data-bg=\"p:center top;f:contain;\" data-no-retina>\n<!--\n\t\t\t\t\t\t\t--><rs-layer\n\t\t\t\t\t\t\t\tid=\"slider-22-slide-201-layer-7\" \n\t\t\t\t\t\t\t\tdata-type=\"text\"\n\t\t\t\t\t\t\t\tdata-color=\"#ffaa00\"\n\t\t\t\t\t\t\t\tdata-rsp_ch=\"on\"\n\t\t\t\t\t\t\t\tdata-xy=\"x:c;xo:-372px;y:17px;\"\n\t\t\t\t\t\t\t\tdata-text=\"w:normal;s:24;l:32;fw:600;a:inherit;\"\n\t\t\t\t\t\t\t\tdata-dim=\"w:533px;h:33px;\"\n\t\t\t\t\t\t\t\tdata-frame_0=\"y:bottom;o:1;tp:600;\"\n\t\t\t\t\t\t\t\tdata-frame_1=\"tp:600;st:90;sp:3260;sR:90;\"\n\t\t\t\t\t\t\t\tdata-frame_999=\"st:w;sp:810;sR:10650;auto:true;\"\n\t\t\t\t\t\t\t\tstyle=\"z-index:5;background-color:rgba(10,10,10,0.56);font-family:'Open Sans';\"\n\t\t\t\t\t\t\t>\"Super souvenir que ces s\u00e9ances photos! ...\" \n\t\t\t\t\t\t\t<\/rs-layer><!--\n\n\t\t\t\t\t\t\t--><rs-layer\n\t\t\t\t\t\t\t\tid=\"slider-22-slide-201-layer-9\" \n\t\t\t\t\t\t\t\tdata-type=\"text\"\n\t\t\t\t\t\t\t\tdata-color=\"#ffaa00\"\n\t\t\t\t\t\t\t\tdata-rsp_ch=\"on\"\n\t\t\t\t\t\t\t\tdata-xy=\"x:c;xo:146px;y:64px;\"\n\t\t\t\t\t\t\t\tdata-text=\"w:normal;s:24;l:32;fw:600;a:inherit;\"\n\t\t\t\t\t\t\t\tdata-dim=\"w:1086px;h:129px;\"\n\t\t\t\t\t\t\t\tdata-frame_0=\"y:bottom;o:1;tp:600;\"\n\t\t\t\t\t\t\t\tdata-frame_1=\"tp:600;st:2250;sp:3250;sR:2250;\"\n\t\t\t\t\t\t\t\tdata-frame_999=\"st:w;sp:810;sR:8500;auto:true;\"\n\t\t\t\t\t\t\t\tstyle=\"z-index:6;background-color:rgba(10,10,10,0.56);font-family:'Open Sans';\"\n\t\t\t\t\t\t\t>\"Un photographe professionnel qui a su nous mettre \u00e0 l'aise devant l'objectif et cr\u00e9er un univers dans lequel on se sent bien.<\/br>Le fait que ce soit \u00e0 domicile permet \u00e9galement de garder ses marques et de profiter encore plus du moment.\"  \n\t\t\t\t\t\t\t<\/rs-layer><!--\n\n\t\t\t\t\t\t\t--><rs-layer\n\t\t\t\t\t\t\t\tid=\"slider-22-slide-201-layer-10\" \n\t\t\t\t\t\t\t\tdata-type=\"text\"\n\t\t\t\t\t\t\t\tdata-color=\"#ffaa00\"\n\t\t\t\t\t\t\t\tdata-rsp_ch=\"on\"\n\t\t\t\t\t\t\t\tdata-xy=\"x:c;xo:-1px;y:215px;\"\n\t\t\t\t\t\t\t\tdata-text=\"w:normal;s:24;l:32;fw:600;a:inherit;\"\n\t\t\t\t\t\t\t\tdata-dim=\"w:1328px;h:257px;\"\n\t\t\t\t\t\t\t\tdata-frame_0=\"y:bottom;o:1;tp:600;\"\n\t\t\t\t\t\t\t\tdata-frame_1=\"tp:600;st:4640;sp:3250;sR:4640;\"\n\t\t\t\t\t\t\t\tdata-frame_999=\"st:w;sp:810;sR:6110;auto:true;\"\n\t\t\t\t\t\t\t\tstyle=\"z-index:7;background-color:rgba(10,10,10,0.56);font-family:'Open Sans';\"\n\t\t\t\t\t\t\t>\n\"De belles id\u00e9es sont propos\u00e9es, et le r\u00e9sultat est parfait car on a maintenant de magnifiques photos pour garder une trace \u00e0 tout jamais de cet \u00e9v\u00e9nement unique dans la vie!\nMiles merci \u00e0 Bruno pour tout, son professionnalisme, sa passion, sa gentillesse et g\u00e9n\u00e9rosit\u00e9, mais aussi pour sa patience et son savoir faire! <\/br>On recommande sans restriction!\"<\/br>\nL\u00e9on et ses parents.    \n \n\t\t\t\t\t\t\t<\/rs-layer><!--\n-->\t\t\t\t\t\t<\/rs-slide>\n\t\t\t\t\t\t<rs-slide style=\"position: absolute;\" data-key=\"rs-203\" data-title=\"Slide\" data-duration=\"14000\" data-in=\"x:100%;\" data-hal=\"6\">\n\t\t\t\t\t\t\t<img decoding=\"async\" src=\"\/\/bruno-ferignac-photographe.fr\/accueil\/wp-content\/plugins\/revslider\/public\/assets\/assets\/dummy.png\" alt=\"\" title=\"Bruno F\u00e9rignac photographe \u00e0 l&rsquo;atelier pho&rsquo;thau\" class=\"rev-slidebg tp-rs-img rs-lazyload\" data-lazyload=\"\/\/bruno-ferignac-photographe.fr\/accueil\/wp-content\/uploads\/2015\/07\/banni\u00e8re-particulier.jpg\" data-bg=\"p:center top;f:contain;\" data-no-retina>\n<!--\n\t\t\t\t\t\t\t--><rs-layer\n\t\t\t\t\t\t\t\tid=\"slider-22-slide-203-layer-7\" \n\t\t\t\t\t\t\t\tdata-type=\"text\"\n\t\t\t\t\t\t\t\tdata-color=\"#ffaa00\"\n\t\t\t\t\t\t\t\tdata-rsp_ch=\"on\"\n\t\t\t\t\t\t\t\tdata-xy=\"x:c;xo:-100px;y:56px;\"\n\t\t\t\t\t\t\t\tdata-text=\"w:normal;s:24;l:32;fw:600;a:inherit;\"\n\t\t\t\t\t\t\t\tdata-dim=\"w:1084px;\"\n\t\t\t\t\t\t\t\tdata-frame_0=\"y:bottom;o:1;tp:600;\"\n\t\t\t\t\t\t\t\tdata-frame_1=\"tp:600;st:90;sp:3260;sR:90;\"\n\t\t\t\t\t\t\t\tdata-frame_999=\"st:w;sp:810;sR:10650;auto:true;\"\n\t\t\t\t\t\t\t\tstyle=\"z-index:5;background-color:rgba(10,10,10,0.56);font-family:'Open Sans';\"\n\t\t\t\t\t\t\t>\n\" Bruno est un photographe pro qui sait apporter sa touche personnelle tout en \u00e9tant \u00e0 l\u2019\u00e9coute de ses mod\u00e8les...\" \n\t\t\t\t\t\t\t<\/rs-layer><!--\n\n\t\t\t\t\t\t\t--><rs-layer\n\t\t\t\t\t\t\t\tid=\"slider-22-slide-203-layer-9\" \n\t\t\t\t\t\t\t\tdata-type=\"text\"\n\t\t\t\t\t\t\t\tdata-color=\"#ffaa00\"\n\t\t\t\t\t\t\t\tdata-rsp_ch=\"on\"\n\t\t\t\t\t\t\t\tdata-xy=\"x:c;xo:99px;y:282px;\"\n\t\t\t\t\t\t\t\tdata-text=\"w:normal;s:24;l:32;fw:600;a:inherit;\"\n\t\t\t\t\t\t\t\tdata-dim=\"w:1166px;\"\n\t\t\t\t\t\t\t\tdata-frame_0=\"y:bottom;o:1;tp:600;\"\n\t\t\t\t\t\t\t\tdata-frame_1=\"tp:600;st:2250;sp:3250;sR:2250;\"\n\t\t\t\t\t\t\t\tdata-frame_999=\"st:w;sp:810;sR:8500;auto:true;\"\n\t\t\t\t\t\t\t\tstyle=\"z-index:6;background-color:rgba(10,10,10,0.56);font-family:'Open Sans';\"\n\t\t\t\t\t\t\t>\" D\u2019une grande patience, il sait prendre le temps de mettre \u00e0 l\u2019aise et sait saisir les instants simples de la vie. Un agr\u00e9able moment de partage qui permet de se cr\u00e9er des souvenirs. Lucie \" \n\t\t\t\t\t\t\t<\/rs-layer><!--\n-->\t\t\t\t\t\t<\/rs-slide>\n\t\t\t\t\t<\/rs-slides>\n\t\t\t\t<\/rs-module>\n\t\t\t\t<script>\n\t\t\t\t\tsetREVStartSize({c: 'rev_slider_22_1',rl:[1240,1024,768,480],el:[428],gw:[1400],gh:[428],type:'standard',justify:'',layout:'fullwidth',mh:\"0\"});if (window.RS_MODULES!==undefined && window.RS_MODULES.modules!==undefined && window.RS_MODULES.modules[\"revslider221\"]!==undefined) {window.RS_MODULES.modules[\"revslider221\"].once = false;window.revapi22 = undefined;if (window.RS_MODULES.checkMinimal!==undefined) window.RS_MODULES.checkMinimal()}\n\t\t\t\t<\/script>\n\t\t\t<\/rs-module-wrap>\n\t\t\t<!-- END REVOLUTION SLIDER -->\n<\/div><\/div><\/div><\/div><div id=\"pg-575-5\"  class=\"panel-grid panel-has-style\" ><div class=\"panel-row-style panel-row-style-for-575-5\" ><div id=\"pgc-575-5-0\"  class=\"panel-grid-cell\" ><div id=\"panel-575-5-0-0\" class=\"so-panel widget widget_black-studio-tinymce widget_black_studio_tinymce panel-first-child\" data-index=\"16\" ><div class=\"textwidget\"><div id=\"blog\">\n<hr style=\"width: 400px; color: white; background-color: white; height: 1px;\" \/><\/div>\n<h2 style=\"text-align: center;\"><span class=\"accueil-titre\">Mon blog !<\/span><\/h2>\n<p style=\"text-align: center;\"><span class=\"corps\">Sur cette page vous trouverez des articles issus de mes prestations pour les particuliers, quelques reportages,<br \/>des pr\u00e9sentations de mes travaux personnels et toutes les images que j'ai envie de partager. \u00a0<\/span><\/p>\n<p style=\"text-align: left; padding-left: 60px;\"><span class=\"entete\">Bonne visite.<\/span><\/p>\n<p>\u00a0<\/p>\n<p>\u00a0<\/p>\n<\/div><\/div><div id=\"panel-575-5-0-1\" class=\"so-panel widget widget_sow-button\" data-index=\"17\" ><div\n\t\t\t\n\t\t\tclass=\"so-widget-sow-button so-widget-sow-button-wire-e206ef1d0b02-575\"\n\t\t\t\n\t\t><div class=\"ow-button-base ow-button-align-center\"\n>\n\t\t\t<a\n\t\t\t\t\thref=\"http:\/\/bruno-ferignac-photographe.fr\/accueil\/articles\/\"\n\t\t\t\t\tclass=\"sowb-button ow-icon-placement-left ow-button-hover\" \t>\n\t\t<span>\n\t\t\t\n\t\t\tVoir le blog\t\t<\/span>\n\t\t\t<\/a>\n\t<\/div>\n<\/div><\/div><div id=\"panel-575-5-0-2\" class=\"so-panel widget widget_siteorigin-panels-builder\" data-index=\"18\" ><div id=\"pl-w5a0584ce9aa4a\"  class=\"panel-layout\" ><div id=\"pg-w5a0584ce9aa4a-0\"  class=\"panel-grid panel-no-style\" ><div id=\"pgc-w5a0584ce9aa4a-0-0\"  class=\"panel-grid-cell\" ><div id=\"panel-w5a0584ce9aa4a-0-0-0\" class=\"so-panel widget widget_sow-button panel-first-child panel-last-child\" data-index=\"0\" ><div\n\t\t\t\n\t\t\tclass=\"so-widget-sow-button so-widget-sow-button-wire-0c3f0a8a27e5\"\n\t\t\t\n\t\t><div class=\"ow-button-base ow-button-align-right\"\n>\n\t\t\t<a\n\t\t\t\t\thref=\"https:\/\/www.instagram.com\/latelierphothau\"\n\t\t\t\t\tclass=\"sowb-button ow-icon-placement-left ow-button-hover\" \t>\n\t\t<span>\n\t\t\t<span class=\"sow-icon-fontawesome sow-fas\" data-sow-icon=\"&#xf16d;\"\n\t\tstyle=\"color: #dd9933\" \n\t\taria-hidden=\"true\"><\/span>\n\t\t\tInstagram\t\t<\/span>\n\t\t\t<\/a>\n\t<\/div>\n<\/div><\/div><\/div><div id=\"pgc-w5a0584ce9aa4a-0-1\"  class=\"panel-grid-cell\" ><div id=\"panel-w5a0584ce9aa4a-0-1-0\" class=\"so-panel widget widget_sow-button panel-first-child panel-last-child\" data-index=\"1\" ><div\n\t\t\t\n\t\t\tclass=\"so-widget-sow-button so-widget-sow-button-wire-bc3c53f40e86\"\n\t\t\t\n\t\t><div class=\"ow-button-base ow-button-align-left\"\n>\n\t\t\t<a\n\t\t\t\t\thref=\"https:\/\/www.facebook.com\/latelierphothau\/\"\n\t\t\t\t\tclass=\"sowb-button ow-icon-placement-left ow-button-hover\" \t>\n\t\t<span>\n\t\t\t<span class=\"sow-icon-fontawesome sow-fas\" data-sow-icon=\"&#xf39e;\"\n\t\tstyle=\"color: #1e73be\" \n\t\taria-hidden=\"true\"><\/span>\n\t\t\tLa page  Facebook\t\t<\/span>\n\t\t\t<\/a>\n\t<\/div>\n<\/div><\/div><\/div><\/div><\/div><\/div><div id=\"panel-575-5-0-3\" class=\"so-panel widget widget_black-studio-tinymce widget_black_studio_tinymce panel-last-child\" data-index=\"19\" ><div class=\"textwidget\"><p style=\"text-align: center;\"><span class=\"bas-de-page\">Acc\u00e8s direct \u00e0\u00a0\u00a0<a href=\"#accueil\">l'accueil,<\/a>\u00a0 <a href=\"https:\/\/bruno-ferignac-photographe.fr\/accueil\/portfolio\">mon portfolio,<\/a>\u00a0\u00a0<a href=\"http:\/\/bruno-ferignac-photographe.fr\/accueil\/articles\">mon blog<\/a>.<br\/>\nD\u00e9couvrez \u00a0\u00a0<a href=\"https:\/\/bruno-ferignac-photographe.fr\/accueil\/prestations\/stage\/ \">mes stages<\/a>\u00a0 \u00a0ou \u00a0<a href=\"https:\/\/bruno-ferignac-photographe.fr\/accueil\/contact\/ \">contactez moi<\/a>.<\/span><\/p><\/div><\/div><\/div><\/div><\/div><div id=\"pg-575-6\"  class=\"panel-grid panel-no-style\" ><div id=\"pgc-575-6-0\"  class=\"panel-grid-cell\" ><div id=\"panel-575-6-0-0\" class=\"so-panel widget widget_black-studio-tinymce widget_black_studio_tinymce panel-first-child panel-last-child\" data-index=\"20\" ><div class=\"textwidget\"><p style=\"text-align: right;\">\n<div class=\"juiz_sps_links  counters_both juiz_sps_displayed_nowhere\" data-post-id=\"575\">\n<p class=\"screen-reader-text juiz_sps_maybe_hidden_text\">Partager la publication \"Bruno F\u00e9rignac photographe \u00e0 l&rsquo;atelier pho&rsquo;thau\"<\/p>\n\n\t<ul class=\"juiz_sps_links_list juiz_sps_hide_name\" onclick=\"void(0);\"><li class=\"juiz_sps_item juiz_sps_link_facebook\"><a href=\"https:\/\/www.facebook.com\/sharer.php?u=http%3A%2F%2Fbruno-ferignac-photographe.fr%2Faccueil%2Fwp-json%2Fwp%2Fv2%2Fpages%2F575\" rel=\"nofollow\"   title=\"Partager cet article sur Facebook\" class=\"juiz_sps_button\" data-nobs-key=\"facebook\"><span class=\"juiz_sps_icon jsps-facebook\"><\/span><span class=\"juiz_sps_network_name\">Facebook<\/span><\/a><\/li><li class=\"juiz_sps_item juiz_sps_link_twitter\"><a href=\"https:\/\/x.com\/intent\/tweet?source=webclient&#038;original_referer=http%3A%2F%2Fbruno-ferignac-photographe.fr%2Faccueil%2Fwp-json%2Fwp%2Fv2%2Fpages%2F575&#038;text=Bruno%20F%C3%A9rignac%20photographe%20%C3%A0%20l%27atelier%20pho%27thau&#038;url=http%3A%2F%2Fbruno-ferignac-photographe.fr%2Faccueil%2Fwp-json%2Fwp%2Fv2%2Fpages%2F575\" rel=\"nofollow\"   title=\"Partager cet article sur X\" class=\"juiz_sps_button\" data-nobs-key=\"twitter\"><span class=\"juiz_sps_icon jsps-twitter\"><\/span><span class=\"juiz_sps_network_name\">X<\/span><\/a><\/li><li class=\"juiz_sps_item juiz_sps_link_pinterest\"><a href=\"\" rel=\"nofollow\"   title=\"Partager une image de cette publication sur Pinterest\" class=\"juiz_sps_button\" data-nobs-key=\"pinterest\"><span class=\"juiz_sps_icon jsps-pinterest\"><\/span><span class=\"juiz_sps_network_name\">Pinterest<\/span><\/a><\/li><li class=\"juiz_sps_item juiz_sps_link_linkedin\"><a href=\"https:\/\/www.linkedin.com\/sharing\/share-offsite\/?url=http%3A%2F%2Fbruno-ferignac-photographe.fr%2Faccueil%2Fwp-json%2Fwp%2Fv2%2Fpages%2F575\" rel=\"nofollow\"   title=\"Partager cet article sur LinkedIn\" class=\"juiz_sps_button\" data-nobs-key=\"linkedin\"><span class=\"juiz_sps_icon jsps-linkedin\"><\/span><span class=\"juiz_sps_network_name\">LinkedIn<\/span><\/a><\/li><li class=\"juiz_sps_item juiz_sps_link_mail\"><a href=\"mailto:?subject=Un%20photographe&#038;body=J&#039;ai%20trouv\u00e9%20un%20photographe.%20Je%20pense%20que%20son%20travail%20peut%20t&#039;int\u00e9resser.%20Bonne%20journ\u00e9e%20:)%20http:\/\/bruno-ferignac-photographe.fr\/accueil\/\" rel=\"nofollow\"   title=\"Partager cette publication avec un ami (e-mail)\" class=\"juiz_sps_button\" data-nobs-key=\"mail\"><span class=\"juiz_sps_icon jsps-mail\"><\/span><span class=\"juiz_sps_network_name\">E-mail<\/span><\/a><\/li><li class=\"juiz_sps_item juiz_sps_link_print\"><button type=\"button\" data-api-link=\"http:\/\/bruno-ferignac-photographe.fr\/accueil\/\"  title=\"Imprimer cette page\" class=\"juiz_sps_button\" data-nobs-key=\"print\"><span class=\"juiz_sps_icon jsps-print\"><\/span><span class=\"juiz_sps_network_name\">Imprimer<\/span><\/button><\/li><\/ul>\n\t<\/div>\n\n<\/p><\/div><\/div><\/div><\/div><\/div>","protected":false},"excerpt":{"rendered":"<p>Un photographe pour vous ! Stage &#8211; Studio &#8211; Reportage &nbsp; Acc\u00e8s direct \u00e0 \u00a0mes stages,&hellip;<\/p>\n","protected":false},"author":1,"featured_media":0,"parent":0,"menu_order":0,"comment_status":"closed","ping_status":"closed","template":"","meta":{"footnotes":""},"class_list":["post-575","page","type-page","status-publish","hentry"],"yoast_head":"<!-- This site is optimized with the Yoast SEO plugin v27.2 - https:\/\/yoast.com\/product\/yoast-seo-wordpress\/ -->\n<title>L&#039;atelier pho&#039;thau - Un photographe pour vos projets studio et reportage<\/title>\n<meta name=\"description\" content=\"Photographe \u00e0 Marseillan, je r\u00e9alise dans mon studio, en ext\u00e9rieur ou chez vous toutes vos images pour vos \u00e9v\u00e9nements familiaux ou votre communication.\" \/>\n<meta name=\"robots\" content=\"index, follow, max-image-preview:large, max-video-preview:-1, nosnippet\" \/>\n<link rel=\"canonical\" href=\"http:\/\/bruno-ferignac-photographe.fr\/accueil\/\" \/>\n<meta name=\"twitter:card\" content=\"summary_large_image\" \/>\n<meta name=\"twitter:title\" content=\"L&#039;atelier pho&#039;thau - Un photographe pour vos projets studio et reportage\" \/>\n<meta name=\"twitter:description\" content=\"Photographe \u00e0 Marseillan, je r\u00e9alise dans mon studio, en ext\u00e9rieur ou chez vous toutes vos images pour vos \u00e9v\u00e9nements familiaux ou votre communication.\" \/>\n<meta name=\"twitter:label1\" content=\"Dur\u00e9e de lecture estim\u00e9e\" \/>\n\t<meta name=\"twitter:data1\" content=\"2 minutes\" \/>\n<script type=\"application\/ld+json\" class=\"yoast-schema-graph\">{\"@context\":\"https:\/\/schema.org\",\"@graph\":[{\"@type\":\"WebPage\",\"@id\":\"http:\/\/bruno-ferignac-photographe.fr\/accueil\/\",\"url\":\"http:\/\/bruno-ferignac-photographe.fr\/accueil\/\",\"name\":\"L'atelier pho'thau - Un photographe pour vos projets studio et reportage\",\"isPartOf\":{\"@id\":\"http:\/\/bruno-ferignac-photographe.fr\/accueil\/#website\"},\"datePublished\":\"2015-07-30T18:10:06+00:00\",\"dateModified\":\"2020-06-30T11:47:59+00:00\",\"description\":\"Photographe \u00e0 Marseillan, je r\u00e9alise dans mon studio, en ext\u00e9rieur ou chez vous toutes vos images pour vos \u00e9v\u00e9nements familiaux ou votre communication.\",\"breadcrumb\":{\"@id\":\"http:\/\/bruno-ferignac-photographe.fr\/accueil\/#breadcrumb\"},\"inLanguage\":\"fr-FR\",\"potentialAction\":[{\"@type\":\"ReadAction\",\"target\":[\"http:\/\/bruno-ferignac-photographe.fr\/accueil\/\"]}]},{\"@type\":\"BreadcrumbList\",\"@id\":\"http:\/\/bruno-ferignac-photographe.fr\/accueil\/#breadcrumb\",\"itemListElement\":[{\"@type\":\"ListItem\",\"position\":1,\"name\":\"Accueil\",\"item\":\"http:\/\/bruno-ferignac-photographe.fr\/accueil\/\"},{\"@type\":\"ListItem\",\"position\":2,\"name\":\"Bruno F\u00e9rignac photographe \u00e0 l&rsquo;atelier pho&rsquo;thau\"}]},{\"@type\":\"WebSite\",\"@id\":\"http:\/\/bruno-ferignac-photographe.fr\/accueil\/#website\",\"url\":\"http:\/\/bruno-ferignac-photographe.fr\/accueil\/\",\"name\":\"L&#039; atelier pho&#039;thau\",\"description\":\"Un photographe pour vous !\",\"potentialAction\":[{\"@type\":\"SearchAction\",\"target\":{\"@type\":\"EntryPoint\",\"urlTemplate\":\"http:\/\/bruno-ferignac-photographe.fr\/accueil\/?s={search_term_string}\"},\"query-input\":{\"@type\":\"PropertyValueSpecification\",\"valueRequired\":true,\"valueName\":\"search_term_string\"}}],\"inLanguage\":\"fr-FR\"}]}<\/script>\n<!-- \/ Yoast SEO plugin. -->","yoast_head_json":{"title":"L'atelier pho'thau - Un photographe pour vos projets studio et reportage","description":"Photographe \u00e0 Marseillan, je r\u00e9alise dans mon studio, en ext\u00e9rieur ou chez vous toutes vos images pour vos \u00e9v\u00e9nements familiaux ou votre communication.","robots":{"index":"index","follow":"follow","max-image-preview":"max-image-preview:large","max-video-preview":"max-video-preview:-1","snippet":"nosnippet"},"canonical":"http:\/\/bruno-ferignac-photographe.fr\/accueil\/","twitter_card":"summary_large_image","twitter_title":"L'atelier pho'thau - Un photographe pour vos projets studio et reportage","twitter_description":"Photographe \u00e0 Marseillan, je r\u00e9alise dans mon studio, en ext\u00e9rieur ou chez vous toutes vos images pour vos \u00e9v\u00e9nements familiaux ou votre communication.","twitter_misc":{"Dur\u00e9e de lecture estim\u00e9e":"2 minutes"},"schema":{"@context":"https:\/\/schema.org","@graph":[{"@type":"WebPage","@id":"http:\/\/bruno-ferignac-photographe.fr\/accueil\/","url":"http:\/\/bruno-ferignac-photographe.fr\/accueil\/","name":"L'atelier pho'thau - Un photographe pour vos projets studio et reportage","isPartOf":{"@id":"http:\/\/bruno-ferignac-photographe.fr\/accueil\/#website"},"datePublished":"2015-07-30T18:10:06+00:00","dateModified":"2020-06-30T11:47:59+00:00","description":"Photographe \u00e0 Marseillan, je r\u00e9alise dans mon studio, en ext\u00e9rieur ou chez vous toutes vos images pour vos \u00e9v\u00e9nements familiaux ou votre communication.","breadcrumb":{"@id":"http:\/\/bruno-ferignac-photographe.fr\/accueil\/#breadcrumb"},"inLanguage":"fr-FR","potentialAction":[{"@type":"ReadAction","target":["http:\/\/bruno-ferignac-photographe.fr\/accueil\/"]}]},{"@type":"BreadcrumbList","@id":"http:\/\/bruno-ferignac-photographe.fr\/accueil\/#breadcrumb","itemListElement":[{"@type":"ListItem","position":1,"name":"Accueil","item":"http:\/\/bruno-ferignac-photographe.fr\/accueil\/"},{"@type":"ListItem","position":2,"name":"Bruno F\u00e9rignac photographe \u00e0 l&rsquo;atelier pho&rsquo;thau"}]},{"@type":"WebSite","@id":"http:\/\/bruno-ferignac-photographe.fr\/accueil\/#website","url":"http:\/\/bruno-ferignac-photographe.fr\/accueil\/","name":"L&#039; atelier pho&#039;thau","description":"Un photographe pour vous !","potentialAction":[{"@type":"SearchAction","target":{"@type":"EntryPoint","urlTemplate":"http:\/\/bruno-ferignac-photographe.fr\/accueil\/?s={search_term_string}"},"query-input":{"@type":"PropertyValueSpecification","valueRequired":true,"valueName":"search_term_string"}}],"inLanguage":"fr-FR"}]}},"_links":{"self":[{"href":"http:\/\/bruno-ferignac-photographe.fr\/accueil\/wp-json\/wp\/v2\/pages\/575","targetHints":{"allow":["GET"]}}],"collection":[{"href":"http:\/\/bruno-ferignac-photographe.fr\/accueil\/wp-json\/wp\/v2\/pages"}],"about":[{"href":"http:\/\/bruno-ferignac-photographe.fr\/accueil\/wp-json\/wp\/v2\/types\/page"}],"author":[{"embeddable":true,"href":"http:\/\/bruno-ferignac-photographe.fr\/accueil\/wp-json\/wp\/v2\/users\/1"}],"replies":[{"embeddable":true,"href":"http:\/\/bruno-ferignac-photographe.fr\/accueil\/wp-json\/wp\/v2\/comments?post=575"}],"version-history":[{"count":442,"href":"http:\/\/bruno-ferignac-photographe.fr\/accueil\/wp-json\/wp\/v2\/pages\/575\/revisions"}],"predecessor-version":[{"id":3237,"href":"http:\/\/bruno-ferignac-photographe.fr\/accueil\/wp-json\/wp\/v2\/pages\/575\/revisions\/3237"}],"wp:attachment":[{"href":"http:\/\/bruno-ferignac-photographe.fr\/accueil\/wp-json\/wp\/v2\/media?parent=575"}],"curies":[{"name":"wp","href":"https:\/\/api.w.org\/{rel}","templated":true}]}}