{"id":669,"date":"2015-08-22T17:13:23","date_gmt":"2015-08-22T15:13:23","guid":{"rendered":"http:\/\/bruno-ferignac-photographe.fr\/accueil\/?page_id=669"},"modified":"2017-07-27T21:46:20","modified_gmt":"2017-07-27T19:46:20","slug":"animalier","status":"publish","type":"page","link":"http:\/\/bruno-ferignac-photographe.fr\/accueil\/portfolio\/animalier\/","title":{"rendered":"Animalier"},"content":{"rendered":"<div id=\"pl-669\"  class=\"panel-layout\" ><div id=\"pg-669-0\"  class=\"panel-grid panel-no-style\" ><div id=\"pgc-669-0-0\"  class=\"panel-grid-cell\" ><div id=\"panel-669-0-0-0\" class=\"so-panel widget widget_black-studio-tinymce widget_black_studio_tinymce panel-first-child panel-last-child\" data-index=\"0\" ><div class=\"textwidget\"><p style=\"text-align: center;\"><span class=\"accueil-titre\">En pleine nature <\/span><\/p>\n<p style=\"text-align: center;\"><span class=\"corps\"> Les images pr\u00e9sent\u00e9es dans cette galerie sont le fruit de nombreuses promenades, de longues s\u00e9ances d'aff\u00fbt et de quelques rencontres heureuses. La photo d'animaux en milieu naturel est pour moi un bon moyen de me ressourcer.<br \/>\nJe partage ma passion et mes connaissances de la photo animali\u00e8re lors <a href=\"http:\/\/bruno-ferignac-photographe.fr\/accueil\/prestations\/stage\">de mes stages<\/a> d'initiation.<\/span><\/p>\n<\/div><\/div><\/div><\/div><div id=\"pg-669-1\"  class=\"panel-grid panel-no-style\" ><div id=\"pgc-669-1-0\"  class=\"panel-grid-cell\" ><div id=\"panel-669-1-0-0\" class=\"so-panel widget widget_black-studio-tinymce widget_black_studio_tinymce panel-first-child\" data-index=\"1\" ><div class=\"textwidget\"><p><!-- Final Tiles Grid Gallery for WordPress v3.3.0 --><style>#ftg-1515 .tile .icon { color:#ffffff; }#ftg-1515 .ftg-items .loading-bar i { background:#000000; }#ftg-1515 .ftg-items .loading-bar { background:#cccccc; }#ftg-1515 .tile .icon { font-size:12px; }#ftg-1515 .tile .icon { margin: -6px 0 0 -6px; }#ftg-1515 .tile .caption-block .text-wrapper span.text { font-size:12px; }#ftg-1515 .tile .caption-block .text-wrapper span.title { font-size:14px; }#ftg-1515 .tile { background-color: transparent; }#ftg-1515 .tile .caption-block .text-wrapper span.text { color: #ffffff; }#ftg-1515 .tile .caption-block .text-wrapper span.title { color: #ffffff; }#ftg-1515 .tile .ftg-social a { color: #ffffff; }#ftg-1515 .tile .caption-block { transition-timing-function:linear; }#ftg-1515 .tile .caption-block { transition-duration:2.5s; }#ftg-1515 .tile .tile-inner:before { background-color: #000000; }#ftg-1515 .tile .tile-inner:before { background-color: rgba(0, 0, 0, 1); }#ftg-1515 .tile.ftg-preload { transform: scaleY(1) scaleX(1) translate(0px,0px) rotateX(0deg) rotateY(0deg); }#ftg-1515 .tile.ftg-preload { transition: all ease-out 0.5s, opacity linear 0.5s; }#ftg-1515 .tile img.item { transition-duration: 0.25s; }<\/style><a name='15'><\/a><div class='final-tiles-gallery   caption-none caption-top caption-center' id='ftg-1515' style='width:100%'><div class='ftg-items'><div class='loading-bar'><i><\/i><\/div><div  class='tile ftg-preload  '><a data-title=\"\"  rel='Animalier'  class='tile-inner  ftg-lightbox' href='http:\/\/bruno-ferignac-photographe.fr\/accueil\/wp-content\/uploads\/2026\/03\/DSC0766.jpg' ><img alt='' class='item' data-class='item' data-ftg-src='http:\/\/bruno-ferignac-photographe.fr\/accueil\/wp-content\/uploads\/2026\/03\/DSC0766-399x600.jpg' src='http:\/\/bruno-ferignac-photographe.fr\/accueil\/wp-content\/uploads\/2026\/03\/DSC0766-399x600.jpg' width='399' height='600' \/><\/a><div class='ftg-social'><\/div><\/div><div  class='tile ftg-preload  '><a data-title=\"\"  rel='Animalier'  class='tile-inner  ftg-lightbox' href='http:\/\/bruno-ferignac-photographe.fr\/accueil\/wp-content\/uploads\/2015\/08\/Fou-de-Bassan.jpg' ><img alt='' class='item' data-class='item' data-ftg-src='http:\/\/bruno-ferignac-photographe.fr\/accueil\/wp-content\/uploads\/2015\/08\/Fou-de-Bassan-600x600.jpg' src='http:\/\/bruno-ferignac-photographe.fr\/accueil\/wp-content\/uploads\/2015\/08\/Fou-de-Bassan-600x600.jpg' width='600' height='600' \/><\/a><div class='ftg-social'><\/div><\/div><div  class='tile ftg-preload  '><a data-title=\"\"  rel='Animalier'  class='tile-inner  ftg-lightbox' href='http:\/\/bruno-ferignac-photographe.fr\/accueil\/wp-content\/uploads\/2022\/07\/DSC7803.jpg' ><img alt='' class='item' data-class='item' data-ftg-src='http:\/\/bruno-ferignac-photographe.fr\/accueil\/wp-content\/uploads\/2022\/07\/DSC7803-600x600.jpg' src='http:\/\/bruno-ferignac-photographe.fr\/accueil\/wp-content\/uploads\/2022\/07\/DSC7803-600x600.jpg' width='600' height='600' \/><\/a><div class='ftg-social'><\/div><\/div><div  class='tile ftg-preload  '><a data-title=\"\"  rel='Animalier'  class='tile-inner  ftg-lightbox' href='http:\/\/bruno-ferignac-photographe.fr\/accueil\/wp-content\/uploads\/2017\/07\/blaireau.jpg' ><img alt='' class='item' data-class='item' data-ftg-src='http:\/\/bruno-ferignac-photographe.fr\/accueil\/wp-content\/uploads\/2017\/07\/blaireau-600x401.jpg' src='http:\/\/bruno-ferignac-photographe.fr\/accueil\/wp-content\/uploads\/2017\/07\/blaireau-600x401.jpg' width='600' height='401' \/><\/a><div class='ftg-social'><\/div><\/div><div  class='tile ftg-preload  '><a data-title=\"\"  rel='Animalier'  class='tile-inner  ftg-lightbox' href='http:\/\/bruno-ferignac-photographe.fr\/accueil\/wp-content\/uploads\/2026\/03\/DSC6532-Modifier.jpg' ><img alt='' class='item' data-class='item' data-ftg-src='http:\/\/bruno-ferignac-photographe.fr\/accueil\/wp-content\/uploads\/2026\/03\/DSC6532-Modifier-600x400.jpg' src='http:\/\/bruno-ferignac-photographe.fr\/accueil\/wp-content\/uploads\/2026\/03\/DSC6532-Modifier-600x400.jpg' width='600' height='400' \/><\/a><div class='ftg-social'><\/div><\/div><div  class='tile ftg-preload  '><a data-title=\"\"  rel='Animalier'  class='tile-inner  ftg-lightbox' href='http:\/\/bruno-ferignac-photographe.fr\/accueil\/wp-content\/uploads\/2015\/08\/DSC3389-1.jpg' ><img alt='' class='item' data-class='item' data-ftg-src='http:\/\/bruno-ferignac-photographe.fr\/accueil\/wp-content\/uploads\/2015\/08\/DSC3389-1-600x398.jpg' src='http:\/\/bruno-ferignac-photographe.fr\/accueil\/wp-content\/uploads\/2015\/08\/DSC3389-1-600x398.jpg' width='600' height='398' \/><\/a><div class='ftg-social'><\/div><\/div><div  class='tile ftg-preload  '><a data-title=\"\"  rel='Animalier'  class='tile-inner  ftg-lightbox' href='http:\/\/bruno-ferignac-photographe.fr\/accueil\/wp-content\/uploads\/2017\/06\/DSC2779.jpg' ><img alt='' class='item' data-class='item' data-ftg-src='http:\/\/bruno-ferignac-photographe.fr\/accueil\/wp-content\/uploads\/2017\/06\/DSC2779-600x401.jpg' src='http:\/\/bruno-ferignac-photographe.fr\/accueil\/wp-content\/uploads\/2017\/06\/DSC2779-600x401.jpg' width='600' height='401' \/><\/a><div class='ftg-social'><\/div><\/div><div  class='tile ftg-preload  '><a data-title=\"\"  rel='Animalier'  class='tile-inner  ftg-lightbox' href='http:\/\/bruno-ferignac-photographe.fr\/accueil\/wp-content\/uploads\/2015\/07\/DSC3512-Modifier-Modifier.jpg' ><img alt='' class='item' data-class='item' data-ftg-src='http:\/\/bruno-ferignac-photographe.fr\/accueil\/wp-content\/uploads\/2015\/07\/DSC3512-Modifier-Modifier-600x399.jpg' src='http:\/\/bruno-ferignac-photographe.fr\/accueil\/wp-content\/uploads\/2015\/07\/DSC3512-Modifier-Modifier-600x399.jpg' width='600' height='399' \/><\/a><div class='ftg-social'><\/div><\/div><div  class='tile ftg-preload  '><a data-title=\"\"  rel='Animalier'  class='tile-inner  ftg-lightbox' href='http:\/\/bruno-ferignac-photographe.fr\/accueil\/wp-content\/uploads\/2022\/07\/DSC5569.jpg' ><img alt='' class='item' data-class='item' data-ftg-src='http:\/\/bruno-ferignac-photographe.fr\/accueil\/wp-content\/uploads\/2022\/07\/DSC5569-600x300.jpg' src='http:\/\/bruno-ferignac-photographe.fr\/accueil\/wp-content\/uploads\/2022\/07\/DSC5569-600x300.jpg' width='600' height='300' \/><\/a><div class='ftg-social'><\/div><\/div><div  class='tile ftg-preload  '><a data-title=\"\"  rel='Animalier'  class='tile-inner  ftg-lightbox' href='http:\/\/bruno-ferignac-photographe.fr\/accueil\/wp-content\/uploads\/2020\/06\/DSC_7032.jpg' ><img alt='' class='item' data-class='item' data-ftg-src='http:\/\/bruno-ferignac-photographe.fr\/accueil\/wp-content\/uploads\/2020\/06\/DSC_7032-600x398.jpg' src='http:\/\/bruno-ferignac-photographe.fr\/accueil\/wp-content\/uploads\/2020\/06\/DSC_7032-600x398.jpg' width='600' height='398' \/><\/a><div class='ftg-social'><\/div><\/div><div  class='tile ftg-preload  '><a data-title=\"\"  rel='Animalier'  class='tile-inner  ftg-lightbox' href='http:\/\/bruno-ferignac-photographe.fr\/accueil\/wp-content\/uploads\/2023\/01\/vautour-fauve-lozere-5-1.jpg' ><img alt='' class='item' data-class='item' data-ftg-src='http:\/\/bruno-ferignac-photographe.fr\/accueil\/wp-content\/uploads\/2023\/01\/vautour-fauve-lozere-5-1-250x250.jpg' src='http:\/\/bruno-ferignac-photographe.fr\/accueil\/wp-content\/uploads\/2023\/01\/vautour-fauve-lozere-5-1-250x250.jpg' width='250' height='250' \/><\/a><div class='ftg-social'><\/div><\/div><div  class='tile ftg-preload  '><a data-title=\"\"  rel='Animalier'  class='tile-inner  ftg-lightbox' href='http:\/\/bruno-ferignac-photographe.fr\/accueil\/wp-content\/uploads\/2026\/03\/DSC1183.jpg' ><img alt='' class='item' data-class='item' data-ftg-src='http:\/\/bruno-ferignac-photographe.fr\/accueil\/wp-content\/uploads\/2026\/03\/DSC1183-600x400.jpg' src='http:\/\/bruno-ferignac-photographe.fr\/accueil\/wp-content\/uploads\/2026\/03\/DSC1183-600x400.jpg' width='600' height='400' \/><\/a><div class='ftg-social'><\/div><\/div><div  class='tile ftg-preload  '><a data-title=\"\"  rel='Animalier'  class='tile-inner  ftg-lightbox' href='http:\/\/bruno-ferignac-photographe.fr\/accueil\/wp-content\/uploads\/2017\/07\/DSC6243.jpg' ><img alt='' class='item' data-class='item' data-ftg-src='http:\/\/bruno-ferignac-photographe.fr\/accueil\/wp-content\/uploads\/2017\/07\/DSC6243-600x338.jpg' src='http:\/\/bruno-ferignac-photographe.fr\/accueil\/wp-content\/uploads\/2017\/07\/DSC6243-600x338.jpg' width='600' height='338' \/><\/a><div class='ftg-social'><\/div><\/div><div  class='tile ftg-preload  '><a data-title=\"\"  rel='Animalier'  class='tile-inner  ftg-lightbox' href='http:\/\/bruno-ferignac-photographe.fr\/accueil\/wp-content\/uploads\/2017\/07\/chevreuil-3.jpg' ><img alt='' class='item' data-class='item' data-ftg-src='http:\/\/bruno-ferignac-photographe.fr\/accueil\/wp-content\/uploads\/2017\/07\/chevreuil-3-600x338.jpg' src='http:\/\/bruno-ferignac-photographe.fr\/accueil\/wp-content\/uploads\/2017\/07\/chevreuil-3-600x338.jpg' width='600' height='338' \/><\/a><div class='ftg-social'><\/div><\/div><div  class='tile ftg-preload  '><a data-title=\"\"  rel='Animalier'  class='tile-inner  ftg-lightbox' href='http:\/\/bruno-ferignac-photographe.fr\/accueil\/wp-content\/uploads\/2022\/07\/DSC5875-2.jpg' ><img alt='' class='item' data-class='item' data-ftg-src='http:\/\/bruno-ferignac-photographe.fr\/accueil\/wp-content\/uploads\/2022\/07\/DSC5875-2-600x300.jpg' src='http:\/\/bruno-ferignac-photographe.fr\/accueil\/wp-content\/uploads\/2022\/07\/DSC5875-2-600x300.jpg' width='600' height='300' \/><\/a><div class='ftg-social'><\/div><\/div><div  class='tile ftg-preload  '><a data-title=\"\"  rel='Animalier'  class='tile-inner  ftg-lightbox' href='http:\/\/bruno-ferignac-photographe.fr\/accueil\/wp-content\/uploads\/2026\/03\/DSC1645.jpg' ><img alt='' class='item' data-class='item' data-ftg-src='http:\/\/bruno-ferignac-photographe.fr\/accueil\/wp-content\/uploads\/2026\/03\/DSC1645-600x400.jpg' src='http:\/\/bruno-ferignac-photographe.fr\/accueil\/wp-content\/uploads\/2026\/03\/DSC1645-600x400.jpg' width='600' height='400' \/><\/a><div class='ftg-social'><\/div><\/div><div  class='tile ftg-preload  '><a data-title=\"\"  rel='Animalier'  class='tile-inner  ftg-lightbox' href='http:\/\/bruno-ferignac-photographe.fr\/accueil\/wp-content\/uploads\/2022\/07\/DSC9165.jpg' ><img alt='' class='item' data-class='item' data-ftg-src='http:\/\/bruno-ferignac-photographe.fr\/accueil\/wp-content\/uploads\/2022\/07\/DSC9165-600x600.jpg' src='http:\/\/bruno-ferignac-photographe.fr\/accueil\/wp-content\/uploads\/2022\/07\/DSC9165-600x600.jpg' width='600' height='600' \/><\/a><div class='ftg-social'><\/div><\/div><div  class='tile ftg-preload  '><a data-title=\"\"  rel='Animalier'  class='tile-inner  ftg-lightbox' href='http:\/\/bruno-ferignac-photographe.fr\/accueil\/wp-content\/uploads\/2022\/07\/DSC3998.jpg' ><img alt='' class='item' data-class='item' data-ftg-src='http:\/\/bruno-ferignac-photographe.fr\/accueil\/wp-content\/uploads\/2022\/07\/DSC3998-600x399.jpg' src='http:\/\/bruno-ferignac-photographe.fr\/accueil\/wp-content\/uploads\/2022\/07\/DSC3998-600x399.jpg' width='600' height='399' \/><\/a><div class='ftg-social'><\/div><\/div><div  class='tile ftg-preload  '><a data-title=\"\"  rel='Animalier'  class='tile-inner  ftg-lightbox' href='http:\/\/bruno-ferignac-photographe.fr\/accueil\/wp-content\/uploads\/2026\/03\/DSC9524.jpg' ><img alt='' class='item' data-class='item' data-ftg-src='http:\/\/bruno-ferignac-photographe.fr\/accueil\/wp-content\/uploads\/2026\/03\/DSC9524-399x600.jpg' src='http:\/\/bruno-ferignac-photographe.fr\/accueil\/wp-content\/uploads\/2026\/03\/DSC9524-399x600.jpg' width='399' height='600' \/><\/a><div class='ftg-social'><\/div><\/div><div  class='tile ftg-preload  '><a data-title=\"\"  rel='Animalier'  class='tile-inner  ftg-lightbox' href='http:\/\/bruno-ferignac-photographe.fr\/accueil\/wp-content\/uploads\/2026\/03\/DSC7253-Avec-accentuation-Bruit.jpg' ><img alt='' class='item' data-class='item' data-ftg-src='http:\/\/bruno-ferignac-photographe.fr\/accueil\/wp-content\/uploads\/2026\/03\/DSC7253-Avec-accentuation-Bruit-400x600.jpg' src='http:\/\/bruno-ferignac-photographe.fr\/accueil\/wp-content\/uploads\/2026\/03\/DSC7253-Avec-accentuation-Bruit-400x600.jpg' width='400' height='600' \/><\/a><div class='ftg-social'><\/div><\/div><div  class='tile ftg-preload  '><a data-title=\"\"  rel='Animalier'  class='tile-inner  ftg-lightbox' href='http:\/\/bruno-ferignac-photographe.fr\/accueil\/wp-content\/uploads\/2026\/03\/DSC0937.jpg' ><img alt='' class='item' data-class='item' data-ftg-src='http:\/\/bruno-ferignac-photographe.fr\/accueil\/wp-content\/uploads\/2026\/03\/DSC0937-600x400.jpg' src='http:\/\/bruno-ferignac-photographe.fr\/accueil\/wp-content\/uploads\/2026\/03\/DSC0937-600x400.jpg' width='600' height='400' \/><\/a><div class='ftg-social'><\/div><\/div><div  class='tile ftg-preload  '><a data-title=\"\"  rel='Animalier'  class='tile-inner  ftg-lightbox' href='http:\/\/bruno-ferignac-photographe.fr\/accueil\/wp-content\/uploads\/2023\/01\/lievre2.jpg' ><img alt='' class='item' data-class='item' data-ftg-src='http:\/\/bruno-ferignac-photographe.fr\/accueil\/wp-content\/uploads\/2023\/01\/lievre2-600x338.jpg' src='http:\/\/bruno-ferignac-photographe.fr\/accueil\/wp-content\/uploads\/2023\/01\/lievre2-600x338.jpg' width='600' height='338' \/><\/a><div class='ftg-social'><\/div><\/div><div  class='tile ftg-preload  '><a data-title=\"\"  rel='Animalier'  class='tile-inner  ftg-lightbox' href='http:\/\/bruno-ferignac-photographe.fr\/accueil\/wp-content\/uploads\/2017\/07\/bouquetin-1.jpg' ><img alt='bouquetin' class='item' data-class='item' data-ftg-src='http:\/\/bruno-ferignac-photographe.fr\/accueil\/wp-content\/uploads\/2017\/07\/bouquetin-1-399x600.jpg' src='http:\/\/bruno-ferignac-photographe.fr\/accueil\/wp-content\/uploads\/2017\/07\/bouquetin-1-399x600.jpg' width='399' height='600' \/><\/a><div class='ftg-social'><\/div><\/div><div  class='tile ftg-preload  '><a data-title=\"\"  rel='Animalier'  class='tile-inner  ftg-lightbox' href='http:\/\/bruno-ferignac-photographe.fr\/accueil\/wp-content\/uploads\/2017\/07\/flamand.jpg' ><img alt='' class='item' data-class='item' data-ftg-src='http:\/\/bruno-ferignac-photographe.fr\/accueil\/wp-content\/uploads\/2017\/07\/flamand-600x281.jpg' src='http:\/\/bruno-ferignac-photographe.fr\/accueil\/wp-content\/uploads\/2017\/07\/flamand-600x281.jpg' width='600' height='281' \/><\/a><div class='ftg-social'><\/div><\/div><div  class='tile ftg-preload  '><a data-title=\"\"  rel='Animalier'  class='tile-inner  ftg-lightbox' href='http:\/\/bruno-ferignac-photographe.fr\/accueil\/wp-content\/uploads\/2026\/03\/DSC4754-Avec-accentuation-Bruit.jpg' ><img alt='' class='item' data-class='item' data-ftg-src='http:\/\/bruno-ferignac-photographe.fr\/accueil\/wp-content\/uploads\/2026\/03\/DSC4754-Avec-accentuation-Bruit-600x428.jpg' src='http:\/\/bruno-ferignac-photographe.fr\/accueil\/wp-content\/uploads\/2026\/03\/DSC4754-Avec-accentuation-Bruit-600x428.jpg' width='600' height='428' \/><\/a><div class='ftg-social'><\/div><\/div><div  class='tile ftg-preload  '><a data-title=\"\"  rel='Animalier'  class='tile-inner  ftg-lightbox' href='http:\/\/bruno-ferignac-photographe.fr\/accueil\/wp-content\/uploads\/2017\/07\/gu\u00eapier-deurope-lumi\u00e8re-matinale-13.jpg' ><img alt='' class='item' data-class='item' data-ftg-src='http:\/\/bruno-ferignac-photographe.fr\/accueil\/wp-content\/uploads\/2017\/07\/gu\u00eapier-deurope-lumi\u00e8re-matinale-13-600x400.jpg' src='http:\/\/bruno-ferignac-photographe.fr\/accueil\/wp-content\/uploads\/2017\/07\/gu\u00eapier-deurope-lumi\u00e8re-matinale-13-600x400.jpg' width='600' height='400' \/><\/a><div class='ftg-social'><\/div><\/div><div  class='tile ftg-preload  '><a data-title=\"\"  rel='Animalier'  class='tile-inner  ftg-lightbox' href='http:\/\/bruno-ferignac-photographe.fr\/accueil\/wp-content\/uploads\/2022\/07\/DSC2023.jpg' ><img alt='' class='item' data-class='item' data-ftg-src='http:\/\/bruno-ferignac-photographe.fr\/accueil\/wp-content\/uploads\/2022\/07\/DSC2023-600x600.jpg' src='http:\/\/bruno-ferignac-photographe.fr\/accueil\/wp-content\/uploads\/2022\/07\/DSC2023-600x600.jpg' width='600' height='600' \/><\/a><div class='ftg-social'><\/div><\/div><div  class='tile ftg-preload  '><a data-title=\"\"  rel='Animalier'  class='tile-inner  ftg-lightbox' href='http:\/\/bruno-ferignac-photographe.fr\/accueil\/wp-content\/uploads\/2026\/03\/DSC7951-Avec-accentuation-Bruit.jpg' ><img alt='' class='item' data-class='item' data-ftg-src='http:\/\/bruno-ferignac-photographe.fr\/accueil\/wp-content\/uploads\/2026\/03\/DSC7951-Avec-accentuation-Bruit-600x400.jpg' src='http:\/\/bruno-ferignac-photographe.fr\/accueil\/wp-content\/uploads\/2026\/03\/DSC7951-Avec-accentuation-Bruit-600x400.jpg' width='600' height='400' \/><\/a><div class='ftg-social'><\/div><\/div><div  class='tile ftg-preload  '><a data-title=\"\"  rel='Animalier'  class='tile-inner  ftg-lightbox' href='http:\/\/bruno-ferignac-photographe.fr\/accueil\/wp-content\/uploads\/2026\/03\/DSC1378.jpg' ><img alt='' class='item' data-class='item' data-ftg-src='http:\/\/bruno-ferignac-photographe.fr\/accueil\/wp-content\/uploads\/2026\/03\/DSC1378-600x400.jpg' src='http:\/\/bruno-ferignac-photographe.fr\/accueil\/wp-content\/uploads\/2026\/03\/DSC1378-600x400.jpg' width='600' height='400' \/><\/a><div class='ftg-social'><\/div><\/div><div  class='tile ftg-preload  '><a data-title=\"\"  rel='Animalier'  class='tile-inner  ftg-lightbox' href='http:\/\/bruno-ferignac-photographe.fr\/accueil\/wp-content\/uploads\/2017\/07\/gu\u00eapier-deurope-lumi\u00e8re-matinale-10.jpg' ><img alt='' class='item' data-class='item' data-ftg-src='http:\/\/bruno-ferignac-photographe.fr\/accueil\/wp-content\/uploads\/2017\/07\/gu\u00eapier-deurope-lumi\u00e8re-matinale-10-600x338.jpg' src='http:\/\/bruno-ferignac-photographe.fr\/accueil\/wp-content\/uploads\/2017\/07\/gu\u00eapier-deurope-lumi\u00e8re-matinale-10-600x338.jpg' width='600' height='338' \/><\/a><div class='ftg-social'><\/div><\/div><div  class='tile ftg-preload  '><a data-title=\"\"  rel='Animalier'  class='tile-inner  ftg-lightbox' href='http:\/\/bruno-ferignac-photographe.fr\/accueil\/wp-content\/uploads\/2019\/04\/DSC8779.jpg' ><img alt='Panure \u00e0 moustache' class='item' data-class='item' data-ftg-src='http:\/\/bruno-ferignac-photographe.fr\/accueil\/wp-content\/uploads\/2019\/04\/DSC8779-600x400.jpg' src='http:\/\/bruno-ferignac-photographe.fr\/accueil\/wp-content\/uploads\/2019\/04\/DSC8779-600x400.jpg' width='600' height='400' \/><\/a><div class='ftg-social'><\/div><\/div><div  class='tile ftg-preload  '><a data-title=\"\"  rel='Animalier'  class='tile-inner  ftg-lightbox' href='http:\/\/bruno-ferignac-photographe.fr\/accueil\/wp-content\/uploads\/2020\/11\/DSC_5542.jpg' ><img alt='' class='item' data-class='item' data-ftg-src='http:\/\/bruno-ferignac-photographe.fr\/accueil\/wp-content\/uploads\/2020\/11\/DSC_5542-400x600.jpg' src='http:\/\/bruno-ferignac-photographe.fr\/accueil\/wp-content\/uploads\/2020\/11\/DSC_5542-400x600.jpg' width='400' height='600' \/><\/a><div class='ftg-social'><\/div><\/div><div  class='tile ftg-preload  '><a data-title=\"\"  rel='Animalier'  class='tile-inner  ftg-lightbox' href='http:\/\/bruno-ferignac-photographe.fr\/accueil\/wp-content\/uploads\/2017\/07\/aigrette.jpg' ><img alt='' class='item' data-class='item' data-ftg-src='http:\/\/bruno-ferignac-photographe.fr\/accueil\/wp-content\/uploads\/2017\/07\/aigrette-600x338.jpg' src='http:\/\/bruno-ferignac-photographe.fr\/accueil\/wp-content\/uploads\/2017\/07\/aigrette-600x338.jpg' width='600' height='338' \/><\/a><div class='ftg-social'><\/div><\/div><div  class='tile ftg-preload  '><a data-title=\"\"  rel='Animalier'  class='tile-inner  ftg-lightbox' href='http:\/\/bruno-ferignac-photographe.fr\/accueil\/wp-content\/uploads\/2017\/10\/martin-pecheur-1.jpg' ><img alt='' class='item' data-class='item' data-ftg-src='http:\/\/bruno-ferignac-photographe.fr\/accueil\/wp-content\/uploads\/2017\/10\/martin-pecheur-1-400x600.jpg' src='http:\/\/bruno-ferignac-photographe.fr\/accueil\/wp-content\/uploads\/2017\/10\/martin-pecheur-1-400x600.jpg' width='400' height='600' \/><\/a><div class='ftg-social'><\/div><\/div><div  class='tile ftg-preload  '><a data-title=\"\"  rel='Animalier'  class='tile-inner  ftg-lightbox' href='http:\/\/bruno-ferignac-photographe.fr\/accueil\/wp-content\/uploads\/2017\/07\/Agrion.jpg' ><img alt='' class='item' data-class='item' data-ftg-src='http:\/\/bruno-ferignac-photographe.fr\/accueil\/wp-content\/uploads\/2017\/07\/Agrion-401x600.jpg' src='http:\/\/bruno-ferignac-photographe.fr\/accueil\/wp-content\/uploads\/2017\/07\/Agrion-401x600.jpg' width='401' height='600' \/><\/a><div class='ftg-social'><\/div><\/div><div  class='tile ftg-preload  '><a data-title=\"\"  rel='Animalier'  class='tile-inner  ftg-lightbox' href='http:\/\/bruno-ferignac-photographe.fr\/accueil\/wp-content\/uploads\/2015\/08\/DSC8955-1-2.jpg' ><img alt='' class='item' data-class='item' data-ftg-src='http:\/\/bruno-ferignac-photographe.fr\/accueil\/wp-content\/uploads\/2015\/08\/DSC8955-1-2-600x338.jpg' src='http:\/\/bruno-ferignac-photographe.fr\/accueil\/wp-content\/uploads\/2015\/08\/DSC8955-1-2-600x338.jpg' width='600' height='338' \/><\/a><div class='ftg-social'><\/div><\/div><div  class='tile ftg-preload  '><a data-title=\"\"  rel='Animalier'  class='tile-inner  ftg-lightbox' href='http:\/\/bruno-ferignac-photographe.fr\/accueil\/wp-content\/uploads\/2026\/03\/DSC9195.jpg' ><img alt='' class='item' data-class='item' data-ftg-src='http:\/\/bruno-ferignac-photographe.fr\/accueil\/wp-content\/uploads\/2026\/03\/DSC9195-600x600.jpg' src='http:\/\/bruno-ferignac-photographe.fr\/accueil\/wp-content\/uploads\/2026\/03\/DSC9195-600x600.jpg' width='600' height='600' \/><\/a><div class='ftg-social'><\/div><\/div><div  class='tile ftg-preload  '><a data-title=\"\"  rel='Animalier'  class='tile-inner  ftg-lightbox' href='http:\/\/bruno-ferignac-photographe.fr\/accueil\/wp-content\/uploads\/2026\/03\/DSC1022.jpg' ><img alt='' class='item' data-class='item' data-ftg-src='http:\/\/bruno-ferignac-photographe.fr\/accueil\/wp-content\/uploads\/2026\/03\/DSC1022-600x399.jpg' src='http:\/\/bruno-ferignac-photographe.fr\/accueil\/wp-content\/uploads\/2026\/03\/DSC1022-600x399.jpg' width='600' height='399' \/><\/a><div class='ftg-social'><\/div><\/div><div  class='tile ftg-preload  '><a data-title=\"\"  rel='Animalier'  class='tile-inner  ftg-lightbox' href='http:\/\/bruno-ferignac-photographe.fr\/accueil\/wp-content\/uploads\/2015\/08\/Islande_215.jpg' ><img alt='' class='item' data-class='item' data-ftg-src='http:\/\/bruno-ferignac-photographe.fr\/accueil\/wp-content\/uploads\/2015\/08\/Islande_215-600x398.jpg' src='http:\/\/bruno-ferignac-photographe.fr\/accueil\/wp-content\/uploads\/2015\/08\/Islande_215-600x398.jpg' width='600' height='398' \/><\/a><div class='ftg-social'><\/div><\/div><div  class='tile ftg-preload  '><a data-title=\"\"  rel='Animalier'  class='tile-inner  ftg-lightbox' href='http:\/\/bruno-ferignac-photographe.fr\/accueil\/wp-content\/uploads\/2026\/03\/DSC1867.jpg' ><img alt='' class='item' data-class='item' data-ftg-src='http:\/\/bruno-ferignac-photographe.fr\/accueil\/wp-content\/uploads\/2026\/03\/DSC1867-399x600.jpg' src='http:\/\/bruno-ferignac-photographe.fr\/accueil\/wp-content\/uploads\/2026\/03\/DSC1867-399x600.jpg' width='399' height='600' \/><\/a><div class='ftg-social'><\/div><\/div><div  class='tile ftg-preload  '><a data-title=\"\"  rel='Animalier'  class='tile-inner  ftg-lightbox' href='http:\/\/bruno-ferignac-photographe.fr\/accueil\/wp-content\/uploads\/2015\/08\/lever-des-grues.jpg' ><img alt='' class='item' data-class='item' data-ftg-src='http:\/\/bruno-ferignac-photographe.fr\/accueil\/wp-content\/uploads\/2015\/08\/lever-des-grues-600x338.jpg' src='http:\/\/bruno-ferignac-photographe.fr\/accueil\/wp-content\/uploads\/2015\/08\/lever-des-grues-600x338.jpg' width='600' height='338' \/><\/a><div class='ftg-social'><\/div><\/div><div  class='tile ftg-preload  '><a data-title=\"\"  rel='Animalier'  class='tile-inner  ftg-lightbox' href='http:\/\/bruno-ferignac-photographe.fr\/accueil\/wp-content\/uploads\/2026\/03\/DSC9493.jpg' ><img alt='' class='item' data-class='item' data-ftg-src='http:\/\/bruno-ferignac-photographe.fr\/accueil\/wp-content\/uploads\/2026\/03\/DSC9493-600x399.jpg' src='http:\/\/bruno-ferignac-photographe.fr\/accueil\/wp-content\/uploads\/2026\/03\/DSC9493-600x399.jpg' width='600' height='399' \/><\/a><div class='ftg-social'><\/div><\/div><div  class='tile ftg-preload  '><a data-title=\"\"  rel='Animalier'  class='tile-inner  ftg-lightbox' href='http:\/\/bruno-ferignac-photographe.fr\/accueil\/wp-content\/uploads\/2021\/04\/DSC4601-Modifier.jpg' ><img alt='\u00e9pervier' class='item' data-class='item' data-ftg-src='http:\/\/bruno-ferignac-photographe.fr\/accueil\/wp-content\/uploads\/2021\/04\/DSC4601-Modifier-600x400.jpg' src='http:\/\/bruno-ferignac-photographe.fr\/accueil\/wp-content\/uploads\/2021\/04\/DSC4601-Modifier-600x400.jpg' width='600' height='400' \/><\/a><div class='ftg-social'><\/div><\/div><div  class='tile ftg-preload  '><a data-title=\"\"  rel='Animalier'  class='tile-inner  ftg-lightbox' href='http:\/\/bruno-ferignac-photographe.fr\/accueil\/wp-content\/uploads\/2015\/08\/DSC4104-1.jpg' ><img alt='' class='item' data-class='item' data-ftg-src='http:\/\/bruno-ferignac-photographe.fr\/accueil\/wp-content\/uploads\/2015\/08\/DSC4104-1-600x398.jpg' src='http:\/\/bruno-ferignac-photographe.fr\/accueil\/wp-content\/uploads\/2015\/08\/DSC4104-1-600x398.jpg' width='600' height='398' \/><\/a><div class='ftg-social'><\/div><\/div><div  class='tile ftg-preload  '><a data-title=\"\"  rel='Animalier'  class='tile-inner  ftg-lightbox' href='http:\/\/bruno-ferignac-photographe.fr\/accueil\/wp-content\/uploads\/2026\/03\/DSC8637.jpg' ><img alt='' class='item' data-class='item' data-ftg-src='http:\/\/bruno-ferignac-photographe.fr\/accueil\/wp-content\/uploads\/2026\/03\/DSC8637-600x399.jpg' src='http:\/\/bruno-ferignac-photographe.fr\/accueil\/wp-content\/uploads\/2026\/03\/DSC8637-600x399.jpg' width='600' height='399' \/><\/a><div class='ftg-social'><\/div><\/div><div  class='tile ftg-preload  '><a data-title=\"\"  rel='Animalier'  class='tile-inner  ftg-lightbox' href='http:\/\/bruno-ferignac-photographe.fr\/accueil\/wp-content\/uploads\/2017\/07\/sanglier-laie.jpg' ><img alt='' class='item' data-class='item' data-ftg-src='http:\/\/bruno-ferignac-photographe.fr\/accueil\/wp-content\/uploads\/2017\/07\/sanglier-laie-600x338.jpg' src='http:\/\/bruno-ferignac-photographe.fr\/accueil\/wp-content\/uploads\/2017\/07\/sanglier-laie-600x338.jpg' width='600' height='338' \/><\/a><div class='ftg-social'><\/div><\/div><div  class='tile ftg-preload  '><a data-title=\"\"  rel='Animalier'  class='tile-inner  ftg-lightbox' href='http:\/\/bruno-ferignac-photographe.fr\/accueil\/wp-content\/uploads\/2026\/03\/DSC0674.jpg' ><img alt='' class='item' data-class='item' data-ftg-src='http:\/\/bruno-ferignac-photographe.fr\/accueil\/wp-content\/uploads\/2026\/03\/DSC0674-600x399.jpg' src='http:\/\/bruno-ferignac-photographe.fr\/accueil\/wp-content\/uploads\/2026\/03\/DSC0674-600x399.jpg' width='600' height='399' \/><\/a><div class='ftg-social'><\/div><\/div><div  class='tile ftg-preload  '><a data-title=\"\"  rel='Animalier'  class='tile-inner  ftg-lightbox' href='http:\/\/bruno-ferignac-photographe.fr\/accueil\/wp-content\/uploads\/2026\/03\/DSC7868.jpg' ><img alt='' class='item' data-class='item' data-ftg-src='http:\/\/bruno-ferignac-photographe.fr\/accueil\/wp-content\/uploads\/2026\/03\/DSC7868-399x600.jpg' src='http:\/\/bruno-ferignac-photographe.fr\/accueil\/wp-content\/uploads\/2026\/03\/DSC7868-399x600.jpg' width='399' height='600' \/><\/a><div class='ftg-social'><\/div><\/div><div  class='tile ftg-preload  '><a data-title=\"\"  rel='Animalier'  class='tile-inner  ftg-lightbox' href='http:\/\/bruno-ferignac-photographe.fr\/accueil\/wp-content\/uploads\/2022\/04\/DSC2103.jpg' ><img alt='' class='item' data-class='item' data-ftg-src='http:\/\/bruno-ferignac-photographe.fr\/accueil\/wp-content\/uploads\/2022\/04\/DSC2103-600x600.jpg' src='http:\/\/bruno-ferignac-photographe.fr\/accueil\/wp-content\/uploads\/2022\/04\/DSC2103-600x600.jpg' width='600' height='600' \/><\/a><div class='ftg-social'><\/div><\/div><div  class='tile ftg-preload  '><a data-title=\"\"  rel='Animalier'  class='tile-inner  ftg-lightbox' href='http:\/\/bruno-ferignac-photographe.fr\/accueil\/wp-content\/uploads\/2015\/08\/renarddans-lherbe.jpg' ><img alt='' class='item' data-class='item' data-ftg-src='http:\/\/bruno-ferignac-photographe.fr\/accueil\/wp-content\/uploads\/2015\/08\/renarddans-lherbe-600x401.jpg' src='http:\/\/bruno-ferignac-photographe.fr\/accueil\/wp-content\/uploads\/2015\/08\/renarddans-lherbe-600x401.jpg' width='600' height='401' \/><\/a><div class='ftg-social'><\/div><\/div><div  class='tile ftg-preload  '><a data-title=\"\"  rel='Animalier'  class='tile-inner  ftg-lightbox' href='http:\/\/bruno-ferignac-photographe.fr\/accueil\/wp-content\/uploads\/2026\/03\/DSC1567.jpg' ><img alt='' class='item' data-class='item' data-ftg-src='http:\/\/bruno-ferignac-photographe.fr\/accueil\/wp-content\/uploads\/2026\/03\/DSC1567-600x400.jpg' src='http:\/\/bruno-ferignac-photographe.fr\/accueil\/wp-content\/uploads\/2026\/03\/DSC1567-600x400.jpg' width='600' height='400' \/><\/a><div class='ftg-social'><\/div><\/div><div  class='tile ftg-preload  '><a data-title=\"\"  rel='Animalier'  class='tile-inner  ftg-lightbox' href='http:\/\/bruno-ferignac-photographe.fr\/accueil\/wp-content\/uploads\/2026\/03\/DSC8668-Modifier.jpg' ><img alt='' class='item' data-class='item' data-ftg-src='http:\/\/bruno-ferignac-photographe.fr\/accueil\/wp-content\/uploads\/2026\/03\/DSC8668-Modifier-600x400.jpg' src='http:\/\/bruno-ferignac-photographe.fr\/accueil\/wp-content\/uploads\/2026\/03\/DSC8668-Modifier-600x400.jpg' width='600' height='400' \/><\/a><div class='ftg-social'><\/div><\/div><div  class='tile ftg-preload  '><a data-title=\"\"  rel='Animalier'  class='tile-inner  ftg-lightbox' href='http:\/\/bruno-ferignac-photographe.fr\/accueil\/wp-content\/uploads\/2026\/03\/DSC9802.jpg' ><img alt='' class='item' data-class='item' data-ftg-src='http:\/\/bruno-ferignac-photographe.fr\/accueil\/wp-content\/uploads\/2026\/03\/DSC9802-600x400.jpg' src='http:\/\/bruno-ferignac-photographe.fr\/accueil\/wp-content\/uploads\/2026\/03\/DSC9802-600x400.jpg' width='600' height='400' \/><\/a><div class='ftg-social'><\/div><\/div><div  class='tile ftg-preload  '><a data-title=\"\"  rel='Animalier'  class='tile-inner  ftg-lightbox' href='http:\/\/bruno-ferignac-photographe.fr\/accueil\/wp-content\/uploads\/2017\/07\/huitrier-pie.jpg' ><img alt='' class='item' data-class='item' data-ftg-src='http:\/\/bruno-ferignac-photographe.fr\/accueil\/wp-content\/uploads\/2017\/07\/huitrier-pie-600x338.jpg' src='http:\/\/bruno-ferignac-photographe.fr\/accueil\/wp-content\/uploads\/2017\/07\/huitrier-pie-600x338.jpg' width='600' height='338' \/><\/a><div class='ftg-social'><\/div><\/div><div  class='tile ftg-preload  '><a data-title=\"\"  rel='Animalier'  class='tile-inner  ftg-lightbox' href='http:\/\/bruno-ferignac-photographe.fr\/accueil\/wp-content\/uploads\/2017\/07\/echasse-blanche.jpg' ><img alt='' class='item' data-class='item' data-ftg-src='http:\/\/bruno-ferignac-photographe.fr\/accueil\/wp-content\/uploads\/2017\/07\/echasse-blanche-600x401.jpg' src='http:\/\/bruno-ferignac-photographe.fr\/accueil\/wp-content\/uploads\/2017\/07\/echasse-blanche-600x401.jpg' width='600' height='401' \/><\/a><div class='ftg-social'><\/div><\/div><div  class='tile ftg-preload  '><a data-title=\"\"  rel='Animalier'  class='tile-inner  ftg-lightbox' href='http:\/\/bruno-ferignac-photographe.fr\/accueil\/wp-content\/uploads\/2017\/10\/rapace-etang.jpg' ><img alt='' class='item' data-class='item' data-ftg-src='http:\/\/bruno-ferignac-photographe.fr\/accueil\/wp-content\/uploads\/2017\/10\/rapace-etang-600x338.jpg' src='http:\/\/bruno-ferignac-photographe.fr\/accueil\/wp-content\/uploads\/2017\/10\/rapace-etang-600x338.jpg' width='600' height='338' \/><\/a><div class='ftg-social'><\/div><\/div><div  class='tile ftg-preload  '><a data-title=\"\"  rel='Animalier'  class='tile-inner  ftg-lightbox' href='http:\/\/bruno-ferignac-photographe.fr\/accueil\/wp-content\/uploads\/2026\/03\/DSC3969.jpg' ><img alt='' class='item' data-class='item' data-ftg-src='http:\/\/bruno-ferignac-photographe.fr\/accueil\/wp-content\/uploads\/2026\/03\/DSC3969-600x399.jpg' src='http:\/\/bruno-ferignac-photographe.fr\/accueil\/wp-content\/uploads\/2026\/03\/DSC3969-600x399.jpg' width='600' height='399' \/><\/a><div class='ftg-social'><\/div><\/div><div  class='tile ftg-preload  '><a data-title=\"\"  rel='Animalier'  class='tile-inner  ftg-lightbox' href='http:\/\/bruno-ferignac-photographe.fr\/accueil\/wp-content\/uploads\/2015\/08\/renard-sur-neige.jpg' ><img alt='' class='item' data-class='item' data-ftg-src='http:\/\/bruno-ferignac-photographe.fr\/accueil\/wp-content\/uploads\/2015\/08\/renard-sur-neige-600x398.jpg' src='http:\/\/bruno-ferignac-photographe.fr\/accueil\/wp-content\/uploads\/2015\/08\/renard-sur-neige-600x398.jpg' width='600' height='398' \/><\/a><div class='ftg-social'><\/div><\/div><div  class='tile ftg-preload  '><a data-title=\"\"  rel='Animalier'  class='tile-inner  ftg-lightbox' href='http:\/\/bruno-ferignac-photographe.fr\/accueil\/wp-content\/uploads\/2022\/07\/DSC2887.jpg' ><img alt='' class='item' data-class='item' data-ftg-src='http:\/\/bruno-ferignac-photographe.fr\/accueil\/wp-content\/uploads\/2022\/07\/DSC2887-600x600.jpg' src='http:\/\/bruno-ferignac-photographe.fr\/accueil\/wp-content\/uploads\/2022\/07\/DSC2887-600x600.jpg' width='600' height='600' \/><\/a><div class='ftg-social'><\/div><\/div><div  class='tile ftg-preload  '><a data-title=\"\"  rel='Animalier'  class='tile-inner  ftg-lightbox' href='http:\/\/bruno-ferignac-photographe.fr\/accueil\/wp-content\/uploads\/2026\/03\/DSC2912.jpg' ><img alt='' class='item' data-class='item' data-ftg-src='http:\/\/bruno-ferignac-photographe.fr\/accueil\/wp-content\/uploads\/2026\/03\/DSC2912-600x400.jpg' src='http:\/\/bruno-ferignac-photographe.fr\/accueil\/wp-content\/uploads\/2026\/03\/DSC2912-600x400.jpg' width='600' height='400' \/><\/a><div class='ftg-social'><\/div><\/div><div  class='tile ftg-preload  '><a data-title=\"\"  rel='Animalier'  class='tile-inner  ftg-lightbox' href='http:\/\/bruno-ferignac-photographe.fr\/accueil\/wp-content\/uploads\/2015\/08\/pic-\u00e9peiche.jpg' ><img alt='' class='item' data-class='item' data-ftg-src='http:\/\/bruno-ferignac-photographe.fr\/accueil\/wp-content\/uploads\/2015\/08\/pic-\u00e9peiche-391x600.jpg' src='http:\/\/bruno-ferignac-photographe.fr\/accueil\/wp-content\/uploads\/2015\/08\/pic-\u00e9peiche-391x600.jpg' width='391' height='600' \/><\/a><div class='ftg-social'><\/div><\/div><div  class='tile ftg-preload  '><a data-title=\"\"  rel='Animalier'  class='tile-inner  ftg-lightbox' href='http:\/\/bruno-ferignac-photographe.fr\/accueil\/wp-content\/uploads\/2015\/08\/DSC_2377-1.jpg' ><img alt='' class='item' data-class='item' data-ftg-src='http:\/\/bruno-ferignac-photographe.fr\/accueil\/wp-content\/uploads\/2015\/08\/DSC_2377-1-600x398.jpg' src='http:\/\/bruno-ferignac-photographe.fr\/accueil\/wp-content\/uploads\/2015\/08\/DSC_2377-1-600x398.jpg' width='600' height='398' \/><\/a><div class='ftg-social'><\/div><\/div><div  class='tile ftg-preload  '><a data-title=\"\"  rel='Animalier'  class='tile-inner  ftg-lightbox' href='http:\/\/bruno-ferignac-photographe.fr\/accueil\/wp-content\/uploads\/2026\/03\/DSC5089-Modifier-Modifier.jpg' ><img alt='' class='item' data-class='item' data-ftg-src='http:\/\/bruno-ferignac-photographe.fr\/accueil\/wp-content\/uploads\/2026\/03\/DSC5089-Modifier-Modifier-400x600.jpg' src='http:\/\/bruno-ferignac-photographe.fr\/accueil\/wp-content\/uploads\/2026\/03\/DSC5089-Modifier-Modifier-400x600.jpg' width='400' height='600' \/><\/a><div class='ftg-social'><\/div><\/div><div  class='tile ftg-preload  '><a data-title=\"\"  rel='Animalier'  class='tile-inner  ftg-lightbox' href='http:\/\/bruno-ferignac-photographe.fr\/accueil\/wp-content\/uploads\/2015\/08\/DSC1831-1.jpg' ><img alt='' class='item' data-class='item' data-ftg-src='http:\/\/bruno-ferignac-photographe.fr\/accueil\/wp-content\/uploads\/2015\/08\/DSC1831-1-600x600.jpg' src='http:\/\/bruno-ferignac-photographe.fr\/accueil\/wp-content\/uploads\/2015\/08\/DSC1831-1-600x600.jpg' width='600' height='600' \/><\/a><div class='ftg-social'><\/div><\/div><div  class='tile ftg-preload  '><a data-title=\"\"  rel='Animalier'  class='tile-inner  ftg-lightbox' href='http:\/\/bruno-ferignac-photographe.fr\/accueil\/wp-content\/uploads\/2015\/08\/DSC_7794.jpg' ><img alt='' class='item' data-class='item' data-ftg-src='http:\/\/bruno-ferignac-photographe.fr\/accueil\/wp-content\/uploads\/2015\/08\/DSC_7794-600x431.jpg' src='http:\/\/bruno-ferignac-photographe.fr\/accueil\/wp-content\/uploads\/2015\/08\/DSC_7794-600x431.jpg' width='600' height='431' \/><\/a><div class='ftg-social'><\/div><\/div><div  class='tile ftg-preload  '><a data-title=\"\"  rel='Animalier'  class='tile-inner  ftg-lightbox' href='http:\/\/bruno-ferignac-photographe.fr\/accueil\/wp-content\/uploads\/2017\/07\/gu\u00eapier-deurope-lumi\u00e8re-matinale-4.jpg' ><img alt='' class='item' data-class='item' data-ftg-src='http:\/\/bruno-ferignac-photographe.fr\/accueil\/wp-content\/uploads\/2017\/07\/gu\u00eapier-deurope-lumi\u00e8re-matinale-4-600x400.jpg' src='http:\/\/bruno-ferignac-photographe.fr\/accueil\/wp-content\/uploads\/2017\/07\/gu\u00eapier-deurope-lumi\u00e8re-matinale-4-600x400.jpg' width='600' height='400' \/><\/a><div class='ftg-social'><\/div><\/div><div  class='tile ftg-preload  '><a data-title=\"\"  rel='Animalier'  class='tile-inner  ftg-lightbox' href='http:\/\/bruno-ferignac-photographe.fr\/accueil\/wp-content\/uploads\/2023\/01\/vautour-moine-lozere-8-1.jpg' ><img alt='' class='item' data-class='item' data-ftg-src='http:\/\/bruno-ferignac-photographe.fr\/accueil\/wp-content\/uploads\/2023\/01\/vautour-moine-lozere-8-1-250x250.jpg' src='http:\/\/bruno-ferignac-photographe.fr\/accueil\/wp-content\/uploads\/2023\/01\/vautour-moine-lozere-8-1-250x250.jpg' width='250' height='250' \/><\/a><div class='ftg-social'><\/div><\/div><div  class='tile ftg-preload  '><a data-title=\"\"  rel='Animalier'  class='tile-inner  ftg-lightbox' href='http:\/\/bruno-ferignac-photographe.fr\/accueil\/wp-content\/uploads\/2026\/03\/DSC1423-Avec-accentuation-Bruit.jpg' ><img alt='' class='item' data-class='item' data-ftg-src='http:\/\/bruno-ferignac-photographe.fr\/accueil\/wp-content\/uploads\/2026\/03\/DSC1423-Avec-accentuation-Bruit-600x400.jpg' src='http:\/\/bruno-ferignac-photographe.fr\/accueil\/wp-content\/uploads\/2026\/03\/DSC1423-Avec-accentuation-Bruit-600x400.jpg' width='600' height='400' \/><\/a><div class='ftg-social'><\/div><\/div><div  class='tile ftg-preload  '><a data-title=\"\"  rel='Animalier'  class='tile-inner  ftg-lightbox' href='http:\/\/bruno-ferignac-photographe.fr\/accueil\/wp-content\/uploads\/2015\/08\/DSC_3795-1.jpg' ><img alt='' class='item' data-class='item' data-ftg-src='http:\/\/bruno-ferignac-photographe.fr\/accueil\/wp-content\/uploads\/2015\/08\/DSC_3795-1-600x398.jpg' src='http:\/\/bruno-ferignac-photographe.fr\/accueil\/wp-content\/uploads\/2015\/08\/DSC_3795-1-600x398.jpg' width='600' height='398' \/><\/a><div class='ftg-social'><\/div><\/div><div  class='tile ftg-preload  '><a data-title=\"\"  rel='Animalier'  class='tile-inner  ftg-lightbox' href='http:\/\/bruno-ferignac-photographe.fr\/accueil\/wp-content\/uploads\/2022\/03\/DSC2557.jpg' ><img alt='' class='item' data-class='item' data-ftg-src='http:\/\/bruno-ferignac-photographe.fr\/accueil\/wp-content\/uploads\/2022\/03\/DSC2557-600x400.jpg' src='http:\/\/bruno-ferignac-photographe.fr\/accueil\/wp-content\/uploads\/2022\/03\/DSC2557-600x400.jpg' width='600' height='400' \/><\/a><div class='ftg-social'><\/div><\/div><div  class='tile ftg-preload  '><a data-title=\"\"  rel='Animalier'  class='tile-inner  ftg-lightbox' href='http:\/\/bruno-ferignac-photographe.fr\/accueil\/wp-content\/uploads\/2026\/03\/DSC8291.jpg' ><img alt='' class='item' data-class='item' data-ftg-src='http:\/\/bruno-ferignac-photographe.fr\/accueil\/wp-content\/uploads\/2026\/03\/DSC8291-600x400.jpg' src='http:\/\/bruno-ferignac-photographe.fr\/accueil\/wp-content\/uploads\/2026\/03\/DSC8291-600x400.jpg' width='600' height='400' \/><\/a><div class='ftg-social'><\/div><\/div><div  class='tile ftg-preload  '><a data-title=\"\"  rel='Animalier'  class='tile-inner  ftg-lightbox' href='http:\/\/bruno-ferignac-photographe.fr\/accueil\/wp-content\/uploads\/2017\/07\/renardeaux.jpg' ><img alt='' class='item' data-class='item' data-ftg-src='http:\/\/bruno-ferignac-photographe.fr\/accueil\/wp-content\/uploads\/2017\/07\/renardeaux-600x338.jpg' src='http:\/\/bruno-ferignac-photographe.fr\/accueil\/wp-content\/uploads\/2017\/07\/renardeaux-600x338.jpg' width='600' height='338' \/><\/a><div class='ftg-social'><\/div><\/div><div  class='tile ftg-preload  '><a data-title=\"\"  rel='Animalier'  class='tile-inner  ftg-lightbox' href='http:\/\/bruno-ferignac-photographe.fr\/accueil\/wp-content\/uploads\/2017\/07\/chamois.jpg' ><img alt='chamois' class='item' data-class='item' data-ftg-src='http:\/\/bruno-ferignac-photographe.fr\/accueil\/wp-content\/uploads\/2017\/07\/chamois-600x400.jpg' src='http:\/\/bruno-ferignac-photographe.fr\/accueil\/wp-content\/uploads\/2017\/07\/chamois-600x400.jpg' width='600' height='400' \/><\/a><div class='ftg-social'><\/div><\/div><div  class='tile ftg-preload  '><a data-title=\"\"  rel='Animalier'  class='tile-inner  ftg-lightbox' href='http:\/\/bruno-ferignac-photographe.fr\/accueil\/wp-content\/uploads\/2026\/03\/DSC9837-Avec-accentuation-Bruit.jpg' ><img alt='' class='item' data-class='item' data-ftg-src='http:\/\/bruno-ferignac-photographe.fr\/accueil\/wp-content\/uploads\/2026\/03\/DSC9837-Avec-accentuation-Bruit-600x400.jpg' src='http:\/\/bruno-ferignac-photographe.fr\/accueil\/wp-content\/uploads\/2026\/03\/DSC9837-Avec-accentuation-Bruit-600x400.jpg' width='600' height='400' \/><\/a><div class='ftg-social'><\/div><\/div><div  class='tile ftg-preload  '><a data-title=\"\"  rel='Animalier'  class='tile-inner  ftg-lightbox' href='http:\/\/bruno-ferignac-photographe.fr\/accueil\/wp-content\/uploads\/2026\/03\/DSC5829.jpg' ><img alt='' class='item' data-class='item' data-ftg-src='http:\/\/bruno-ferignac-photographe.fr\/accueil\/wp-content\/uploads\/2026\/03\/DSC5829-600x300.jpg' src='http:\/\/bruno-ferignac-photographe.fr\/accueil\/wp-content\/uploads\/2026\/03\/DSC5829-600x300.jpg' width='600' height='300' \/><\/a><div class='ftg-social'><\/div><\/div><div  class='tile ftg-preload  '><a data-title=\"\"  rel='Animalier'  class='tile-inner  ftg-lightbox' href='http:\/\/bruno-ferignac-photographe.fr\/accueil\/wp-content\/uploads\/2022\/04\/DSC2770.jpg' ><img alt='' class='item' data-class='item' data-ftg-src='http:\/\/bruno-ferignac-photographe.fr\/accueil\/wp-content\/uploads\/2022\/04\/DSC2770-600x300.jpg' src='http:\/\/bruno-ferignac-photographe.fr\/accueil\/wp-content\/uploads\/2022\/04\/DSC2770-600x300.jpg' width='600' height='300' \/><\/a><div class='ftg-social'><\/div><\/div><div  class='tile ftg-preload  '><a data-title=\"\"  rel='Animalier'  class='tile-inner  ftg-lightbox' href='http:\/\/bruno-ferignac-photographe.fr\/accueil\/wp-content\/uploads\/2026\/03\/DSC0005.jpg' ><img alt='' class='item' data-class='item' data-ftg-src='http:\/\/bruno-ferignac-photographe.fr\/accueil\/wp-content\/uploads\/2026\/03\/DSC0005-600x399.jpg' src='http:\/\/bruno-ferignac-photographe.fr\/accueil\/wp-content\/uploads\/2026\/03\/DSC0005-600x399.jpg' width='600' height='399' \/><\/a><div class='ftg-social'><\/div><\/div><div  class='tile ftg-preload  '><a data-title=\"\"  rel='Animalier'  class='tile-inner  ftg-lightbox' href='http:\/\/bruno-ferignac-photographe.fr\/accueil\/wp-content\/uploads\/2026\/03\/DSC3656.jpg' ><img alt='' class='item' data-class='item' data-ftg-src='http:\/\/bruno-ferignac-photographe.fr\/accueil\/wp-content\/uploads\/2026\/03\/DSC3656-400x600.jpg' src='http:\/\/bruno-ferignac-photographe.fr\/accueil\/wp-content\/uploads\/2026\/03\/DSC3656-400x600.jpg' width='400' height='600' \/><\/a><div class='ftg-social'><\/div><\/div><div  class='tile ftg-preload  '><a data-title=\"\"  rel='Animalier'  class='tile-inner  ftg-lightbox' href='http:\/\/bruno-ferignac-photographe.fr\/accueil\/wp-content\/uploads\/2022\/04\/DSC2232-Avec-accentuation.jpg' ><img alt='' class='item' data-class='item' data-ftg-src='http:\/\/bruno-ferignac-photographe.fr\/accueil\/wp-content\/uploads\/2022\/04\/DSC2232-Avec-accentuation-600x400.jpg' src='http:\/\/bruno-ferignac-photographe.fr\/accueil\/wp-content\/uploads\/2022\/04\/DSC2232-Avec-accentuation-600x400.jpg' width='600' height='400' \/><\/a><div class='ftg-social'><\/div><\/div><div  class='tile ftg-preload  '><a data-title=\"\"  rel='Animalier'  class='tile-inner  ftg-lightbox' href='http:\/\/bruno-ferignac-photographe.fr\/accueil\/wp-content\/uploads\/2026\/03\/DSC8378.jpg' ><img alt='' class='item' data-class='item' data-ftg-src='http:\/\/bruno-ferignac-photographe.fr\/accueil\/wp-content\/uploads\/2026\/03\/DSC8378-600x400.jpg' src='http:\/\/bruno-ferignac-photographe.fr\/accueil\/wp-content\/uploads\/2026\/03\/DSC8378-600x400.jpg' width='600' height='400' \/><\/a><div class='ftg-social'><\/div><\/div><div  class='tile ftg-preload  '><a data-title=\"\"  rel='Animalier'  class='tile-inner  ftg-lightbox' href='http:\/\/bruno-ferignac-photographe.fr\/accueil\/wp-content\/uploads\/2026\/03\/DSC8779.jpg' ><img alt='' class='item' data-class='item' data-ftg-src='http:\/\/bruno-ferignac-photographe.fr\/accueil\/wp-content\/uploads\/2026\/03\/DSC8779-399x600.jpg' src='http:\/\/bruno-ferignac-photographe.fr\/accueil\/wp-content\/uploads\/2026\/03\/DSC8779-399x600.jpg' width='399' height='600' \/><\/a><div class='ftg-social'><\/div><\/div><div  class='tile ftg-preload  '><a data-title=\"\"  rel='Animalier'  class='tile-inner  ftg-lightbox' href='http:\/\/bruno-ferignac-photographe.fr\/accueil\/wp-content\/uploads\/2016\/10\/DSC_7496-Modifier-Modifier.jpg' ><img alt='' class='item' data-class='item' data-ftg-src='http:\/\/bruno-ferignac-photographe.fr\/accueil\/wp-content\/uploads\/2016\/10\/DSC_7496-Modifier-Modifier-401x600.jpg' src='http:\/\/bruno-ferignac-photographe.fr\/accueil\/wp-content\/uploads\/2016\/10\/DSC_7496-Modifier-Modifier-401x600.jpg' width='401' height='600' \/><\/a><div class='ftg-social'><\/div><\/div><div  class='tile ftg-preload  '><a data-title=\"\"  rel='Animalier'  class='tile-inner  ftg-lightbox' href='http:\/\/bruno-ferignac-photographe.fr\/accueil\/wp-content\/uploads\/2026\/03\/DSC3088.jpg' ><img alt='' class='item' data-class='item' data-ftg-src='http:\/\/bruno-ferignac-photographe.fr\/accueil\/wp-content\/uploads\/2026\/03\/DSC3088-400x600.jpg' src='http:\/\/bruno-ferignac-photographe.fr\/accueil\/wp-content\/uploads\/2026\/03\/DSC3088-400x600.jpg' width='400' height='600' \/><\/a><div class='ftg-social'><\/div><\/div><div  class='tile ftg-preload  '><a data-title=\"\"  rel='Animalier'  class='tile-inner  ftg-lightbox' href='http:\/\/bruno-ferignac-photographe.fr\/accueil\/wp-content\/uploads\/2026\/03\/DSC7733-Avec-accentuation-Bruit.jpg' ><img alt='' class='item' data-class='item' data-ftg-src='http:\/\/bruno-ferignac-photographe.fr\/accueil\/wp-content\/uploads\/2026\/03\/DSC7733-Avec-accentuation-Bruit-600x399.jpg' src='http:\/\/bruno-ferignac-photographe.fr\/accueil\/wp-content\/uploads\/2026\/03\/DSC7733-Avec-accentuation-Bruit-600x399.jpg' width='600' height='399' \/><\/a><div class='ftg-social'><\/div><\/div><div  class='tile ftg-preload  '><a data-title=\"\"  rel='Animalier'  class='tile-inner  ftg-lightbox' href='http:\/\/bruno-ferignac-photographe.fr\/accueil\/wp-content\/uploads\/2026\/03\/DSC9931.jpg' ><img alt='' class='item' data-class='item' data-ftg-src='http:\/\/bruno-ferignac-photographe.fr\/accueil\/wp-content\/uploads\/2026\/03\/DSC9931-600x399.jpg' src='http:\/\/bruno-ferignac-photographe.fr\/accueil\/wp-content\/uploads\/2026\/03\/DSC9931-600x399.jpg' width='600' height='399' \/><\/a><div class='ftg-social'><\/div><\/div><div  class='tile ftg-preload  '><a data-title=\"\"  rel='Animalier'  class='tile-inner  ftg-lightbox' href='http:\/\/bruno-ferignac-photographe.fr\/accueil\/wp-content\/uploads\/2019\/04\/DSC8978.jpg' ><img alt='' class='item' data-class='item' data-ftg-src='http:\/\/bruno-ferignac-photographe.fr\/accueil\/wp-content\/uploads\/2019\/04\/DSC8978-600x401.jpg' src='http:\/\/bruno-ferignac-photographe.fr\/accueil\/wp-content\/uploads\/2019\/04\/DSC8978-600x401.jpg' width='600' height='401' \/><\/a><div class='ftg-social'><\/div><\/div><div  class='tile ftg-preload  '><a data-title=\"\"  rel='Animalier'  class='tile-inner  ftg-lightbox' href='http:\/\/bruno-ferignac-photographe.fr\/accueil\/wp-content\/uploads\/2026\/03\/DSC1320.jpg' ><img alt='' class='item' data-class='item' data-ftg-src='http:\/\/bruno-ferignac-photographe.fr\/accueil\/wp-content\/uploads\/2026\/03\/DSC1320-399x600.jpg' src='http:\/\/bruno-ferignac-photographe.fr\/accueil\/wp-content\/uploads\/2026\/03\/DSC1320-399x600.jpg' width='399' height='600' \/><\/a><div class='ftg-social'><\/div><\/div><div  class='tile ftg-preload  '><a data-title=\"\"  rel='Animalier'  class='tile-inner  ftg-lightbox' href='http:\/\/bruno-ferignac-photographe.fr\/accueil\/wp-content\/uploads\/2015\/08\/sterne-arctique.jpg' ><img alt='' class='item' data-class='item' data-ftg-src='http:\/\/bruno-ferignac-photographe.fr\/accueil\/wp-content\/uploads\/2015\/08\/sterne-arctique-600x398.jpg' src='http:\/\/bruno-ferignac-photographe.fr\/accueil\/wp-content\/uploads\/2015\/08\/sterne-arctique-600x398.jpg' width='600' height='398' \/><\/a><div class='ftg-social'><\/div><\/div><div  class='tile ftg-preload  '><a data-title=\"\"  rel='Animalier'  class='tile-inner  ftg-lightbox' href='http:\/\/bruno-ferignac-photographe.fr\/accueil\/wp-content\/uploads\/2017\/07\/macareux-moine.jpg' ><img alt='' class='item' data-class='item' data-ftg-src='http:\/\/bruno-ferignac-photographe.fr\/accueil\/wp-content\/uploads\/2017\/07\/macareux-moine-600x399.jpg' src='http:\/\/bruno-ferignac-photographe.fr\/accueil\/wp-content\/uploads\/2017\/07\/macareux-moine-600x399.jpg' width='600' height='399' \/><\/a><div class='ftg-social'><\/div><\/div><div  class='tile ftg-preload  '><a data-title=\"\"  rel='Animalier'  class='tile-inner  ftg-lightbox' href='http:\/\/bruno-ferignac-photographe.fr\/accueil\/wp-content\/uploads\/2026\/03\/DSC4551.jpg' ><img alt='' class='item' data-class='item' data-ftg-src='http:\/\/bruno-ferignac-photographe.fr\/accueil\/wp-content\/uploads\/2026\/03\/DSC4551-600x399.jpg' src='http:\/\/bruno-ferignac-photographe.fr\/accueil\/wp-content\/uploads\/2026\/03\/DSC4551-600x399.jpg' width='600' height='399' \/><\/a><div class='ftg-social'><\/div><\/div><div  class='tile ftg-preload  '><a data-title=\"\"  rel='Animalier'  class='tile-inner  ftg-lightbox' href='http:\/\/bruno-ferignac-photographe.fr\/accueil\/wp-content\/uploads\/2022\/07\/DSC2200.jpg' ><img alt='' class='item' data-class='item' data-ftg-src='http:\/\/bruno-ferignac-photographe.fr\/accueil\/wp-content\/uploads\/2022\/07\/DSC2200-600x600.jpg' src='http:\/\/bruno-ferignac-photographe.fr\/accueil\/wp-content\/uploads\/2022\/07\/DSC2200-600x600.jpg' width='600' height='600' \/><\/a><div class='ftg-social'><\/div><\/div><div  class='tile ftg-preload  '><a data-title=\"\"  rel='Animalier'  class='tile-inner  ftg-lightbox' href='http:\/\/bruno-ferignac-photographe.fr\/accueil\/wp-content\/uploads\/2023\/01\/chevreuil-6.jpg' ><img alt='' class='item' data-class='item' data-ftg-src='http:\/\/bruno-ferignac-photographe.fr\/accueil\/wp-content\/uploads\/2023\/01\/chevreuil-6-600x399.jpg' src='http:\/\/bruno-ferignac-photographe.fr\/accueil\/wp-content\/uploads\/2023\/01\/chevreuil-6-600x399.jpg' width='600' height='399' \/><\/a><div class='ftg-social'><\/div><\/div><div  class='tile ftg-preload  '><a data-title=\"\"  rel='Animalier'  class='tile-inner  ftg-lightbox' href='http:\/\/bruno-ferignac-photographe.fr\/accueil\/wp-content\/uploads\/2017\/07\/m\u00e9lit\u00e9.jpg' ><img alt='' class='item' data-class='item' data-ftg-src='http:\/\/bruno-ferignac-photographe.fr\/accueil\/wp-content\/uploads\/2017\/07\/m\u00e9lit\u00e9-600x400.jpg' src='http:\/\/bruno-ferignac-photographe.fr\/accueil\/wp-content\/uploads\/2017\/07\/m\u00e9lit\u00e9-600x400.jpg' width='600' height='400' \/><\/a><div class='ftg-social'><\/div><\/div><div  class='tile ftg-preload  '><a data-title=\"\"  rel='Animalier'  class='tile-inner  ftg-lightbox' href='http:\/\/bruno-ferignac-photographe.fr\/accueil\/wp-content\/uploads\/2019\/05\/DSC9541.jpg' ><img alt='' class='item' data-class='item' data-ftg-src='http:\/\/bruno-ferignac-photographe.fr\/accueil\/wp-content\/uploads\/2019\/05\/DSC9541-600x400.jpg' src='http:\/\/bruno-ferignac-photographe.fr\/accueil\/wp-content\/uploads\/2019\/05\/DSC9541-600x400.jpg' width='600' height='400' \/><\/a><div class='ftg-social'><\/div><\/div><div  class='tile ftg-preload  '><a data-title=\"\"  rel='Animalier'  class='tile-inner  ftg-lightbox' href='http:\/\/bruno-ferignac-photographe.fr\/accueil\/wp-content\/uploads\/2026\/03\/DSC9658.jpg' ><img alt='' class='item' data-class='item' data-ftg-src='http:\/\/bruno-ferignac-photographe.fr\/accueil\/wp-content\/uploads\/2026\/03\/DSC9658-600x399.jpg' src='http:\/\/bruno-ferignac-photographe.fr\/accueil\/wp-content\/uploads\/2026\/03\/DSC9658-600x399.jpg' width='600' height='399' \/><\/a><div class='ftg-social'><\/div><\/div><div  class='tile ftg-preload  '><a data-title=\"\"  rel='Animalier'  class='tile-inner  ftg-lightbox' href='http:\/\/bruno-ferignac-photographe.fr\/accueil\/wp-content\/uploads\/2026\/03\/DSC2382-Avec-accentuation-Bruit.jpg' ><img alt='' class='item' data-class='item' data-ftg-src='http:\/\/bruno-ferignac-photographe.fr\/accueil\/wp-content\/uploads\/2026\/03\/DSC2382-Avec-accentuation-Bruit-600x400.jpg' src='http:\/\/bruno-ferignac-photographe.fr\/accueil\/wp-content\/uploads\/2026\/03\/DSC2382-Avec-accentuation-Bruit-600x400.jpg' width='600' height='400' \/><\/a><div class='ftg-social'><\/div><\/div><div  class='tile ftg-preload  '><a data-title=\"\"  rel='Animalier'  class='tile-inner  ftg-lightbox' href='http:\/\/bruno-ferignac-photographe.fr\/accueil\/wp-content\/uploads\/2019\/04\/DSC8718.jpg' ><img alt='' class='item' data-class='item' data-ftg-src='http:\/\/bruno-ferignac-photographe.fr\/accueil\/wp-content\/uploads\/2019\/04\/DSC8718-600x401.jpg' src='http:\/\/bruno-ferignac-photographe.fr\/accueil\/wp-content\/uploads\/2019\/04\/DSC8718-600x401.jpg' width='1200' height='519' \/><\/a><div class='ftg-social'><\/div><\/div><div  class='tile ftg-preload  '><a data-title=\"\"  rel='Animalier'  class='tile-inner  ftg-lightbox' href='http:\/\/bruno-ferignac-photographe.fr\/accueil\/wp-content\/uploads\/2026\/03\/DSC1441.jpg' ><img alt='' class='item' data-class='item' data-ftg-src='http:\/\/bruno-ferignac-photographe.fr\/accueil\/wp-content\/uploads\/2026\/03\/DSC1441-600x400.jpg' src='http:\/\/bruno-ferignac-photographe.fr\/accueil\/wp-content\/uploads\/2026\/03\/DSC1441-600x400.jpg' width='600' height='400' \/><\/a><div class='ftg-social'><\/div><\/div><div  class='tile ftg-preload  '><a data-title=\"\"  rel='Animalier'  class='tile-inner  ftg-lightbox' href='http:\/\/bruno-ferignac-photographe.fr\/accueil\/wp-content\/uploads\/2026\/03\/DSC8687.jpg' ><img alt='' class='item' data-class='item' data-ftg-src='http:\/\/bruno-ferignac-photographe.fr\/accueil\/wp-content\/uploads\/2026\/03\/DSC8687-600x400.jpg' src='http:\/\/bruno-ferignac-photographe.fr\/accueil\/wp-content\/uploads\/2026\/03\/DSC8687-600x400.jpg' width='600' height='400' \/><\/a><div class='ftg-social'><\/div><\/div><div  class='tile ftg-preload  '><a data-title=\"\"  rel='Animalier'  class='tile-inner  ftg-lightbox' href='http:\/\/bruno-ferignac-photographe.fr\/accueil\/wp-content\/uploads\/2026\/03\/DSC7523.jpg' ><img alt='' class='item' data-class='item' data-ftg-src='http:\/\/bruno-ferignac-photographe.fr\/accueil\/wp-content\/uploads\/2026\/03\/DSC7523-600x400.jpg' src='http:\/\/bruno-ferignac-photographe.fr\/accueil\/wp-content\/uploads\/2026\/03\/DSC7523-600x400.jpg' width='600' height='400' \/><\/a><div class='ftg-social'><\/div><\/div><div  class='tile ftg-preload  '><a data-title=\"\"  rel='Animalier'  class='tile-inner  ftg-lightbox' href='http:\/\/bruno-ferignac-photographe.fr\/accueil\/wp-content\/uploads\/2023\/01\/10-martin-pecheur-1.jpg' ><img alt='' class='item' data-class='item' data-ftg-src='http:\/\/bruno-ferignac-photographe.fr\/accueil\/wp-content\/uploads\/2023\/01\/10-martin-pecheur-1-250x250.jpg' src='http:\/\/bruno-ferignac-photographe.fr\/accueil\/wp-content\/uploads\/2023\/01\/10-martin-pecheur-1-250x250.jpg' width='250' height='250' \/><\/a><div class='ftg-social'><\/div><\/div><div  class='tile ftg-preload  '><a data-title=\"\"  rel='Animalier'  class='tile-inner  ftg-lightbox' href='http:\/\/bruno-ferignac-photographe.fr\/accueil\/wp-content\/uploads\/2017\/07\/martin-pecheur.jpg' ><img alt='' class='item' data-class='item' data-ftg-src='http:\/\/bruno-ferignac-photographe.fr\/accueil\/wp-content\/uploads\/2017\/07\/martin-pecheur-600x338.jpg' src='http:\/\/bruno-ferignac-photographe.fr\/accueil\/wp-content\/uploads\/2017\/07\/martin-pecheur-600x338.jpg' width='600' height='338' \/><\/a><div class='ftg-social'><\/div><\/div><div  class='tile ftg-preload  '><a data-title=\"\"  rel='Animalier'  class='tile-inner  ftg-lightbox' href='http:\/\/bruno-ferignac-photographe.fr\/accueil\/wp-content\/uploads\/2026\/03\/DSC7575-Avec-accentuation-Bruit.jpg' ><img alt='' class='item' data-class='item' data-ftg-src='http:\/\/bruno-ferignac-photographe.fr\/accueil\/wp-content\/uploads\/2026\/03\/DSC7575-Avec-accentuation-Bruit-600x399.jpg' src='http:\/\/bruno-ferignac-photographe.fr\/accueil\/wp-content\/uploads\/2026\/03\/DSC7575-Avec-accentuation-Bruit-600x399.jpg' width='600' height='399' \/><\/a><div class='ftg-social'><\/div><\/div><div  class='tile ftg-preload  '><a data-title=\"\"  rel='Animalier'  class='tile-inner  ftg-lightbox' href='http:\/\/bruno-ferignac-photographe.fr\/accueil\/wp-content\/uploads\/2023\/01\/vautour-fauve-lozere-7-1.jpg' ><img alt='' class='item' data-class='item' data-ftg-src='http:\/\/bruno-ferignac-photographe.fr\/accueil\/wp-content\/uploads\/2023\/01\/vautour-fauve-lozere-7-1-250x250.jpg' src='http:\/\/bruno-ferignac-photographe.fr\/accueil\/wp-content\/uploads\/2023\/01\/vautour-fauve-lozere-7-1-250x250.jpg' width='250' height='250' \/><\/a><div class='ftg-social'><\/div><\/div><div  class='tile ftg-preload  '><a data-title=\"\"  rel='Animalier'  class='tile-inner  ftg-lightbox' href='http:\/\/bruno-ferignac-photographe.fr\/accueil\/wp-content\/uploads\/2022\/07\/DSC3050.jpg' ><img alt='' class='item' data-class='item' data-ftg-src='http:\/\/bruno-ferignac-photographe.fr\/accueil\/wp-content\/uploads\/2022\/07\/DSC3050-600x600.jpg' src='http:\/\/bruno-ferignac-photographe.fr\/accueil\/wp-content\/uploads\/2022\/07\/DSC3050-600x600.jpg' width='600' height='600' \/><\/a><div class='ftg-social'><\/div><\/div><div  class='tile ftg-preload  '><a data-title=\"\"  rel='Animalier'  class='tile-inner  ftg-lightbox' href='http:\/\/bruno-ferignac-photographe.fr\/accueil\/wp-content\/uploads\/2017\/10\/martin-pecheur-4.jpg' ><img alt='' class='item' data-class='item' data-ftg-src='http:\/\/bruno-ferignac-photographe.fr\/accueil\/wp-content\/uploads\/2017\/10\/martin-pecheur-4-401x600.jpg' src='http:\/\/bruno-ferignac-photographe.fr\/accueil\/wp-content\/uploads\/2017\/10\/martin-pecheur-4-401x600.jpg' width='401' height='600' \/><\/a><div class='ftg-social'><\/div><\/div><div  class='tile ftg-preload  '><a data-title=\"\"  rel='Animalier'  class='tile-inner  ftg-lightbox' href='http:\/\/bruno-ferignac-photographe.fr\/accueil\/wp-content\/uploads\/2017\/07\/pic-nourrissage.jpg' ><img alt='' class='item' data-class='item' data-ftg-src='http:\/\/bruno-ferignac-photographe.fr\/accueil\/wp-content\/uploads\/2017\/07\/pic-nourrissage-400x600.jpg' src='http:\/\/bruno-ferignac-photographe.fr\/accueil\/wp-content\/uploads\/2017\/07\/pic-nourrissage-400x600.jpg' width='400' height='600' \/><\/a><div class='ftg-social'><\/div><\/div><div  class='tile ftg-preload  '><a data-title=\"\"  rel='Animalier'  class='tile-inner  ftg-lightbox' href='http:\/\/bruno-ferignac-photographe.fr\/accueil\/wp-content\/uploads\/2026\/03\/DSC9567.jpg' ><img alt='' class='item' data-class='item' data-ftg-src='http:\/\/bruno-ferignac-photographe.fr\/accueil\/wp-content\/uploads\/2026\/03\/DSC9567-600x399.jpg' src='http:\/\/bruno-ferignac-photographe.fr\/accueil\/wp-content\/uploads\/2026\/03\/DSC9567-600x399.jpg' width='600' height='399' \/><\/a><div class='ftg-social'><\/div><\/div><div  class='tile ftg-preload  '><a data-title=\"\"  rel='Animalier'  class='tile-inner  ftg-lightbox' href='http:\/\/bruno-ferignac-photographe.fr\/accueil\/wp-content\/uploads\/2017\/07\/rossignol-juv.jpg' ><img alt='' class='item' data-class='item' data-ftg-src='http:\/\/bruno-ferignac-photographe.fr\/accueil\/wp-content\/uploads\/2017\/07\/rossignol-juv-600x600.jpg' src='http:\/\/bruno-ferignac-photographe.fr\/accueil\/wp-content\/uploads\/2017\/07\/rossignol-juv-600x600.jpg' width='600' height='600' \/><\/a><div class='ftg-social'><\/div><\/div><div  class='tile ftg-preload  '><a data-title=\"\"  rel='Animalier'  class='tile-inner  ftg-lightbox' href='http:\/\/bruno-ferignac-photographe.fr\/accueil\/wp-content\/uploads\/2026\/03\/DSC2763.jpg' ><img alt='' class='item' data-class='item' data-ftg-src='http:\/\/bruno-ferignac-photographe.fr\/accueil\/wp-content\/uploads\/2026\/03\/DSC2763-400x600.jpg' src='http:\/\/bruno-ferignac-photographe.fr\/accueil\/wp-content\/uploads\/2026\/03\/DSC2763-400x600.jpg' width='400' height='600' \/><\/a><div class='ftg-social'><\/div><\/div><div  class='tile ftg-preload  '><a data-title=\"\"  rel='Animalier'  class='tile-inner  ftg-lightbox' href='http:\/\/bruno-ferignac-photographe.fr\/accueil\/wp-content\/uploads\/2026\/03\/DSC8424-Avec-accentuation-Bruit.jpg' ><img alt='' class='item' data-class='item' data-ftg-src='http:\/\/bruno-ferignac-photographe.fr\/accueil\/wp-content\/uploads\/2026\/03\/DSC8424-Avec-accentuation-Bruit-600x400.jpg' src='http:\/\/bruno-ferignac-photographe.fr\/accueil\/wp-content\/uploads\/2026\/03\/DSC8424-Avec-accentuation-Bruit-600x400.jpg' width='600' height='400' \/><\/a><div class='ftg-social'><\/div><\/div><div  class='tile ftg-preload  '><a data-title=\"\"  rel='Animalier'  class='tile-inner  ftg-lightbox' href='http:\/\/bruno-ferignac-photographe.fr\/accueil\/wp-content\/uploads\/2017\/07\/DSC_7695.jpg' ><img alt='chevreuil' class='item' data-class='item' data-ftg-src='http:\/\/bruno-ferignac-photographe.fr\/accueil\/wp-content\/uploads\/2017\/07\/DSC_7695-600x338.jpg' src='http:\/\/bruno-ferignac-photographe.fr\/accueil\/wp-content\/uploads\/2017\/07\/DSC_7695-600x338.jpg' width='600' height='338' \/><\/a><div class='ftg-social'><\/div><\/div><div  class='tile ftg-preload  '><a data-title=\"\"  rel='Animalier'  class='tile-inner  ftg-lightbox' href='http:\/\/bruno-ferignac-photographe.fr\/accueil\/wp-content\/uploads\/2026\/03\/DSC1389-Avec-accentuation-Bruit.jpg' ><img alt='' class='item' data-class='item' data-ftg-src='http:\/\/bruno-ferignac-photographe.fr\/accueil\/wp-content\/uploads\/2026\/03\/DSC1389-Avec-accentuation-Bruit-600x400.jpg' src='http:\/\/bruno-ferignac-photographe.fr\/accueil\/wp-content\/uploads\/2026\/03\/DSC1389-Avec-accentuation-Bruit-600x400.jpg' width='600' height='400' \/><\/a><div class='ftg-social'><\/div><\/div><div  class='tile ftg-preload  '><a data-title=\"\"  rel='Animalier'  class='tile-inner  ftg-lightbox' href='http:\/\/bruno-ferignac-photographe.fr\/accueil\/wp-content\/uploads\/2026\/03\/DSC2700.jpg' ><img alt='' class='item' data-class='item' data-ftg-src='http:\/\/bruno-ferignac-photographe.fr\/accueil\/wp-content\/uploads\/2026\/03\/DSC2700-600x400.jpg' src='http:\/\/bruno-ferignac-photographe.fr\/accueil\/wp-content\/uploads\/2026\/03\/DSC2700-600x400.jpg' width='600' height='400' \/><\/a><div class='ftg-social'><\/div><\/div><div  class='tile ftg-preload  '><a data-title=\"\"  rel='Animalier'  class='tile-inner  ftg-lightbox' href='http:\/\/bruno-ferignac-photographe.fr\/accueil\/wp-content\/uploads\/2022\/04\/DSC3580.jpg' ><img alt='' class='item' data-class='item' data-ftg-src='http:\/\/bruno-ferignac-photographe.fr\/accueil\/wp-content\/uploads\/2022\/04\/DSC3580-600x600.jpg' src='http:\/\/bruno-ferignac-photographe.fr\/accueil\/wp-content\/uploads\/2022\/04\/DSC3580-600x600.jpg' width='600' height='600' \/><\/a><div class='ftg-social'><\/div><\/div><div  class='tile ftg-preload  '><a data-title=\"\"  rel='Animalier'  class='tile-inner  ftg-lightbox' href='http:\/\/bruno-ferignac-photographe.fr\/accueil\/wp-content\/uploads\/2022\/07\/DSC0477.jpg' ><img alt='' class='item' data-class='item' data-ftg-src='http:\/\/bruno-ferignac-photographe.fr\/accueil\/wp-content\/uploads\/2022\/07\/DSC0477-600x600.jpg' src='http:\/\/bruno-ferignac-photographe.fr\/accueil\/wp-content\/uploads\/2022\/07\/DSC0477-600x600.jpg' width='600' height='600' \/><\/a><div class='ftg-social'><\/div><\/div><div  class='tile ftg-preload  '><a data-title=\"\"  rel='Animalier'  class='tile-inner  ftg-lightbox' href='http:\/\/bruno-ferignac-photographe.fr\/accueil\/wp-content\/uploads\/2019\/04\/DSC8986.jpg' ><img alt='' class='item' data-class='item' data-ftg-src='http:\/\/bruno-ferignac-photographe.fr\/accueil\/wp-content\/uploads\/2019\/04\/DSC8986-600x401.jpg' src='http:\/\/bruno-ferignac-photographe.fr\/accueil\/wp-content\/uploads\/2019\/04\/DSC8986-600x401.jpg' width='600' height='401' \/><\/a><div class='ftg-social'><\/div><\/div><div  class='tile ftg-preload  '><a data-title=\"\"  rel='Animalier'  class='tile-inner  ftg-lightbox' href='http:\/\/bruno-ferignac-photographe.fr\/accueil\/wp-content\/uploads\/2017\/07\/chevreuil-cr\u00e9puscule.jpg' ><img alt='' class='item' data-class='item' data-ftg-src='http:\/\/bruno-ferignac-photographe.fr\/accueil\/wp-content\/uploads\/2017\/07\/chevreuil-cr\u00e9puscule-600x338.jpg' src='http:\/\/bruno-ferignac-photographe.fr\/accueil\/wp-content\/uploads\/2017\/07\/chevreuil-cr\u00e9puscule-600x338.jpg' width='600' height='338' \/><\/a><div class='ftg-social'><\/div><\/div><div  class='tile ftg-preload  '><a data-title=\"\"  rel='Animalier'  class='tile-inner  ftg-lightbox' href='http:\/\/bruno-ferignac-photographe.fr\/accueil\/wp-content\/uploads\/2019\/04\/DSC8424-Modifier.jpg' ><img alt='' class='item' data-class='item' data-ftg-src='http:\/\/bruno-ferignac-photographe.fr\/accueil\/wp-content\/uploads\/2019\/04\/DSC8424-Modifier-600x338.jpg' src='http:\/\/bruno-ferignac-photographe.fr\/accueil\/wp-content\/uploads\/2019\/04\/DSC8424-Modifier-600x338.jpg' width='600' height='338' \/><\/a><div class='ftg-social'><\/div><\/div><div  class='tile ftg-preload  '><a data-title=\"\"  rel='Animalier'  class='tile-inner  ftg-lightbox' href='http:\/\/bruno-ferignac-photographe.fr\/accueil\/wp-content\/uploads\/2026\/03\/DSC0228.jpg' ><img alt='' class='item' data-class='item' data-ftg-src='http:\/\/bruno-ferignac-photographe.fr\/accueil\/wp-content\/uploads\/2026\/03\/DSC0228-600x400.jpg' src='http:\/\/bruno-ferignac-photographe.fr\/accueil\/wp-content\/uploads\/2026\/03\/DSC0228-600x400.jpg' width='600' height='400' \/><\/a><div class='ftg-social'><\/div><\/div><div  class='tile ftg-preload  '><a data-title=\"\"  rel='Animalier'  class='tile-inner  ftg-lightbox' href='http:\/\/bruno-ferignac-photographe.fr\/accueil\/wp-content\/uploads\/2017\/07\/Cincle-plongeur.jpg' ><img alt='Cincle plongeur' class='item' data-class='item' data-ftg-src='http:\/\/bruno-ferignac-photographe.fr\/accueil\/wp-content\/uploads\/2017\/07\/Cincle-plongeur-600x338.jpg' src='http:\/\/bruno-ferignac-photographe.fr\/accueil\/wp-content\/uploads\/2017\/07\/Cincle-plongeur-600x338.jpg' width='600' height='338' \/><\/a><div class='ftg-social'><\/div><\/div><div  class='tile ftg-preload  '><a data-title=\"\"  rel='Animalier'  class='tile-inner  ftg-lightbox' href='http:\/\/bruno-ferignac-photographe.fr\/accueil\/wp-content\/uploads\/2026\/03\/DSC0906.jpg' ><img alt='' class='item' data-class='item' data-ftg-src='http:\/\/bruno-ferignac-photographe.fr\/accueil\/wp-content\/uploads\/2026\/03\/DSC0906-600x400.jpg' src='http:\/\/bruno-ferignac-photographe.fr\/accueil\/wp-content\/uploads\/2026\/03\/DSC0906-600x400.jpg' width='600' height='400' \/><\/a><div class='ftg-social'><\/div><\/div><div  class='tile ftg-preload  '><a data-title=\"\"  rel='Animalier'  class='tile-inner  ftg-lightbox' href='http:\/\/bruno-ferignac-photographe.fr\/accueil\/wp-content\/uploads\/2015\/08\/DSC_3752-1.jpg' ><img alt='' class='item' data-class='item' data-ftg-src='http:\/\/bruno-ferignac-photographe.fr\/accueil\/wp-content\/uploads\/2015\/08\/DSC_3752-1-398x600.jpg' src='http:\/\/bruno-ferignac-photographe.fr\/accueil\/wp-content\/uploads\/2015\/08\/DSC_3752-1-398x600.jpg' width='398' height='600' \/><\/a><div class='ftg-social'><\/div><\/div><div  class='tile ftg-preload  '><a data-title=\"\"  rel='Animalier'  class='tile-inner  ftg-lightbox' href='http:\/\/bruno-ferignac-photographe.fr\/accueil\/wp-content\/uploads\/2026\/03\/DSC5630-2.jpg' ><img alt='' class='item' data-class='item' data-ftg-src='http:\/\/bruno-ferignac-photographe.fr\/accueil\/wp-content\/uploads\/2026\/03\/DSC5630-2-600x400.jpg' src='http:\/\/bruno-ferignac-photographe.fr\/accueil\/wp-content\/uploads\/2026\/03\/DSC5630-2-600x400.jpg' width='600' height='400' \/><\/a><div class='ftg-social'><\/div><\/div><div  class='tile ftg-preload  '><a data-title=\"\"  rel='Animalier'  class='tile-inner  ftg-lightbox' href='http:\/\/bruno-ferignac-photographe.fr\/accueil\/wp-content\/uploads\/2015\/08\/DSC_7348.jpg' ><img alt='' class='item' data-class='item' data-ftg-src='http:\/\/bruno-ferignac-photographe.fr\/accueil\/wp-content\/uploads\/2015\/08\/DSC_7348-600x401.jpg' src='http:\/\/bruno-ferignac-photographe.fr\/accueil\/wp-content\/uploads\/2015\/08\/DSC_7348-600x401.jpg' width='600' height='401' \/><\/a><div class='ftg-social'><\/div><\/div><div  class='tile ftg-preload  '><a data-title=\"\"  rel='Animalier'  class='tile-inner  ftg-lightbox' href='http:\/\/bruno-ferignac-photographe.fr\/accueil\/wp-content\/uploads\/2015\/08\/Islande_060.jpg' ><img alt='' class='item' data-class='item' data-ftg-src='http:\/\/bruno-ferignac-photographe.fr\/accueil\/wp-content\/uploads\/2015\/08\/Islande_060-600x398.jpg' src='http:\/\/bruno-ferignac-photographe.fr\/accueil\/wp-content\/uploads\/2015\/08\/Islande_060-600x398.jpg' width='600' height='398' \/><\/a><div class='ftg-social'><\/div><\/div><div  class='tile ftg-preload  '><a data-title=\"\"  rel='Animalier'  class='tile-inner  ftg-lightbox' href='http:\/\/bruno-ferignac-photographe.fr\/accueil\/wp-content\/uploads\/2026\/03\/DSC5200.jpg' ><img alt='' class='item' data-class='item' data-ftg-src='http:\/\/bruno-ferignac-photographe.fr\/accueil\/wp-content\/uploads\/2026\/03\/DSC5200-600x399.jpg' src='http:\/\/bruno-ferignac-photographe.fr\/accueil\/wp-content\/uploads\/2026\/03\/DSC5200-600x399.jpg' width='600' height='399' \/><\/a><div class='ftg-social'><\/div><\/div><div  class='tile ftg-preload  '><a data-title=\"\"  rel='Animalier'  class='tile-inner  ftg-lightbox' href='http:\/\/bruno-ferignac-photographe.fr\/accueil\/wp-content\/uploads\/2022\/04\/DSC2061.jpg' ><img alt='' class='item' data-class='item' data-ftg-src='http:\/\/bruno-ferignac-photographe.fr\/accueil\/wp-content\/uploads\/2022\/04\/DSC2061-480x600.jpg' src='http:\/\/bruno-ferignac-photographe.fr\/accueil\/wp-content\/uploads\/2022\/04\/DSC2061-480x600.jpg' width='480' height='600' \/><\/a><div class='ftg-social'><\/div><\/div><div  class='tile ftg-preload  '><a data-title=\"\"  rel='Animalier'  class='tile-inner  ftg-lightbox' href='http:\/\/bruno-ferignac-photographe.fr\/accueil\/wp-content\/uploads\/2026\/03\/DSC7338-Avec-accentuation-Bruit.jpg' ><img alt='' class='item' data-class='item' data-ftg-src='http:\/\/bruno-ferignac-photographe.fr\/accueil\/wp-content\/uploads\/2026\/03\/DSC7338-Avec-accentuation-Bruit-600x399.jpg' src='http:\/\/bruno-ferignac-photographe.fr\/accueil\/wp-content\/uploads\/2026\/03\/DSC7338-Avec-accentuation-Bruit-600x399.jpg' width='600' height='399' \/><\/a><div class='ftg-social'><\/div><\/div><div  class='tile ftg-preload  '><a data-title=\"\"  rel='Animalier'  class='tile-inner  ftg-lightbox' href='http:\/\/bruno-ferignac-photographe.fr\/accueil\/wp-content\/uploads\/2023\/01\/renard-ambiance.jpg' ><img alt='' class='item' data-class='item' data-ftg-src='http:\/\/bruno-ferignac-photographe.fr\/accueil\/wp-content\/uploads\/2023\/01\/renard-ambiance-600x300.jpg' src='http:\/\/bruno-ferignac-photographe.fr\/accueil\/wp-content\/uploads\/2023\/01\/renard-ambiance-600x300.jpg' width='600' height='300' \/><\/a><div class='ftg-social'><\/div><\/div><div  class='tile ftg-preload  '><a data-title=\"\"  rel='Animalier'  class='tile-inner  ftg-lightbox' href='http:\/\/bruno-ferignac-photographe.fr\/accueil\/wp-content\/uploads\/2022\/04\/DSC3724-2.jpg' ><img alt='' class='item' data-class='item' data-ftg-src='http:\/\/bruno-ferignac-photographe.fr\/accueil\/wp-content\/uploads\/2022\/04\/DSC3724-2-600x400.jpg' src='http:\/\/bruno-ferignac-photographe.fr\/accueil\/wp-content\/uploads\/2022\/04\/DSC3724-2-600x400.jpg' width='600' height='400' \/><\/a><div class='ftg-social'><\/div><\/div><\/div><\/div><script type='text\/javascript'>jQuery('#ftg-1515 img.item').removeAttr('src');jQuery(document).ready(function () {setTimeout(function () {jQuery('#ftg-1515').finalTilesGallery({minTileWidth: 100,margin: 5,loadMethod: 'sequential',nonce: 'ef5aa83c4e',galleryId: '15',layout: 'columns',debug: false,gridSize: 0,disableGridSizeBelow: 800,allowEnlargement: true,columns: [[4000, 3],[1024, 3],[800, 2],[480, 1],[320, 1]],scrollEffect: '',selectedFilter: 'n-a'});jQuery(function () {(function () {var rel = '';jQuery('#ftg-1515 .ftg-lightbox').click(function (e) {rel = jQuery(this).attr('rel');jQuery('#ftg-1515 .ftg-current').removeClass('ftg-current');jQuery('#ftg-1515 [rel=\"'+rel+'\"]').addClass('ftg-current');});})();jQuery('#ftg-1515').magnificPopup({type:'image', zoom: {enabled: true, duration: 300, easing: 'ease-in-out' },image: { titleSrc: 'data-title' }, gallery: { enabled: true }, delegate: '.tile:not(.ftg-hidden) .ftg-lightbox.ftg-current'});jQuery('#ftg-1515 .ftg-lightbox-iframe').magnificPopup({type:'iframe' });});}, 0);});<\/script><\/p>\n<\/div><\/div><div id=\"panel-669-1-0-1\" class=\"so-panel widget widget_black-studio-tinymce widget_black_studio_tinymce panel-last-child\" data-index=\"2\" ><div class=\"textwidget\"><p style=\"text-align: center;\"><span class=\"bas-de-page\">Mes autres galeries: <a href=\"http:\/\/bruno-ferignac-photographe.fr\/accueil\/portfolio\/portrait\/\">-Portrait- <\/a><a href=\"http:\/\/bruno-ferignac-photographe.fr\/accueil\/portfolio\/communication\/\">-Communication- <\/a><a href=\"http:\/\/bruno-ferignac-photographe.fr\/accueil\/portfolio\/paysage\/\">-Paysage- <\/a><a href=\"http:\/\/bruno-ferignac-photographe.fr\/accueil\/portfolio\/animalier\/\">-Animalier- <\/a><a href=\"http:\/\/bruno-ferignac-photographe.fr\/accueil\/portfolio\/spectacle\/\">-Spectacle- <\/a><a href=\"http:\/\/bruno-ferignac-photographe.fr\/accueil\/portfolio\/architectures\/\">-Architecture-<\/a><\/span><\/p>\n<\/div><\/div><\/div><\/div><div id=\"pg-669-2\"  class=\"panel-grid panel-no-style\" ><div id=\"pgc-669-2-0\"  class=\"panel-grid-cell\" ><div id=\"panel-669-2-0-0\" class=\"so-panel widget widget_black-studio-tinymce widget_black_studio_tinymce panel-first-child panel-last-child\" data-index=\"3\" ><div class=\"textwidget\"><p style=\"text-align: center;\"><span class=\"bas-de-page\">D\u00e9couvrez <a href=\"http:\/\/bruno-ferignac-photographe.fr\/accueil\/#portfolio\">mon portfolio<\/a> et <a href=\"http:\/\/bruno-ferignac-photographe.fr\/accueil\/#contact\">contactez moi<\/a><\/span><\/p>\n<\/div><\/div><\/div><\/div><\/div>","protected":false},"excerpt":{"rendered":"<p>En pleine nature Les images pr\u00e9sent\u00e9es dans cette galerie sont le fruit de nombreuses promenades, de&hellip;<\/p>\n","protected":false},"author":1,"featured_media":3066,"parent":2861,"menu_order":0,"comment_status":"closed","ping_status":"closed","template":"","meta":{"footnotes":""},"class_list":["post-669","page","type-page","status-publish","has-post-thumbnail","hentry"],"yoast_head":"<!-- This site is optimized with the Yoast SEO plugin v27.2 - https:\/\/yoast.com\/product\/yoast-seo-wordpress\/ -->\n<title>Animalier - L&#039; atelier pho&#039;thau<\/title>\n<meta name=\"description\" content=\"quelques images d&#039;animaux prisent en pleine nature\" \/>\n<meta name=\"robots\" content=\"index, follow, max-snippet:-1, max-image-preview:large, max-video-preview:-1\" \/>\n<link rel=\"canonical\" href=\"http:\/\/bruno-ferignac-photographe.fr\/accueil\/portfolio\/animalier\/\" \/>\n<meta name=\"twitter:card\" content=\"summary_large_image\" \/>\n<meta name=\"twitter:title\" content=\"Animalier - L&#039; atelier pho&#039;thau\" \/>\n<meta name=\"twitter:description\" content=\"quelques images d&#039;animaux prisent en pleine nature\" \/>\n<meta name=\"twitter:image\" content=\"http:\/\/bruno-ferignac-photographe.fr\/accueil\/wp-content\/uploads\/2017\/07\/flamand-bandeau.jpg\" \/>\n<script type=\"application\/ld+json\" class=\"yoast-schema-graph\">{\"@context\":\"https:\/\/schema.org\",\"@graph\":[{\"@type\":\"WebPage\",\"@id\":\"http:\/\/bruno-ferignac-photographe.fr\/accueil\/portfolio\/animalier\/\",\"url\":\"http:\/\/bruno-ferignac-photographe.fr\/accueil\/portfolio\/animalier\/\",\"name\":\"Animalier - L&#039; atelier pho&#039;thau\",\"isPartOf\":{\"@id\":\"http:\/\/bruno-ferignac-photographe.fr\/accueil\/#website\"},\"primaryImageOfPage\":{\"@id\":\"http:\/\/bruno-ferignac-photographe.fr\/accueil\/portfolio\/animalier\/#primaryimage\"},\"image\":{\"@id\":\"http:\/\/bruno-ferignac-photographe.fr\/accueil\/portfolio\/animalier\/#primaryimage\"},\"thumbnailUrl\":\"http:\/\/bruno-ferignac-photographe.fr\/accueil\/wp-content\/uploads\/2017\/07\/flamand-bandeau.jpg\",\"datePublished\":\"2015-08-22T15:13:23+00:00\",\"dateModified\":\"2017-07-27T19:46:20+00:00\",\"description\":\"quelques images d'animaux prisent en pleine nature\",\"breadcrumb\":{\"@id\":\"http:\/\/bruno-ferignac-photographe.fr\/accueil\/portfolio\/animalier\/#breadcrumb\"},\"inLanguage\":\"fr-FR\",\"potentialAction\":[{\"@type\":\"ReadAction\",\"target\":[\"http:\/\/bruno-ferignac-photographe.fr\/accueil\/portfolio\/animalier\/\"]}]},{\"@type\":\"ImageObject\",\"inLanguage\":\"fr-FR\",\"@id\":\"http:\/\/bruno-ferignac-photographe.fr\/accueil\/portfolio\/animalier\/#primaryimage\",\"url\":\"http:\/\/bruno-ferignac-photographe.fr\/accueil\/wp-content\/uploads\/2017\/07\/flamand-bandeau.jpg\",\"contentUrl\":\"http:\/\/bruno-ferignac-photographe.fr\/accueil\/wp-content\/uploads\/2017\/07\/flamand-bandeau.jpg\",\"width\":1200,\"height\":300},{\"@type\":\"BreadcrumbList\",\"@id\":\"http:\/\/bruno-ferignac-photographe.fr\/accueil\/portfolio\/animalier\/#breadcrumb\",\"itemListElement\":[{\"@type\":\"ListItem\",\"position\":1,\"name\":\"Accueil\",\"item\":\"http:\/\/bruno-ferignac-photographe.fr\/accueil\/\"},{\"@type\":\"ListItem\",\"position\":2,\"name\":\"Portfolio\",\"item\":\"http:\/\/bruno-ferignac-photographe.fr\/accueil\/portfolio\/\"},{\"@type\":\"ListItem\",\"position\":3,\"name\":\"Animalier\"}]},{\"@type\":\"WebSite\",\"@id\":\"http:\/\/bruno-ferignac-photographe.fr\/accueil\/#website\",\"url\":\"http:\/\/bruno-ferignac-photographe.fr\/accueil\/\",\"name\":\"L&#039; atelier pho&#039;thau\",\"description\":\"Un photographe pour vous !\",\"potentialAction\":[{\"@type\":\"SearchAction\",\"target\":{\"@type\":\"EntryPoint\",\"urlTemplate\":\"http:\/\/bruno-ferignac-photographe.fr\/accueil\/?s={search_term_string}\"},\"query-input\":{\"@type\":\"PropertyValueSpecification\",\"valueRequired\":true,\"valueName\":\"search_term_string\"}}],\"inLanguage\":\"fr-FR\"}]}<\/script>\n<!-- \/ Yoast SEO plugin. -->","yoast_head_json":{"title":"Animalier - L&#039; atelier pho&#039;thau","description":"quelques images d'animaux prisent en pleine nature","robots":{"index":"index","follow":"follow","max-snippet":"max-snippet:-1","max-image-preview":"max-image-preview:large","max-video-preview":"max-video-preview:-1"},"canonical":"http:\/\/bruno-ferignac-photographe.fr\/accueil\/portfolio\/animalier\/","twitter_card":"summary_large_image","twitter_title":"Animalier - L&#039; atelier pho&#039;thau","twitter_description":"quelques images d'animaux prisent en pleine nature","twitter_image":"http:\/\/bruno-ferignac-photographe.fr\/accueil\/wp-content\/uploads\/2017\/07\/flamand-bandeau.jpg","schema":{"@context":"https:\/\/schema.org","@graph":[{"@type":"WebPage","@id":"http:\/\/bruno-ferignac-photographe.fr\/accueil\/portfolio\/animalier\/","url":"http:\/\/bruno-ferignac-photographe.fr\/accueil\/portfolio\/animalier\/","name":"Animalier - L&#039; atelier pho&#039;thau","isPartOf":{"@id":"http:\/\/bruno-ferignac-photographe.fr\/accueil\/#website"},"primaryImageOfPage":{"@id":"http:\/\/bruno-ferignac-photographe.fr\/accueil\/portfolio\/animalier\/#primaryimage"},"image":{"@id":"http:\/\/bruno-ferignac-photographe.fr\/accueil\/portfolio\/animalier\/#primaryimage"},"thumbnailUrl":"http:\/\/bruno-ferignac-photographe.fr\/accueil\/wp-content\/uploads\/2017\/07\/flamand-bandeau.jpg","datePublished":"2015-08-22T15:13:23+00:00","dateModified":"2017-07-27T19:46:20+00:00","description":"quelques images d'animaux prisent en pleine nature","breadcrumb":{"@id":"http:\/\/bruno-ferignac-photographe.fr\/accueil\/portfolio\/animalier\/#breadcrumb"},"inLanguage":"fr-FR","potentialAction":[{"@type":"ReadAction","target":["http:\/\/bruno-ferignac-photographe.fr\/accueil\/portfolio\/animalier\/"]}]},{"@type":"ImageObject","inLanguage":"fr-FR","@id":"http:\/\/bruno-ferignac-photographe.fr\/accueil\/portfolio\/animalier\/#primaryimage","url":"http:\/\/bruno-ferignac-photographe.fr\/accueil\/wp-content\/uploads\/2017\/07\/flamand-bandeau.jpg","contentUrl":"http:\/\/bruno-ferignac-photographe.fr\/accueil\/wp-content\/uploads\/2017\/07\/flamand-bandeau.jpg","width":1200,"height":300},{"@type":"BreadcrumbList","@id":"http:\/\/bruno-ferignac-photographe.fr\/accueil\/portfolio\/animalier\/#breadcrumb","itemListElement":[{"@type":"ListItem","position":1,"name":"Accueil","item":"http:\/\/bruno-ferignac-photographe.fr\/accueil\/"},{"@type":"ListItem","position":2,"name":"Portfolio","item":"http:\/\/bruno-ferignac-photographe.fr\/accueil\/portfolio\/"},{"@type":"ListItem","position":3,"name":"Animalier"}]},{"@type":"WebSite","@id":"http:\/\/bruno-ferignac-photographe.fr\/accueil\/#website","url":"http:\/\/bruno-ferignac-photographe.fr\/accueil\/","name":"L&#039; atelier pho&#039;thau","description":"Un photographe pour vous !","potentialAction":[{"@type":"SearchAction","target":{"@type":"EntryPoint","urlTemplate":"http:\/\/bruno-ferignac-photographe.fr\/accueil\/?s={search_term_string}"},"query-input":{"@type":"PropertyValueSpecification","valueRequired":true,"valueName":"search_term_string"}}],"inLanguage":"fr-FR"}]}},"_links":{"self":[{"href":"http:\/\/bruno-ferignac-photographe.fr\/accueil\/wp-json\/wp\/v2\/pages\/669","targetHints":{"allow":["GET"]}}],"collection":[{"href":"http:\/\/bruno-ferignac-photographe.fr\/accueil\/wp-json\/wp\/v2\/pages"}],"about":[{"href":"http:\/\/bruno-ferignac-photographe.fr\/accueil\/wp-json\/wp\/v2\/types\/page"}],"author":[{"embeddable":true,"href":"http:\/\/bruno-ferignac-photographe.fr\/accueil\/wp-json\/wp\/v2\/users\/1"}],"replies":[{"embeddable":true,"href":"http:\/\/bruno-ferignac-photographe.fr\/accueil\/wp-json\/wp\/v2\/comments?post=669"}],"version-history":[{"count":10,"href":"http:\/\/bruno-ferignac-photographe.fr\/accueil\/wp-json\/wp\/v2\/pages\/669\/revisions"}],"predecessor-version":[{"id":3667,"href":"http:\/\/bruno-ferignac-photographe.fr\/accueil\/wp-json\/wp\/v2\/pages\/669\/revisions\/3667"}],"up":[{"embeddable":true,"href":"http:\/\/bruno-ferignac-photographe.fr\/accueil\/wp-json\/wp\/v2\/pages\/2861"}],"wp:featuredmedia":[{"embeddable":true,"href":"http:\/\/bruno-ferignac-photographe.fr\/accueil\/wp-json\/wp\/v2\/media\/3066"}],"wp:attachment":[{"href":"http:\/\/bruno-ferignac-photographe.fr\/accueil\/wp-json\/wp\/v2\/media?parent=669"}],"curies":[{"name":"wp","href":"https:\/\/api.w.org\/{rel}","templated":true}]}}