{"id":2378,"date":"2016-10-12T23:05:10","date_gmt":"2016-10-12T21:05:10","guid":{"rendered":"http:\/\/bruno-ferignac-photographe.fr\/accueil\/?page_id=2378"},"modified":"2020-11-07T09:43:19","modified_gmt":"2020-11-07T08:43:19","slug":"stage","status":"publish","type":"page","link":"https:\/\/bruno-ferignac-photographe.fr\/accueil\/prestations\/stage\/","title":{"rendered":"Stage photo"},"content":{"rendered":"<div id=\"pl-2378\"  class=\"panel-layout\" ><div id=\"pg-2378-0\"  class=\"panel-grid panel-no-style\" ><div id=\"pgc-2378-0-0\"  class=\"panel-grid-cell\" ><div id=\"panel-2378-0-0-0\" class=\"so-panel widget widget_black-studio-tinymce widget_black_studio_tinymce panel-first-child\" data-index=\"0\" ><div class=\"textwidget\"><h2 style=\"text-align: center;\"><span class=\"accueil-titre\">Les Ateliers Photos<\/span><\/h2>\n<p style=\"text-align: left;\"><span class=\"corps\">Les stages sont con\u00e7us pour partager et \u00e9changer autour de la photo en profitant de ce cadre exceptionnel qu'offre l'Occitanie.<\/span><\/p>\n<p style=\"text-align: left;\"><span class=\"corps\">Je m'adapte \u00e0 votre demande, votre niveau et \u00e0 vos envies en vous proposant un choix d'activit\u00e9s allant de la balade de d\u00e9couverte \u00e0 la longue s\u00e9ance d'aff\u00fbt en passant par le studio.<\/span><\/p>\n<\/div><\/div><div id=\"panel-2378-0-0-1\" class=\"so-panel widget widget_rev-slider-widget widget_revslider\" data-index=\"1\" >\n\t\t\t<!-- START STAGE Carrousel REVOLUTION SLIDER 6.6.15 --><p class=\"rs-p-wp-fix\"><\/p>\n\t\t\t<rs-module-wrap id=\"rev_slider_29_1_wrapper\" data-source=\"gallery\" style=\"visibility:hidden;background:rgba(17,17,17,0);padding:0;margin:0px auto;margin-top:0;margin-bottom:0;\">\n\t\t\t\t<rs-module id=\"rev_slider_29_1\" style=\"\" data-version=\"6.6.15\">\n\t\t\t\t\t<rs-slides style=\"overflow: hidden; position: absolute;\">\n\t\t\t\t\t\t<rs-slide style=\"position: absolute;\" data-key=\"rs-235\" data-title=\"Gu\u00eapiers\" data-thumb=\"\/\/bruno-ferignac-photographe.fr\/accueil\/wp-content\/uploads\/2020\/06\/Stage-guepier-scaled-100x50.jpg\" data-link=\"https:\/\/bruno-ferignac-photographe.fr\/accueil\/prestations\/stage\/guepier-deurope\/\" data-tag=\"l\" data-target=\"_self\" data-seoz=\"front\" data-duration=\"4500\" data-anim=\"ms:300;r:0;\" data-in=\"o:0;\" data-out=\"a:false;\">\n\t\t\t\t\t\t\t<img decoding=\"async\" src=\"\/\/bruno-ferignac-photographe.fr\/accueil\/wp-content\/plugins\/revslider\/public\/assets\/assets\/dummy.png\" alt=\"\" title=\"Stage guepier\" width=\"2560\" height=\"1440\" class=\"rev-slidebg tp-rs-img rs-lazyload\" data-lazyload=\"\/\/bruno-ferignac-photographe.fr\/accueil\/wp-content\/uploads\/2020\/06\/Stage-guepier-scaled.jpg\" data-bg=\"f:contain;\" data-no-retina>\n<!--\n\t\t\t\t\t\t\t--><rs-layer\n\t\t\t\t\t\t\t\tid=\"slider-29-slide-235-layer-6\" \n\t\t\t\t\t\t\t\tdata-type=\"text\"\n\t\t\t\t\t\t\t\tdata-color=\"#ffcc00\"\n\t\t\t\t\t\t\t\tdata-rsp_ch=\"on\"\n\t\t\t\t\t\t\t\tdata-xy=\"xo:584px,292px,292px,292px;yo:392px,196px,196px,196px;\"\n\t\t\t\t\t\t\t\tdata-text=\"w:normal;s:50,25,25,25;l:130,65,65,65;fw:300;\"\n\t\t\t\t\t\t\t\tdata-dim=\"w:590px,295px,295px,295px;\"\n\t\t\t\t\t\t\t\tdata-frame_1=\"st:220;sp:1530;sR:220;\"\n\t\t\t\t\t\t\t\tdata-frame_999=\"o:0;st:w;sR:2750;\"\n\t\t\t\t\t\t\t\tstyle=\"z-index:8;font-family:'Roboto';\"\n\t\t\t\t\t\t\t> <i class=\"fa-calendar\"><\/I>   de mi-Mai \u00e0 fin Juillet \n\t\t\t\t\t\t\t<\/rs-layer><!--\n-->\t\t\t\t\t\t<\/rs-slide>\n\t\t\t\t\t\t<rs-slide style=\"position: absolute;\" data-key=\"rs-240\" data-title=\"Reflex\" data-thumb=\"\/\/bruno-ferignac-photographe.fr\/accueil\/wp-content\/uploads\/2020\/06\/Stage-reflex-copie-scaled-100x50.jpg\" data-link=\"https:\/\/bruno-ferignac-photographe.fr\/accueil\/prestations\/stage\/prise-main-de-reflex\/\" data-tag=\"l\" data-target=\"_self\" data-seoz=\"front\" data-duration=\"4500\" data-anim=\"ms:300;r:0;\" data-in=\"o:0;\" data-out=\"a:false;\">\n\t\t\t\t\t\t\t<img decoding=\"async\" src=\"\/\/bruno-ferignac-photographe.fr\/accueil\/wp-content\/plugins\/revslider\/public\/assets\/assets\/dummy.png\" alt=\"\" title=\"Stage reflex copie\" width=\"2560\" height=\"1440\" class=\"rev-slidebg tp-rs-img rs-lazyload\" data-lazyload=\"\/\/bruno-ferignac-photographe.fr\/accueil\/wp-content\/uploads\/2020\/06\/Stage-reflex-copie-scaled.jpg\" data-bg=\"f:contain;\" data-no-retina>\n<!---->\t\t\t\t\t\t<\/rs-slide>\n\t\t\t\t\t\t<rs-slide style=\"position: absolute;\" data-key=\"rs-237\" data-title=\"Paysage Thau\" data-thumb=\"\/\/bruno-ferignac-photographe.fr\/accueil\/wp-content\/uploads\/2020\/06\/Stage-thau-copie-scaled-100x50.jpg\" data-link=\"https:\/\/bruno-ferignac-photographe.fr\/accueil\/prestations\/stage\/lumiere-de-thau\/\" data-tag=\"l\" data-target=\"_self\" data-seoz=\"front\" data-duration=\"4500\" data-anim=\"ms:300;r:0;\" data-in=\"o:0;\" data-out=\"a:false;\">\n\t\t\t\t\t\t\t<img decoding=\"async\" src=\"\/\/bruno-ferignac-photographe.fr\/accueil\/wp-content\/plugins\/revslider\/public\/assets\/assets\/dummy.png\" alt=\"\" title=\"Stage thau copie\" width=\"2560\" height=\"1440\" class=\"rev-slidebg tp-rs-img rs-lazyload\" data-lazyload=\"\/\/bruno-ferignac-photographe.fr\/accueil\/wp-content\/uploads\/2020\/06\/Stage-thau-copie-scaled.jpg\" data-bg=\"f:contain;\" data-no-retina>\n<!---->\t\t\t\t\t\t<\/rs-slide>\n\t\t\t\t\t\t<rs-slide style=\"position: absolute;\" data-key=\"rs-259\" data-title=\"Martin p\u00eacheur\" data-thumb=\"\/\/bruno-ferignac-photographe.fr\/accueil\/wp-content\/uploads\/2020\/06\/Stage-martin-p\u00eacheur-copie-1-scaled-100x50.jpg\" data-link=\"https:\/\/bruno-ferignac-photographe.fr\/accueil\/prestations\/stage\/martin-pecheur\/\" data-tag=\"l\" data-target=\"_self\" data-seoz=\"front\" data-duration=\"4500\" data-anim=\"ms:300;\" data-in=\"o:0;\" data-out=\"a:false;\">\n\t\t\t\t\t\t\t<img decoding=\"async\" src=\"\/\/bruno-ferignac-photographe.fr\/accueil\/wp-content\/plugins\/revslider\/public\/assets\/assets\/dummy.png\" alt=\"\" title=\"Stage martin p\u00eacheur copie\" width=\"2560\" height=\"1440\" class=\"rev-slidebg tp-rs-img rs-lazyload\" data-lazyload=\"\/\/bruno-ferignac-photographe.fr\/accueil\/wp-content\/uploads\/2020\/06\/Stage-martin-p\u00eacheur-copie-1-scaled.jpg\" data-bg=\"f:contain;\" data-no-retina>\n<!---->\t\t\t\t\t\t<\/rs-slide>\n\t\t\t\t\t\t<rs-slide style=\"position: absolute;\" data-key=\"rs-260\" data-title=\"Pose longue\" data-thumb=\"\/\/bruno-ferignac-photographe.fr\/accueil\/wp-content\/uploads\/2020\/07\/stage-pose-longue-copie-scaled-100x50.jpg\" data-link=\"https:\/\/bruno-ferignac-photographe.fr\/accueil\/prestations\/stage\/la-pose-longue\/\" data-tag=\"l\" data-target=\"_self\" data-seoz=\"front\" data-duration=\"4500\" data-anim=\"ms:300;r:0;\" data-in=\"o:0;\" data-out=\"a:false;\">\n\t\t\t\t\t\t\t<img decoding=\"async\" src=\"\/\/bruno-ferignac-photographe.fr\/accueil\/wp-content\/plugins\/revslider\/public\/assets\/assets\/dummy.png\" alt=\"\" title=\"stage pose longue copie\" width=\"2560\" height=\"1440\" class=\"rev-slidebg tp-rs-img rs-lazyload\" data-lazyload=\"\/\/bruno-ferignac-photographe.fr\/accueil\/wp-content\/uploads\/2020\/07\/stage-pose-longue-copie-scaled.jpg\" data-bg=\"f:contain;\" data-no-retina>\n<!---->\t\t\t\t\t\t<\/rs-slide>\n\t\t\t\t\t\t<rs-slide style=\"position: absolute;\" data-key=\"rs-236\" data-title=\"Vautours\" data-thumb=\"\/\/bruno-ferignac-photographe.fr\/accueil\/wp-content\/uploads\/2020\/06\/Stage-Vautour-copie-scaled-100x50.jpg\" data-link=\"\/\/bruno-ferignac-photographe.fr\/accueil\/prestations\/stage\/Vautour\/\" data-tag=\"l\" data-target=\"_self\" data-seoz=\"front\" data-duration=\"4500\" data-anim=\"ms:300;r:0;\" data-in=\"o:0;\" data-out=\"a:false;\">\n\t\t\t\t\t\t\t<img decoding=\"async\" src=\"\/\/bruno-ferignac-photographe.fr\/accueil\/wp-content\/plugins\/revslider\/public\/assets\/assets\/dummy.png\" alt=\"\" title=\"Stage Vautour copie\" width=\"2560\" height=\"1440\" class=\"rev-slidebg tp-rs-img rs-lazyload\" data-lazyload=\"\/\/bruno-ferignac-photographe.fr\/accueil\/wp-content\/uploads\/2020\/06\/Stage-Vautour-copie-scaled.jpg\" data-bg=\"f:contain;\" data-no-retina>\n<!---->\t\t\t\t\t\t<\/rs-slide>\n\t\t\t\t\t\t<rs-slide style=\"position: absolute;\" data-key=\"rs-238\" data-title=\"Lightroom\" data-thumb=\"\/\/bruno-ferignac-photographe.fr\/accueil\/wp-content\/uploads\/2020\/06\/Stage-lightroom-copie-scaled-100x50.jpg\" data-link=\"https:\/\/bruno-ferignac-photographe.fr\/accueil\/prestations\/stage\/stage-lightroom\/\" data-tag=\"l\" data-target=\"_self\" data-seoz=\"front\" data-duration=\"4500\" data-anim=\"ms:300;r:0;\" data-in=\"o:0;\" data-out=\"a:false;\">\n\t\t\t\t\t\t\t<img decoding=\"async\" src=\"\/\/bruno-ferignac-photographe.fr\/accueil\/wp-content\/plugins\/revslider\/public\/assets\/assets\/dummy.png\" alt=\"\" title=\"Stage lightroom copie\" width=\"2560\" height=\"1440\" class=\"rev-slidebg tp-rs-img rs-lazyload\" data-lazyload=\"\/\/bruno-ferignac-photographe.fr\/accueil\/wp-content\/uploads\/2020\/06\/Stage-lightroom-copie-scaled.jpg\" data-bg=\"f:contain;\" data-no-retina>\n<!---->\t\t\t\t\t\t<\/rs-slide>\n\t\t\t\t\t\t<rs-slide style=\"position: absolute;\" data-key=\"rs-258\" data-title=\"Mammif\u00e8res\" data-thumb=\"\/\/bruno-ferignac-photographe.fr\/accueil\/wp-content\/uploads\/2020\/06\/Stage-mammiferes-copie-scaled-100x50.jpg\" data-link=\"https:\/\/bruno-ferignac-photographe.fr\/accueil\/en-construction\" data-tag=\"l\" data-target=\"_self\" data-seoz=\"front\" data-duration=\"4500\" data-anim=\"ms:300;\" data-in=\"o:0;\" data-out=\"a:false;\">\n\t\t\t\t\t\t\t<img decoding=\"async\" src=\"\/\/bruno-ferignac-photographe.fr\/accueil\/wp-content\/plugins\/revslider\/public\/assets\/assets\/dummy.png\" alt=\"\" title=\"Stage mammiferes copie\" width=\"2560\" height=\"1440\" class=\"rev-slidebg tp-rs-img rs-lazyload\" data-lazyload=\"\/\/bruno-ferignac-photographe.fr\/accueil\/wp-content\/uploads\/2020\/06\/Stage-mammiferes-copie-scaled.jpg\" data-bg=\"f:contain;\" data-no-retina>\n<!---->\t\t\t\t\t\t<\/rs-slide>\n\t\t\t\t\t<\/rs-slides>\n\t\t\t\t<\/rs-module>\n\t\t\t\t<script>\n\t\t\t\t\tsetREVStartSize({c: 'rev_slider_29_1',rl:[1240,1024,768,480],el:[600,512,600,480],gw:[1200,600,600,600],gh:[600,600,600,600],type:'carousel',justify:'',layout:'fullwidth',thumbh:\"80\",mh:\"0\"});if (window.RS_MODULES!==undefined && window.RS_MODULES.modules!==undefined && window.RS_MODULES.modules[\"revslider291\"]!==undefined) {window.RS_MODULES.modules[\"revslider291\"].once = false;window.revapi29 = undefined;if (window.RS_MODULES.checkMinimal!==undefined) window.RS_MODULES.checkMinimal()}\n\t\t\t\t<\/script>\n\t\t\t<\/rs-module-wrap>\n\t\t\t<!-- END REVOLUTION SLIDER -->\n<\/div><div id=\"panel-2378-0-0-2\" class=\"so-panel widget widget_black-studio-tinymce widget_black_studio_tinymce\" data-index=\"2\" ><div class=\"textwidget\"><p style=\"text-align: left; padding-left: 30px;\"><span class=\"bas-de-page\">Les stages photo nature:<\/span><\/p>\n\n<ul>\n \t<li style=\"list-style-type: none;\">\n<ul>\n \t<li style=\"text-align: left; padding-left: 60px;\"><span class=\"bas-de-page\"><a href=\"https:\/\/bruno-ferignac-photographe.fr\/accueil\/prestations\/stage\/lumiere-de-thau\/\">\u00a0- Lumi\u00e8res de Thau -<\/a><a href=\"http:\/\/bruno-ferignac-photographe.fr\/accueil\/prestations\/stage\/guepier-deurope\/\">\u00a0<\/a><\/span><\/li>\n \t<li style=\"text-align: left; padding-left: 60px;\"><span class=\"bas-de-page\"><a href=\"https:\/\/bruno-ferignac-photographe.fr\/accueil\/prestations\/stage\/guepier-deurope\/\">\u00a0- A l'aff\u00fbt des Gu\u00eapier d'Europe -<\/a><\/span><\/li>\n \t<li style=\"text-align: left; padding-left: 60px;\"><span class=\"bas-de-page\"><a href=\"https:\/\/bruno-ferignac-photographe.fr\/accueil\/prestations\/stage\/Vautour\/\">\u00a0- A la rencontre des Vautours -<\/a><\/span><\/li>\n        <li style=\"text-align: left; padding-left: 60px;\"><span class=\"bas-de-page\"><a href=\"http:\/\/bruno-ferignac-photographe.fr\/accueil\/prestations\/stage\/martin-pecheur\/\">\u00a0- A la rencontre des Martins P\u00eacheurs -<\/a><\/span><\/li>\n\t<li style=\"text-align: left; padding-left: 60px;\"><span class=\"bas-de-page\"><a href=\"https:\/\/bruno-ferignac-photographe.fr\/accueil\/prestations\/stage\/stage-photo-nature\/\">\u00a0-La vie des \u00e9tangs s'initier \u00e0 la photo nature et animali\u00e8re-<\/a><\/span><\/li>\n<\/ul>\n<\/li>\n<\/ul>\n&nbsp;\n<p style=\"text-align: left; padding-left: 30px;\"><span class=\"bas-de-page\">Les stages techniques:<\/span><\/p>\n\n<ul>\n \t<li style=\"list-style-type: none;\">\n<ul>\n \t<li style=\"text-align: left; padding-left: 60px;\"><span class=\"bas-de-page\"><a href=\"https:\/\/bruno-ferignac-photographe.fr\/accueil\/prestations\/stage\/prise-main-de-reflex\/\/\">\u00a0- Prenez en main votre reflex -<\/a><\/span><\/li>\n        <li style=\"text-align: left; padding-left: 60px;\"><span class=\"bas-de-page\"><a href=\"https:\/\/bruno-ferignac-photographe.fr\/accueil\/prestations\/stage\/la-pose-longue\/\">\u00a0- La pose longue -<\/a><\/span><\/li>\n \t<li style=\"text-align: left; padding-left: 60px;\"><span class=\"bas-de-page\"><a href=\"https:\/\/bruno-ferignac-photographe.fr\/accueil\/prestations\/stage\/stage-lightroom\/\">\u00a0- Maitriser Lightroom et comprendre photoshop -<\/a><\/span><\/li>\n<\/ul>\n<\/li>\n<\/ul>\n&nbsp;\n<p style=\"text-align: left; padding-left: 30px;\"><span class=\"bas-de-page\">Les stages en pr\u00e9paration:<\/span><\/p>\n\n<ul>\n \t<li style=\"list-style-type: none;\">\n<ul>\n \t<li style=\"text-align: left; padding-left: 60px;\"><span class=\"bas-de-page\"><a href=\"https:\/\/bruno-ferignac-photographe.fr\/accueil\/prestations\/stage\/martin-pecheur\/\">\u00a0- Martin p\u00eacheur -<\/a><\/span><\/li>\n \t<li style=\"text-align: left; padding-left: 60px;\"><span class=\"bas-de-page\"><a href=\"https:\/\/bruno-ferignac-photographe.fr\/accueil\/en-construction\/\">\u00a0- Les mammif\u00e8res qui nous entourent -<\/a><\/span><\/li>\n<\/ul>\n<p style=\"text-align: center;\"><span class=\"bas-de-page\">D\u2019autres stages sont en pr\u00e9paration. Pour ne rien rater suivez l\u2019atelier sur <a href=\"https:\/\/www.facebook.com\/latelierphothau\/\">>> Facebook<<<\/a><\/span><\/p>\n<p style=\"text-align: center;\"><span class=\"bas-de-page\">D\u00e9couvrez <a href=\"http:\/\/bruno-ferignac-photographe.fr\/accueil\/#portfolio\">mon portfolio<\/a> et <a href=\"http:\/\/bruno-ferignac-photographe.fr\/accueil\/#contact\">contactez moi<\/a><\/span><\/p>\n&nbsp;\n<p style=\"text-align: center;\"><span class=\"bas-de-page\">Revenir \u00e0 <a href=\"https:\/\/bruno-ferignac-photographe.fr\/accueil\/\">l'accueil<\/a><\/span><\/p>\n<p style=\"text-align: right; padding-right: 100px;\"><span class=\"bas-de-page\">Une question--&gt; <a href=\"https:\/\/bruno-ferignac-photographe.fr\/accueil\/contact\">contactez moi !<\/a><\/span><\/p><\/div><\/div><div id=\"panel-2378-0-0-3\" class=\"so-panel widget widget_media_image panel-last-child\" data-index=\"3\" ><h3 class=\"widget-title\">Bon cadeau possible pour tous les stages \ud83d\ude09<\/h3><img loading=\"lazy\" decoding=\"async\" width=\"1024\" height=\"488\" src=\"https:\/\/bruno-ferignac-photographe.fr\/accueil\/wp-content\/uploads\/2020\/06\/bon-cadeau-1024x488.jpg\" class=\"image wp-image-8355  attachment-large size-large\" alt=\"\" style=\"max-width: 100%; height: auto;\" title=\"Bon cadeau possible\" srcset=\"https:\/\/bruno-ferignac-photographe.fr\/accueil\/wp-content\/uploads\/2020\/06\/bon-cadeau-1024x488.jpg 1024w, https:\/\/bruno-ferignac-photographe.fr\/accueil\/wp-content\/uploads\/2020\/06\/bon-cadeau-600x286.jpg 600w, https:\/\/bruno-ferignac-photographe.fr\/accueil\/wp-content\/uploads\/2020\/06\/bon-cadeau-1536x731.jpg 1536w, https:\/\/bruno-ferignac-photographe.fr\/accueil\/wp-content\/uploads\/2020\/06\/bon-cadeau-2048x975.jpg 2048w\" sizes=\"auto, (max-width: 1024px) 100vw, 1024px\" \/><\/div><\/div><\/div><\/div>","protected":false},"excerpt":{"rendered":"<p>Les Ateliers Photos Les stages sont con\u00e7us pour partager et \u00e9changer autour de la photo en&hellip;<\/p>\n","protected":false},"author":1,"featured_media":0,"parent":463,"menu_order":0,"comment_status":"closed","ping_status":"closed","template":"","meta":{"footnotes":""},"class_list":["post-2378","page","type-page","status-publish","hentry"],"yoast_head":"<!-- This site is optimized with the Yoast SEO plugin v27.2 - https:\/\/yoast.com\/product\/yoast-seo-wordpress\/ -->\n<title>Stage photo \u00e0 l&#039;Atelier Pho&#039;Thau- Nature - Animalier - Paysage - Technique<\/title>\n<meta name=\"description\" content=\"Stage photo - Pour tous avec diff\u00e9rents th\u00e8mes et sujets afin de partager et d&#039;\u00e9changer autour de la photo en d\u00e9couvrant le Bassin de Thau et l&#039;H\u00e9rault.\" \/>\n<meta name=\"robots\" content=\"index, follow, max-snippet:-1, max-image-preview:large, max-video-preview:-1\" \/>\n<link rel=\"canonical\" href=\"https:\/\/bruno-ferignac-photographe.fr\/accueil\/prestations\/stage\/\" \/>\n<meta name=\"twitter:card\" content=\"summary_large_image\" \/>\n<meta name=\"twitter:title\" content=\"Stage photo \u00e0 l&#039;Atelier Pho&#039;Thau- Nature - Animalier - Paysage - Technique\" \/>\n<meta name=\"twitter:description\" content=\"Stage photo - Pour tous avec diff\u00e9rents th\u00e8mes et sujets afin de partager et d&#039;\u00e9changer autour de la photo en d\u00e9couvrant le Bassin de Thau et l&#039;H\u00e9rault.\" \/>\n<meta name=\"twitter:label1\" content=\"Dur\u00e9e de lecture estim\u00e9e\" \/>\n\t<meta name=\"twitter:data1\" content=\"1 minute\" \/>\n<script type=\"application\/ld+json\" class=\"yoast-schema-graph\">{\"@context\":\"https:\/\/schema.org\",\"@graph\":[{\"@type\":\"WebPage\",\"@id\":\"https:\/\/bruno-ferignac-photographe.fr\/accueil\/prestations\/stage\/\",\"url\":\"https:\/\/bruno-ferignac-photographe.fr\/accueil\/prestations\/stage\/\",\"name\":\"Stage photo \u00e0 l'Atelier Pho'Thau- Nature - Animalier - Paysage - Technique\",\"isPartOf\":{\"@id\":\"https:\/\/bruno-ferignac-photographe.fr\/accueil\/#website\"},\"datePublished\":\"2016-10-12T21:05:10+00:00\",\"dateModified\":\"2020-11-07T08:43:19+00:00\",\"description\":\"Stage photo - Pour tous avec diff\u00e9rents th\u00e8mes et sujets afin de partager et d'\u00e9changer autour de la photo en d\u00e9couvrant le Bassin de Thau et l'H\u00e9rault.\",\"breadcrumb\":{\"@id\":\"https:\/\/bruno-ferignac-photographe.fr\/accueil\/prestations\/stage\/#breadcrumb\"},\"inLanguage\":\"fr-FR\",\"potentialAction\":[{\"@type\":\"ReadAction\",\"target\":[\"https:\/\/bruno-ferignac-photographe.fr\/accueil\/prestations\/stage\/\"]}]},{\"@type\":\"BreadcrumbList\",\"@id\":\"https:\/\/bruno-ferignac-photographe.fr\/accueil\/prestations\/stage\/#breadcrumb\",\"itemListElement\":[{\"@type\":\"ListItem\",\"position\":1,\"name\":\"Accueil\",\"item\":\"https:\/\/bruno-ferignac-photographe.fr\/accueil\/\"},{\"@type\":\"ListItem\",\"position\":2,\"name\":\"Prestations\",\"item\":\"https:\/\/bruno-ferignac-photographe.fr\/accueil\/prestations\/\"},{\"@type\":\"ListItem\",\"position\":3,\"name\":\"Stage photo\"}]},{\"@type\":\"WebSite\",\"@id\":\"https:\/\/bruno-ferignac-photographe.fr\/accueil\/#website\",\"url\":\"https:\/\/bruno-ferignac-photographe.fr\/accueil\/\",\"name\":\"L&#039; atelier pho&#039;thau\",\"description\":\"Un photographe pour vous !\",\"potentialAction\":[{\"@type\":\"SearchAction\",\"target\":{\"@type\":\"EntryPoint\",\"urlTemplate\":\"https:\/\/bruno-ferignac-photographe.fr\/accueil\/?s={search_term_string}\"},\"query-input\":{\"@type\":\"PropertyValueSpecification\",\"valueRequired\":true,\"valueName\":\"search_term_string\"}}],\"inLanguage\":\"fr-FR\"}]}<\/script>\n<!-- \/ Yoast SEO plugin. -->","yoast_head_json":{"title":"Stage photo \u00e0 l'Atelier Pho'Thau- Nature - Animalier - Paysage - Technique","description":"Stage photo - Pour tous avec diff\u00e9rents th\u00e8mes et sujets afin de partager et d'\u00e9changer autour de la photo en d\u00e9couvrant le Bassin de Thau et l'H\u00e9rault.","robots":{"index":"index","follow":"follow","max-snippet":"max-snippet:-1","max-image-preview":"max-image-preview:large","max-video-preview":"max-video-preview:-1"},"canonical":"https:\/\/bruno-ferignac-photographe.fr\/accueil\/prestations\/stage\/","twitter_card":"summary_large_image","twitter_title":"Stage photo \u00e0 l'Atelier Pho'Thau- Nature - Animalier - Paysage - Technique","twitter_description":"Stage photo - Pour tous avec diff\u00e9rents th\u00e8mes et sujets afin de partager et d'\u00e9changer autour de la photo en d\u00e9couvrant le Bassin de Thau et l'H\u00e9rault.","twitter_misc":{"Dur\u00e9e de lecture estim\u00e9e":"1 minute"},"schema":{"@context":"https:\/\/schema.org","@graph":[{"@type":"WebPage","@id":"https:\/\/bruno-ferignac-photographe.fr\/accueil\/prestations\/stage\/","url":"https:\/\/bruno-ferignac-photographe.fr\/accueil\/prestations\/stage\/","name":"Stage photo \u00e0 l'Atelier Pho'Thau- Nature - Animalier - Paysage - Technique","isPartOf":{"@id":"https:\/\/bruno-ferignac-photographe.fr\/accueil\/#website"},"datePublished":"2016-10-12T21:05:10+00:00","dateModified":"2020-11-07T08:43:19+00:00","description":"Stage photo - Pour tous avec diff\u00e9rents th\u00e8mes et sujets afin de partager et d'\u00e9changer autour de la photo en d\u00e9couvrant le Bassin de Thau et l'H\u00e9rault.","breadcrumb":{"@id":"https:\/\/bruno-ferignac-photographe.fr\/accueil\/prestations\/stage\/#breadcrumb"},"inLanguage":"fr-FR","potentialAction":[{"@type":"ReadAction","target":["https:\/\/bruno-ferignac-photographe.fr\/accueil\/prestations\/stage\/"]}]},{"@type":"BreadcrumbList","@id":"https:\/\/bruno-ferignac-photographe.fr\/accueil\/prestations\/stage\/#breadcrumb","itemListElement":[{"@type":"ListItem","position":1,"name":"Accueil","item":"https:\/\/bruno-ferignac-photographe.fr\/accueil\/"},{"@type":"ListItem","position":2,"name":"Prestations","item":"https:\/\/bruno-ferignac-photographe.fr\/accueil\/prestations\/"},{"@type":"ListItem","position":3,"name":"Stage photo"}]},{"@type":"WebSite","@id":"https:\/\/bruno-ferignac-photographe.fr\/accueil\/#website","url":"https:\/\/bruno-ferignac-photographe.fr\/accueil\/","name":"L&#039; atelier pho&#039;thau","description":"Un photographe pour vous !","potentialAction":[{"@type":"SearchAction","target":{"@type":"EntryPoint","urlTemplate":"https:\/\/bruno-ferignac-photographe.fr\/accueil\/?s={search_term_string}"},"query-input":{"@type":"PropertyValueSpecification","valueRequired":true,"valueName":"search_term_string"}}],"inLanguage":"fr-FR"}]}},"_links":{"self":[{"href":"https:\/\/bruno-ferignac-photographe.fr\/accueil\/wp-json\/wp\/v2\/pages\/2378","targetHints":{"allow":["GET"]}}],"collection":[{"href":"https:\/\/bruno-ferignac-photographe.fr\/accueil\/wp-json\/wp\/v2\/pages"}],"about":[{"href":"https:\/\/bruno-ferignac-photographe.fr\/accueil\/wp-json\/wp\/v2\/types\/page"}],"author":[{"embeddable":true,"href":"https:\/\/bruno-ferignac-photographe.fr\/accueil\/wp-json\/wp\/v2\/users\/1"}],"replies":[{"embeddable":true,"href":"https:\/\/bruno-ferignac-photographe.fr\/accueil\/wp-json\/wp\/v2\/comments?post=2378"}],"version-history":[{"count":79,"href":"https:\/\/bruno-ferignac-photographe.fr\/accueil\/wp-json\/wp\/v2\/pages\/2378\/revisions"}],"predecessor-version":[{"id":9670,"href":"https:\/\/bruno-ferignac-photographe.fr\/accueil\/wp-json\/wp\/v2\/pages\/2378\/revisions\/9670"}],"up":[{"embeddable":true,"href":"https:\/\/bruno-ferignac-photographe.fr\/accueil\/wp-json\/wp\/v2\/pages\/463"}],"wp:attachment":[{"href":"https:\/\/bruno-ferignac-photographe.fr\/accueil\/wp-json\/wp\/v2\/media?parent=2378"}],"curies":[{"name":"wp","href":"https:\/\/api.w.org\/{rel}","templated":true}]}}