{"id":2721,"date":"2017-06-09T23:13:39","date_gmt":"2017-06-09T21:13:39","guid":{"rendered":"http:\/\/bruno-ferignac-photographe.fr\/accueil\/?page_id=2721"},"modified":"2021-08-15T09:21:34","modified_gmt":"2021-08-15T07:21:34","slug":"guepier-deurope","status":"publish","type":"page","link":"https:\/\/bruno-ferignac-photographe.fr\/accueil\/prestations\/stage\/guepier-deurope\/","title":{"rendered":"Gu\u00eapier d&rsquo; Europe &#8211; Stage photo animali\u00e8re"},"content":{"rendered":"<div id=\"pl-2721\"  class=\"panel-layout\" ><div id=\"pg-2721-0\"  class=\"panel-grid panel-no-style\" ><div id=\"pgc-2721-0-0\"  class=\"panel-grid-cell\" ><div id=\"panel-2721-0-0-0\" class=\"so-panel widget widget_text panel-first-child panel-last-child\" data-index=\"0\" >\t\t\t<div class=\"textwidget\"><p class=\"marge\" style=\"text-align: center;\"><strong>&#8211; Disponible de d\u00e9but Mai \u00e0 fin Juillet &#8211;\u00a0<\/strong><\/p>\n<p class=\"marge\" style=\"text-align: center;\"><strong>&#8211; 1 \u00e0 2 participants &#8211;<\/strong><\/p>\n<\/div>\n\t\t<\/div><\/div><div id=\"pgc-2721-0-1\"  class=\"panel-grid-cell panel-grid-cell-mobile-last\" ><div id=\"panel-2721-0-1-0\" class=\"so-panel widget widget_text panel-first-child panel-last-child\" data-index=\"1\" >\t\t\t<div class=\"textwidget\"><p class=\"marge\" style=\"text-align: center;\"><strong>&#8211; 185\u20ac &#8211;\u00a0<\/strong><\/p>\n<\/div>\n\t\t<\/div><\/div><div id=\"pgc-2721-0-2\"  class=\"panel-grid-cell panel-grid-cell-empty\" ><\/div><\/div><div id=\"pg-2721-1\"  class=\"panel-grid panel-no-style\" ><div id=\"pgc-2721-1-0\"  class=\"panel-grid-cell\" ><div id=\"panel-2721-1-0-0\" class=\"so-panel widget widget_text panel-first-child\" data-index=\"2\" >\t\t\t<div class=\"textwidget\"><h1 class=\"corps\" style=\"text-align: left;\">Pour ce stage d&rsquo;une journ\u00e9e (environ 7 h), nous partons sur un de mes sites favoris entre Camargue et Garrigues dans l&rsquo;Est de l&rsquo;H\u00e9rault pour r\u00e9aliser des images de Gu\u00eapiers d&rsquo;Europe.<br \/>\nArriv\u00e9s avant le lever du jour sur une colonie de gu\u00eapiers permettant une approche discr\u00e8te,\u00a0je vous donnerai des conseils pour r\u00e9ussir vos images d&rsquo;oiseaux et\u00a0je vous montrerai les techniques d&rsquo;aff\u00fbt que j&rsquo;utilise\u00a0pour \u00eatre au plus pr\u00e8s\u00a0tout en respectant au maximum les animaux et le site.<\/h1>\n<p class=\"corps\" style=\"text-align: left;\">\u00a0Le martin-p\u00eacheur qui niche \u00e0 proximit\u00e9 passe\u00a0r\u00e9guli\u00e8rement sur ce site qui est propice \u00e0 de nombreuses observations (vous trouverez quelques images en fin de galerie).<\/p>\n<p class=\"corps\" style=\"text-align: left; padding-left: 30px;\"><i> &#8211; Stage ouvert \u00e0 tous, que vous soyez d\u00e9butant avec l&rsquo;envie de d\u00e9couvrir la photo en aff\u00fbt et am\u00e9liorer vos connaissances techniques <\/i><i>ou plus confirm\u00e9 pour passer une belle journ\u00e9e sur un bon spot.<br \/>\n&#8211; Mat\u00e9riel conseill\u00e9 : reflex avec t\u00e9l\u00e9objectif et tr\u00e9pied (les images pr\u00e9sent\u00e9es ici ont \u00e9t\u00e9 r\u00e9alis\u00e9es avec un boitier full frame et un 300mm).<br \/>\n&#8211; Mat\u00e9riel d&rsquo;aff\u00fbt fourni (vous pouvez\u00a0apporter le v\u00f4tre bien entendu)<br \/>\n&#8211; Afin de respecter le site je limite le nombre de sorties, pensez \u00e0 r\u00e9server votre place. \ud83d\ude09<br \/>\n&#8211; Pour tous renseignements <a href=\" https:\/\/bruno-ferignac-photographe.fr\/accueil\/contact\/\">contactez moi<\/a><\/i><\/p>\n<p class=\"bas-de-page\" style=\"text-align: center; padding-right: 90px;\">&#8211; D\u00e9couvrez tous <a href=\"https:\/\/bruno-ferignac-photographe.fr\/accueil\/prestations\/stage\">mes stages &#8211;<\/a><\/p>\n<\/div>\n\t\t<\/div><div id=\"panel-2721-1-0-1\" class=\"so-panel widget widget_text\" data-index=\"3\" >\t\t\t<div class=\"textwidget\"><p><!-- Final Tiles Grid Gallery for WordPress v3.3.0 --><\/p>\n<style>#ftg-3333 .tile .icon { color:#ffffff; }#ftg-3333 .ftg-items .loading-bar i { background:#fff; }#ftg-3333 .ftg-items .loading-bar { background:#fff; }#ftg-3333 .tile .icon { font-size:12px; }#ftg-3333 .tile .icon { margin: -6px 0 0 -6px; }#ftg-3333 .tile .caption-block .text-wrapper span.text { font-size:12px; }#ftg-3333 .tile .caption-block .text-wrapper span.title { font-size:0px; }#ftg-3333 .tile { background-color: transparent; }#ftg-3333 .tile .caption-block .text-wrapper span.text { color: #ffffff; }#ftg-3333 .tile .caption-block .text-wrapper span.title { color: #ffffff; }#ftg-3333 .tile .ftg-social a { color: #ffffff; }#ftg-3333 .tile .caption-block { transition-timing-function:linear; }#ftg-3333 .tile .caption-block { transition-duration:0.25s; }#ftg-3333 .tile .tile-inner:before { background-color: #000000; }#ftg-3333 .tile .tile-inner:before { background-color: rgba(0, 0, 0, 0.8); }#ftg-3333 .tile.ftg-preload { transform: scaleY(1) scaleX(1) translate(0px,0px) rotateX(0deg) rotateY(0deg); }#ftg-3333 .tile.ftg-preload { transition: all ease-out 0.5s, opacity linear 0.5s; }#ftg-3333 .tile img.item { transition-duration: 0.25s; }<\/style>\n<p><a name='33'><\/a><\/p>\n<div class='final-tiles-gallery   caption-none caption-top caption-center' id='ftg-3333' style='width:100%'>\n<div class='ftg-items'>\n<div class='loading-bar'><i><\/i><\/div>\n<div  class='tile ftg-preload  '><a data-title=\"\"  rel=''  class='tile-inner  ftg-lightbox' href='http:\/\/bruno-ferignac-photographe.fr\/accueil\/wp-content\/uploads\/2016\/10\/DSC_7496-Modifier-Modifier.jpg' ><img alt='' class='item' data-class='item' data-ftg-src='http:\/\/bruno-ferignac-photographe.fr\/accueil\/wp-content\/uploads\/2016\/10\/DSC_7496-Modifier-Modifier-401x600.jpg' src='http:\/\/bruno-ferignac-photographe.fr\/accueil\/wp-content\/uploads\/2016\/10\/DSC_7496-Modifier-Modifier-401x600.jpg' width='801' height='1200' \/><\/a><\/p>\n<div class='ftg-social'><\/div>\n<\/div>\n<div  class='tile ftg-preload  '><a data-title=\"\"  rel=''  class='tile-inner  ftg-lightbox' href='http:\/\/bruno-ferignac-photographe.fr\/accueil\/wp-content\/uploads\/2017\/07\/gu\u00eapier-deurope-lumi\u00e8re-matinale-4.jpg' ><img alt='' class='item' data-class='item' data-ftg-src='http:\/\/bruno-ferignac-photographe.fr\/accueil\/wp-content\/uploads\/2017\/07\/gu\u00eapier-deurope-lumi\u00e8re-matinale-4-600x400.jpg' src='http:\/\/bruno-ferignac-photographe.fr\/accueil\/wp-content\/uploads\/2017\/07\/gu\u00eapier-deurope-lumi\u00e8re-matinale-4-600x400.jpg' width='1200' height='800' \/><\/a><\/p>\n<div class='ftg-social'><\/div>\n<\/div>\n<div  class='tile ftg-preload  '><a data-title=\"\"  rel=''  class='tile-inner  ftg-lightbox' href='http:\/\/bruno-ferignac-photographe.fr\/accueil\/wp-content\/uploads\/2017\/06\/guepier-deurope-3.jpg' ><img alt='' class='item' data-class='item' data-ftg-src='http:\/\/bruno-ferignac-photographe.fr\/accueil\/wp-content\/uploads\/2017\/06\/guepier-deurope-3-600x401.jpg' src='http:\/\/bruno-ferignac-photographe.fr\/accueil\/wp-content\/uploads\/2017\/06\/guepier-deurope-3-600x401.jpg' width='1200' height='801' \/><\/a><\/p>\n<div class='ftg-social'><\/div>\n<\/div>\n<div  class='tile ftg-preload  '><a data-title=\"\"  rel=''  class='tile-inner  ftg-lightbox' href='http:\/\/bruno-ferignac-photographe.fr\/accueil\/wp-content\/uploads\/2017\/07\/gu\u00eapier-deurope-lumi\u00e8re-matinale-3.jpg' ><img alt='' class='item' data-class='item' data-ftg-src='http:\/\/bruno-ferignac-photographe.fr\/accueil\/wp-content\/uploads\/2017\/07\/gu\u00eapier-deurope-lumi\u00e8re-matinale-3-600x400.jpg' src='http:\/\/bruno-ferignac-photographe.fr\/accueil\/wp-content\/uploads\/2017\/07\/gu\u00eapier-deurope-lumi\u00e8re-matinale-3-600x400.jpg' width='1200' height='800' \/><\/a><\/p>\n<div class='ftg-social'><\/div>\n<\/div>\n<div  class='tile ftg-preload  '><a data-title=\"\"  rel=''  class='tile-inner  ftg-lightbox' href='http:\/\/bruno-ferignac-photographe.fr\/accueil\/wp-content\/uploads\/2017\/06\/guepier-deurope-7.jpg' ><img alt='' class='item' data-class='item' data-ftg-src='http:\/\/bruno-ferignac-photographe.fr\/accueil\/wp-content\/uploads\/2017\/06\/guepier-deurope-7-600x401.jpg' src='http:\/\/bruno-ferignac-photographe.fr\/accueil\/wp-content\/uploads\/2017\/06\/guepier-deurope-7-600x401.jpg' width='1200' height='801' \/><\/a><\/p>\n<div class='ftg-social'><\/div>\n<\/div>\n<div  class='tile ftg-preload  '><a data-title=\"\"  rel=''  class='tile-inner  ftg-lightbox' href='http:\/\/bruno-ferignac-photographe.fr\/accueil\/wp-content\/uploads\/2017\/06\/DSC2862.jpg' ><img alt='' class='item' data-class='item' data-ftg-src='http:\/\/bruno-ferignac-photographe.fr\/accueil\/wp-content\/uploads\/2017\/06\/DSC2862-401x600.jpg' src='http:\/\/bruno-ferignac-photographe.fr\/accueil\/wp-content\/uploads\/2017\/06\/DSC2862-401x600.jpg' width='801' height='1200' \/><\/a><\/p>\n<div class='ftg-social'><\/div>\n<\/div>\n<div  class='tile ftg-preload  '><a data-title=\"\"  rel=''  class='tile-inner  ftg-lightbox' href='http:\/\/bruno-ferignac-photographe.fr\/accueil\/wp-content\/uploads\/2017\/07\/guepier-vol.jpg' ><img alt='' class='item' data-class='item' data-ftg-src='http:\/\/bruno-ferignac-photographe.fr\/accueil\/wp-content\/uploads\/2017\/07\/guepier-vol-600x338.jpg' src='http:\/\/bruno-ferignac-photographe.fr\/accueil\/wp-content\/uploads\/2017\/07\/guepier-vol-600x338.jpg' width='1200' height='675' \/><\/a><\/p>\n<div class='ftg-social'><\/div>\n<\/div>\n<div  class='tile ftg-preload  '><a data-title=\"\"  rel=''  class='tile-inner  ftg-lightbox' href='http:\/\/bruno-ferignac-photographe.fr\/accueil\/wp-content\/uploads\/2017\/07\/gu\u00eapier-deurope-lumi\u00e8re-matinale-5.jpg' ><img alt='' class='item' data-class='item' data-ftg-src='http:\/\/bruno-ferignac-photographe.fr\/accueil\/wp-content\/uploads\/2017\/07\/gu\u00eapier-deurope-lumi\u00e8re-matinale-5-600x338.jpg' src='http:\/\/bruno-ferignac-photographe.fr\/accueil\/wp-content\/uploads\/2017\/07\/gu\u00eapier-deurope-lumi\u00e8re-matinale-5-600x338.jpg' width='1200' height='675' \/><\/a><\/p>\n<div class='ftg-social'><\/div>\n<\/div>\n<div  class='tile ftg-preload  '><a data-title=\"\"  rel=''  class='tile-inner  ftg-lightbox' href='http:\/\/bruno-ferignac-photographe.fr\/accueil\/wp-content\/uploads\/2017\/07\/guepier-papillon.jpg' ><img alt='guepier papillon' class='item' data-class='item' data-ftg-src='http:\/\/bruno-ferignac-photographe.fr\/accueil\/wp-content\/uploads\/2017\/07\/guepier-papillon-401x600.jpg' src='http:\/\/bruno-ferignac-photographe.fr\/accueil\/wp-content\/uploads\/2017\/07\/guepier-papillon-401x600.jpg' width='801' height='1200' \/><\/a><\/p>\n<div class='ftg-social'><\/div>\n<\/div>\n<div  class='tile ftg-preload  '><a data-title=\"\"  rel=''  class='tile-inner  ftg-lightbox' href='http:\/\/bruno-ferignac-photographe.fr\/accueil\/wp-content\/uploads\/2018\/05\/09-05-6.jpg' ><img alt='' class='item' data-class='item' data-ftg-src='http:\/\/bruno-ferignac-photographe.fr\/accueil\/wp-content\/uploads\/2018\/05\/09-05-6-600x400.jpg' src='http:\/\/bruno-ferignac-photographe.fr\/accueil\/wp-content\/uploads\/2018\/05\/09-05-6-600x400.jpg' width='1200' height='800' \/><\/a><\/p>\n<div class='ftg-social'><\/div>\n<\/div>\n<div  class='tile ftg-preload  '><a data-title=\"\"  rel=''  class='tile-inner  ftg-lightbox' href='http:\/\/bruno-ferignac-photographe.fr\/accueil\/wp-content\/uploads\/2017\/07\/gu\u00eapier-deurope-lumi\u00e8re-matinale-12.jpg' ><img alt='' class='item' data-class='item' data-ftg-src='http:\/\/bruno-ferignac-photographe.fr\/accueil\/wp-content\/uploads\/2017\/07\/gu\u00eapier-deurope-lumi\u00e8re-matinale-12-600x401.jpg' src='http:\/\/bruno-ferignac-photographe.fr\/accueil\/wp-content\/uploads\/2017\/07\/gu\u00eapier-deurope-lumi\u00e8re-matinale-12-600x401.jpg' width='1200' height='801' \/><\/a><\/p>\n<div class='ftg-social'><\/div>\n<\/div>\n<div  class='tile ftg-preload  '><a data-title=\"\"  rel=''  class='tile-inner  ftg-lightbox' href='http:\/\/bruno-ferignac-photographe.fr\/accueil\/wp-content\/uploads\/2017\/06\/DSC2913.jpg' ><img alt='' class='item' data-class='item' data-ftg-src='http:\/\/bruno-ferignac-photographe.fr\/accueil\/wp-content\/uploads\/2017\/06\/DSC2913-401x600.jpg' src='http:\/\/bruno-ferignac-photographe.fr\/accueil\/wp-content\/uploads\/2017\/06\/DSC2913-401x600.jpg' width='801' height='1200' \/><\/a><\/p>\n<div class='ftg-social'><\/div>\n<\/div>\n<div  class='tile ftg-preload  '><a data-title=\"\"  rel=''  class='tile-inner  ftg-lightbox' href='http:\/\/bruno-ferignac-photographe.fr\/accueil\/wp-content\/uploads\/2017\/07\/le-guepier-et-la-gu\u00eape.jpg' ><img alt='le guepier et la gu\u00eape' class='item' data-class='item' data-ftg-src='http:\/\/bruno-ferignac-photographe.fr\/accueil\/wp-content\/uploads\/2017\/07\/le-guepier-et-la-gu\u00eape-401x600.jpg' src='http:\/\/bruno-ferignac-photographe.fr\/accueil\/wp-content\/uploads\/2017\/07\/le-guepier-et-la-gu\u00eape-401x600.jpg' width='801' height='1200' \/><\/a><\/p>\n<div class='ftg-social'><\/div>\n<\/div>\n<div  class='tile ftg-preload  '><a data-title=\"\"  rel=''  class='tile-inner  ftg-lightbox' href='http:\/\/bruno-ferignac-photographe.fr\/accueil\/wp-content\/uploads\/2017\/07\/gu\u00eapier-deurope-lumi\u00e8re-matinale-15.jpg' ><img alt='' class='item' data-class='item' data-ftg-src='http:\/\/bruno-ferignac-photographe.fr\/accueil\/wp-content\/uploads\/2017\/07\/gu\u00eapier-deurope-lumi\u00e8re-matinale-15-600x400.jpg' src='http:\/\/bruno-ferignac-photographe.fr\/accueil\/wp-content\/uploads\/2017\/07\/gu\u00eapier-deurope-lumi\u00e8re-matinale-15-600x400.jpg' width='1200' height='800' \/><\/a><\/p>\n<div class='ftg-social'><\/div>\n<\/div>\n<div  class='tile ftg-preload  '><a data-title=\"\"  rel=''  class='tile-inner  ftg-lightbox' href='http:\/\/bruno-ferignac-photographe.fr\/accueil\/wp-content\/uploads\/2017\/06\/DSC2812.jpg' ><img alt='' class='item' data-class='item' data-ftg-src='http:\/\/bruno-ferignac-photographe.fr\/accueil\/wp-content\/uploads\/2017\/06\/DSC2812-600x401.jpg' src='http:\/\/bruno-ferignac-photographe.fr\/accueil\/wp-content\/uploads\/2017\/06\/DSC2812-600x401.jpg' width='1200' height='801' \/><\/a><\/p>\n<div class='ftg-social'><\/div>\n<\/div>\n<div  class='tile ftg-preload  '><a data-title=\"\"  rel=''  class='tile-inner  ftg-lightbox' href='http:\/\/bruno-ferignac-photographe.fr\/accueil\/wp-content\/uploads\/2015\/08\/DSC_7348.jpg' ><img alt='' class='item' data-class='item' data-ftg-src='http:\/\/bruno-ferignac-photographe.fr\/accueil\/wp-content\/uploads\/2015\/08\/DSC_7348-600x401.jpg' src='http:\/\/bruno-ferignac-photographe.fr\/accueil\/wp-content\/uploads\/2015\/08\/DSC_7348-600x401.jpg' width='1024' height='684' \/><\/a><\/p>\n<div class='ftg-social'><\/div>\n<\/div>\n<div  class='tile ftg-preload  '><a data-title=\"\"  rel=''  class='tile-inner  ftg-lightbox' href='http:\/\/bruno-ferignac-photographe.fr\/accueil\/wp-content\/uploads\/2017\/07\/gu\u00eapier-deurope-lumi\u00e8re-matinale-18.jpg' ><img alt='' class='item' data-class='item' data-ftg-src='http:\/\/bruno-ferignac-photographe.fr\/accueil\/wp-content\/uploads\/2017\/07\/gu\u00eapier-deurope-lumi\u00e8re-matinale-18-600x338.jpg' src='http:\/\/bruno-ferignac-photographe.fr\/accueil\/wp-content\/uploads\/2017\/07\/gu\u00eapier-deurope-lumi\u00e8re-matinale-18-600x338.jpg' width='1200' height='675' \/><\/a><\/p>\n<div class='ftg-social'><\/div>\n<\/div>\n<div  class='tile ftg-preload  '><a data-title=\"\"  rel=''  class='tile-inner  ftg-lightbox' href='http:\/\/bruno-ferignac-photographe.fr\/accueil\/wp-content\/uploads\/2017\/06\/Gu\u00eapier-dEurope-13.jpg' ><img alt='gu\u00eapier d'europe' class='item' data-class='item' data-ftg-src='http:\/\/bruno-ferignac-photographe.fr\/accueil\/wp-content\/uploads\/2017\/06\/Gu\u00eapier-dEurope-13-600x401.jpg' src='http:\/\/bruno-ferignac-photographe.fr\/accueil\/wp-content\/uploads\/2017\/06\/Gu\u00eapier-dEurope-13-600x401.jpg' width='1200' height='801' \/><\/a><\/p>\n<div class='ftg-social'><\/div>\n<\/div>\n<div  class='tile ftg-preload  '><a data-title=\"\"  rel=''  class='tile-inner  ftg-lightbox' href='http:\/\/bruno-ferignac-photographe.fr\/accueil\/wp-content\/uploads\/2018\/05\/09-05-2.jpg' ><img alt='' class='item' data-class='item' data-ftg-src='http:\/\/bruno-ferignac-photographe.fr\/accueil\/wp-content\/uploads\/2018\/05\/09-05-2-600x400.jpg' src='http:\/\/bruno-ferignac-photographe.fr\/accueil\/wp-content\/uploads\/2018\/05\/09-05-2-600x400.jpg' width='1200' height='800' \/><\/a><\/p>\n<div class='ftg-social'><\/div>\n<\/div>\n<div  class='tile ftg-preload  '><a data-title=\"\"  rel=''  class='tile-inner  ftg-lightbox' href='http:\/\/bruno-ferignac-photographe.fr\/accueil\/wp-content\/uploads\/2017\/07\/gu\u00eapier-deurope-lumi\u00e8re-matinale-9.jpg' ><img alt='' class='item' data-class='item' data-ftg-src='http:\/\/bruno-ferignac-photographe.fr\/accueil\/wp-content\/uploads\/2017\/07\/gu\u00eapier-deurope-lumi\u00e8re-matinale-9-600x338.jpg' src='http:\/\/bruno-ferignac-photographe.fr\/accueil\/wp-content\/uploads\/2017\/07\/gu\u00eapier-deurope-lumi\u00e8re-matinale-9-600x338.jpg' width='1200' height='675' \/><\/a><\/p>\n<div class='ftg-social'><\/div>\n<\/div>\n<div  class='tile ftg-preload  '><a data-title=\"\"  rel=''  class='tile-inner  ftg-lightbox' href='http:\/\/bruno-ferignac-photographe.fr\/accueil\/wp-content\/uploads\/2017\/06\/DSC3135.jpg' ><img alt='' class='item' data-class='item' data-ftg-src='http:\/\/bruno-ferignac-photographe.fr\/accueil\/wp-content\/uploads\/2017\/06\/DSC3135-401x600.jpg' src='http:\/\/bruno-ferignac-photographe.fr\/accueil\/wp-content\/uploads\/2017\/06\/DSC3135-401x600.jpg' width='801' height='1200' \/><\/a><\/p>\n<div class='ftg-social'><\/div>\n<\/div>\n<div  class='tile ftg-preload  '><a data-title=\"\"  rel=''  class='tile-inner  ftg-lightbox' href='http:\/\/bruno-ferignac-photographe.fr\/accueil\/wp-content\/uploads\/2017\/07\/gu\u00eapier-deurope-lumi\u00e8re-matinale-13.jpg' ><img alt='' class='item' data-class='item' data-ftg-src='http:\/\/bruno-ferignac-photographe.fr\/accueil\/wp-content\/uploads\/2017\/07\/gu\u00eapier-deurope-lumi\u00e8re-matinale-13-600x400.jpg' src='http:\/\/bruno-ferignac-photographe.fr\/accueil\/wp-content\/uploads\/2017\/07\/gu\u00eapier-deurope-lumi\u00e8re-matinale-13-600x400.jpg' width='1200' height='800' \/><\/a><\/p>\n<div class='ftg-social'><\/div>\n<\/div>\n<div  class='tile ftg-preload  '><a data-title=\"\"  rel=''  class='tile-inner  ftg-lightbox' href='http:\/\/bruno-ferignac-photographe.fr\/accueil\/wp-content\/uploads\/2018\/05\/09-05-1.jpg' ><img alt='' class='item' data-class='item' data-ftg-src='http:\/\/bruno-ferignac-photographe.fr\/accueil\/wp-content\/uploads\/2018\/05\/09-05-1-600x400.jpg' src='http:\/\/bruno-ferignac-photographe.fr\/accueil\/wp-content\/uploads\/2018\/05\/09-05-1-600x400.jpg' width='1200' height='800' \/><\/a><\/p>\n<div class='ftg-social'><\/div>\n<\/div>\n<div  class='tile ftg-preload  '><a data-title=\"\"  rel=''  class='tile-inner  ftg-lightbox' href='http:\/\/bruno-ferignac-photographe.fr\/accueil\/wp-content\/uploads\/2017\/07\/gu\u00eapier-deurope-lumi\u00e8re-matinale-1.jpg' ><img alt='' class='item' data-class='item' data-ftg-src='http:\/\/bruno-ferignac-photographe.fr\/accueil\/wp-content\/uploads\/2017\/07\/gu\u00eapier-deurope-lumi\u00e8re-matinale-1-600x400.jpg' src='http:\/\/bruno-ferignac-photographe.fr\/accueil\/wp-content\/uploads\/2017\/07\/gu\u00eapier-deurope-lumi\u00e8re-matinale-1-600x400.jpg' width='1200' height='800' \/><\/a><\/p>\n<div class='ftg-social'><\/div>\n<\/div>\n<div  class='tile ftg-preload  '><a data-title=\"\"  rel=''  class='tile-inner  ftg-lightbox' href='http:\/\/bruno-ferignac-photographe.fr\/accueil\/wp-content\/uploads\/2017\/07\/gu\u00eapier-deurope-lumi\u00e8re-matinale-17.jpg' ><img alt='' class='item' data-class='item' data-ftg-src='http:\/\/bruno-ferignac-photographe.fr\/accueil\/wp-content\/uploads\/2017\/07\/gu\u00eapier-deurope-lumi\u00e8re-matinale-17-600x338.jpg' src='http:\/\/bruno-ferignac-photographe.fr\/accueil\/wp-content\/uploads\/2017\/07\/gu\u00eapier-deurope-lumi\u00e8re-matinale-17-600x338.jpg' width='1200' height='675' \/><\/a><\/p>\n<div class='ftg-social'><\/div>\n<\/div>\n<div  class='tile ftg-preload  '><a data-title=\"\"  rel=''  class='tile-inner  ftg-lightbox' href='http:\/\/bruno-ferignac-photographe.fr\/accueil\/wp-content\/uploads\/2015\/08\/DSC_6010.jpg' ><img alt='' class='item' data-class='item' data-ftg-src='http:\/\/bruno-ferignac-photographe.fr\/accueil\/wp-content\/uploads\/2015\/08\/DSC_6010-401x600.jpg' src='http:\/\/bruno-ferignac-photographe.fr\/accueil\/wp-content\/uploads\/2015\/08\/DSC_6010-401x600.jpg' width='685' height='1024' \/><\/a><\/p>\n<div class='ftg-social'><\/div>\n<\/div>\n<div  class='tile ftg-preload  '><a data-title=\"\"  rel=''  class='tile-inner  ftg-lightbox' href='http:\/\/bruno-ferignac-photographe.fr\/accueil\/wp-content\/uploads\/2017\/06\/DSC2925-Modifier.jpg' ><img alt='' class='item' data-class='item' data-ftg-src='http:\/\/bruno-ferignac-photographe.fr\/accueil\/wp-content\/uploads\/2017\/06\/DSC2925-Modifier-600x400.jpg' src='http:\/\/bruno-ferignac-photographe.fr\/accueil\/wp-content\/uploads\/2017\/06\/DSC2925-Modifier-600x400.jpg' width='1200' height='800' \/><\/a><\/p>\n<div class='ftg-social'><\/div>\n<\/div>\n<div  class='tile ftg-preload  '><a data-title=\"\"  rel=''  class='tile-inner  ftg-lightbox' href='http:\/\/bruno-ferignac-photographe.fr\/accueil\/wp-content\/uploads\/2017\/07\/gu\u00eapier-deurope-lumi\u00e8re-matinale-6.jpg' ><img alt='' class='item' data-class='item' data-ftg-src='http:\/\/bruno-ferignac-photographe.fr\/accueil\/wp-content\/uploads\/2017\/07\/gu\u00eapier-deurope-lumi\u00e8re-matinale-6-600x400.jpg' src='http:\/\/bruno-ferignac-photographe.fr\/accueil\/wp-content\/uploads\/2017\/07\/gu\u00eapier-deurope-lumi\u00e8re-matinale-6-600x400.jpg' width='1200' height='800' \/><\/a><\/p>\n<div class='ftg-social'><\/div>\n<\/div>\n<div  class='tile ftg-preload  '><a data-title=\"\"  rel=''  class='tile-inner  ftg-lightbox' href='http:\/\/bruno-ferignac-photographe.fr\/accueil\/wp-content\/uploads\/2017\/07\/guepier-bambou.jpg' ><img alt='' class='item' data-class='item' data-ftg-src='http:\/\/bruno-ferignac-photographe.fr\/accueil\/wp-content\/uploads\/2017\/07\/guepier-bambou-401x600.jpg' src='http:\/\/bruno-ferignac-photographe.fr\/accueil\/wp-content\/uploads\/2017\/07\/guepier-bambou-401x600.jpg' width='801' height='1200' \/><\/a><\/p>\n<div class='ftg-social'><\/div>\n<\/div>\n<div  class='tile ftg-preload  '><a data-title=\"\"  rel=''  class='tile-inner  ftg-lightbox' href='http:\/\/bruno-ferignac-photographe.fr\/accueil\/wp-content\/uploads\/2017\/07\/gu\u00eapier-deurope-lumi\u00e8re-matinale-16.jpg' ><img alt='' class='item' data-class='item' data-ftg-src='http:\/\/bruno-ferignac-photographe.fr\/accueil\/wp-content\/uploads\/2017\/07\/gu\u00eapier-deurope-lumi\u00e8re-matinale-16-600x401.jpg' src='http:\/\/bruno-ferignac-photographe.fr\/accueil\/wp-content\/uploads\/2017\/07\/gu\u00eapier-deurope-lumi\u00e8re-matinale-16-600x401.jpg' width='1200' height='801' \/><\/a><\/p>\n<div class='ftg-social'><\/div>\n<\/div>\n<div  class='tile ftg-preload  '><a data-title=\"\"  rel=''  class='tile-inner  ftg-lightbox' href='http:\/\/bruno-ferignac-photographe.fr\/accueil\/wp-content\/uploads\/2017\/06\/guepier-deurope-4.jpg' ><img alt='' class='item' data-class='item' data-ftg-src='http:\/\/bruno-ferignac-photographe.fr\/accueil\/wp-content\/uploads\/2017\/06\/guepier-deurope-4-401x600.jpg' src='http:\/\/bruno-ferignac-photographe.fr\/accueil\/wp-content\/uploads\/2017\/06\/guepier-deurope-4-401x600.jpg' width='801' height='1200' \/><\/a><\/p>\n<div class='ftg-social'><\/div>\n<\/div>\n<div  class='tile ftg-preload  '><a data-title=\"\"  rel=''  class='tile-inner  ftg-lightbox' href='http:\/\/bruno-ferignac-photographe.fr\/accueil\/wp-content\/uploads\/2017\/06\/guepier-deurope-6.jpg' ><img alt='' class='item' data-class='item' data-ftg-src='http:\/\/bruno-ferignac-photographe.fr\/accueil\/wp-content\/uploads\/2017\/06\/guepier-deurope-6-600x401.jpg' src='http:\/\/bruno-ferignac-photographe.fr\/accueil\/wp-content\/uploads\/2017\/06\/guepier-deurope-6-600x401.jpg' width='1200' height='801' \/><\/a><\/p>\n<div class='ftg-social'><\/div>\n<\/div>\n<div  class='tile ftg-preload  '><a data-title=\"\"  rel=''  class='tile-inner  ftg-lightbox' href='http:\/\/bruno-ferignac-photographe.fr\/accueil\/wp-content\/uploads\/2017\/07\/guepier.jpg' ><img alt='' class='item' data-class='item' data-ftg-src='http:\/\/bruno-ferignac-photographe.fr\/accueil\/wp-content\/uploads\/2017\/07\/guepier-600x338.jpg' src='http:\/\/bruno-ferignac-photographe.fr\/accueil\/wp-content\/uploads\/2017\/07\/guepier-600x338.jpg' width='1200' height='675' \/><\/a><\/p>\n<div class='ftg-social'><\/div>\n<\/div>\n<div  class='tile ftg-preload  '><a data-title=\"\"  rel=''  class='tile-inner  ftg-lightbox' href='http:\/\/bruno-ferignac-photographe.fr\/accueil\/wp-content\/uploads\/2017\/07\/gu\u00eapier-deurope-lumi\u00e8re-matinale-19.jpg' ><img alt='Gu\u00eapier d'Europe dans la lumi\u00e8re matinale' class='item' data-class='item' data-ftg-src='http:\/\/bruno-ferignac-photographe.fr\/accueil\/wp-content\/uploads\/2017\/07\/gu\u00eapier-deurope-lumi\u00e8re-matinale-19-600x338.jpg' src='http:\/\/bruno-ferignac-photographe.fr\/accueil\/wp-content\/uploads\/2017\/07\/gu\u00eapier-deurope-lumi\u00e8re-matinale-19-600x338.jpg' width='1200' height='675' \/><\/a><\/p>\n<div class='ftg-social'><\/div>\n<\/div>\n<div  class='tile ftg-preload  '><a data-title=\"\"  rel=''  class='tile-inner  ftg-lightbox' href='http:\/\/bruno-ferignac-photographe.fr\/accueil\/wp-content\/uploads\/2017\/06\/guepier-deurope-2.jpg' ><img alt='' class='item' data-class='item' data-ftg-src='http:\/\/bruno-ferignac-photographe.fr\/accueil\/wp-content\/uploads\/2017\/06\/guepier-deurope-2-600x400.jpg' src='http:\/\/bruno-ferignac-photographe.fr\/accueil\/wp-content\/uploads\/2017\/06\/guepier-deurope-2-600x400.jpg' width='1200' height='800' \/><\/a><\/p>\n<div class='ftg-social'><\/div>\n<\/div>\n<div  class='tile ftg-preload  '><a data-title=\"\"  rel=''  class='tile-inner  ftg-lightbox' href='http:\/\/bruno-ferignac-photographe.fr\/accueil\/wp-content\/uploads\/2017\/07\/guepier-16-9.jpg' ><img alt='gu\u00eapier d'europe' class='item' data-class='item' data-ftg-src='http:\/\/bruno-ferignac-photographe.fr\/accueil\/wp-content\/uploads\/2017\/07\/guepier-16-9-600x338.jpg' src='http:\/\/bruno-ferignac-photographe.fr\/accueil\/wp-content\/uploads\/2017\/07\/guepier-16-9-600x338.jpg' width='1200' height='675' \/><\/a><\/p>\n<div class='ftg-social'><\/div>\n<\/div>\n<div  class='tile ftg-preload  '><a data-title=\"\"  rel=''  class='tile-inner  ftg-lightbox' href='http:\/\/bruno-ferignac-photographe.fr\/accueil\/wp-content\/uploads\/2017\/07\/gu\u00eapier-deurope-lumi\u00e8re-matinale-7.jpg' ><img alt='' class='item' data-class='item' data-ftg-src='http:\/\/bruno-ferignac-photographe.fr\/accueil\/wp-content\/uploads\/2017\/07\/gu\u00eapier-deurope-lumi\u00e8re-matinale-7-600x338.jpg' src='http:\/\/bruno-ferignac-photographe.fr\/accueil\/wp-content\/uploads\/2017\/07\/gu\u00eapier-deurope-lumi\u00e8re-matinale-7-600x338.jpg' width='1200' height='675' \/><\/a><\/p>\n<div class='ftg-social'><\/div>\n<\/div>\n<div  class='tile ftg-preload  '><a data-title=\"\"  rel=''  class='tile-inner  ftg-lightbox' href='http:\/\/bruno-ferignac-photographe.fr\/accueil\/wp-content\/uploads\/2017\/07\/guepier-30.jpg' ><img alt='' class='item' data-class='item' data-ftg-src='http:\/\/bruno-ferignac-photographe.fr\/accueil\/wp-content\/uploads\/2017\/07\/guepier-30-401x600.jpg' src='http:\/\/bruno-ferignac-photographe.fr\/accueil\/wp-content\/uploads\/2017\/07\/guepier-30-401x600.jpg' width='801' height='1200' \/><\/a><\/p>\n<div class='ftg-social'><\/div>\n<\/div>\n<div  class='tile ftg-preload  '><a data-title=\"\"  rel=''  class='tile-inner  ftg-lightbox' href='http:\/\/bruno-ferignac-photographe.fr\/accueil\/wp-content\/uploads\/2018\/05\/09-05-3.jpg' ><img alt='' class='item' data-class='item' data-ftg-src='http:\/\/bruno-ferignac-photographe.fr\/accueil\/wp-content\/uploads\/2018\/05\/09-05-3-600x338.jpg' src='http:\/\/bruno-ferignac-photographe.fr\/accueil\/wp-content\/uploads\/2018\/05\/09-05-3-600x338.jpg' width='1200' height='675' \/><\/a><\/p>\n<div class='ftg-social'><\/div>\n<\/div>\n<div  class='tile ftg-preload  '><a data-title=\"\"  rel=''  class='tile-inner  ftg-lightbox' href='http:\/\/bruno-ferignac-photographe.fr\/accueil\/wp-content\/uploads\/2017\/07\/gu\u00eapier-deurope-lumi\u00e8re-matinale-10.jpg' ><img alt='' class='item' data-class='item' data-ftg-src='http:\/\/bruno-ferignac-photographe.fr\/accueil\/wp-content\/uploads\/2017\/07\/gu\u00eapier-deurope-lumi\u00e8re-matinale-10-600x338.jpg' src='http:\/\/bruno-ferignac-photographe.fr\/accueil\/wp-content\/uploads\/2017\/07\/gu\u00eapier-deurope-lumi\u00e8re-matinale-10-600x338.jpg' width='1200' height='675' \/><\/a><\/p>\n<div class='ftg-social'><\/div>\n<\/div>\n<div  class='tile ftg-preload  '><a data-title=\"\"  rel=''  class='tile-inner  ftg-lightbox' href='http:\/\/bruno-ferignac-photographe.fr\/accueil\/wp-content\/uploads\/2017\/07\/DSC6740.jpg' ><img alt='' class='item' data-class='item' data-ftg-src='http:\/\/bruno-ferignac-photographe.fr\/accueil\/wp-content\/uploads\/2017\/07\/DSC6740-600x600.jpg' src='http:\/\/bruno-ferignac-photographe.fr\/accueil\/wp-content\/uploads\/2017\/07\/DSC6740-600x600.jpg' width='1200' height='1200' \/><\/a><\/p>\n<div class='ftg-social'><\/div>\n<\/div>\n<div  class='tile ftg-preload  '><a data-title=\"\"  rel=''  class='tile-inner  ftg-lightbox' href='http:\/\/bruno-ferignac-photographe.fr\/accueil\/wp-content\/uploads\/2017\/07\/guepier-21.jpg' ><img alt='' class='item' data-class='item' data-ftg-src='http:\/\/bruno-ferignac-photographe.fr\/accueil\/wp-content\/uploads\/2017\/07\/guepier-21-600x401.jpg' src='http:\/\/bruno-ferignac-photographe.fr\/accueil\/wp-content\/uploads\/2017\/07\/guepier-21-600x401.jpg' width='1200' height='801' \/><\/a><\/p>\n<div class='ftg-social'><\/div>\n<\/div>\n<div  class='tile ftg-preload  '><a data-title=\"\"  rel=''  class='tile-inner  ftg-lightbox' href='http:\/\/bruno-ferignac-photographe.fr\/accueil\/wp-content\/uploads\/2017\/07\/gu\u00eapier-deurope-lumi\u00e8re-matinale-11.jpg' ><img alt='' class='item' data-class='item' data-ftg-src='http:\/\/bruno-ferignac-photographe.fr\/accueil\/wp-content\/uploads\/2017\/07\/gu\u00eapier-deurope-lumi\u00e8re-matinale-11-553x600.jpg' src='http:\/\/bruno-ferignac-photographe.fr\/accueil\/wp-content\/uploads\/2017\/07\/gu\u00eapier-deurope-lumi\u00e8re-matinale-11-553x600.jpg' width='1106' height='1200' \/><\/a><\/p>\n<div class='ftg-social'><\/div>\n<\/div>\n<div  class='tile ftg-preload  '><a data-title=\"\"  rel=''  class='tile-inner  ftg-lightbox' href='http:\/\/bruno-ferignac-photographe.fr\/accueil\/wp-content\/uploads\/2017\/07\/gu\u00eapier-deurope-lumi\u00e8re-matinale-2.jpg' ><img alt='' class='item' data-class='item' data-ftg-src='http:\/\/bruno-ferignac-photographe.fr\/accueil\/wp-content\/uploads\/2017\/07\/gu\u00eapier-deurope-lumi\u00e8re-matinale-2-600x364.jpg' src='http:\/\/bruno-ferignac-photographe.fr\/accueil\/wp-content\/uploads\/2017\/07\/gu\u00eapier-deurope-lumi\u00e8re-matinale-2-600x364.jpg' width='1200' height='727' \/><\/a><\/p>\n<div class='ftg-social'><\/div>\n<\/div>\n<div  class='tile ftg-preload  '><a data-title=\"\"  rel=''  class='tile-inner  ftg-lightbox' href='http:\/\/bruno-ferignac-photographe.fr\/accueil\/wp-content\/uploads\/2017\/07\/gu\u00eapier-deurope-lumi\u00e8re-matinale-14.jpg' ><img alt='' class='item' data-class='item' data-ftg-src='http:\/\/bruno-ferignac-photographe.fr\/accueil\/wp-content\/uploads\/2017\/07\/gu\u00eapier-deurope-lumi\u00e8re-matinale-14-600x450.jpg' src='http:\/\/bruno-ferignac-photographe.fr\/accueil\/wp-content\/uploads\/2017\/07\/gu\u00eapier-deurope-lumi\u00e8re-matinale-14-600x450.jpg' width='1200' height='900' \/><\/a><\/p>\n<div class='ftg-social'><\/div>\n<\/div>\n<div  class='tile ftg-preload  '><a data-title=\"\"  rel=''  class='tile-inner  ftg-lightbox' href='http:\/\/bruno-ferignac-photographe.fr\/accueil\/wp-content\/uploads\/2019\/07\/Guepier2.jpg' ><img alt='' class='item' data-class='item' data-ftg-src='http:\/\/bruno-ferignac-photographe.fr\/accueil\/wp-content\/uploads\/2019\/07\/Guepier2-401x600.jpg' src='http:\/\/bruno-ferignac-photographe.fr\/accueil\/wp-content\/uploads\/2019\/07\/Guepier2-401x600.jpg' width='1282' height='1920' \/><\/a><\/p>\n<div class='ftg-social'><\/div>\n<\/div>\n<div  class='tile ftg-preload  '><a data-title=\"\"  rel=''  class='tile-inner  ftg-lightbox' href='http:\/\/bruno-ferignac-photographe.fr\/accueil\/wp-content\/uploads\/2019\/07\/Guepier10.jpg' ><img alt='' class='item' data-class='item' data-ftg-src='http:\/\/bruno-ferignac-photographe.fr\/accueil\/wp-content\/uploads\/2019\/07\/Guepier10-401x600.jpg' src='http:\/\/bruno-ferignac-photographe.fr\/accueil\/wp-content\/uploads\/2019\/07\/Guepier10-401x600.jpg' width='1282' height='1920' \/><\/a><\/p>\n<div class='ftg-social'><\/div>\n<\/div>\n<div  class='tile ftg-preload  '><a data-title=\"\"  rel=''  class='tile-inner  ftg-lightbox' href='http:\/\/bruno-ferignac-photographe.fr\/accueil\/wp-content\/uploads\/2019\/07\/Guepier7.jpg' ><img alt='' class='item' data-class='item' data-ftg-src='http:\/\/bruno-ferignac-photographe.fr\/accueil\/wp-content\/uploads\/2019\/07\/Guepier7-600x401.jpg' src='http:\/\/bruno-ferignac-photographe.fr\/accueil\/wp-content\/uploads\/2019\/07\/Guepier7-600x401.jpg' width='1920' height='1282' \/><\/a><\/p>\n<div class='ftg-social'><\/div>\n<\/div>\n<div  class='tile ftg-preload  '><a data-title=\"\"  rel=''  class='tile-inner  ftg-lightbox' href='http:\/\/bruno-ferignac-photographe.fr\/accueil\/wp-content\/uploads\/2018\/05\/07-05-1.jpg' ><img alt='' class='item' data-class='item' data-ftg-src='http:\/\/bruno-ferignac-photographe.fr\/accueil\/wp-content\/uploads\/2018\/05\/07-05-1-600x338.jpg' src='http:\/\/bruno-ferignac-photographe.fr\/accueil\/wp-content\/uploads\/2018\/05\/07-05-1-600x338.jpg' width='1200' height='675' \/><\/a><\/p>\n<div class='ftg-social'><\/div>\n<\/div>\n<div  class='tile ftg-preload  '><a data-title=\"\"  rel=''  class='tile-inner  ftg-lightbox' href='http:\/\/bruno-ferignac-photographe.fr\/accueil\/wp-content\/uploads\/2019\/07\/Guepier4.jpg' ><img alt='' class='item' data-class='item' data-ftg-src='http:\/\/bruno-ferignac-photographe.fr\/accueil\/wp-content\/uploads\/2019\/07\/Guepier4-600x401.jpg' src='http:\/\/bruno-ferignac-photographe.fr\/accueil\/wp-content\/uploads\/2019\/07\/Guepier4-600x401.jpg' width='1920' height='1282' \/><\/a><\/p>\n<div class='ftg-social'><\/div>\n<\/div>\n<div  class='tile ftg-preload  '><a data-title=\"\"  rel=''  class='tile-inner  ftg-lightbox' href='http:\/\/bruno-ferignac-photographe.fr\/accueil\/wp-content\/uploads\/2019\/04\/martin-pecheur-et-guepier-dEurope.jpg' ><img alt='' class='item' data-class='item' data-ftg-src='http:\/\/bruno-ferignac-photographe.fr\/accueil\/wp-content\/uploads\/2019\/04\/martin-pecheur-et-guepier-dEurope-600x338.jpg' src='http:\/\/bruno-ferignac-photographe.fr\/accueil\/wp-content\/uploads\/2019\/04\/martin-pecheur-et-guepier-dEurope-600x338.jpg' width='1500' height='844' \/><\/a><\/p>\n<div class='ftg-social'><\/div>\n<\/div>\n<div  class='tile ftg-preload  '><a data-title=\"\"  rel=''  class='tile-inner  ftg-lightbox' href='http:\/\/bruno-ferignac-photographe.fr\/accueil\/wp-content\/uploads\/2020\/06\/Guepier-1.jpg' ><img alt='' class='item' data-class='item' data-ftg-src='http:\/\/bruno-ferignac-photographe.fr\/accueil\/wp-content\/uploads\/2020\/06\/Guepier-1-600x338.jpg' src='http:\/\/bruno-ferignac-photographe.fr\/accueil\/wp-content\/uploads\/2020\/06\/Guepier-1-600x338.jpg' width='1920' height='1080' \/><\/a><\/p>\n<div class='ftg-social'><\/div>\n<\/div>\n<div  class='tile ftg-preload  '><a data-title=\"\"  rel=''  class='tile-inner  ftg-lightbox' href='http:\/\/bruno-ferignac-photographe.fr\/accueil\/wp-content\/uploads\/2020\/06\/Guepier-2.jpg' ><img alt='' class='item' data-class='item' data-ftg-src='http:\/\/bruno-ferignac-photographe.fr\/accueil\/wp-content\/uploads\/2020\/06\/Guepier-2-600x401.jpg' src='http:\/\/bruno-ferignac-photographe.fr\/accueil\/wp-content\/uploads\/2020\/06\/Guepier-2-600x401.jpg' width='1920' height='1282' \/><\/a><\/p>\n<div class='ftg-social'><\/div>\n<\/div>\n<div  class='tile ftg-preload  '><a data-title=\"\"  rel=''  class='tile-inner  ftg-lightbox' href='http:\/\/bruno-ferignac-photographe.fr\/accueil\/wp-content\/uploads\/2020\/06\/Guepier-3-offrande.jpg' ><img alt='' class='item' data-class='item' data-ftg-src='http:\/\/bruno-ferignac-photographe.fr\/accueil\/wp-content\/uploads\/2020\/06\/Guepier-3-offrande-600x200.jpg' src='http:\/\/bruno-ferignac-photographe.fr\/accueil\/wp-content\/uploads\/2020\/06\/Guepier-3-offrande-600x200.jpg' width='2560' height='853' \/><\/a><\/p>\n<div class='ftg-social'><\/div>\n<\/div>\n<div  class='tile ftg-preload  '><a data-title=\"\"  rel=''  class='tile-inner  ftg-lightbox' href='http:\/\/bruno-ferignac-photographe.fr\/accueil\/wp-content\/uploads\/2020\/06\/Guepier-4.jpg' ><img alt='' class='item' data-class='item' data-ftg-src='http:\/\/bruno-ferignac-photographe.fr\/accueil\/wp-content\/uploads\/2020\/06\/Guepier-4-600x400.jpg' src='http:\/\/bruno-ferignac-photographe.fr\/accueil\/wp-content\/uploads\/2020\/06\/Guepier-4-600x400.jpg' width='1920' height='1280' \/><\/a><\/p>\n<div class='ftg-social'><\/div>\n<\/div>\n<div  class='tile ftg-preload  '><a data-title=\"\"  rel=''  class='tile-inner  ftg-lightbox' href='http:\/\/bruno-ferignac-photographe.fr\/accueil\/wp-content\/uploads\/2020\/06\/Guepier-5.jpg' ><img alt='' class='item' data-class='item' data-ftg-src='http:\/\/bruno-ferignac-photographe.fr\/accueil\/wp-content\/uploads\/2020\/06\/Guepier-5-600x401.jpg' src='http:\/\/bruno-ferignac-photographe.fr\/accueil\/wp-content\/uploads\/2020\/06\/Guepier-5-600x401.jpg' width='1920' height='1282' \/><\/a><\/p>\n<div class='ftg-social'><\/div>\n<\/div>\n<div  class='tile ftg-preload  '><a data-title=\"\"  rel=''  class='tile-inner  ftg-lightbox' href='http:\/\/bruno-ferignac-photographe.fr\/accueil\/wp-content\/uploads\/2020\/06\/Guepier-6.jpg' ><img alt='' class='item' data-class='item' data-ftg-src='http:\/\/bruno-ferignac-photographe.fr\/accueil\/wp-content\/uploads\/2020\/06\/Guepier-6-600x401.jpg' src='http:\/\/bruno-ferignac-photographe.fr\/accueil\/wp-content\/uploads\/2020\/06\/Guepier-6-600x401.jpg' width='1920' height='1282' \/><\/a><\/p>\n<div class='ftg-social'><\/div>\n<\/div>\n<div  class='tile ftg-preload  '><a data-title=\"\"  rel=''  class='tile-inner  ftg-lightbox' href='http:\/\/bruno-ferignac-photographe.fr\/accueil\/wp-content\/uploads\/2020\/06\/Guepier-7.jpg' ><img alt='' class='item' data-class='item' data-ftg-src='http:\/\/bruno-ferignac-photographe.fr\/accueil\/wp-content\/uploads\/2020\/06\/Guepier-7-401x600.jpg' src='http:\/\/bruno-ferignac-photographe.fr\/accueil\/wp-content\/uploads\/2020\/06\/Guepier-7-401x600.jpg' width='1282' height='1920' \/><\/a><\/p>\n<div class='ftg-social'><\/div>\n<\/div>\n<div  class='tile ftg-preload  '><a data-title=\"\"  rel=''  class='tile-inner  ftg-lightbox' href='http:\/\/bruno-ferignac-photographe.fr\/accueil\/wp-content\/uploads\/2020\/06\/Guepier-8.jpg' ><img alt='' class='item' data-class='item' data-ftg-src='http:\/\/bruno-ferignac-photographe.fr\/accueil\/wp-content\/uploads\/2020\/06\/Guepier-8-600x401.jpg' src='http:\/\/bruno-ferignac-photographe.fr\/accueil\/wp-content\/uploads\/2020\/06\/Guepier-8-600x401.jpg' width='1920' height='1282' \/><\/a><\/p>\n<div class='ftg-social'><\/div>\n<\/div>\n<div  class='tile ftg-preload  '><a data-title=\"\"  rel=''  class='tile-inner  ftg-lightbox' href='http:\/\/bruno-ferignac-photographe.fr\/accueil\/wp-content\/uploads\/2017\/07\/rossignol-juv.jpg' ><img alt='' class='item' data-class='item' data-ftg-src='http:\/\/bruno-ferignac-photographe.fr\/accueil\/wp-content\/uploads\/2017\/07\/rossignol-juv-600x600.jpg' src='http:\/\/bruno-ferignac-photographe.fr\/accueil\/wp-content\/uploads\/2017\/07\/rossignol-juv-600x600.jpg' width='1200' height='1200' \/><\/a><\/p>\n<div class='ftg-social'><\/div>\n<\/div>\n<div  class='tile ftg-preload  '><a data-title=\"\"  rel=''  class='tile-inner  ftg-lightbox' href='http:\/\/bruno-ferignac-photographe.fr\/accueil\/wp-content\/uploads\/2016\/10\/DSC_0797-Modifier.jpg' ><img alt='' class='item' data-class='item' data-ftg-src='http:\/\/bruno-ferignac-photographe.fr\/accueil\/wp-content\/uploads\/2016\/10\/DSC_0797-Modifier-600x400.jpg' src='http:\/\/bruno-ferignac-photographe.fr\/accueil\/wp-content\/uploads\/2016\/10\/DSC_0797-Modifier-600x400.jpg' width='1200' height='800' \/><\/a><\/p>\n<div class='ftg-social'><\/div>\n<\/div>\n<div  class='tile ftg-preload  '><a data-title=\"\"  rel=''  class='tile-inner  ftg-lightbox' href='http:\/\/bruno-ferignac-photographe.fr\/accueil\/wp-content\/uploads\/2019\/03\/Martin-pecheur-.jpg' ><img alt='' class='item' data-class='item' data-ftg-src='http:\/\/bruno-ferignac-photographe.fr\/accueil\/wp-content\/uploads\/2019\/03\/Martin-pecheur--600x338.jpg' src='http:\/\/bruno-ferignac-photographe.fr\/accueil\/wp-content\/uploads\/2019\/03\/Martin-pecheur--600x338.jpg' width='1200' height='675' \/><\/a><\/p>\n<div class='ftg-social'><\/div>\n<\/div>\n<div  class='tile ftg-preload  '><a data-title=\"\"  rel=''  class='tile-inner  ftg-lightbox' href='http:\/\/bruno-ferignac-photographe.fr\/accueil\/wp-content\/uploads\/2017\/06\/DSC2782-Modifier.jpg' ><img alt='' class='item' data-class='item' data-ftg-src='http:\/\/bruno-ferignac-photographe.fr\/accueil\/wp-content\/uploads\/2017\/06\/DSC2782-Modifier-600x400.jpg' src='http:\/\/bruno-ferignac-photographe.fr\/accueil\/wp-content\/uploads\/2017\/06\/DSC2782-Modifier-600x400.jpg' width='1200' height='800' \/><\/a><\/p>\n<div class='ftg-social'><\/div>\n<\/div>\n<div  class='tile ftg-preload  '><a data-title=\"\"  rel=''  class='tile-inner  ftg-lightbox' href='http:\/\/bruno-ferignac-photographe.fr\/accueil\/wp-content\/uploads\/2017\/06\/DSC2779.jpg' ><img alt='' class='item' data-class='item' data-ftg-src='http:\/\/bruno-ferignac-photographe.fr\/accueil\/wp-content\/uploads\/2017\/06\/DSC2779-600x401.jpg' src='http:\/\/bruno-ferignac-photographe.fr\/accueil\/wp-content\/uploads\/2017\/06\/DSC2779-600x401.jpg' width='1200' height='801' \/><\/a><\/p>\n<div class='ftg-social'><\/div>\n<\/div>\n<div  class='tile ftg-preload  '><a data-title=\"\"  rel=''  class='tile-inner  ftg-lightbox' href='http:\/\/bruno-ferignac-photographe.fr\/accueil\/wp-content\/uploads\/2020\/06\/Martin-1.jpg' ><img alt='' class='item' data-class='item' data-ftg-src='http:\/\/bruno-ferignac-photographe.fr\/accueil\/wp-content\/uploads\/2020\/06\/Martin-1-600x400.jpg' src='http:\/\/bruno-ferignac-photographe.fr\/accueil\/wp-content\/uploads\/2020\/06\/Martin-1-600x400.jpg' width='1920' height='1280' \/><\/a><\/p>\n<div class='ftg-social'><\/div>\n<\/div>\n<div  class='tile ftg-preload  '><a data-title=\"\"  rel=''  class='tile-inner  ftg-lightbox' href='http:\/\/bruno-ferignac-photographe.fr\/accueil\/wp-content\/uploads\/2020\/06\/Martin-2.jpg' ><img alt='' class='item' data-class='item' data-ftg-src='http:\/\/bruno-ferignac-photographe.fr\/accueil\/wp-content\/uploads\/2020\/06\/Martin-2-600x400.jpg' src='http:\/\/bruno-ferignac-photographe.fr\/accueil\/wp-content\/uploads\/2020\/06\/Martin-2-600x400.jpg' width='1920' height='1280' \/><\/a><\/p>\n<div class='ftg-social'><\/div>\n<\/div>\n<\/div>\n<\/div>\n<p><script type='text\/javascript'>jQuery('#ftg-3333 img.item').removeAttr('src');jQuery(document).ready(function () {setTimeout(function () {jQuery('#ftg-3333').finalTilesGallery({minTileWidth: 250,margin: 10,loadMethod: 'sequential',nonce: '12ee559910',galleryId: '33',layout: 'columns',debug: false,gridSize: 0,disableGridSizeBelow: 800,allowEnlargement: true,columns: [[4000, 3],[1024, 2],[800, 1],[480, 1],[320, 1]],scrollEffect: '',selectedFilter: 'n-a'});jQuery(function () {(function () {var rel = '';jQuery('#ftg-3333 .ftg-lightbox').click(function (e) {rel = jQuery(this).attr('rel');jQuery('#ftg-3333 .ftg-current').removeClass('ftg-current');jQuery('#ftg-3333 [rel=\"'+rel+'\"]').addClass('ftg-current');});})();jQuery('#ftg-3333').magnificPopup({type:'image', zoom: {enabled: true, duration: 300, easing: 'ease-in-out' },image: { titleSrc: 'data-title' }, gallery: { enabled: true }, delegate: '.tile:not(.ftg-hidden) .ftg-lightbox.ftg-current'});jQuery('#ftg-3333 .ftg-lightbox-iframe').magnificPopup({type:'iframe' });});}, 0);});<\/script><\/p>\n<\/div>\n\t\t<\/div><div id=\"panel-2721-1-0-2\" class=\"so-panel widget widget_media_image\" data-index=\"4\" ><h3 class=\"widget-title\">Bon cadeau possible \ud83d\ude42<\/h3><img loading=\"lazy\" decoding=\"async\" width=\"1024\" height=\"488\" src=\"https:\/\/bruno-ferignac-photographe.fr\/accueil\/wp-content\/uploads\/2020\/06\/bon-cadeau-1024x488.jpg\" class=\"image wp-image-8355  attachment-large size-large\" alt=\"\" style=\"max-width: 100%; height: auto;\" srcset=\"https:\/\/bruno-ferignac-photographe.fr\/accueil\/wp-content\/uploads\/2020\/06\/bon-cadeau-1024x488.jpg 1024w, https:\/\/bruno-ferignac-photographe.fr\/accueil\/wp-content\/uploads\/2020\/06\/bon-cadeau-600x286.jpg 600w, https:\/\/bruno-ferignac-photographe.fr\/accueil\/wp-content\/uploads\/2020\/06\/bon-cadeau-1536x731.jpg 1536w, https:\/\/bruno-ferignac-photographe.fr\/accueil\/wp-content\/uploads\/2020\/06\/bon-cadeau-2048x975.jpg 2048w\" sizes=\"auto, (max-width: 1024px) 100vw, 1024px\" \/><\/div><div id=\"panel-2721-1-0-3\" class=\"so-panel widget widget_text\" data-index=\"5\" >\t\t\t<div class=\"textwidget\"><p class=\"bas-de-page\" style=\"text-align: center; padding-right: 90px;\">&#8211; D\u00e9couvrez tous <a href=\"https:\/\/bruno-ferignac-photographe.fr\/accueil\/prestations\/stage\">mes stages<\/a>\u00a0 &#8211; Visitez <a href=\"http:\/\/bruno-ferignac-photographe.fr\/accueil\/portfolio\">mon portfolio<\/a> &#8211; <a href=\"https:\/\/bruno-ferignac-photographe.fr\/accueil\/contact\/formulaire-de-contact\/\">Contactez moi<\/a> &#8211;<\/p>\n<\/div>\n\t\t<\/div><div id=\"panel-2721-1-0-4\" class=\"so-panel widget widget_black-studio-tinymce widget_black_studio_tinymce panel-last-child\" data-index=\"6\" ><div class=\"textwidget\"><p>\n<div class=\"juiz_sps_links  counters_both juiz_sps_displayed_nowhere\" data-post-id=\"2721\">\n<p class=\"screen-reader-text juiz_sps_maybe_hidden_text\">Partager la publication \"Gu\u00eapier d&rsquo; Europe &#8211; Stage photo animali\u00e8re\"<\/p>\n\n\t<ul class=\"juiz_sps_links_list juiz_sps_hide_name\" onclick=\"void(0);\"><li class=\"juiz_sps_item juiz_sps_link_facebook\"><a href=\"https:\/\/www.facebook.com\/sharer.php?u=https%3A%2F%2Fbruno-ferignac-photographe.fr%2Faccueil%2Fwp-json%2Fwp%2Fv2%2Fpages%2F2721\" rel=\"nofollow\"   title=\"Partager cet article sur Facebook\" class=\"juiz_sps_button\" data-nobs-key=\"facebook\"><span class=\"juiz_sps_icon jsps-facebook\"><\/span><span class=\"juiz_sps_network_name\">Facebook<\/span><\/a><\/li><li class=\"juiz_sps_item juiz_sps_link_twitter\"><a href=\"https:\/\/x.com\/intent\/tweet?source=webclient&#038;original_referer=https%3A%2F%2Fbruno-ferignac-photographe.fr%2Faccueil%2Fwp-json%2Fwp%2Fv2%2Fpages%2F2721&#038;text=Gu%C3%AApier%20d%27%20Europe%20-%20Stage%20photo%20animali%C3%A8re&#038;url=https%3A%2F%2Fbruno-ferignac-photographe.fr%2Faccueil%2Fwp-json%2Fwp%2Fv2%2Fpages%2F2721\" rel=\"nofollow\"   title=\"Partager cet article sur X\" class=\"juiz_sps_button\" data-nobs-key=\"twitter\"><span class=\"juiz_sps_icon jsps-twitter\"><\/span><span class=\"juiz_sps_network_name\">X<\/span><\/a><\/li><li class=\"juiz_sps_item juiz_sps_link_pinterest\"><a href=\"https:\/\/pinterest.com\/pin\/create\/bookmarklet\/?url=https%3A%2F%2Fbruno-ferignac-photographe.fr%2Faccueil%2Fwp-json%2Fwp%2Fv2%2Fpages%2F2721&#038;media=https:\/\/bruno-ferignac-photographe.fr\/accueil\/wp-content\/uploads\/2017\/06\/Gu\u00eapier-dEurope-stage.jpg\" rel=\"nofollow\"   title=\"Partager une image de cette publication sur Pinterest\" class=\"juiz_sps_button\" data-nobs-key=\"pinterest\"><span class=\"juiz_sps_icon jsps-pinterest\"><\/span><span class=\"juiz_sps_network_name\">Pinterest<\/span><\/a><\/li><li class=\"juiz_sps_item juiz_sps_link_linkedin\"><a href=\"https:\/\/www.linkedin.com\/sharing\/share-offsite\/?url=https%3A%2F%2Fbruno-ferignac-photographe.fr%2Faccueil%2Fwp-json%2Fwp%2Fv2%2Fpages%2F2721\" rel=\"nofollow\"   title=\"Partager cet article sur LinkedIn\" class=\"juiz_sps_button\" data-nobs-key=\"linkedin\"><span class=\"juiz_sps_icon jsps-linkedin\"><\/span><span class=\"juiz_sps_network_name\">LinkedIn<\/span><\/a><\/li><li class=\"juiz_sps_item juiz_sps_link_mail\"><a href=\"mailto:?subject=Un%20photographe&#038;body=J&#039;ai%20trouv\u00e9%20un%20photographe.%20Je%20pense%20que%20son%20travail%20peut%20t&#039;int\u00e9resser.%20Bonne%20journ\u00e9e%20:)%20https:\/\/bruno-ferignac-photographe.fr\/accueil\/prestations\/stage\/guepier-deurope\/\" rel=\"nofollow\"   title=\"Partager cette publication avec un ami (e-mail)\" class=\"juiz_sps_button\" data-nobs-key=\"mail\"><span class=\"juiz_sps_icon jsps-mail\"><\/span><span class=\"juiz_sps_network_name\">E-mail<\/span><\/a><\/li><\/ul>\n\t<\/div>\n\n<\/p>\n<\/div><\/div><\/div><\/div><\/div>","protected":false},"excerpt":{"rendered":"<p>&#8211; Disponible de d\u00e9but Mai \u00e0 fin Juillet &#8211;\u00a0 &#8211; 1 \u00e0 2 participants &#8211; -&hellip;<\/p>\n","protected":false},"author":1,"featured_media":2759,"parent":2378,"menu_order":0,"comment_status":"closed","ping_status":"closed","template":"","meta":{"footnotes":""},"class_list":["post-2721","page","type-page","status-publish","has-post-thumbnail","hentry"],"yoast_head":"<!-- This site is optimized with the Yoast SEO plugin v27.2 - https:\/\/yoast.com\/product\/yoast-seo-wordpress\/ -->\n<title>Gu\u00eapier d&#039; Europe - Stage photo animali\u00e8re - L&#039; atelier pho&#039;thau<\/title>\n<meta name=\"description\" content=\"Pour ce stage d\u2019une journ\u00e9e, nous partons sur une colonie de Gu\u00eapier d\u2019Europe pour les photographier, nous aborderons diff\u00e9rentes techniques d&#039;aff\u00fbts.\" \/>\n<meta name=\"robots\" content=\"index, follow, max-snippet:-1, max-image-preview:large, max-video-preview:-1\" \/>\n<link rel=\"canonical\" href=\"https:\/\/bruno-ferignac-photographe.fr\/accueil\/prestations\/stage\/guepier-deurope\/\" \/>\n<meta name=\"twitter:card\" content=\"summary_large_image\" \/>\n<meta name=\"twitter:title\" content=\"Gu\u00eapier d&#039; Europe - Stage photo animali\u00e8re - L&#039; atelier pho&#039;thau\" \/>\n<meta name=\"twitter:description\" content=\"Pour ce stage d\u2019une journ\u00e9e, nous partons sur une colonie de Gu\u00eapier d\u2019Europe pour les photographier, nous aborderons diff\u00e9rentes techniques d&#039;aff\u00fbts.\" \/>\n<meta name=\"twitter:image\" content=\"https:\/\/bruno-ferignac-photographe.fr\/accueil\/wp-content\/uploads\/2017\/06\/Gu\u00eapier-dEurope-stage.jpg\" \/>\n<meta name=\"twitter:label1\" content=\"Dur\u00e9e de lecture estim\u00e9e\" \/>\n\t<meta name=\"twitter:data1\" content=\"15 minutes\" \/>\n<script type=\"application\/ld+json\" class=\"yoast-schema-graph\">{\"@context\":\"https:\/\/schema.org\",\"@graph\":[{\"@type\":\"WebPage\",\"@id\":\"https:\/\/bruno-ferignac-photographe.fr\/accueil\/prestations\/stage\/guepier-deurope\/\",\"url\":\"https:\/\/bruno-ferignac-photographe.fr\/accueil\/prestations\/stage\/guepier-deurope\/\",\"name\":\"Gu\u00eapier d' Europe - Stage photo animali\u00e8re - L&#039; atelier pho&#039;thau\",\"isPartOf\":{\"@id\":\"http:\/\/bruno-ferignac-photographe.fr\/accueil\/#website\"},\"primaryImageOfPage\":{\"@id\":\"https:\/\/bruno-ferignac-photographe.fr\/accueil\/prestations\/stage\/guepier-deurope\/#primaryimage\"},\"image\":{\"@id\":\"https:\/\/bruno-ferignac-photographe.fr\/accueil\/prestations\/stage\/guepier-deurope\/#primaryimage\"},\"thumbnailUrl\":\"https:\/\/bruno-ferignac-photographe.fr\/accueil\/wp-content\/uploads\/2017\/06\/Gu\u00eapier-dEurope-stage.jpg\",\"datePublished\":\"2017-06-09T21:13:39+00:00\",\"dateModified\":\"2021-08-15T07:21:34+00:00\",\"description\":\"Pour ce stage d\u2019une journ\u00e9e, nous partons sur une colonie de Gu\u00eapier d\u2019Europe pour les photographier, nous aborderons diff\u00e9rentes techniques d'aff\u00fbts.\",\"breadcrumb\":{\"@id\":\"https:\/\/bruno-ferignac-photographe.fr\/accueil\/prestations\/stage\/guepier-deurope\/#breadcrumb\"},\"inLanguage\":\"fr-FR\",\"potentialAction\":[{\"@type\":\"ReadAction\",\"target\":[\"https:\/\/bruno-ferignac-photographe.fr\/accueil\/prestations\/stage\/guepier-deurope\/\"]}]},{\"@type\":\"ImageObject\",\"inLanguage\":\"fr-FR\",\"@id\":\"https:\/\/bruno-ferignac-photographe.fr\/accueil\/prestations\/stage\/guepier-deurope\/#primaryimage\",\"url\":\"https:\/\/bruno-ferignac-photographe.fr\/accueil\/wp-content\/uploads\/2017\/06\/Gu\u00eapier-dEurope-stage.jpg\",\"contentUrl\":\"https:\/\/bruno-ferignac-photographe.fr\/accueil\/wp-content\/uploads\/2017\/06\/Gu\u00eapier-dEurope-stage.jpg\",\"width\":1200,\"height\":433,\"caption\":\"Stage gu\u00eapier d Europe\"},{\"@type\":\"BreadcrumbList\",\"@id\":\"https:\/\/bruno-ferignac-photographe.fr\/accueil\/prestations\/stage\/guepier-deurope\/#breadcrumb\",\"itemListElement\":[{\"@type\":\"ListItem\",\"position\":1,\"name\":\"Accueil\",\"item\":\"http:\/\/bruno-ferignac-photographe.fr\/accueil\/\"},{\"@type\":\"ListItem\",\"position\":2,\"name\":\"Prestations\",\"item\":\"https:\/\/bruno-ferignac-photographe.fr\/accueil\/prestations\/\"},{\"@type\":\"ListItem\",\"position\":3,\"name\":\"Stage photo\",\"item\":\"https:\/\/bruno-ferignac-photographe.fr\/accueil\/prestations\/stage\/\"},{\"@type\":\"ListItem\",\"position\":4,\"name\":\"Gu\u00eapier d&rsquo; Europe &#8211; Stage photo animali\u00e8re\"}]},{\"@type\":\"WebSite\",\"@id\":\"http:\/\/bruno-ferignac-photographe.fr\/accueil\/#website\",\"url\":\"http:\/\/bruno-ferignac-photographe.fr\/accueil\/\",\"name\":\"L&#039; atelier pho&#039;thau\",\"description\":\"Un photographe pour vous !\",\"potentialAction\":[{\"@type\":\"SearchAction\",\"target\":{\"@type\":\"EntryPoint\",\"urlTemplate\":\"http:\/\/bruno-ferignac-photographe.fr\/accueil\/?s={search_term_string}\"},\"query-input\":{\"@type\":\"PropertyValueSpecification\",\"valueRequired\":true,\"valueName\":\"search_term_string\"}}],\"inLanguage\":\"fr-FR\"}]}<\/script>\n<!-- \/ Yoast SEO plugin. -->","yoast_head_json":{"title":"Gu\u00eapier d' Europe - Stage photo animali\u00e8re - L&#039; atelier pho&#039;thau","description":"Pour ce stage d\u2019une journ\u00e9e, nous partons sur une colonie de Gu\u00eapier d\u2019Europe pour les photographier, nous aborderons diff\u00e9rentes techniques d'aff\u00fbts.","robots":{"index":"index","follow":"follow","max-snippet":"max-snippet:-1","max-image-preview":"max-image-preview:large","max-video-preview":"max-video-preview:-1"},"canonical":"https:\/\/bruno-ferignac-photographe.fr\/accueil\/prestations\/stage\/guepier-deurope\/","twitter_card":"summary_large_image","twitter_title":"Gu\u00eapier d' Europe - Stage photo animali\u00e8re - L&#039; atelier pho&#039;thau","twitter_description":"Pour ce stage d\u2019une journ\u00e9e, nous partons sur une colonie de Gu\u00eapier d\u2019Europe pour les photographier, nous aborderons diff\u00e9rentes techniques d'aff\u00fbts.","twitter_image":"https:\/\/bruno-ferignac-photographe.fr\/accueil\/wp-content\/uploads\/2017\/06\/Gu\u00eapier-dEurope-stage.jpg","twitter_misc":{"Dur\u00e9e de lecture estim\u00e9e":"15 minutes"},"schema":{"@context":"https:\/\/schema.org","@graph":[{"@type":"WebPage","@id":"https:\/\/bruno-ferignac-photographe.fr\/accueil\/prestations\/stage\/guepier-deurope\/","url":"https:\/\/bruno-ferignac-photographe.fr\/accueil\/prestations\/stage\/guepier-deurope\/","name":"Gu\u00eapier d' Europe - Stage photo animali\u00e8re - L&#039; atelier pho&#039;thau","isPartOf":{"@id":"http:\/\/bruno-ferignac-photographe.fr\/accueil\/#website"},"primaryImageOfPage":{"@id":"https:\/\/bruno-ferignac-photographe.fr\/accueil\/prestations\/stage\/guepier-deurope\/#primaryimage"},"image":{"@id":"https:\/\/bruno-ferignac-photographe.fr\/accueil\/prestations\/stage\/guepier-deurope\/#primaryimage"},"thumbnailUrl":"https:\/\/bruno-ferignac-photographe.fr\/accueil\/wp-content\/uploads\/2017\/06\/Gu\u00eapier-dEurope-stage.jpg","datePublished":"2017-06-09T21:13:39+00:00","dateModified":"2021-08-15T07:21:34+00:00","description":"Pour ce stage d\u2019une journ\u00e9e, nous partons sur une colonie de Gu\u00eapier d\u2019Europe pour les photographier, nous aborderons diff\u00e9rentes techniques d'aff\u00fbts.","breadcrumb":{"@id":"https:\/\/bruno-ferignac-photographe.fr\/accueil\/prestations\/stage\/guepier-deurope\/#breadcrumb"},"inLanguage":"fr-FR","potentialAction":[{"@type":"ReadAction","target":["https:\/\/bruno-ferignac-photographe.fr\/accueil\/prestations\/stage\/guepier-deurope\/"]}]},{"@type":"ImageObject","inLanguage":"fr-FR","@id":"https:\/\/bruno-ferignac-photographe.fr\/accueil\/prestations\/stage\/guepier-deurope\/#primaryimage","url":"https:\/\/bruno-ferignac-photographe.fr\/accueil\/wp-content\/uploads\/2017\/06\/Gu\u00eapier-dEurope-stage.jpg","contentUrl":"https:\/\/bruno-ferignac-photographe.fr\/accueil\/wp-content\/uploads\/2017\/06\/Gu\u00eapier-dEurope-stage.jpg","width":1200,"height":433,"caption":"Stage gu\u00eapier d Europe"},{"@type":"BreadcrumbList","@id":"https:\/\/bruno-ferignac-photographe.fr\/accueil\/prestations\/stage\/guepier-deurope\/#breadcrumb","itemListElement":[{"@type":"ListItem","position":1,"name":"Accueil","item":"http:\/\/bruno-ferignac-photographe.fr\/accueil\/"},{"@type":"ListItem","position":2,"name":"Prestations","item":"https:\/\/bruno-ferignac-photographe.fr\/accueil\/prestations\/"},{"@type":"ListItem","position":3,"name":"Stage photo","item":"https:\/\/bruno-ferignac-photographe.fr\/accueil\/prestations\/stage\/"},{"@type":"ListItem","position":4,"name":"Gu\u00eapier d&rsquo; Europe &#8211; Stage photo animali\u00e8re"}]},{"@type":"WebSite","@id":"http:\/\/bruno-ferignac-photographe.fr\/accueil\/#website","url":"http:\/\/bruno-ferignac-photographe.fr\/accueil\/","name":"L&#039; atelier pho&#039;thau","description":"Un photographe pour vous !","potentialAction":[{"@type":"SearchAction","target":{"@type":"EntryPoint","urlTemplate":"http:\/\/bruno-ferignac-photographe.fr\/accueil\/?s={search_term_string}"},"query-input":{"@type":"PropertyValueSpecification","valueRequired":true,"valueName":"search_term_string"}}],"inLanguage":"fr-FR"}]}},"_links":{"self":[{"href":"https:\/\/bruno-ferignac-photographe.fr\/accueil\/wp-json\/wp\/v2\/pages\/2721","targetHints":{"allow":["GET"]}}],"collection":[{"href":"https:\/\/bruno-ferignac-photographe.fr\/accueil\/wp-json\/wp\/v2\/pages"}],"about":[{"href":"https:\/\/bruno-ferignac-photographe.fr\/accueil\/wp-json\/wp\/v2\/types\/page"}],"author":[{"embeddable":true,"href":"https:\/\/bruno-ferignac-photographe.fr\/accueil\/wp-json\/wp\/v2\/users\/1"}],"replies":[{"embeddable":true,"href":"https:\/\/bruno-ferignac-photographe.fr\/accueil\/wp-json\/wp\/v2\/comments?post=2721"}],"version-history":[{"count":107,"href":"https:\/\/bruno-ferignac-photographe.fr\/accueil\/wp-json\/wp\/v2\/pages\/2721\/revisions"}],"predecessor-version":[{"id":10665,"href":"https:\/\/bruno-ferignac-photographe.fr\/accueil\/wp-json\/wp\/v2\/pages\/2721\/revisions\/10665"}],"up":[{"embeddable":true,"href":"https:\/\/bruno-ferignac-photographe.fr\/accueil\/wp-json\/wp\/v2\/pages\/2378"}],"wp:featuredmedia":[{"embeddable":true,"href":"https:\/\/bruno-ferignac-photographe.fr\/accueil\/wp-json\/wp\/v2\/media\/2759"}],"wp:attachment":[{"href":"https:\/\/bruno-ferignac-photographe.fr\/accueil\/wp-json\/wp\/v2\/media?parent=2721"}],"curies":[{"name":"wp","href":"https:\/\/api.w.org\/{rel}","templated":true}]}}