{"id":3140,"date":"2017-07-21T21:22:02","date_gmt":"2017-07-21T19:22:02","guid":{"rendered":"http:\/\/bruno-ferignac-photographe.fr\/accueil\/?page_id=3140"},"modified":"2017-07-22T23:18:03","modified_gmt":"2017-07-22T21:18:03","slug":"3140-2","status":"publish","type":"page","link":"https:\/\/bruno-ferignac-photographe.fr\/accueil\/3140-2\/","title":{"rendered":"TEST"},"content":{"rendered":"<div id=\"pl-3140\"  class=\"panel-layout\" ><div id=\"pg-3140-0\"  class=\"panel-grid panel-no-style\" ><div id=\"pgc-3140-0-0\"  class=\"panel-grid-cell\" ><div id=\"panel-3140-0-0-0\" class=\"so-panel widget widget_sow-editor panel-first-child\" data-index=\"0\" ><div\n\t\t\t\n\t\t\tclass=\"so-widget-sow-editor so-widget-sow-editor-base\"\n\t\t\t\n\t\t>\n<div class=\"siteorigin-widget-tinymce textwidget\">\n\t<hr style=\"width:800px; color:orange; background-color:orange; height:1px;\" \/>\n<p style=\"text-align: center;\"><span class=\"orange\">R\u00e9ouverture septembre 2017 !!!<\/span><\/p>\n<hr style=\"width:800px; color:orange; background-color:orange; height:1px;\" \/>\n\n<\/div>\n<\/div><\/div><div id=\"panel-3140-0-0-1\" class=\"so-panel widget widget_black-studio-tinymce widget_black_studio_tinymce panel-last-child\" data-index=\"1\" ><div class=\"textwidget\"><div id=\"accueil\">\n<hr \/>\n<p style=\"text-align: center;\">\u00a0<span class=\"accueil-page\">Un studio professionnel pour vous!<\/span><\/p>\n<p style=\"text-align: left;\"><span class=\"corps\">Photographe \u00e0 Marseillan, je r\u00e9alise dans mon studio, en ext\u00e9rieur ou chez vous vos photographies. Pour vos \u00e9v\u00e9nements familiaux, pour la communication de votre entreprise ou tout simplement pour des souvenirs uniques.<\/span><\/p>\n<\/div>\n<\/div><\/div><\/div><\/div><div id=\"pg-3140-1\"  class=\"panel-grid panel-no-style\" ><div id=\"pgc-3140-1-0\"  class=\"panel-grid-cell\" ><div class=\"panel-cell-style panel-cell-style-for-3140-1-0\" ><div id=\"panel-3140-1-0-0\" class=\"so-panel widget widget_siteorigin-panels-builder panel-first-child panel-last-child\" data-index=\"2\" ><div id=\"pl-w5973c10bc5900\"  class=\"panel-layout\" ><div id=\"pg-w5973c10bc5900-0\"  class=\"panel-grid panel-no-style\" ><div id=\"pgc-w5973c10bc5900-0-0\"  class=\"panel-grid-cell\" ><div id=\"panel-w5973c10bc5900-0-0-0\" class=\"so-panel widget widget_sow-editor panel-first-child\" data-index=\"0\" ><div\n\t\t\t\n\t\t\tclass=\"so-widget-sow-editor so-widget-sow-editor-base\"\n\t\t\t\n\t\t>\n<div class=\"siteorigin-widget-tinymce textwidget\">\n\t<p style=\"text-align: center;\">\u00a0<span class=\"accueil-page\">Professionnel<\/span><\/p>\n<p style=\"text-align: left;\"><span class=\"corps\">Je r\u00e9alise pour votre communication les images de vos produits, de votre activit\u00e9, de votre \u00e9quipe, de votre structure et de vos \u00e9v\u00e8nements.<\/span><\/p>\n<p>&nbsp;<\/p>\n<p>&nbsp;<\/p>\n<\/div>\n<\/div><\/div><div id=\"panel-w5973c10bc5900-0-0-1\" class=\"so-panel widget widget_sow-button\" data-index=\"1\" ><div\n\t\t\t\n\t\t\tclass=\"so-widget-sow-button so-widget-sow-button-wire-bd79fe226a7b\"\n\t\t\t\n\t\t><div class=\"ow-button-base ow-button-align-center\"\n>\n\t\t\t<a\n\t\t\t\t\thref=\"https:\/\/bruno-ferignac-photographe.fr\/accueil\/prestations\/entreprise\/\"\n\t\t\t\t\tclass=\"sowb-button ow-icon-placement-left ow-button-hover\" \t>\n\t\t<span>\n\t\t\t\n\t\t\tEn savoir plus\t\t<\/span>\n\t\t\t<\/a>\n\t<\/div>\n<\/div><\/div><div id=\"panel-w5973c10bc5900-0-0-2\" class=\"so-panel widget widget_sow-editor panel-last-child\" data-index=\"2\" ><div\n\t\t\t\n\t\t\tclass=\"so-widget-sow-editor so-widget-sow-editor-base\"\n\t\t\t\n\t\t>\n<div class=\"siteorigin-widget-tinymce textwidget\">\n\t<p>\u00a0<\/p>\n<p style=\"text-align: center;\"><span class=\"corps\"><a href=\"http:\/\/bruno-ferignac-photographe.fr\/accueil\/contact\/formulaire-de-contact\/\">-Contactez moi-<\/a><\/span><\/p>\n<\/div>\n<\/div><\/div><\/div><\/div><\/div><\/div><\/div><\/div><div id=\"pgc-3140-1-1\"  class=\"panel-grid-cell\" ><div class=\"panel-cell-style panel-cell-style-for-3140-1-1\" ><div id=\"panel-3140-1-1-0\" class=\"so-panel widget widget_siteorigin-panels-builder panel-first-child panel-last-child\" data-index=\"3\" ><div id=\"pl-w5973c0bc2b93b\"  class=\"panel-layout\" ><div id=\"pg-w5973c0bc2b93b-0\"  class=\"panel-grid panel-no-style\" ><div id=\"pgc-w5973c0bc2b93b-0-0\"  class=\"panel-grid-cell\" ><div id=\"panel-w5973c0bc2b93b-0-0-0\" class=\"so-panel widget widget_sow-editor panel-first-child\" data-index=\"0\" ><div\n\t\t\t\n\t\t\tclass=\"so-widget-sow-editor so-widget-sow-editor-base\"\n\t\t\t\n\t\t>\n<div class=\"siteorigin-widget-tinymce textwidget\">\n\t<p style=\"text-align: center;\">\u00a0<span class=\"accueil-page\">Particulier<\/span><\/p>\n<p style=\"text-align: left;\"><span class=\"corps\">Je r\u00e9alise en ext\u00e9rieur, dans mon studio ou chez vous les images pour vos \u00e9v\u00e8nements familiaux ou juste pour le plaisir de l'image.<\/span><\/p>\n<p>&nbsp;<\/p>\n<p>&nbsp;<\/p>\n<\/div>\n<\/div><\/div><div id=\"panel-w5973c0bc2b93b-0-0-1\" class=\"so-panel widget widget_sow-button\" data-index=\"1\" ><div\n\t\t\t\n\t\t\tclass=\"so-widget-sow-button so-widget-sow-button-wire-bd79fe226a7b\"\n\t\t\t\n\t\t><div class=\"ow-button-base ow-button-align-center\"\n>\n\t\t\t<a\n\t\t\t\t\thref=\"https:\/\/bruno-ferignac-photographe.fr\/accueil\/prestations\/entreprise\/\"\n\t\t\t\t\tclass=\"sowb-button ow-icon-placement-left ow-button-hover\" \t>\n\t\t<span>\n\t\t\t\n\t\t\tEn savoir plus\t\t<\/span>\n\t\t\t<\/a>\n\t<\/div>\n<\/div><\/div><div id=\"panel-w5973c0bc2b93b-0-0-2\" class=\"so-panel widget widget_sow-editor panel-last-child\" data-index=\"2\" ><div\n\t\t\t\n\t\t\tclass=\"so-widget-sow-editor so-widget-sow-editor-base\"\n\t\t\t\n\t\t>\n<div class=\"siteorigin-widget-tinymce textwidget\">\n\t<p>\u00a0<\/p>\n<p style=\"text-align: center;\"><span class=\"corps\">Quelques exemples de prestations <a href=\"http:\/\/bruno-ferignac-photographe.fr\/accueil\/articles\/\">dans mon blog<\/a><\/span><\/p>\n<\/div>\n<\/div><\/div><\/div><\/div><\/div><\/div><\/div><\/div><\/div><div id=\"pg-3140-2\"  class=\"panel-grid panel-has-style\" ><div class=\"panel-row-style panel-row-style-for-3140-2\" ><div id=\"pgc-3140-2-0\"  class=\"panel-grid-cell\" ><div id=\"panel-3140-2-0-0\" class=\"so-panel widget widget_black-studio-tinymce widget_black_studio_tinymce panel-first-child\" data-index=\"4\" ><div class=\"textwidget\"><div id=\"stage\">\n\n<hr style=\"width: 800px; color: #515151; background-color: white; height: 1px;\" \/>\n\n<\/div>\n<h2 style=\"text-align: center;\"><span class=\"accueil-titre\">Stages Photos<\/span><\/h2>\n<p style=\"text-align: left;\"><span class=\"corps\">Des stages sont con\u00e7us <\/span><span class=\"entete\">pour partager<\/span><span class=\"corps\"> et \u00e9changer autour de la photo en profitant de ce cadre exceptionnel qu'offre le bassin de Thau.<\/span><\/p>\n<p style=\"text-align: left;\"><span class=\"entete\">Pour tous, <\/span><span class=\"corps\">je m'adapte \u00e0 votre demandes votre niveau \u00a0et \u00e0 vos envies en vous proposant un choix d'activit\u00e9s modulables allant de la balade de d\u00e9couverte \u00e0 la longue s\u00e9ance d'affut en passant par le studio .<\/span><\/p>\n&nbsp;<\/div><\/div><div id=\"panel-3140-2-0-1\" class=\"so-panel widget widget_sow-button\" data-index=\"5\" ><div\n\t\t\t\n\t\t\tclass=\"so-widget-sow-button so-widget-sow-button-wire-e206ef1d0b02-3140\"\n\t\t\t\n\t\t><div class=\"ow-button-base ow-button-align-center\"\n>\n\t\t\t<a\n\t\t\t\t\thref=\"https:\/\/bruno-ferignac-photographe.fr\/accueil\/prestations\/stage\/\"\n\t\t\t\t\tclass=\"sowb-button ow-icon-placement-left ow-button-hover\" \t>\n\t\t<span>\n\t\t\t\n\t\t\tVoir les stages\t\t<\/span>\n\t\t\t<\/a>\n\t<\/div>\n<\/div><\/div><div id=\"panel-3140-2-0-2\" class=\"so-panel widget widget_sow-button\" data-index=\"6\" ><div\n\t\t\t\n\t\t\tclass=\"so-widget-sow-button so-widget-sow-button-wire-b90d7837606b-3140\"\n\t\t\t\n\t\t><div class=\"ow-button-base ow-button-align-right\"\n>\n\t\t\t<a\n\t\t\t\t\thref=\"https:\/\/bruno-ferignac-photographe.fr\/accueil\/contact\/\"\n\t\t\t\t\tclass=\"sowb-button ow-icon-placement-left ow-button-hover\" \t>\n\t\t<span>\n\t\t\t\n\t\t\tcontactez-moi\t\t<\/span>\n\t\t\t<\/a>\n\t<\/div>\n<\/div><\/div><div id=\"panel-3140-2-0-3\" class=\"so-panel widget widget_text\" data-index=\"7\" >\t\t\t<div class=\"textwidget\"><p>&nbsp;<\/p>\n<p>&nbsp;<\/p>\n<p>&nbsp;<\/p>\n<\/div>\n\t\t<\/div><div id=\"panel-3140-2-0-4\" class=\"so-panel widget widget_black-studio-tinymce widget_black_studio_tinymce panel-last-child\" data-index=\"8\" ><div class=\"textwidget\"><h5 style=\"text-align: center;\">Acc\u00e8s direct \u00e0\u00a0\u00a0<a href=\"#accueil\">l'accueil,<\/a>\u00a0 <a href=\"http:\/\/bruno-ferignac-photographe.fr\/accueil\/portfolio\">mon portfolio,<\/a>\u00a0\u00a0<a href=\"http:\/\/bruno-ferignac-photographe.fr\/accueil\/articles\">mon blog<\/a>.<br \/>\nD\u00e9couvrez \u00a0\u00a0<a href=\"http:\/\/bruno-ferignac-photographe.fr\/accueil\/prestations\/stage\/ \">mes stages<\/a>\u00a0 \u00a0ou \u00a0<a href=\"http:\/\/bruno-ferignac-photographe.fr\/accueil\/contact\/ \">contactez moi<\/a>.<\/span><\/h5>\n<\/div><\/div><\/div><\/div><\/div><div id=\"pg-3140-3\"  class=\"panel-grid panel-has-style\" ><div class=\"panel-row-style panel-row-style-for-3140-3\" ><div id=\"pgc-3140-3-0\"  class=\"panel-grid-cell\" ><div id=\"panel-3140-3-0-0\" class=\"so-panel widget widget_black-studio-tinymce widget_black_studio_tinymce panel-first-child\" data-index=\"9\" ><div class=\"textwidget\"><div id=\"portfolio\">\n<hr style=\"width: 800px; color: white; background-color: white; height: 1px;\" \/>\n<\/div>\n<h2 style=\"text-align: center;\"><span class=\"accueil-titre\">Mon portfolio !<\/span><\/h2>\n<p style=\"text-align: left;\"><span class=\"corps\">Dans ce book, vous trouverez mes r\u00e9alisations personnelles et professionnelles prisent dans le confort d'un salon, sur des falaises islandaises, sous la pluie, dans la neige, \u00a0par une nuit d'\u00e9t\u00e9 \u00e9toil\u00e9e ou un petit matin en for\u00eat,\u00a0du levant au couchant, en live lors d'un festival, pos\u00e9es en studio, instantan\u00e9es\u00a0en reportage,\u00a0ici et ailleurs chez moi ou chez eux et pourquoi pas bient\u00f4t chez vous...<\/span><\/p>\n<p style=\"text-align: left; padding-left: 60px;\"><span class=\"entete\">Bonne visite.<\/span><\/p>\n<\/div><\/div><div id=\"panel-3140-3-0-1\" class=\"so-panel widget widget_sow-button\" data-index=\"10\" ><div\n\t\t\t\n\t\t\tclass=\"so-widget-sow-button so-widget-sow-button-wire-e206ef1d0b02-3140\"\n\t\t\t\n\t\t><div class=\"ow-button-base ow-button-align-center\"\n>\n\t\t\t<a\n\t\t\t\t\thref=\"https:\/\/bruno-ferignac-photographe.fr\/accueil\/portfolio\/\"\n\t\t\t\t\tclass=\"sowb-button ow-icon-placement-left ow-button-hover\" \t>\n\t\t<span>\n\t\t\t\n\t\t\tVoir le portfolio\t\t<\/span>\n\t\t\t<\/a>\n\t<\/div>\n<\/div><\/div><div id=\"panel-3140-3-0-2\" class=\"so-panel widget widget_text\" data-index=\"11\" >\t\t\t<div class=\"textwidget\"><p>\u00a0<\/p>\n<p>\u00a0<\/p>\n<p>\u00a0<\/p>\n<\/div>\n\t\t<\/div><div id=\"panel-3140-3-0-3\" class=\"so-panel widget widget_sow-button\" data-index=\"12\" ><div\n\t\t\t\n\t\t\tclass=\"so-widget-sow-button so-widget-sow-button-wire-d866d9c60075-3140\"\n\t\t\t\n\t\t><div class=\"ow-button-base ow-button-align-right\"\n>\n\t\t\t<a\n\t\t\t\t\thref=\"https:\/\/bruno-ferignac-photographe.fr\/accueil\/contact\/\"\n\t\t\t\t\tclass=\"sowb-button ow-icon-placement-left ow-button-hover\" \t>\n\t\t<span>\n\t\t\t\n\t\t\tcontactez-moi\t\t<\/span>\n\t\t\t<\/a>\n\t<\/div>\n<\/div><\/div><div id=\"panel-3140-3-0-4\" class=\"so-panel widget widget_black-studio-tinymce widget_black_studio_tinymce panel-last-child\" data-index=\"13\" ><div class=\"panel-widget-style panel-widget-style-for-3140-3-0-4\" ><div class=\"textwidget\"><p style=\"text-align: center;\"><span class=\"bas-de-page\">Toutes mes galeries: <a href=\"http:\/\/bruno-ferignac-photographe.fr\/accueil\/portfolio\/portrait\/\">-Portrait- <\/a><a href=\"http:\/\/bruno-ferignac-photographe.fr\/accueil\/portfolio\/communication\/\">-Communication- <\/a><a href=\"http:\/\/bruno-ferignac-photographe.fr\/accueil\/portfolio\/paysage\/\">-Paysage- <\/a><a href=\"http:\/\/bruno-ferignac-photographe.fr\/accueil\/portfolio\/animalier\/\">-Animalier- <\/a><a href=\"http:\/\/bruno-ferignac-photographe.fr\/accueil\/portfolio\/spectacle\/\">-Spectacle- <\/a><a href=\"http:\/\/bruno-ferignac-photographe.fr\/accueil\/portfolio\/architectures\/\">-Architecture-<\/a><\/span><\/p>\n<p style=\"text-align: center;\"><span class=\"bas-de-page\">Acc\u00e8s direct \u00e0\u00a0\u00a0<a href=\"#accueil\">l'accueil,<\/a><a href=\"http:\/\/bruno-ferignac-photographe.fr\/accueil\/articles\">mon blog<\/a>.<br \/>\nD\u00e9couvrez \u00a0\u00a0<a href=\"http:\/\/bruno-ferignac-photographe.fr\/accueil\/prestations\/stage\/ \">mes stages<\/a>\u00a0 \u00a0ou \u00a0<a href=\"http:\/\/bruno-ferignac-photographe.fr\/accueil\/contact\/ \">contactez moi<\/a>.<\/span><\/p>\n<\/div><\/div><\/div><\/div><\/div><\/div><div id=\"pg-3140-4\"  class=\"panel-grid panel-has-style\" ><div class=\"panel-row-style panel-row-style-for-3140-4\" ><div id=\"pgc-3140-4-0\"  class=\"panel-grid-cell\" ><div id=\"panel-3140-4-0-0\" class=\"so-panel widget widget_black-studio-tinymce widget_black_studio_tinymce panel-first-child\" data-index=\"14\" ><div class=\"textwidget\"><div id=\"blog\">\n<hr style=\"width: 800px; color: white; background-color: white; height: 1px;\" \/>\n<\/div>\n<h2 style=\"text-align: center;\"><span class=\"accueil-titre\">Mon blog !<\/span><\/h2>\n<p style=\"text-align: left;\"><span class=\"corps\">Sur cette page vous trouverez des articles issus de mes prestations pour les particuliers, quelques reportages et des pr\u00e9sentations de mes travaux personnels et toutes les images que j'ai envie de partager. \u00a0<\/span><\/p>\n<p style=\"text-align: left; padding-left: 60px;\"><span class=\"entete\">Bonne visite.<\/span><\/p>\n<p>&nbsp;<\/p>\n<p>&nbsp;<\/p>\n<\/div><\/div><div id=\"panel-3140-4-0-1\" class=\"so-panel widget widget_sow-button\" data-index=\"15\" ><div\n\t\t\t\n\t\t\tclass=\"so-widget-sow-button so-widget-sow-button-wire-e206ef1d0b02-3140\"\n\t\t\t\n\t\t><div class=\"ow-button-base ow-button-align-center\"\n>\n\t\t\t<a\n\t\t\t\t\thref=\"http:\/\/bruno-ferignac-photographe.fr\/accueil\/articles\/\"\n\t\t\t\t\tclass=\"sowb-button ow-icon-placement-left ow-button-hover\" \t>\n\t\t<span>\n\t\t\t\n\t\t\tVoir le blog\t\t<\/span>\n\t\t\t<\/a>\n\t<\/div>\n<\/div><\/div><div id=\"panel-3140-4-0-2\" class=\"so-panel widget widget_sow-button\" data-index=\"16\" ><div\n\t\t\t\n\t\t\tclass=\"so-widget-sow-button so-widget-sow-button-wire-d866d9c60075-3140\"\n\t\t\t\n\t\t><div class=\"ow-button-base ow-button-align-right\"\n>\n\t\t\t<a\n\t\t\t\t\thref=\"https:\/\/bruno-ferignac-photographe.fr\/accueil\/contact\/\"\n\t\t\t\t\tclass=\"sowb-button ow-icon-placement-left ow-button-hover\" \t>\n\t\t<span>\n\t\t\t\n\t\t\tcontactez-moi\t\t<\/span>\n\t\t\t<\/a>\n\t<\/div>\n<\/div><\/div><div id=\"panel-3140-4-0-3\" class=\"so-panel widget widget_black-studio-tinymce widget_black_studio_tinymce panel-last-child\" data-index=\"17\" ><div class=\"textwidget\"><p style=\"text-align: center;\"><span class=\"bas-de-page\">Acc\u00e8s direct \u00e0\u00a0\u00a0<a href=\"#accueil\">l'accueil,<\/a>\u00a0 <a href=\"http:\/\/bruno-ferignac-photographe.fr\/accueil\/portfolio\">mon portfolio,<\/a>\u00a0\u00a0<a href=\"http:\/\/bruno-ferignac-photographe.fr\/accueil\/articles\">mon blog<\/a><br\/>.\nD\u00e9couvrez \u00a0\u00a0<a href=\"http:\/\/bruno-ferignac-photographe.fr\/accueil\/prestations\/stage\/ \">mes stages<\/a>\u00a0 \u00a0ou \u00a0<a href=\"http:\/\/bruno-ferignac-photographe.fr\/accueil\/contact\/ \">contactez moi<\/a>.<\/span><\/p><\/div><\/div><\/div><\/div><\/div><div id=\"pg-3140-5\"  class=\"panel-grid panel-no-style\" ><div id=\"pgc-3140-5-0\"  class=\"panel-grid-cell\" ><div id=\"panel-3140-5-0-0\" class=\"so-panel widget widget_sow-editor panel-first-child panel-last-child\" data-index=\"18\" ><div\n\t\t\t\n\t\t\tclass=\"so-widget-sow-editor so-widget-sow-editor-base\"\n\t\t\t\n\t\t>\n<div class=\"siteorigin-widget-tinymce textwidget\">\n\t<hr style=\"width:800px; color:orange; background-color:orange; height:1px;\" \/>\n<p style=\"text-align: center;\"><span class=\"orange\">R\u00e9ouverture septembre 2017 !!!<\/span><\/p>\n<hr style=\"width:800px; color:orange; background-color:orange; height:1px;\" \/>\n\n<\/div>\n<\/div><\/div><\/div><\/div><\/div>","protected":false},"excerpt":{"rendered":"<p>R\u00e9ouverture septembre 2017 !!! \u00a0Un studio professionnel pour vous! Photographe \u00e0 Marseillan, je r\u00e9alise dans mon&hellip;<\/p>\n","protected":false},"author":1,"featured_media":0,"parent":0,"menu_order":0,"comment_status":"closed","ping_status":"closed","template":"","meta":{"footnotes":""},"class_list":["post-3140","page","type-page","status-publish","hentry"],"yoast_head":"<!-- This site is optimized with the Yoast SEO plugin v27.2 - https:\/\/yoast.com\/product\/yoast-seo-wordpress\/ -->\n<title>TEST - L&#039; atelier pho&#039;thau<\/title>\n<meta name=\"description\" content=\"R\u00e9ouverture septembre 2017 !!! \u00a0Un studio professionnel pour vous! Photographe \u00e0 Marseillan, je r\u00e9alise dans mon studio, en ext\u00e9rieur ou chez vous vos\" \/>\n<meta name=\"robots\" content=\"index, follow, max-snippet:-1, max-image-preview:large, max-video-preview:-1\" \/>\n<link rel=\"canonical\" href=\"https:\/\/bruno-ferignac-photographe.fr\/accueil\/3140-2\/\" \/>\n<meta name=\"twitter:card\" content=\"summary_large_image\" \/>\n<meta name=\"twitter:title\" content=\"TEST - L&#039; atelier pho&#039;thau\" \/>\n<meta name=\"twitter:description\" content=\"R\u00e9ouverture septembre 2017 !!! \u00a0Un studio professionnel pour vous! Photographe \u00e0 Marseillan, je r\u00e9alise dans mon studio, en ext\u00e9rieur ou chez vous vos\" \/>\n<meta name=\"twitter:label1\" content=\"Dur\u00e9e de lecture estim\u00e9e\" \/>\n\t<meta name=\"twitter:data1\" content=\"2 minutes\" \/>\n<script type=\"application\/ld+json\" class=\"yoast-schema-graph\">{\"@context\":\"https:\/\/schema.org\",\"@graph\":[{\"@type\":\"WebPage\",\"@id\":\"https:\/\/bruno-ferignac-photographe.fr\/accueil\/3140-2\/\",\"url\":\"https:\/\/bruno-ferignac-photographe.fr\/accueil\/3140-2\/\",\"name\":\"TEST - L&#039; atelier pho&#039;thau\",\"isPartOf\":{\"@id\":\"https:\/\/bruno-ferignac-photographe.fr\/accueil\/#website\"},\"datePublished\":\"2017-07-21T19:22:02+00:00\",\"dateModified\":\"2017-07-22T21:18:03+00:00\",\"description\":\"R\u00e9ouverture septembre 2017 !!! \u00a0Un studio professionnel pour vous! Photographe \u00e0 Marseillan, je r\u00e9alise dans mon studio, en ext\u00e9rieur ou chez vous vos\",\"breadcrumb\":{\"@id\":\"https:\/\/bruno-ferignac-photographe.fr\/accueil\/3140-2\/#breadcrumb\"},\"inLanguage\":\"fr-FR\",\"potentialAction\":[{\"@type\":\"ReadAction\",\"target\":[\"https:\/\/bruno-ferignac-photographe.fr\/accueil\/3140-2\/\"]}]},{\"@type\":\"BreadcrumbList\",\"@id\":\"https:\/\/bruno-ferignac-photographe.fr\/accueil\/3140-2\/#breadcrumb\",\"itemListElement\":[{\"@type\":\"ListItem\",\"position\":1,\"name\":\"Accueil\",\"item\":\"https:\/\/bruno-ferignac-photographe.fr\/accueil\/\"},{\"@type\":\"ListItem\",\"position\":2,\"name\":\"TEST\"}]},{\"@type\":\"WebSite\",\"@id\":\"https:\/\/bruno-ferignac-photographe.fr\/accueil\/#website\",\"url\":\"https:\/\/bruno-ferignac-photographe.fr\/accueil\/\",\"name\":\"L&#039; atelier pho&#039;thau\",\"description\":\"Un photographe pour vous !\",\"potentialAction\":[{\"@type\":\"SearchAction\",\"target\":{\"@type\":\"EntryPoint\",\"urlTemplate\":\"https:\/\/bruno-ferignac-photographe.fr\/accueil\/?s={search_term_string}\"},\"query-input\":{\"@type\":\"PropertyValueSpecification\",\"valueRequired\":true,\"valueName\":\"search_term_string\"}}],\"inLanguage\":\"fr-FR\"}]}<\/script>\n<!-- \/ Yoast SEO plugin. -->","yoast_head_json":{"title":"TEST - L&#039; atelier pho&#039;thau","description":"R\u00e9ouverture septembre 2017 !!! \u00a0Un studio professionnel pour vous! Photographe \u00e0 Marseillan, je r\u00e9alise dans mon studio, en ext\u00e9rieur ou chez vous vos","robots":{"index":"index","follow":"follow","max-snippet":"max-snippet:-1","max-image-preview":"max-image-preview:large","max-video-preview":"max-video-preview:-1"},"canonical":"https:\/\/bruno-ferignac-photographe.fr\/accueil\/3140-2\/","twitter_card":"summary_large_image","twitter_title":"TEST - L&#039; atelier pho&#039;thau","twitter_description":"R\u00e9ouverture septembre 2017 !!! \u00a0Un studio professionnel pour vous! Photographe \u00e0 Marseillan, je r\u00e9alise dans mon studio, en ext\u00e9rieur ou chez vous vos","twitter_misc":{"Dur\u00e9e de lecture estim\u00e9e":"2 minutes"},"schema":{"@context":"https:\/\/schema.org","@graph":[{"@type":"WebPage","@id":"https:\/\/bruno-ferignac-photographe.fr\/accueil\/3140-2\/","url":"https:\/\/bruno-ferignac-photographe.fr\/accueil\/3140-2\/","name":"TEST - L&#039; atelier pho&#039;thau","isPartOf":{"@id":"https:\/\/bruno-ferignac-photographe.fr\/accueil\/#website"},"datePublished":"2017-07-21T19:22:02+00:00","dateModified":"2017-07-22T21:18:03+00:00","description":"R\u00e9ouverture septembre 2017 !!! \u00a0Un studio professionnel pour vous! Photographe \u00e0 Marseillan, je r\u00e9alise dans mon studio, en ext\u00e9rieur ou chez vous vos","breadcrumb":{"@id":"https:\/\/bruno-ferignac-photographe.fr\/accueil\/3140-2\/#breadcrumb"},"inLanguage":"fr-FR","potentialAction":[{"@type":"ReadAction","target":["https:\/\/bruno-ferignac-photographe.fr\/accueil\/3140-2\/"]}]},{"@type":"BreadcrumbList","@id":"https:\/\/bruno-ferignac-photographe.fr\/accueil\/3140-2\/#breadcrumb","itemListElement":[{"@type":"ListItem","position":1,"name":"Accueil","item":"https:\/\/bruno-ferignac-photographe.fr\/accueil\/"},{"@type":"ListItem","position":2,"name":"TEST"}]},{"@type":"WebSite","@id":"https:\/\/bruno-ferignac-photographe.fr\/accueil\/#website","url":"https:\/\/bruno-ferignac-photographe.fr\/accueil\/","name":"L&#039; atelier pho&#039;thau","description":"Un photographe pour vous !","potentialAction":[{"@type":"SearchAction","target":{"@type":"EntryPoint","urlTemplate":"https:\/\/bruno-ferignac-photographe.fr\/accueil\/?s={search_term_string}"},"query-input":{"@type":"PropertyValueSpecification","valueRequired":true,"valueName":"search_term_string"}}],"inLanguage":"fr-FR"}]}},"_links":{"self":[{"href":"https:\/\/bruno-ferignac-photographe.fr\/accueil\/wp-json\/wp\/v2\/pages\/3140","targetHints":{"allow":["GET"]}}],"collection":[{"href":"https:\/\/bruno-ferignac-photographe.fr\/accueil\/wp-json\/wp\/v2\/pages"}],"about":[{"href":"https:\/\/bruno-ferignac-photographe.fr\/accueil\/wp-json\/wp\/v2\/types\/page"}],"author":[{"embeddable":true,"href":"https:\/\/bruno-ferignac-photographe.fr\/accueil\/wp-json\/wp\/v2\/users\/1"}],"replies":[{"embeddable":true,"href":"https:\/\/bruno-ferignac-photographe.fr\/accueil\/wp-json\/wp\/v2\/comments?post=3140"}],"version-history":[{"count":76,"href":"https:\/\/bruno-ferignac-photographe.fr\/accueil\/wp-json\/wp\/v2\/pages\/3140\/revisions"}],"predecessor-version":[{"id":3374,"href":"https:\/\/bruno-ferignac-photographe.fr\/accueil\/wp-json\/wp\/v2\/pages\/3140\/revisions\/3374"}],"wp:attachment":[{"href":"https:\/\/bruno-ferignac-photographe.fr\/accueil\/wp-json\/wp\/v2\/media?parent=3140"}],"curies":[{"name":"wp","href":"https:\/\/api.w.org\/{rel}","templated":true}]}}