{"id":570,"date":"2015-07-30T17:11:10","date_gmt":"2015-07-30T15:11:10","guid":{"rendered":"http:\/\/bruno-ferignac-photographe.fr\/accueil\/?page_id=570"},"modified":"2017-08-28T13:34:30","modified_gmt":"2017-08-28T11:34:30","slug":"mentions-legales","status":"publish","type":"page","link":"https:\/\/bruno-ferignac-photographe.fr\/accueil\/prestations\/mentions-legales\/","title":{"rendered":"Mentions l\u00e9gales"},"content":{"rendered":"<div id=\"pl-570\"  class=\"panel-layout\" ><div id=\"pg-570-0\"  class=\"panel-grid panel-has-style\" ><div class=\"panel-row-style panel-row-style-for-570-0\" ><div id=\"pgc-570-0-0\"  class=\"panel-grid-cell\" ><div id=\"panel-570-0-0-0\" class=\"so-panel widget widget_media_image panel-first-child\" data-index=\"0\" ><img loading=\"lazy\" decoding=\"async\" width=\"1200\" height=\"300\" src=\"https:\/\/bruno-ferignac-photographe.fr\/accueil\/wp-content\/uploads\/2017\/01\/DSC9903-Panorama-Modifier.jpg\" class=\"image wp-image-2663  attachment-full size-full\" alt=\"\" style=\"max-width: 100%; height: auto;\" srcset=\"https:\/\/bruno-ferignac-photographe.fr\/accueil\/wp-content\/uploads\/2017\/01\/DSC9903-Panorama-Modifier.jpg 1200w, https:\/\/bruno-ferignac-photographe.fr\/accueil\/wp-content\/uploads\/2017\/01\/DSC9903-Panorama-Modifier-600x150.jpg 600w, https:\/\/bruno-ferignac-photographe.fr\/accueil\/wp-content\/uploads\/2017\/01\/DSC9903-Panorama-Modifier-1024x256.jpg 1024w\" sizes=\"auto, (max-width: 1200px) 100vw, 1200px\" \/><\/div><div id=\"panel-570-0-0-1\" class=\"so-panel widget widget_black-studio-tinymce widget_black_studio_tinymce\" data-index=\"1\" ><div class=\"textwidget\"><p align=\"center\"><span class=\"entete\">Mentions l\u00e9gales<\/span><\/p>\n<p style=\"padding-left: 30px;\" align=\"left\"><strong>L'atelier pho'thau<\/strong><\/p>\n<p align=\"left\">- F\u00e9rignac Bruno<br\/>\n- 60 bis chemin du beau rivage<br\/>\n- 34340 Marseillan<br\/>\n- 06 87 82 77 53<br\/>\n- Siret: 81297142200025<br\/>\n- R\u00e9alisation: Bruno Ferignac<br\/>\n- H\u00e9bergement: OVH -2 rue Kellermann - 59100 Roubaix - France.<\/p>\n&nbsp;\n<p style=\"padding-left: 30px;\" align=\"left\"><strong>Donn\u00e9es personnelles<\/strong><\/span><\/p>\n<p align=\"left\">D'une fa\u00e7on g\u00e9n\u00e9rale, vous pouvez visiter notre site sur Internet sans avoir \u00e0 d\u00e9cliner<br\/>\nvotre identit\u00e9 et sans avoir \u00e0 fournir des informations personnelles vous concernant.<br\/>\nCependant, nous pouvons parfois vous demander des informations.<br\/>\nPar exemple, pour traiter une commande ou \u00e9tablir une correspondance.<br\/><\/p>\n\n<p style=\"padding-left: 30px;\" align=\"left\"><strong>Images pr\u00e9sentent sur le site<\/strong><\/span><\/p>\n<p align=\"left\">Toutes les photographies pr\u00e9sentent sur le site l'atelier pho'thau sont soumises au droit d'auteur et la propri\u00e9t\u00e9 exclusive de Bruno F\u00e9rignac<br\/>\nL'utilisation et la reproduction de ces photographies sans le consentement de l'auteur est donc interdit.<br\/>\nPour plus d'information <a href=\"http:\/\/bruno-ferignac-photographe.fr\/accueil\/contact\/formulaire-de-contact\/\">contactez moi<\/a><\/p><\/div><\/div><div id=\"panel-570-0-0-2\" class=\"so-panel widget widget_black-studio-tinymce widget_black_studio_tinymce panel-last-child\" data-index=\"2\" ><div class=\"textwidget\"><p style=\"text-align: center;\"><span class=\"bas-de-page\">Revenez <a href=\"http:\/\/bruno-ferignac-photographe.fr\/accueil\">\u00e0 l'accueil<\/a> ou <a href=\"http:\/\/bruno-ferignac-photographe.fr\/accueil\/?page_id=8\">contactez moi<\/a><\/span><\/p><\/div><\/div><\/div><\/div><\/div><\/div>","protected":false},"excerpt":{"rendered":"<p>Mentions l\u00e9gales L&rsquo;atelier pho&rsquo;thau &#8211; F\u00e9rignac Bruno &#8211; 60 bis chemin du beau rivage &#8211; 34340&hellip;<\/p>\n","protected":false},"author":1,"featured_media":0,"parent":463,"menu_order":0,"comment_status":"closed","ping_status":"closed","template":"","meta":{"footnotes":""},"class_list":["post-570","page","type-page","status-publish","hentry"],"yoast_head":"<!-- This site is optimized with the Yoast SEO plugin v27.2 - https:\/\/yoast.com\/product\/yoast-seo-wordpress\/ -->\n<title>Mentions l\u00e9gales - L&#039; atelier pho&#039;thau<\/title>\n<meta name=\"description\" content=\"les mentions l\u00e9gales de l&#039;atelier pho&#039;thau\" \/>\n<meta name=\"robots\" content=\"index, follow, max-snippet:-1, max-image-preview:large, max-video-preview:-1\" \/>\n<link rel=\"canonical\" href=\"https:\/\/bruno-ferignac-photographe.fr\/accueil\/prestations\/mentions-legales\/\" \/>\n<meta name=\"twitter:card\" content=\"summary_large_image\" \/>\n<meta name=\"twitter:title\" content=\"Mentions l\u00e9gales - L&#039; atelier pho&#039;thau\" \/>\n<meta name=\"twitter:description\" content=\"les mentions l\u00e9gales de l&#039;atelier pho&#039;thau\" \/>\n<meta name=\"twitter:image\" content=\"https:\/\/bruno-ferignac-photographe.fr\/accueil\/wp-content\/uploads\/2017\/01\/DSC9903-Panorama-Modifier.jpg\" \/>\n<meta name=\"twitter:label1\" content=\"Dur\u00e9e de lecture estim\u00e9e\" \/>\n\t<meta name=\"twitter:data1\" content=\"1 minute\" \/>\n<script type=\"application\/ld+json\" class=\"yoast-schema-graph\">{\"@context\":\"https:\/\/schema.org\",\"@graph\":[{\"@type\":\"WebPage\",\"@id\":\"https:\/\/bruno-ferignac-photographe.fr\/accueil\/prestations\/mentions-legales\/\",\"url\":\"https:\/\/bruno-ferignac-photographe.fr\/accueil\/prestations\/mentions-legales\/\",\"name\":\"Mentions l\u00e9gales - L&#039; atelier pho&#039;thau\",\"isPartOf\":{\"@id\":\"http:\/\/bruno-ferignac-photographe.fr\/accueil\/#website\"},\"primaryImageOfPage\":{\"@id\":\"https:\/\/bruno-ferignac-photographe.fr\/accueil\/prestations\/mentions-legales\/#primaryimage\"},\"image\":{\"@id\":\"https:\/\/bruno-ferignac-photographe.fr\/accueil\/prestations\/mentions-legales\/#primaryimage\"},\"thumbnailUrl\":\"http:\/\/bruno-ferignac-photographe.fr\/accueil\/wp-content\/uploads\/2017\/01\/DSC9903-Panorama-Modifier.jpg\",\"datePublished\":\"2015-07-30T15:11:10+00:00\",\"dateModified\":\"2017-08-28T11:34:30+00:00\",\"description\":\"les mentions l\u00e9gales de l'atelier pho'thau\",\"breadcrumb\":{\"@id\":\"https:\/\/bruno-ferignac-photographe.fr\/accueil\/prestations\/mentions-legales\/#breadcrumb\"},\"inLanguage\":\"fr-FR\",\"potentialAction\":[{\"@type\":\"ReadAction\",\"target\":[\"https:\/\/bruno-ferignac-photographe.fr\/accueil\/prestations\/mentions-legales\/\"]}]},{\"@type\":\"ImageObject\",\"inLanguage\":\"fr-FR\",\"@id\":\"https:\/\/bruno-ferignac-photographe.fr\/accueil\/prestations\/mentions-legales\/#primaryimage\",\"url\":\"https:\/\/bruno-ferignac-photographe.fr\/accueil\/wp-content\/uploads\/2017\/01\/DSC9903-Panorama-Modifier.jpg\",\"contentUrl\":\"https:\/\/bruno-ferignac-photographe.fr\/accueil\/wp-content\/uploads\/2017\/01\/DSC9903-Panorama-Modifier.jpg\",\"width\":1200,\"height\":300},{\"@type\":\"BreadcrumbList\",\"@id\":\"https:\/\/bruno-ferignac-photographe.fr\/accueil\/prestations\/mentions-legales\/#breadcrumb\",\"itemListElement\":[{\"@type\":\"ListItem\",\"position\":1,\"name\":\"Accueil\",\"item\":\"http:\/\/bruno-ferignac-photographe.fr\/accueil\/\"},{\"@type\":\"ListItem\",\"position\":2,\"name\":\"Prestations\",\"item\":\"https:\/\/bruno-ferignac-photographe.fr\/accueil\/prestations\/\"},{\"@type\":\"ListItem\",\"position\":3,\"name\":\"Mentions l\u00e9gales\"}]},{\"@type\":\"WebSite\",\"@id\":\"http:\/\/bruno-ferignac-photographe.fr\/accueil\/#website\",\"url\":\"http:\/\/bruno-ferignac-photographe.fr\/accueil\/\",\"name\":\"L&#039; atelier pho&#039;thau\",\"description\":\"Un photographe pour vous !\",\"potentialAction\":[{\"@type\":\"SearchAction\",\"target\":{\"@type\":\"EntryPoint\",\"urlTemplate\":\"http:\/\/bruno-ferignac-photographe.fr\/accueil\/?s={search_term_string}\"},\"query-input\":{\"@type\":\"PropertyValueSpecification\",\"valueRequired\":true,\"valueName\":\"search_term_string\"}}],\"inLanguage\":\"fr-FR\"}]}<\/script>\n<!-- \/ Yoast SEO plugin. -->","yoast_head_json":{"title":"Mentions l\u00e9gales - L&#039; atelier pho&#039;thau","description":"les mentions l\u00e9gales de l'atelier pho'thau","robots":{"index":"index","follow":"follow","max-snippet":"max-snippet:-1","max-image-preview":"max-image-preview:large","max-video-preview":"max-video-preview:-1"},"canonical":"https:\/\/bruno-ferignac-photographe.fr\/accueil\/prestations\/mentions-legales\/","twitter_card":"summary_large_image","twitter_title":"Mentions l\u00e9gales - L&#039; atelier pho&#039;thau","twitter_description":"les mentions l\u00e9gales de l'atelier pho'thau","twitter_image":"https:\/\/bruno-ferignac-photographe.fr\/accueil\/wp-content\/uploads\/2017\/01\/DSC9903-Panorama-Modifier.jpg","twitter_misc":{"Dur\u00e9e de lecture estim\u00e9e":"1 minute"},"schema":{"@context":"https:\/\/schema.org","@graph":[{"@type":"WebPage","@id":"https:\/\/bruno-ferignac-photographe.fr\/accueil\/prestations\/mentions-legales\/","url":"https:\/\/bruno-ferignac-photographe.fr\/accueil\/prestations\/mentions-legales\/","name":"Mentions l\u00e9gales - L&#039; atelier pho&#039;thau","isPartOf":{"@id":"http:\/\/bruno-ferignac-photographe.fr\/accueil\/#website"},"primaryImageOfPage":{"@id":"https:\/\/bruno-ferignac-photographe.fr\/accueil\/prestations\/mentions-legales\/#primaryimage"},"image":{"@id":"https:\/\/bruno-ferignac-photographe.fr\/accueil\/prestations\/mentions-legales\/#primaryimage"},"thumbnailUrl":"http:\/\/bruno-ferignac-photographe.fr\/accueil\/wp-content\/uploads\/2017\/01\/DSC9903-Panorama-Modifier.jpg","datePublished":"2015-07-30T15:11:10+00:00","dateModified":"2017-08-28T11:34:30+00:00","description":"les mentions l\u00e9gales de l'atelier pho'thau","breadcrumb":{"@id":"https:\/\/bruno-ferignac-photographe.fr\/accueil\/prestations\/mentions-legales\/#breadcrumb"},"inLanguage":"fr-FR","potentialAction":[{"@type":"ReadAction","target":["https:\/\/bruno-ferignac-photographe.fr\/accueil\/prestations\/mentions-legales\/"]}]},{"@type":"ImageObject","inLanguage":"fr-FR","@id":"https:\/\/bruno-ferignac-photographe.fr\/accueil\/prestations\/mentions-legales\/#primaryimage","url":"https:\/\/bruno-ferignac-photographe.fr\/accueil\/wp-content\/uploads\/2017\/01\/DSC9903-Panorama-Modifier.jpg","contentUrl":"https:\/\/bruno-ferignac-photographe.fr\/accueil\/wp-content\/uploads\/2017\/01\/DSC9903-Panorama-Modifier.jpg","width":1200,"height":300},{"@type":"BreadcrumbList","@id":"https:\/\/bruno-ferignac-photographe.fr\/accueil\/prestations\/mentions-legales\/#breadcrumb","itemListElement":[{"@type":"ListItem","position":1,"name":"Accueil","item":"http:\/\/bruno-ferignac-photographe.fr\/accueil\/"},{"@type":"ListItem","position":2,"name":"Prestations","item":"https:\/\/bruno-ferignac-photographe.fr\/accueil\/prestations\/"},{"@type":"ListItem","position":3,"name":"Mentions l\u00e9gales"}]},{"@type":"WebSite","@id":"http:\/\/bruno-ferignac-photographe.fr\/accueil\/#website","url":"http:\/\/bruno-ferignac-photographe.fr\/accueil\/","name":"L&#039; atelier pho&#039;thau","description":"Un photographe pour vous !","potentialAction":[{"@type":"SearchAction","target":{"@type":"EntryPoint","urlTemplate":"http:\/\/bruno-ferignac-photographe.fr\/accueil\/?s={search_term_string}"},"query-input":{"@type":"PropertyValueSpecification","valueRequired":true,"valueName":"search_term_string"}}],"inLanguage":"fr-FR"}]}},"_links":{"self":[{"href":"https:\/\/bruno-ferignac-photographe.fr\/accueil\/wp-json\/wp\/v2\/pages\/570","targetHints":{"allow":["GET"]}}],"collection":[{"href":"https:\/\/bruno-ferignac-photographe.fr\/accueil\/wp-json\/wp\/v2\/pages"}],"about":[{"href":"https:\/\/bruno-ferignac-photographe.fr\/accueil\/wp-json\/wp\/v2\/types\/page"}],"author":[{"embeddable":true,"href":"https:\/\/bruno-ferignac-photographe.fr\/accueil\/wp-json\/wp\/v2\/users\/1"}],"replies":[{"embeddable":true,"href":"https:\/\/bruno-ferignac-photographe.fr\/accueil\/wp-json\/wp\/v2\/comments?post=570"}],"version-history":[{"count":39,"href":"https:\/\/bruno-ferignac-photographe.fr\/accueil\/wp-json\/wp\/v2\/pages\/570\/revisions"}],"predecessor-version":[{"id":3762,"href":"https:\/\/bruno-ferignac-photographe.fr\/accueil\/wp-json\/wp\/v2\/pages\/570\/revisions\/3762"}],"up":[{"embeddable":true,"href":"https:\/\/bruno-ferignac-photographe.fr\/accueil\/wp-json\/wp\/v2\/pages\/463"}],"wp:attachment":[{"href":"https:\/\/bruno-ferignac-photographe.fr\/accueil\/wp-json\/wp\/v2\/media?parent=570"}],"curies":[{"name":"wp","href":"https:\/\/api.w.org\/{rel}","templated":true}]}}