{"id":8501,"date":"2020-07-16T10:43:48","date_gmt":"2020-07-16T08:43:48","guid":{"rendered":"http:\/\/bruno-ferignac-photographe.fr\/accueil\/?page_id=8501"},"modified":"2020-07-16T14:07:33","modified_gmt":"2020-07-16T12:07:33","slug":"la-pose-longue","status":"publish","type":"page","link":"https:\/\/bruno-ferignac-photographe.fr\/accueil\/prestations\/stage\/la-pose-longue\/","title":{"rendered":"La pose longue"},"content":{"rendered":"<div id=\"pl-8501\"  class=\"panel-layout\" ><div id=\"pg-8501-0\"  class=\"panel-grid panel-no-style\" ><div id=\"pgc-8501-0-0\"  class=\"panel-grid-cell\" ><div id=\"panel-8501-0-0-0\" class=\"so-panel widget widget_black-studio-tinymce widget_black_studio_tinymce panel-first-child panel-last-child\" data-index=\"0\" ><div class=\"textwidget\"><p class=\"marge\" style=\"text-align: center;\"><strong>- Disponible toute l'ann\u00e9e -<\/strong><\/p>\n<p class=\"marge\" style=\"text-align: center;\"><strong>- Individuel ou\u00a0groupe -<\/strong><\/p>\n<\/div><\/div><\/div><div id=\"pgc-8501-0-1\"  class=\"panel-grid-cell panel-grid-cell-mobile-last\" ><div id=\"panel-8501-0-1-0\" class=\"so-panel widget panel-first-child panel-last-child\" data-index=\"1\" ><\/div><\/div><div id=\"pgc-8501-0-2\"  class=\"panel-grid-cell panel-grid-cell-empty\" ><\/div><\/div><div id=\"pg-8501-1\"  class=\"panel-grid panel-no-style\" ><div id=\"pgc-8501-1-0\"  class=\"panel-grid-cell\" ><div id=\"panel-8501-1-0-0\" class=\"so-panel widget widget_black-studio-tinymce widget_black_studio_tinymce panel-first-child\" data-index=\"2\" ><div class=\"textwidget\"><p class=\"corps\" style=\"text-align: left;\">Stage d'une demi-journ\u00e9e ouvert aux photographes d\u00e9butants et amateurs souhaitant am\u00e9liorer leur technique en \u00e9tant confront\u00e9s \u00e0 la r\u00e9alit\u00e9 du terrain.<\/p>\n<p class=\"corps\" style=\"text-align: left;\">Nous partirons en bord de mer, au cap d'Agde, et r\u00e9aliserons des images en pose longue \u00e0 l'aide de filtre gris neutre (ND). Je vous d\u00e9taillerai la technique propre \u00e0 l'usage de ces filtres ainsi que ma fa\u00e7on de composer une image en utilisant l'effet cr\u00e9er par la pose longue pour valoriser mon sujet.<i> Si vous pr\u00e9f\u00e9rez, en automne, je peux vous proposer une sortie plus longue en bord rivi\u00e8re.<br \/>\n<\/i><\/p>\n<p class=\"corps\" style=\"text-align: left; padding-left: 30px;\">- Mat\u00e9riel conseill\u00e9 : reflex ou hybride avec un grand angle ou un zoom standard, tr\u00e9pied et filtre gris neutre.<i> Si vous n'en avez pas, je vous pr\u00eaterais un tr\u00e9pied ainsi que des filtres ND.<\/i><br \/>\n- Pour tous renseignements <a href=\" https:\/\/bruno-ferignac-photographe.fr\/accueil\/contact\/\">contactez moi<\/a><\/p>\n<p class=\"bas-de-page\" style=\"text-align: center; padding-right: 90px;\">- D\u00e9couvrez tous <a href=\"https:\/\/bruno-ferignac-photographe.fr\/accueil\/prestations\/stage\">mes stages -<\/a><\/p>\n<\/div><\/div><div id=\"panel-8501-1-0-1\" class=\"so-panel widget widget_sow-editor\" data-index=\"3\" ><div\n\t\t\t\n\t\t\tclass=\"so-widget-sow-editor so-widget-sow-editor-base\"\n\t\t\t\n\t\t>\n<div class=\"siteorigin-widget-tinymce textwidget\">\n\t<p><!-- Final Tiles Grid Gallery for WordPress v3.3.0 --><\/p>\n<style>#ftg-4949 .tile .icon { color:#ffffff; }#ftg-4949 .ftg-items .loading-bar i { background:#fff; }#ftg-4949 .ftg-items .loading-bar { background:#fff; }#ftg-4949 .tile .icon { font-size:12px; }#ftg-4949 .tile .icon { margin: -6px 0 0 -6px; }#ftg-4949 .tile .caption-block .text-wrapper span.text { font-size:12px; }#ftg-4949 .tile .caption-block .text-wrapper span.title { font-size:0px; }#ftg-4949 .tile { background-color: transparent; }#ftg-4949 .tile .caption-block .text-wrapper span.text { color: #ffffff; }#ftg-4949 .tile .caption-block .text-wrapper span.title { color: #ffffff; }#ftg-4949 .tile .ftg-social a { color: #ffffff; }#ftg-4949 .tile .caption-block { transition-timing-function:linear; }#ftg-4949 .tile .caption-block { transition-duration:0.25s; }#ftg-4949 .tile .tile-inner:before { background-color: #000000; }#ftg-4949 .tile .tile-inner:before { background-color: rgba(0, 0, 0, 0.8); }#ftg-4949 .tile.ftg-preload { transform: scaleY(1) scaleX(1) translate(0px,0px) rotateX(0deg) rotateY(0deg); }#ftg-4949 .tile.ftg-preload { transition: all ease-out 0.5s, opacity linear 0.5s; }#ftg-4949 .tile img.item { transition-duration: 0.25s; }<\/style>\n<p><a name='49'><\/a><\/p>\n<div class='final-tiles-gallery   caption-none caption-top caption-center' id='ftg-4949' style='width:100%'>\n<div class='ftg-items'>\n<div class='loading-bar'><i><\/i><\/div>\n<div  class='tile ftg-preload  '><a data-title=\"\"  rel='Pose longue'  class='tile-inner  ftg-lightbox' href='http:\/\/bruno-ferignac-photographe.fr\/accueil\/wp-content\/uploads\/2015\/10\/Panorama-Corr\u00e8ze-3.jpg' ><img alt='' class='item' data-class='item' data-ftg-src='http:\/\/bruno-ferignac-photographe.fr\/accueil\/wp-content\/uploads\/2015\/10\/Panorama-Corr\u00e8ze-3-600x213.jpg' src='http:\/\/bruno-ferignac-photographe.fr\/accueil\/wp-content\/uploads\/2015\/10\/Panorama-Corr\u00e8ze-3-600x213.jpg' width='1500' height='532' \/><\/a><\/p>\n<div class='ftg-social'><\/div>\n<\/div>\n<div  class='tile ftg-preload  '><a data-title=\"\"  rel='Pose longue'  class='tile-inner  ftg-lightbox' href='http:\/\/bruno-ferignac-photographe.fr\/accueil\/wp-content\/uploads\/2017\/08\/ponton-marseillan-3.jpg' ><img alt='les pontons des conchyliculteur ostr\u00e9iculteur \u00e0 Marseillan sur l'Etang de thau' class='item' data-class='item' data-ftg-src='http:\/\/bruno-ferignac-photographe.fr\/accueil\/wp-content\/uploads\/2017\/08\/ponton-marseillan-3-600x336.jpg' src='http:\/\/bruno-ferignac-photographe.fr\/accueil\/wp-content\/uploads\/2017\/08\/ponton-marseillan-3-600x336.jpg' width='1200' height='671' \/><\/a><\/p>\n<div class='ftg-social'><\/div>\n<\/div>\n<div  class='tile ftg-preload  '><a data-title=\"\"  rel='Pose longue'  class='tile-inner  ftg-lightbox' href='http:\/\/bruno-ferignac-photographe.fr\/accueil\/wp-content\/uploads\/2017\/08\/DSC7371-Modifier-2-Modifier-Modifier.jpg' ><img alt='cap d'Agde lev\u00e9 de soleil' class='item' data-class='item' data-ftg-src='http:\/\/bruno-ferignac-photographe.fr\/accueil\/wp-content\/uploads\/2017\/08\/DSC7371-Modifier-2-Modifier-Modifier-600x338.jpg' src='http:\/\/bruno-ferignac-photographe.fr\/accueil\/wp-content\/uploads\/2017\/08\/DSC7371-Modifier-2-Modifier-Modifier-600x338.jpg' width='1200' height='675' \/><\/a><\/p>\n<div class='ftg-social'><\/div>\n<\/div>\n<div  class='tile ftg-preload  '><a data-title=\"\"  rel='Pose longue'  class='tile-inner  ftg-lightbox' href='http:\/\/bruno-ferignac-photographe.fr\/accueil\/wp-content\/uploads\/2015\/08\/tourbillon-dautomne.jpg' ><img alt='' class='item' data-class='item' data-ftg-src='http:\/\/bruno-ferignac-photographe.fr\/accueil\/wp-content\/uploads\/2015\/08\/tourbillon-dautomne-600x398.jpg' src='http:\/\/bruno-ferignac-photographe.fr\/accueil\/wp-content\/uploads\/2015\/08\/tourbillon-dautomne-600x398.jpg' width='1024' height='680' \/><\/a><\/p>\n<div class='ftg-social'><\/div>\n<\/div>\n<div  class='tile ftg-preload  '><a data-title=\"\"  rel='Pose longue'  class='tile-inner  ftg-lightbox' href='http:\/\/bruno-ferignac-photographe.fr\/accueil\/wp-content\/uploads\/2017\/01\/DSC9822.jpg' ><img alt='' class='item' data-class='item' data-ftg-src='http:\/\/bruno-ferignac-photographe.fr\/accueil\/wp-content\/uploads\/2017\/01\/DSC9822-600x600.jpg' src='http:\/\/bruno-ferignac-photographe.fr\/accueil\/wp-content\/uploads\/2017\/01\/DSC9822-600x600.jpg' width='1200' height='1200' \/><\/a><\/p>\n<div class='ftg-social'><\/div>\n<\/div>\n<div  class='tile ftg-preload  '><a data-title=\"\"  rel='Pose longue'  class='tile-inner  ftg-lightbox' href='http:\/\/bruno-ferignac-photographe.fr\/accueil\/wp-content\/uploads\/2018\/05\/laconque-1-1.jpg' ><img alt='Lever du soleil sur la conque - Cap d'Agde -' class='item' data-class='item' data-ftg-src='http:\/\/bruno-ferignac-photographe.fr\/accueil\/wp-content\/uploads\/2018\/05\/laconque-1-1-600x338.jpg' src='http:\/\/bruno-ferignac-photographe.fr\/accueil\/wp-content\/uploads\/2018\/05\/laconque-1-1-600x338.jpg' width='1200' height='675' \/><\/a><\/p>\n<div class='ftg-social'><\/div>\n<\/div>\n<div  class='tile ftg-preload  '><a data-title=\"\"  rel='Pose longue'  class='tile-inner  ftg-lightbox' href='http:\/\/bruno-ferignac-photographe.fr\/accueil\/wp-content\/uploads\/2017\/06\/S\u00e8te-corniche-cr\u00e9puscule.jpg' ><img alt='S\u00e8te corniche cr\u00e9puscule' class='item' data-class='item' data-ftg-src='http:\/\/bruno-ferignac-photographe.fr\/accueil\/wp-content\/uploads\/2017\/06\/S\u00e8te-corniche-cr\u00e9puscule-600x338.jpg' src='http:\/\/bruno-ferignac-photographe.fr\/accueil\/wp-content\/uploads\/2017\/06\/S\u00e8te-corniche-cr\u00e9puscule-600x338.jpg' width='1200' height='675' \/><\/a><\/p>\n<div class='ftg-social'><\/div>\n<\/div>\n<div  class='tile ftg-preload  '><a data-title=\"\"  rel='Pose longue'  class='tile-inner  ftg-lightbox' href='http:\/\/bruno-ferignac-photographe.fr\/accueil\/wp-content\/uploads\/2016\/11\/corniche-sete-3-1.jpg' ><img alt='' class='item' data-class='item' data-ftg-src='http:\/\/bruno-ferignac-photographe.fr\/accueil\/wp-content\/uploads\/2016\/11\/corniche-sete-3-1-600x338.jpg' src='http:\/\/bruno-ferignac-photographe.fr\/accueil\/wp-content\/uploads\/2016\/11\/corniche-sete-3-1-600x338.jpg' width='1200' height='675' \/><\/a><\/p>\n<div class='ftg-social'><\/div>\n<\/div>\n<div  class='tile ftg-preload  '><a data-title=\"\"  rel='Pose longue'  class='tile-inner  ftg-lightbox' href='http:\/\/bruno-ferignac-photographe.fr\/accueil\/wp-content\/uploads\/2017\/08\/DSC7400-Modifier-Modifier.jpg' ><img alt='cap d'Agde lev\u00e9 de soleil' class='item' data-class='item' data-ftg-src='http:\/\/bruno-ferignac-photographe.fr\/accueil\/wp-content\/uploads\/2017\/08\/DSC7400-Modifier-Modifier-600x338.jpg' src='http:\/\/bruno-ferignac-photographe.fr\/accueil\/wp-content\/uploads\/2017\/08\/DSC7400-Modifier-Modifier-600x338.jpg' width='1200' height='675' \/><\/a><\/p>\n<div class='ftg-social'><\/div>\n<\/div>\n<div  class='tile ftg-preload  '><a data-title=\"\"  rel='Pose longue'  class='tile-inner  ftg-lightbox' href='http:\/\/bruno-ferignac-photographe.fr\/accueil\/wp-content\/uploads\/2015\/10\/Corr\u00e8ze-1.jpg' ><img alt='' class='item' data-class='item' data-ftg-src='http:\/\/bruno-ferignac-photographe.fr\/accueil\/wp-content\/uploads\/2015\/10\/Corr\u00e8ze-1-600x379.jpg' src='http:\/\/bruno-ferignac-photographe.fr\/accueil\/wp-content\/uploads\/2015\/10\/Corr\u00e8ze-1-600x379.jpg' width='1024' height='646' \/><\/a><\/p>\n<div class='ftg-social'><\/div>\n<\/div>\n<div  class='tile ftg-preload  '><a data-title=\"tronc-plage-marseillan-2\"  rel='Pose longue'  class='tile-inner  ftg-lightbox' href='http:\/\/bruno-ferignac-photographe.fr\/accueil\/wp-content\/uploads\/2016\/11\/tronc-plage-Marseillan-2.jpg' ><img alt='photographe marseillan' class='item' data-class='item' data-ftg-src='http:\/\/bruno-ferignac-photographe.fr\/accueil\/wp-content\/uploads\/2016\/11\/tronc-plage-Marseillan-2-600x338.jpg' src='http:\/\/bruno-ferignac-photographe.fr\/accueil\/wp-content\/uploads\/2016\/11\/tronc-plage-Marseillan-2-600x338.jpg' width='1200' height='675' \/><\/a><\/p>\n<div class='ftg-social'><\/div>\n<\/div>\n<div  class='tile ftg-preload  '><a data-title=\"\"  rel='Pose longue'  class='tile-inner  ftg-lightbox' href='http:\/\/bruno-ferignac-photographe.fr\/accueil\/wp-content\/uploads\/2017\/02\/DSC0111-Modifier-2.jpg' ><img alt='plage de la conque - Cap d'Agde' class='item' data-class='item' data-ftg-src='http:\/\/bruno-ferignac-photographe.fr\/accueil\/wp-content\/uploads\/2017\/02\/DSC0111-Modifier-2-600x338.jpg' src='http:\/\/bruno-ferignac-photographe.fr\/accueil\/wp-content\/uploads\/2017\/02\/DSC0111-Modifier-2-600x338.jpg' width='1200' height='675' \/><\/a><\/p>\n<div class='ftg-social'><\/div>\n<\/div>\n<div  class='tile ftg-preload  '><a data-title=\"\"  rel='Pose longue'  class='tile-inner  ftg-lightbox' href='http:\/\/bruno-ferignac-photographe.fr\/accueil\/wp-content\/uploads\/2016\/11\/DSC1136-Modifier-Modifier.jpg' ><img alt='' class='item' data-class='item' data-ftg-src='http:\/\/bruno-ferignac-photographe.fr\/accueil\/wp-content\/uploads\/2016\/11\/DSC1136-Modifier-Modifier-600x261.jpg' src='http:\/\/bruno-ferignac-photographe.fr\/accueil\/wp-content\/uploads\/2016\/11\/DSC1136-Modifier-Modifier-600x261.jpg' width='1200' height='521' \/><\/a><\/p>\n<div class='ftg-social'><\/div>\n<\/div>\n<div  class='tile ftg-preload  '><a data-title=\"\"  rel='Pose longue'  class='tile-inner  ftg-lightbox' href='http:\/\/bruno-ferignac-photographe.fr\/accueil\/wp-content\/uploads\/2016\/11\/corniche-sete-1.jpg' ><img alt='' class='item' data-class='item' data-ftg-src='http:\/\/bruno-ferignac-photographe.fr\/accueil\/wp-content\/uploads\/2016\/11\/corniche-sete-1-600x338.jpg' src='http:\/\/bruno-ferignac-photographe.fr\/accueil\/wp-content\/uploads\/2016\/11\/corniche-sete-1-600x338.jpg' width='1200' height='675' \/><\/a><\/p>\n<div class='ftg-social'><\/div>\n<\/div>\n<div  class='tile ftg-preload  '><a data-title=\"\"  rel='Pose longue'  class='tile-inner  ftg-lightbox' href='http:\/\/bruno-ferignac-photographe.fr\/accueil\/wp-content\/uploads\/2017\/11\/corniche-sete-nd64.jpg' ><img alt='' class='item' data-class='item' data-ftg-src='http:\/\/bruno-ferignac-photographe.fr\/accueil\/wp-content\/uploads\/2017\/11\/corniche-sete-nd64-600x338.jpg' src='http:\/\/bruno-ferignac-photographe.fr\/accueil\/wp-content\/uploads\/2017\/11\/corniche-sete-nd64-600x338.jpg' width='1200' height='675' \/><\/a><\/p>\n<div class='ftg-social'><\/div>\n<\/div>\n<div  class='tile ftg-preload  '><a data-title=\"\"  rel='Pose longue'  class='tile-inner  ftg-lightbox' href='http:\/\/bruno-ferignac-photographe.fr\/accueil\/wp-content\/uploads\/2017\/06\/poteau-plage.jpg' ><img alt='' class='item' data-class='item' data-ftg-src='http:\/\/bruno-ferignac-photographe.fr\/accueil\/wp-content\/uploads\/2017\/06\/poteau-plage-600x338.jpg' src='http:\/\/bruno-ferignac-photographe.fr\/accueil\/wp-content\/uploads\/2017\/06\/poteau-plage-600x338.jpg' width='1200' height='675' \/><\/a><\/p>\n<div class='ftg-social'><\/div>\n<\/div>\n<div  class='tile ftg-preload  '><a data-title=\"\"  rel='Pose longue'  class='tile-inner  ftg-lightbox' href='http:\/\/bruno-ferignac-photographe.fr\/accueil\/wp-content\/uploads\/2017\/10\/DSC8449-Modifier.jpg' ><img alt='' class='item' data-class='item' data-ftg-src='http:\/\/bruno-ferignac-photographe.fr\/accueil\/wp-content\/uploads\/2017\/10\/DSC8449-Modifier-600x338.jpg' src='http:\/\/bruno-ferignac-photographe.fr\/accueil\/wp-content\/uploads\/2017\/10\/DSC8449-Modifier-600x338.jpg' width='1200' height='675' \/><\/a><\/p>\n<div class='ftg-social'><\/div>\n<\/div>\n<div  class='tile ftg-preload  '><a data-title=\"\"  rel='Pose longue'  class='tile-inner  ftg-lightbox' href='http:\/\/bruno-ferignac-photographe.fr\/accueil\/wp-content\/uploads\/2016\/11\/corniche-sete-2.jpg' ><img alt='' class='item' data-class='item' data-ftg-src='http:\/\/bruno-ferignac-photographe.fr\/accueil\/wp-content\/uploads\/2016\/11\/corniche-sete-2-600x338.jpg' src='http:\/\/bruno-ferignac-photographe.fr\/accueil\/wp-content\/uploads\/2016\/11\/corniche-sete-2-600x338.jpg' width='1200' height='675' \/><\/a><\/p>\n<div class='ftg-social'><\/div>\n<\/div>\n<div  class='tile ftg-preload  '><a data-title=\"\"  rel='Pose longue'  class='tile-inner  ftg-lightbox' href='http:\/\/bruno-ferignac-photographe.fr\/accueil\/wp-content\/uploads\/2015\/08\/DSC0728.jpg' ><img alt='' class='item' data-class='item' data-ftg-src='http:\/\/bruno-ferignac-photographe.fr\/accueil\/wp-content\/uploads\/2015\/08\/DSC0728-600x600.jpg' src='http:\/\/bruno-ferignac-photographe.fr\/accueil\/wp-content\/uploads\/2015\/08\/DSC0728-600x600.jpg' width='1024' height='1024' \/><\/a><\/p>\n<div class='ftg-social'><\/div>\n<\/div>\n<div  class='tile ftg-preload  '><a data-title=\"\"  rel='Pose longue'  class='tile-inner  ftg-lightbox' href='http:\/\/bruno-ferignac-photographe.fr\/accueil\/wp-content\/uploads\/2017\/06\/digue-marseillan.jpg' ><img alt='' class='item' data-class='item' data-ftg-src='http:\/\/bruno-ferignac-photographe.fr\/accueil\/wp-content\/uploads\/2017\/06\/digue-marseillan-400x600.jpg' src='http:\/\/bruno-ferignac-photographe.fr\/accueil\/wp-content\/uploads\/2017\/06\/digue-marseillan-400x600.jpg' width='800' height='1200' \/><\/a><\/p>\n<div class='ftg-social'><\/div>\n<\/div>\n<div  class='tile ftg-preload  '><a data-title=\"\"  rel='Pose longue'  class='tile-inner  ftg-lightbox' href='http:\/\/bruno-ferignac-photographe.fr\/accueil\/wp-content\/uploads\/2020\/07\/DSC6877-Modifier.jpg' ><img alt='' class='item' data-class='item' data-ftg-src='http:\/\/bruno-ferignac-photographe.fr\/accueil\/wp-content\/uploads\/2020\/07\/DSC6877-Modifier-600x401.jpg' src='http:\/\/bruno-ferignac-photographe.fr\/accueil\/wp-content\/uploads\/2020\/07\/DSC6877-Modifier-600x401.jpg' width='2560' height='1713' \/><\/a><\/p>\n<div class='ftg-social'><\/div>\n<\/div>\n<div  class='tile ftg-preload  '><a data-title=\"\"  rel='Pose longue'  class='tile-inner  ftg-lightbox' href='http:\/\/bruno-ferignac-photographe.fr\/accueil\/wp-content\/uploads\/2015\/10\/Vezere-automne-2.jpg' ><img alt='' class='item' data-class='item' data-ftg-src='http:\/\/bruno-ferignac-photographe.fr\/accueil\/wp-content\/uploads\/2015\/10\/Vezere-automne-2-600x401.jpg' src='http:\/\/bruno-ferignac-photographe.fr\/accueil\/wp-content\/uploads\/2015\/10\/Vezere-automne-2-600x401.jpg' width='1024' height='684' \/><\/a><\/p>\n<div class='ftg-social'><\/div>\n<\/div>\n<div  class='tile ftg-preload  '><a data-title=\"\"  rel='Pose longue'  class='tile-inner  ftg-lightbox' href='http:\/\/bruno-ferignac-photographe.fr\/accueil\/wp-content\/uploads\/2017\/01\/DSC9084-Modifier.jpg' ><img alt='Cap d'Agde falaise' class='item' data-class='item' data-ftg-src='http:\/\/bruno-ferignac-photographe.fr\/accueil\/wp-content\/uploads\/2017\/01\/DSC9084-Modifier-600x338.jpg' src='http:\/\/bruno-ferignac-photographe.fr\/accueil\/wp-content\/uploads\/2017\/01\/DSC9084-Modifier-600x338.jpg' width='1200' height='675' \/><\/a><\/p>\n<div class='ftg-social'><\/div>\n<\/div>\n<div  class='tile ftg-preload  '><a data-title=\"\"  rel='Pose longue'  class='tile-inner  ftg-lightbox' href='http:\/\/bruno-ferignac-photographe.fr\/accueil\/wp-content\/uploads\/2017\/01\/DSC9825-Modifier-Modifier-2-2.jpg' ><img alt='' class='item' data-class='item' data-ftg-src='http:\/\/bruno-ferignac-photographe.fr\/accueil\/wp-content\/uploads\/2017\/01\/DSC9825-Modifier-Modifier-2-2-600x320.jpg' src='http:\/\/bruno-ferignac-photographe.fr\/accueil\/wp-content\/uploads\/2017\/01\/DSC9825-Modifier-Modifier-2-2-600x320.jpg' width='1200' height='640' \/><\/a><\/p>\n<div class='ftg-social'><\/div>\n<\/div>\n<div  class='tile ftg-preload  '><a data-title=\"\"  rel='Pose longue'  class='tile-inner  ftg-lightbox' href='http:\/\/bruno-ferignac-photographe.fr\/accueil\/wp-content\/uploads\/2017\/08\/cr\u00e9puscule_.jpg' ><img alt='' class='item' data-class='item' data-ftg-src='http:\/\/bruno-ferignac-photographe.fr\/accueil\/wp-content\/uploads\/2017\/08\/cr\u00e9puscule_-600x338.jpg' src='http:\/\/bruno-ferignac-photographe.fr\/accueil\/wp-content\/uploads\/2017\/08\/cr\u00e9puscule_-600x338.jpg' width='1200' height='675' \/><\/a><\/p>\n<div class='ftg-social'><\/div>\n<\/div>\n<div  class='tile ftg-preload  '><a data-title=\"\"  rel='Pose longue'  class='tile-inner  ftg-lightbox' href='http:\/\/bruno-ferignac-photographe.fr\/accueil\/wp-content\/uploads\/2017\/01\/DSC9851-Modifier.jpg' ><img alt='Plage du Cap d'Agde de nuit' class='item' data-class='item' data-ftg-src='http:\/\/bruno-ferignac-photographe.fr\/accueil\/wp-content\/uploads\/2017\/01\/DSC9851-Modifier-600x281.jpg' src='http:\/\/bruno-ferignac-photographe.fr\/accueil\/wp-content\/uploads\/2017\/01\/DSC9851-Modifier-600x281.jpg' width='1200' height='561' \/><\/a><\/p>\n<div class='ftg-social'><\/div>\n<\/div>\n<div  class='tile ftg-preload  '><a data-title=\"\"  rel='Pose longue'  class='tile-inner  ftg-lightbox' href='http:\/\/bruno-ferignac-photographe.fr\/accueil\/wp-content\/uploads\/2017\/08\/ponton-marseillan-2.jpg' ><img alt='ponton marseillan conchyliculteur ostr\u00e9iculture \u00e9tang de Thau' class='item' data-class='item' data-ftg-src='http:\/\/bruno-ferignac-photographe.fr\/accueil\/wp-content\/uploads\/2017\/08\/ponton-marseillan-2-600x400.jpg' src='http:\/\/bruno-ferignac-photographe.fr\/accueil\/wp-content\/uploads\/2017\/08\/ponton-marseillan-2-600x400.jpg' width='1200' height='800' \/><\/a><\/p>\n<div class='ftg-social'><\/div>\n<\/div>\n<div  class='tile ftg-preload  '><a data-title=\"\"  rel='Pose longue'  class='tile-inner  ftg-lightbox' href='http:\/\/bruno-ferignac-photographe.fr\/accueil\/wp-content\/uploads\/2017\/08\/DSC7391-Modifier.jpg' ><img alt='cap d'Agde lev\u00e9 de soleil' class='item' data-class='item' data-ftg-src='http:\/\/bruno-ferignac-photographe.fr\/accueil\/wp-content\/uploads\/2017\/08\/DSC7391-Modifier-600x338.jpg' src='http:\/\/bruno-ferignac-photographe.fr\/accueil\/wp-content\/uploads\/2017\/08\/DSC7391-Modifier-600x338.jpg' width='1200' height='675' \/><\/a><\/p>\n<div class='ftg-social'><\/div>\n<\/div>\n<\/div>\n<\/div>\n<p><script type='text\/javascript'>jQuery('#ftg-4949 img.item').removeAttr('src');jQuery(document).ready(function () {setTimeout(function () {jQuery('#ftg-4949').finalTilesGallery({minTileWidth: 250,margin: 10,loadMethod: 'sequential',nonce: '93d5b60bff',galleryId: '49',layout: 'columns',debug: false,gridSize: 0,disableGridSizeBelow: 800,allowEnlargement: true,columns: [[4000, 2],[1024, 2],[800, 1],[480, 1],[320, 1]],scrollEffect: '',selectedFilter: 'n-a'});jQuery(function () {(function () {var rel = '';jQuery('#ftg-4949 .ftg-lightbox').click(function (e) {rel = jQuery(this).attr('rel');jQuery('#ftg-4949 .ftg-current').removeClass('ftg-current');jQuery('#ftg-4949 [rel=\"'+rel+'\"]').addClass('ftg-current');});})();jQuery('#ftg-4949').magnificPopup({type:'image', zoom: {enabled: true, duration: 300, easing: 'ease-in-out' },image: { titleSrc: 'data-title' }, gallery: { enabled: true }, delegate: '.tile:not(.ftg-hidden) .ftg-lightbox.ftg-current'});jQuery('#ftg-4949 .ftg-lightbox-iframe').magnificPopup({type:'iframe' });});}, 0);});<\/script><\/p>\n<\/div>\n<\/div><\/div><div id=\"panel-8501-1-0-2\" class=\"so-panel widget widget_media_image\" data-index=\"4\" ><h3 class=\"widget-title\">Bon cadeau possible \ud83d\ude42<\/h3><img loading=\"lazy\" decoding=\"async\" width=\"1024\" height=\"488\" src=\"https:\/\/bruno-ferignac-photographe.fr\/accueil\/wp-content\/uploads\/2020\/06\/bon-cadeau-1024x488.jpg\" class=\"image wp-image-8355  attachment-large size-large\" alt=\"\" style=\"max-width: 100%; height: auto;\" srcset=\"https:\/\/bruno-ferignac-photographe.fr\/accueil\/wp-content\/uploads\/2020\/06\/bon-cadeau-1024x488.jpg 1024w, https:\/\/bruno-ferignac-photographe.fr\/accueil\/wp-content\/uploads\/2020\/06\/bon-cadeau-600x286.jpg 600w, https:\/\/bruno-ferignac-photographe.fr\/accueil\/wp-content\/uploads\/2020\/06\/bon-cadeau-1536x731.jpg 1536w, https:\/\/bruno-ferignac-photographe.fr\/accueil\/wp-content\/uploads\/2020\/06\/bon-cadeau-2048x975.jpg 2048w\" sizes=\"auto, (max-width: 1024px) 100vw, 1024px\" \/><\/div><div id=\"panel-8501-1-0-3\" class=\"so-panel widget widget_black-studio-tinymce widget_black_studio_tinymce\" data-index=\"5\" ><div class=\"textwidget\"><p class=\"bas-de-page\" style=\"text-align: center; padding-right: 90px;\">- D\u00e9couvrez tous <a href=\"https:\/\/bruno-ferignac-photographe.fr\/accueil\/prestations\/stage\">mes stages<\/a>\u00a0 - Visitez <a href=\"https:\/\/bruno-ferignac-photographe.fr\/accueil\/#portfolio\">mon portfolio<\/a> - <a href=\"https:\/\/bruno-ferignac-photographe.fr\/accueil\/contact\/\">Contactez moi<\/a> -<\/p><\/div><\/div><div id=\"panel-8501-1-0-4\" class=\"so-panel widget widget_text\" data-index=\"6\" >\t\t\t<div class=\"textwidget\"><div class=\"juiz_sps_links  counters_both juiz_sps_displayed_nowhere\" data-post-id=\"\">\n<p class=\"screen-reader-text juiz_sps_maybe_hidden_text\">Partager la publication \u00ab\u00a0\u00a0\u00bb<\/p>\n<ul class=\"juiz_sps_links_list juiz_sps_hide_name\" onclick=\"void(0);\">\n<li class=\"juiz_sps_item juiz_sps_link_facebook\"><a href=\"https:\/\/www.facebook.com\/sharer.php?u=https%3A%2F%2Fbruno-ferignac-photographe.fr%2Faccueil%2Fwp-json%2Fwp%2Fv2%2Fpages%2F8501\" rel=\"nofollow\"   title=\"Partager cet article sur Facebook\" class=\"juiz_sps_button\" data-nobs-key=\"facebook\"><span class=\"juiz_sps_icon jsps-facebook\"><\/span><span class=\"juiz_sps_network_name\">Facebook<\/span><\/a><\/li>\n<li class=\"juiz_sps_item juiz_sps_link_twitter\"><a href=\"https:\/\/x.com\/intent\/tweet?source=webclient&#038;original_referer=https%3A%2F%2Fbruno-ferignac-photographe.fr%2Faccueil%2Fwp-json%2Fwp%2Fv2%2Fpages%2F8501&#038;text=&#038;url=https%3A%2F%2Fbruno-ferignac-photographe.fr%2Faccueil%2Fwp-json%2Fwp%2Fv2%2Fpages%2F8501\" rel=\"nofollow\"   title=\"Partager cet article sur X\" class=\"juiz_sps_button\" data-nobs-key=\"twitter\"><span class=\"juiz_sps_icon jsps-twitter\"><\/span><span class=\"juiz_sps_network_name\">X<\/span><\/a><\/li>\n<li class=\"juiz_sps_item juiz_sps_link_pinterest\"><a href=\"\" rel=\"nofollow\"   title=\"Partager une image de cette publication sur Pinterest\" class=\"juiz_sps_button\" data-nobs-key=\"pinterest\"><span class=\"juiz_sps_icon jsps-pinterest\"><\/span><span class=\"juiz_sps_network_name\">Pinterest<\/span><\/a><\/li>\n<li class=\"juiz_sps_item juiz_sps_link_linkedin\"><a href=\"https:\/\/www.linkedin.com\/sharing\/share-offsite\/?url=https%3A%2F%2Fbruno-ferignac-photographe.fr%2Faccueil%2Fwp-json%2Fwp%2Fv2%2Fpages%2F8501\" rel=\"nofollow\"   title=\"Partager cet article sur LinkedIn\" class=\"juiz_sps_button\" data-nobs-key=\"linkedin\"><span class=\"juiz_sps_icon jsps-linkedin\"><\/span><span class=\"juiz_sps_network_name\">LinkedIn<\/span><\/a><\/li>\n<li class=\"juiz_sps_item juiz_sps_link_mail\"><a href=\"mailto:?subject=Un%20photographe&#038;body=J&#039;ai%20trouv\u00e9%20un%20photographe.%20Je%20pense%20que%20son%20travail%20peut%20t&#039;int\u00e9resser.%20Bonne%20journ\u00e9e%20:)%20\" rel=\"nofollow\"   title=\"Partager cette publication avec un ami (e-mail)\" class=\"juiz_sps_button\" data-nobs-key=\"mail\"><span class=\"juiz_sps_icon jsps-mail\"><\/span><span class=\"juiz_sps_network_name\">E-mail<\/span><\/a><\/li>\n<\/ul><\/div>\n<\/div>\n\t\t<\/div><div id=\"panel-8501-1-0-5\" class=\"so-panel widget widget_media_image panel-last-child\" data-index=\"7\" ><div style=\"width: 1034px\" class=\"wp-caption alignnone\"><a href=\"http:\/\/bruno-ferignac-photographe.fr\/accueil\/prestations\/stage\/lumiere-de-thau\/\"><img loading=\"lazy\" decoding=\"async\" width=\"1024\" height=\"256\" src=\"https:\/\/bruno-ferignac-photographe.fr\/accueil\/wp-content\/uploads\/2016\/11\/Thau-lumi\u00e8re-1024x256.jpg\" class=\"image wp-image-2894  attachment-large size-large\" alt=\"Lumi\u00e8re de Thau\" style=\"max-width: 100%; height: auto;\" srcset=\"https:\/\/bruno-ferignac-photographe.fr\/accueil\/wp-content\/uploads\/2016\/11\/Thau-lumi\u00e8re-1024x256.jpg 1024w, https:\/\/bruno-ferignac-photographe.fr\/accueil\/wp-content\/uploads\/2016\/11\/Thau-lumi\u00e8re-600x150.jpg 600w, https:\/\/bruno-ferignac-photographe.fr\/accueil\/wp-content\/uploads\/2016\/11\/Thau-lumi\u00e8re.jpg 1500w\" sizes=\"auto, (max-width: 1024px) 100vw, 1024px\" \/><\/a><p class=\"wp-caption-text\">Lumi\u00e8re de Thau <\/p><\/div><\/div><\/div><\/div><\/div>","protected":false},"excerpt":{"rendered":"<p>&#8211; Disponible toute l&rsquo;ann\u00e9e &#8212; Individuel ou\u00a0groupe &#8211; Stage d&rsquo;une demi-journ\u00e9e ouvert aux photographes d\u00e9butants et&hellip;<\/p>\n","protected":false},"author":1,"featured_media":8515,"parent":2378,"menu_order":0,"comment_status":"closed","ping_status":"closed","template":"","meta":{"footnotes":""},"class_list":["post-8501","page","type-page","status-publish","has-post-thumbnail","hentry"],"yoast_head":"<!-- This site is optimized with the Yoast SEO plugin v27.2 - https:\/\/yoast.com\/product\/yoast-seo-wordpress\/ -->\n<title>La pose longue - L&#039; atelier pho&#039;thau<\/title>\n<meta name=\"description\" content=\"Stage photo en ext\u00e9rieur pour apprendre la pose longue en utilisant des fitres gris neutre (ND) en \u00e9tant confronter \u00e0 la r\u00e9alit\u00e9 du terrain.\" \/>\n<meta name=\"robots\" content=\"index, follow, max-snippet:-1, max-image-preview:large, max-video-preview:-1\" \/>\n<link rel=\"canonical\" href=\"https:\/\/bruno-ferignac-photographe.fr\/accueil\/prestations\/stage\/la-pose-longue\/\" \/>\n<meta name=\"twitter:card\" content=\"summary_large_image\" \/>\n<meta name=\"twitter:title\" content=\"La pose longue - L&#039; atelier pho&#039;thau\" \/>\n<meta name=\"twitter:description\" content=\"Stage photo en ext\u00e9rieur pour apprendre la pose longue en utilisant des fitres gris neutre (ND) en \u00e9tant confronter \u00e0 la r\u00e9alit\u00e9 du terrain.\" \/>\n<meta name=\"twitter:image\" content=\"https:\/\/bruno-ferignac-photographe.fr\/accueil\/wp-content\/uploads\/2020\/07\/stage-pose-longue-copie-scaled.jpg\" \/>\n<meta name=\"twitter:label1\" content=\"Dur\u00e9e de lecture estim\u00e9e\" \/>\n\t<meta name=\"twitter:data1\" content=\"1 minute\" \/>\n<script type=\"application\/ld+json\" class=\"yoast-schema-graph\">{\"@context\":\"https:\/\/schema.org\",\"@graph\":[{\"@type\":\"WebPage\",\"@id\":\"https:\/\/bruno-ferignac-photographe.fr\/accueil\/prestations\/stage\/la-pose-longue\/\",\"url\":\"https:\/\/bruno-ferignac-photographe.fr\/accueil\/prestations\/stage\/la-pose-longue\/\",\"name\":\"La pose longue - L&#039; atelier pho&#039;thau\",\"isPartOf\":{\"@id\":\"https:\/\/bruno-ferignac-photographe.fr\/accueil\/#website\"},\"primaryImageOfPage\":{\"@id\":\"https:\/\/bruno-ferignac-photographe.fr\/accueil\/prestations\/stage\/la-pose-longue\/#primaryimage\"},\"image\":{\"@id\":\"https:\/\/bruno-ferignac-photographe.fr\/accueil\/prestations\/stage\/la-pose-longue\/#primaryimage\"},\"thumbnailUrl\":\"https:\/\/bruno-ferignac-photographe.fr\/accueil\/wp-content\/uploads\/2020\/07\/stage-pose-longue-copie-scaled.jpg\",\"datePublished\":\"2020-07-16T08:43:48+00:00\",\"dateModified\":\"2020-07-16T12:07:33+00:00\",\"description\":\"Stage photo en ext\u00e9rieur pour apprendre la pose longue en utilisant des fitres gris neutre (ND) en \u00e9tant confronter \u00e0 la r\u00e9alit\u00e9 du terrain.\",\"breadcrumb\":{\"@id\":\"https:\/\/bruno-ferignac-photographe.fr\/accueil\/prestations\/stage\/la-pose-longue\/#breadcrumb\"},\"inLanguage\":\"fr-FR\",\"potentialAction\":[{\"@type\":\"ReadAction\",\"target\":[\"https:\/\/bruno-ferignac-photographe.fr\/accueil\/prestations\/stage\/la-pose-longue\/\"]}]},{\"@type\":\"ImageObject\",\"inLanguage\":\"fr-FR\",\"@id\":\"https:\/\/bruno-ferignac-photographe.fr\/accueil\/prestations\/stage\/la-pose-longue\/#primaryimage\",\"url\":\"https:\/\/bruno-ferignac-photographe.fr\/accueil\/wp-content\/uploads\/2020\/07\/stage-pose-longue-copie-scaled.jpg\",\"contentUrl\":\"https:\/\/bruno-ferignac-photographe.fr\/accueil\/wp-content\/uploads\/2020\/07\/stage-pose-longue-copie-scaled.jpg\",\"width\":2560,\"height\":1440},{\"@type\":\"BreadcrumbList\",\"@id\":\"https:\/\/bruno-ferignac-photographe.fr\/accueil\/prestations\/stage\/la-pose-longue\/#breadcrumb\",\"itemListElement\":[{\"@type\":\"ListItem\",\"position\":1,\"name\":\"Accueil\",\"item\":\"https:\/\/bruno-ferignac-photographe.fr\/accueil\/\"},{\"@type\":\"ListItem\",\"position\":2,\"name\":\"Prestations\",\"item\":\"https:\/\/bruno-ferignac-photographe.fr\/accueil\/prestations\/\"},{\"@type\":\"ListItem\",\"position\":3,\"name\":\"Stage photo\",\"item\":\"https:\/\/bruno-ferignac-photographe.fr\/accueil\/prestations\/stage\/\"},{\"@type\":\"ListItem\",\"position\":4,\"name\":\"La pose longue\"}]},{\"@type\":\"WebSite\",\"@id\":\"https:\/\/bruno-ferignac-photographe.fr\/accueil\/#website\",\"url\":\"https:\/\/bruno-ferignac-photographe.fr\/accueil\/\",\"name\":\"L&#039; atelier pho&#039;thau\",\"description\":\"Un photographe pour vous !\",\"potentialAction\":[{\"@type\":\"SearchAction\",\"target\":{\"@type\":\"EntryPoint\",\"urlTemplate\":\"https:\/\/bruno-ferignac-photographe.fr\/accueil\/?s={search_term_string}\"},\"query-input\":{\"@type\":\"PropertyValueSpecification\",\"valueRequired\":true,\"valueName\":\"search_term_string\"}}],\"inLanguage\":\"fr-FR\"}]}<\/script>\n<!-- \/ Yoast SEO plugin. -->","yoast_head_json":{"title":"La pose longue - L&#039; atelier pho&#039;thau","description":"Stage photo en ext\u00e9rieur pour apprendre la pose longue en utilisant des fitres gris neutre (ND) en \u00e9tant confronter \u00e0 la r\u00e9alit\u00e9 du terrain.","robots":{"index":"index","follow":"follow","max-snippet":"max-snippet:-1","max-image-preview":"max-image-preview:large","max-video-preview":"max-video-preview:-1"},"canonical":"https:\/\/bruno-ferignac-photographe.fr\/accueil\/prestations\/stage\/la-pose-longue\/","twitter_card":"summary_large_image","twitter_title":"La pose longue - L&#039; atelier pho&#039;thau","twitter_description":"Stage photo en ext\u00e9rieur pour apprendre la pose longue en utilisant des fitres gris neutre (ND) en \u00e9tant confronter \u00e0 la r\u00e9alit\u00e9 du terrain.","twitter_image":"https:\/\/bruno-ferignac-photographe.fr\/accueil\/wp-content\/uploads\/2020\/07\/stage-pose-longue-copie-scaled.jpg","twitter_misc":{"Dur\u00e9e de lecture estim\u00e9e":"1 minute"},"schema":{"@context":"https:\/\/schema.org","@graph":[{"@type":"WebPage","@id":"https:\/\/bruno-ferignac-photographe.fr\/accueil\/prestations\/stage\/la-pose-longue\/","url":"https:\/\/bruno-ferignac-photographe.fr\/accueil\/prestations\/stage\/la-pose-longue\/","name":"La pose longue - L&#039; atelier pho&#039;thau","isPartOf":{"@id":"https:\/\/bruno-ferignac-photographe.fr\/accueil\/#website"},"primaryImageOfPage":{"@id":"https:\/\/bruno-ferignac-photographe.fr\/accueil\/prestations\/stage\/la-pose-longue\/#primaryimage"},"image":{"@id":"https:\/\/bruno-ferignac-photographe.fr\/accueil\/prestations\/stage\/la-pose-longue\/#primaryimage"},"thumbnailUrl":"https:\/\/bruno-ferignac-photographe.fr\/accueil\/wp-content\/uploads\/2020\/07\/stage-pose-longue-copie-scaled.jpg","datePublished":"2020-07-16T08:43:48+00:00","dateModified":"2020-07-16T12:07:33+00:00","description":"Stage photo en ext\u00e9rieur pour apprendre la pose longue en utilisant des fitres gris neutre (ND) en \u00e9tant confronter \u00e0 la r\u00e9alit\u00e9 du terrain.","breadcrumb":{"@id":"https:\/\/bruno-ferignac-photographe.fr\/accueil\/prestations\/stage\/la-pose-longue\/#breadcrumb"},"inLanguage":"fr-FR","potentialAction":[{"@type":"ReadAction","target":["https:\/\/bruno-ferignac-photographe.fr\/accueil\/prestations\/stage\/la-pose-longue\/"]}]},{"@type":"ImageObject","inLanguage":"fr-FR","@id":"https:\/\/bruno-ferignac-photographe.fr\/accueil\/prestations\/stage\/la-pose-longue\/#primaryimage","url":"https:\/\/bruno-ferignac-photographe.fr\/accueil\/wp-content\/uploads\/2020\/07\/stage-pose-longue-copie-scaled.jpg","contentUrl":"https:\/\/bruno-ferignac-photographe.fr\/accueil\/wp-content\/uploads\/2020\/07\/stage-pose-longue-copie-scaled.jpg","width":2560,"height":1440},{"@type":"BreadcrumbList","@id":"https:\/\/bruno-ferignac-photographe.fr\/accueil\/prestations\/stage\/la-pose-longue\/#breadcrumb","itemListElement":[{"@type":"ListItem","position":1,"name":"Accueil","item":"https:\/\/bruno-ferignac-photographe.fr\/accueil\/"},{"@type":"ListItem","position":2,"name":"Prestations","item":"https:\/\/bruno-ferignac-photographe.fr\/accueil\/prestations\/"},{"@type":"ListItem","position":3,"name":"Stage photo","item":"https:\/\/bruno-ferignac-photographe.fr\/accueil\/prestations\/stage\/"},{"@type":"ListItem","position":4,"name":"La pose longue"}]},{"@type":"WebSite","@id":"https:\/\/bruno-ferignac-photographe.fr\/accueil\/#website","url":"https:\/\/bruno-ferignac-photographe.fr\/accueil\/","name":"L&#039; atelier pho&#039;thau","description":"Un photographe pour vous !","potentialAction":[{"@type":"SearchAction","target":{"@type":"EntryPoint","urlTemplate":"https:\/\/bruno-ferignac-photographe.fr\/accueil\/?s={search_term_string}"},"query-input":{"@type":"PropertyValueSpecification","valueRequired":true,"valueName":"search_term_string"}}],"inLanguage":"fr-FR"}]}},"_links":{"self":[{"href":"https:\/\/bruno-ferignac-photographe.fr\/accueil\/wp-json\/wp\/v2\/pages\/8501","targetHints":{"allow":["GET"]}}],"collection":[{"href":"https:\/\/bruno-ferignac-photographe.fr\/accueil\/wp-json\/wp\/v2\/pages"}],"about":[{"href":"https:\/\/bruno-ferignac-photographe.fr\/accueil\/wp-json\/wp\/v2\/types\/page"}],"author":[{"embeddable":true,"href":"https:\/\/bruno-ferignac-photographe.fr\/accueil\/wp-json\/wp\/v2\/users\/1"}],"replies":[{"embeddable":true,"href":"https:\/\/bruno-ferignac-photographe.fr\/accueil\/wp-json\/wp\/v2\/comments?post=8501"}],"version-history":[{"count":11,"href":"https:\/\/bruno-ferignac-photographe.fr\/accueil\/wp-json\/wp\/v2\/pages\/8501\/revisions"}],"predecessor-version":[{"id":8514,"href":"https:\/\/bruno-ferignac-photographe.fr\/accueil\/wp-json\/wp\/v2\/pages\/8501\/revisions\/8514"}],"up":[{"embeddable":true,"href":"https:\/\/bruno-ferignac-photographe.fr\/accueil\/wp-json\/wp\/v2\/pages\/2378"}],"wp:featuredmedia":[{"embeddable":true,"href":"https:\/\/bruno-ferignac-photographe.fr\/accueil\/wp-json\/wp\/v2\/media\/8515"}],"wp:attachment":[{"href":"https:\/\/bruno-ferignac-photographe.fr\/accueil\/wp-json\/wp\/v2\/media?parent=8501"}],"curies":[{"name":"wp","href":"https:\/\/api.w.org\/{rel}","templated":true}]}}